{"id":106919,"date":"2020-06-04T09:43:13","date_gmt":"2020-06-04T07:43:13","guid":{"rendered":"https:\/\/car-tours.ch\/?page_id=106919"},"modified":"2020-06-04T09:43:13","modified_gmt":"2020-06-04T07:43:13","slug":"idees-de-voyage","status":"publish","type":"page","link":"https:\/\/e-bike-tours.ch\/fr\/blog-de-voyage\/idees-de-voyage\/","title":{"rendered":"Id\u00e9es de voyage"},"content":{"rendered":"<div class=\"wpb-content-wrapper\">[vc_section full_width=\u00a0\u00bbstretch_row\u00a0\u00bb el_class=\u00a0\u00bbwk-header\u00a0\u00bb css=\u00a0\u00bb.vc_custom_1588750306101{background-image: url(https:\/\/car-tours.ch\/wp-content\/uploads\/2020\/05\/main-top-umbuchenstattstornieren-cat.png?id=99332) !important;background-position: center !important;background-repeat: no-repeat !important;background-size: cover !important;}\u00a0\u00bb wpex_bg_position=\u00a0\u00bbtop left\u00a0\u00bb][vc_row full_width=\u00a0\u00bbstretch_row_content_no_spaces\u00a0\u00bb el_class=\u00a0\u00bbwk-searchform-box-on-banner\u00a0\u00bb wpex_bg_position=\u00a0\u00bbtop center\u00a0\u00bb][vc_column][\/vc_column][\/vc_row][\/vc_section][vc_section el_class=\u00a0\u00bbwk-section\u00a0\u00bb][vc_row column_spacing=\u00a0\u00bb0px\u00a0\u00bb][vc_column][vc_column_text]\n<h1>Id\u00e9es de voyage<\/h1>\n[\/vc_column_text][\/vc_column][\/vc_row][\/vc_section][vc_section el_class=\u00a0\u00bbwk-section\u00a0\u00bb][vc_row][vc_column width=\u00a0\u00bb2\/3&Prime;][vc_column_text]\n    <div id=\"obwk-travellog-posts-list-bGltaXQyMG5vX3BhZ2lu\" class=\"obwk-travellog-posts-list\">\n        <div id=\"post-133905\" class=\"blog-report-box  reiseberichte-post-v2 column dt-sc-one-half first \"><div class=\"dt-sc-event\"><div class=\"event-thumb cartours-functions-file\"><a href=\"https:\/\/e-bike-tours.ch\/fr\/liste-des-choses-a-emporter-pour-vos-vacances-en-e-bike\/\" title=\"Liste des choses \u00e0 emporter pour vos vacances en e-bike\"><img width=\"800\" height=\"600\" src=\"https:\/\/e-bike-tours.ch\/wp-content\/uploads\/2024\/03\/edfjhdebvg2.jpg\" class=\"attachment-posts-twocol size-posts-twocol wp-post-image\" alt=\"\" title=\"Liste des choses \u00e0 emporter pour vos vacances en e-bike\" srcset=\"https:\/\/e-bike-tours.ch\/wp-content\/uploads\/2024\/03\/edfjhdebvg2.jpg 800w, https:\/\/e-bike-tours.ch\/wp-content\/uploads\/2024\/03\/edfjhdebvg2-300x225.jpg 300w, https:\/\/e-bike-tours.ch\/wp-content\/uploads\/2024\/03\/edfjhdebvg2-768x576.jpg 768w\" sizes=\"(max-width: 800px) 100vw, 800px\"><div class=\"image-overlay\"><span class=\"image-overlay-inside\"><\/span><\/div><\/a><\/div><div class=\"dt-sc-event-content\"><h4><a href=\"https:\/\/e-bike-tours.ch\/fr\/liste-des-choses-a-emporter-pour-vos-vacances-en-e-bike\/\">Liste des choses \u00e0 emporter pour vos vacances en e-bike<\/a><\/h4><p> Avant tout s\u00e9jour en e-bike \u00e0 nos c\u00f4t\u00e9s, une pr\u00e9paration optimale est de mise. Afin de vous faciliter la pr\u00e9paration de vos bagages, nous avons \u00e9tabli une liste ad\u00e9quate. Depuis les \u00e9quipements importants jusqu\u2019aux accessoires pratiques, d\u00e9couvrez ce qui ne doit pas manquer dans vos bagages lorsque vous explorez&hellip;<\/p><div class=\"dt-sc-event-detail\"><div class=\"dt-sc-event-date\">14 novembre 2024<\/div><a href=\"https:\/\/e-bike-tours.ch\/fr\/liste-des-choses-a-emporter-pour-vos-vacances-en-e-bike\/\" class=\"dt-sc-button too-small\">vers le r\u00e9cit de voyage<\/a><\/div><div style=\"clear: both;\"><\/div><\/div><\/div><\/div><div id=\"post-133895\" class=\"blog-report-box  reiseberichte-post-v2 reiseberichte-post-v2 column dt-sc-one-half\"><div class=\"dt-sc-event\"><div class=\"event-thumb cartours-functions-file\"><a href=\"https:\/\/e-bike-tours.ch\/fr\/check-list-de-printemps-pour-votre-e-bike\/\" title=\"Check-list de printemps pour votre e-bike\"><img width=\"800\" height=\"600\" src=\"https:\/\/e-bike-tours.ch\/wp-content\/uploads\/2024\/03\/FRUeHLINGSCHCECK2.jpg\" class=\"attachment-posts-twocol size-posts-twocol wp-post-image\" alt=\"\" title=\"Check-list de printemps pour votre e-bike\" srcset=\"https:\/\/e-bike-tours.ch\/wp-content\/uploads\/2024\/03\/FRUeHLINGSCHCECK2.jpg 800w, https:\/\/e-bike-tours.ch\/wp-content\/uploads\/2024\/03\/FRUeHLINGSCHCECK2-300x225.jpg 300w, https:\/\/e-bike-tours.ch\/wp-content\/uploads\/2024\/03\/FRUeHLINGSCHCECK2-768x576.jpg 768w\" sizes=\"(max-width: 800px) 100vw, 800px\"><div class=\"image-overlay\"><span class=\"image-overlay-inside\"><\/span><\/div><\/a><\/div><div class=\"dt-sc-event-content\"><h4><a href=\"https:\/\/e-bike-tours.ch\/fr\/check-list-de-printemps-pour-votre-e-bike\/\">Check-list de printemps pour votre e-bike<\/a><\/h4><p> Avec la check-list de printemps d\u2019e-Bike-tours.ch, redonnez du pimpant \u00e0 votre e-bike avant l\u2019arriv\u00e9e des beaux jours &nbsp; Entretien et s\u00e9curit\u00e9 Nettoyez votre e-bike avec soin, entretenez-le avec des produits doux et contr\u00f4lez les freins, les suspensions et les vis. \u00c9vitez les nettoyeurs \u00e0 haute pression. Assurez-vous&hellip;<\/p><div class=\"dt-sc-event-detail\"><div class=\"dt-sc-event-date\">14 novembre 2024<\/div><a href=\"https:\/\/e-bike-tours.ch\/fr\/check-list-de-printemps-pour-votre-e-bike\/\" class=\"dt-sc-button too-small\">vers le r\u00e9cit de voyage<\/a><\/div><div style=\"clear: both;\"><\/div><\/div><\/div><\/div><div id=\"post-133888\" class=\"blog-report-box  reiseberichte-post-v2 reiseberichte-post-v2 reiseberichte-post-v2 column dt-sc-one-half first \"><div class=\"dt-sc-event\"><div class=\"event-thumb cartours-functions-file\"><a href=\"https:\/\/e-bike-tours.ch\/fr\/reglementation-europeenne-applicable-aux-e-bikes\/\" title=\"R\u00e9glementation europ\u00e9enne applicable aux e-bikes\"><img width=\"800\" height=\"600\" src=\"https:\/\/e-bike-tours.ch\/wp-content\/uploads\/2020\/12\/EBT_Allgemein_800x600_6.jpg\" class=\"attachment-posts-twocol size-posts-twocol wp-post-image\" alt=\"\" title=\"R\u00e9glementation europ\u00e9enne applicable aux e-bikes\" srcset=\"https:\/\/e-bike-tours.ch\/wp-content\/uploads\/2020\/12\/EBT_Allgemein_800x600_6.jpg 800w, https:\/\/e-bike-tours.ch\/wp-content\/uploads\/2020\/12\/EBT_Allgemein_800x600_6-300x225.jpg 300w, https:\/\/e-bike-tours.ch\/wp-content\/uploads\/2020\/12\/EBT_Allgemein_800x600_6-768x576.jpg 768w\" sizes=\"(max-width: 800px) 100vw, 800px\"><div class=\"image-overlay\"><span class=\"image-overlay-inside\"><\/span><\/div><\/a><\/div><div class=\"dt-sc-event-content\"><h4><a href=\"https:\/\/e-bike-tours.ch\/fr\/reglementation-europeenne-applicable-aux-e-bikes\/\">R\u00e9glementation europ\u00e9enne applicable aux e-bikes<\/a><\/h4><p>Veuillez noter que si vous souhaitez pratiquer votre passion pour l\u2019e-bike en vacances, les r\u00e9glementations en vigueur \u00e0 l\u2019\u00e9tranger sont souvent diff\u00e9rentes, notamment en ce qui concerne le port du casque ou l\u2019\u00e9quipement (ex. \u00e9clairage, r\u00e9troviseurs). C\u2019est pourquoi nous vous recommandons de vous renseigner sur les r\u00e9glementations en vigueur avant votre s\u00e9jour.[vc_column_inner&hellip;<\/p><div class=\"dt-sc-event-detail\"><div class=\"dt-sc-event-date\">21 d\u00e9cembre 2020<\/div><a href=\"https:\/\/e-bike-tours.ch\/fr\/reglementation-europeenne-applicable-aux-e-bikes\/\" class=\"dt-sc-button too-small\">vers le r\u00e9cit de voyage<\/a><\/div><div style=\"clear: both;\"><\/div><\/div><\/div><\/div>\n        <div style=\"clear: both;\"><\/div>\n    <\/div>[\/vc_column_text][\/vc_column][vc_column width=\u00a0\u00bb1\/3&Prime; el_class=\u00a0\u00bbcartours-right-column-with-posts-filter\u00a0\u00bb]\n    <div class=\"cartours-event-coloured-box cartours-rb-widget-box\">\n        <div class=\"inner-box \">\n    <div class=\"inner-header\">\n        <h3>Cat\u00e9gories du blog<\/h3>\n            <\/div>\n    <div class=\"inner-content\">\n        <ul class=\"obwk-wp-list-categories\">\t<li class=\"cat-item cat-item-436\"><a href=\"https:\/\/e-bike-tours.ch\/fr\/blog-de-voyage\/idees-de-voyage\/\">Id\u00e9es de voyage<\/a> <span class=\"cat-count-span wpex-float-right\">3<\/span>\n<\/li>\n\t<li class=\"cat-item cat-item-434\"><a href=\"https:\/\/e-bike-tours.ch\/fr\/blog-de-voyage\/vu-de-linterieur\/\">Vu de l\u2019int\u00e9rieur<\/a> <span class=\"cat-count-span wpex-float-right\">2<\/span>\n<\/li>\n<\/ul>        <div style=\"clear: both;\"><\/div>\n    <\/div>\n<\/div>\n    <\/div>\n    <div class=\"cartours-event-coloured-box cartours-rb-widget-box\">\n        <div class=\"inner-box \">\n    <div class=\"inner-header\">\n        <h3>Tags dans cette cat\u00e9gorie<\/h3>\n            <\/div>\n    <div class=\"inner-content\">\n                <div style=\"clear: both;\"><\/div>\n    <\/div>\n<\/div>\n    <\/div>[\/vc_column][\/vc_row][\/vc_section]\n<\/div>","protected":false},"excerpt":{"rendered":"<p>[vc_section full_width=\u00a0\u00bbstretch_row\u00a0\u00bb el_class=\u00a0\u00bbwk-header\u00a0\u00bb css=\u00a0\u00bb.vc_custom_1588750306101{background-image: url(https:\/\/car-tours.ch\/wp-content\/uploads\/2020\/05\/main-top-umbuchenstattstornieren-cat.png?id=99332) !important;background-position: center !important;background-repeat: no-repeat !important;background-size: cover !important;}\u00a0\u00bb wpex_bg_position=\u00a0\u00bbtop left\u00a0\u00bb][vc_row full_width=\u00a0\u00bbstretch_row_content_no_spaces\u00a0\u00bb el_class=\u00a0\u00bbwk-searchform-box-on-banner\u00a0\u00bb wpex_bg_position=\u00a0\u00bbtop center\u00a0\u00bb][vc_column][\/vc_column][\/vc_row][\/vc_section][vc_section el_class=\u00a0\u00bbwk-section\u00a0\u00bb][vc_row column_spacing=\u00a0\u00bb0px\u00a0\u00bb][vc_column][vc_column_text] Id\u00e9es de voyage [\/vc_column_text][\/vc_column][\/vc_row][\/vc_section][vc_section el_class=\u00a0\u00bbwk-section\u00a0\u00bb][vc_row][vc_column width=\u00a0\u00bb2\/3&Prime;][vc_column_text][\/vc_column_text][\/vc_column][vc_column width=\u00a0\u00bb1\/3&Prime; el_class=\u00a0\u00bbcartours-right-column-with-posts-filter\u00a0\u00bb][\/vc_column][\/vc_row][\/vc_section]<\/p>\n","protected":false},"author":1,"featured_media":0,"parent":59650,"menu_order":0,"comment_status":"closed","ping_status":"closed","template":"","meta":{"_acf_changed":false,"footnotes":""},"class_list":["post-106919","page","type-page","status-publish","hentry","entry","has-media"],"acf":[],"_links":{"self":[{"href":"https:\/\/e-bike-tours.ch\/fr\/wp-json\/wp\/v2\/pages\/106919","targetHints":{"allow":["GET"]}}],"collection":[{"href":"https:\/\/e-bike-tours.ch\/fr\/wp-json\/wp\/v2\/pages"}],"about":[{"href":"https:\/\/e-bike-tours.ch\/fr\/wp-json\/wp\/v2\/types\/page"}],"author":[{"embeddable":true,"href":"https:\/\/e-bike-tours.ch\/fr\/wp-json\/wp\/v2\/users\/1"}],"replies":[{"embeddable":true,"href":"https:\/\/e-bike-tours.ch\/fr\/wp-json\/wp\/v2\/comments?post=106919"}],"version-history":[{"count":2,"href":"https:\/\/e-bike-tours.ch\/fr\/wp-json\/wp\/v2\/pages\/106919\/revisions"}],"predecessor-version":[{"id":134167,"href":"https:\/\/e-bike-tours.ch\/fr\/wp-json\/wp\/v2\/pages\/106919\/revisions\/134167"}],"up":[{"embeddable":true,"href":"https:\/\/e-bike-tours.ch\/fr\/wp-json\/wp\/v2\/pages\/59650"}],"wp:attachment":[{"href":"https:\/\/e-bike-tours.ch\/fr\/wp-json\/wp\/v2\/media?parent=106919"}],"curies":[{"name":"wp","href":"https:\/\/api.w.org\/{rel}","templated":true}]}}