{"id":103496,"date":"2020-03-10T13:50:43","date_gmt":"2020-03-10T12:50:43","guid":{"rendered":"https:\/\/car-tours.ch\/informationen-corona-virus\/"},"modified":"2020-10-19T18:16:51","modified_gmt":"2020-10-19T16:16:51","slug":"informations-coronavirus","status":"publish","type":"page","link":"https:\/\/e-bike-tours.ch\/fr\/informations-coronavirus\/","title":{"rendered":"Informations coronavirus"},"content":{"rendered":"<div class=\"wpb-content-wrapper\">[vc_section el_class=\u00a0\u00bbwk-section\u00a0\u00bb][vc_row][vc_column][vc_column_text]\n<h1>Informations coronavirus<\/h1>\n[\/vc_column_text][\/vc_column][\/vc_row][vc_row el_class=\u00a0\u00bbwk-row\u00a0\u00bb][vc_column width=\u00a0\u00bb5\/6&Prime;][vc_column_text]\n<h3>Nous avons repris la route!<\/h3>\n<p>Depuis d\u00e9but juillet, nous avons repris nos voyages en groupe \u00e0 travers la Suisse et les pays voisins. Apr\u00e8s l\u2019arr\u00eat total provoqu\u00e9 par le virus, nous avons de la chance d\u2019avoir pu recommencer progressivement notre activit\u00e9 de voyagiste.<\/p>\n<p>Les plus de 3000 clients enthousiastes qui ont voyag\u00e9 avec nous ces 3 derniers mois sont unanimes: cela en valait la peine! Les circonstances actuelles rendent les voyages encore plus authentiques et intenses \u2013 o\u00f9 que l\u2019on aille, il n\u2019y a aucune fr\u00e9n\u00e9sie, beaucoup de place et pas d\u2019attente en saison! Partout, nos clients ont \u00e9t\u00e9 chaleureusement accueillis et se sont sentis en totale s\u00e9curit\u00e9 tout au long de leur voyage gr\u00e2ce aux mesures de protection efficaces mises en place! Quant \u00e0 notre <a title=\"concept d&#039;hygi\u00e8ne et mesures de protection\" href=\"https:\/\/car-tours.ch\/wp-content\/uploads\/2020\/06\/Hygiene-Schutzmassnahmen-im-Car_FR-f\u00fcr-Homepage-.pdf\" target=\"_blank\" rel=\"noopener\">concept sanitaire<\/a> \u00e0\u00a0 bord des cars, il a \u00e9galement pass\u00e9 le test avec succ\u00e8s!<\/p>\n<p>Motiv\u00e9s par les nombreux feedbacks positifs re\u00e7us, nous pr\u00e9parons actuellement nos futurs voyages! Notre objectif est de continuer \u00e0 vous inspirer de belles id\u00e9es de voyage et d\u2019\u00eatre pr\u00eats lorsque vous aurez vous aussi envie de repartir \u00e0 l\u2019aventure! La demande pour 2021 est tr\u00e8s grande. Pour la saison d\u2019hiver, tous nos voyages sont r\u00e9servables en ligne. Pour 2021, nous lancerons ces prochaines semaines de passionnants catalogues th\u00e9matiques en ligne \u2013 assurez-vous donc d\u00e8s maintenant de recevoir notre <a title=\"newsletter\" href=\"https:\/\/car-tours.ch\/fr\/newsletter\/\" target=\"_blank\" rel=\"noopener\">newsletter<\/a> et soyez parmi les premiers inform\u00e9s!<\/p>\n<p><strong>R\u00e9alisation des voyages d\u2019automne actuels<\/strong><br \/>\nIl est malheureusement toujours impossible de voyager sans restriction. Avec les nombres de cas d\u2019infection en hausse dans toute l\u2019Europe, la situation reste dynamique et les conditions locales exigent parfois que nous ajustions nos voyages \u00e0 court terme. Tous les jours, nous faisons face \u00e0 ces d\u00e9fis exceptionnels, sommes flexibles et essayons de faire tout ce qui est en notre possible. Mais nous n\u2019effectuons nos voyages que si leur bon d\u00e9roulement peut \u00eatre garanti et la sant\u00e9 de nos clients et de nos collaborateurs assur\u00e9e.<\/p>\n<p>Depuis l\u2019\u00e9t\u00e9, l\u2019OFSP tient \u00e0 jour une<a title=\"liste de pays \u00e0 risque OFSP\" href=\"https:\/\/www.bag.admin.ch\/bag\/fr\/home\/krankheiten\/ausbrueche-epidemien-pandemien\/aktuelle-ausbrueche-epidemien\/novel-cov\/empfehlungen-fuer-reisende\/quarantaene-einreisende.html\" target=\"_blank\" rel=\"noopener\"> liste de pays<\/a>\u00a0 qui pr\u00e9cise, en fonction de la situation \u00e9pid\u00e9miologique, les pays ou r\u00e9gions (\u00e9tats voisins) qui n\u00e9cessitent un placement en quarantaine au retour de voyage. Nous contr\u00f4lons r\u00e9guli\u00e8rement les modifications apport\u00e9es \u00e0 cette liste et d\u00e9cidons au plus tard 10 jours avant le d\u00e9part si un voyage peut \u00eatre maintenu ou pas. Nous n\u2019effectuons aucun voyage dans des pays ou r\u00e9gions \u00e0 destination desquels il faut s\u2019attendre, au moment du d\u00e9part, \u00e0 ce qu\u2019une quarantaine soit impos\u00e9e au retour.<\/p>\n<p><strong>Ce qui reste en vigueur:<\/strong> si nous devons annuler un voyage \u00e0 cause d\u2019une liste de quarantaine ou d\u2019autres d\u00e9crets officiels, nous en informons personnellement les clients concern\u00e9s. Sans annulation de notre part, votre confirmation de voyage \u00e9crite, resp. votre r\u00e9servation conserve sa validit\u00e9 et sera trait\u00e9e conform\u00e9ment \u00e0 nos conditions g\u00e9n\u00e9rales de voyage et de contrat.<\/p>\n<p>Nous nous r\u00e9jouissons d\u2019ores et d\u00e9j\u00e0 de vous accueillir prochainement \u00e0 l\u2019occasion d\u2019un de nos circuits et d\u2019ici l\u00e0, restons bien s\u00fbr \u00e0 disposition pour toute question ou compl\u00e9ment d\u2019information:<br \/>\nE-mail\u00a0 <a href=\"mailto:info@car-tours.ch\">info@car-tours.ch<\/a> ou\u00a0 t\u00e9l\u00e9phone au 0848 00 77 99.<br \/>\n<strong>Horaires d&rsquo;ouverture du t\u00e9l\u00e9phone ajust\u00e9s \u00e0 partir du 19 octobre 2020<\/strong> : Lun-Ven 09.00-12.00<\/p>\n<p>Votre \u00e9quipe car-tours.ch<\/p>\n<p>&nbsp;<\/p>\n<p>Etat 19 octobre 2020[\/vc_column_text][\/vc_column][vc_column width=\u00a0\u00bb1\/6&Prime;][vc_column_text][\/vc_column_text][\/vc_column][\/vc_row][\/vc_section]\n<\/div>","protected":false},"excerpt":{"rendered":"<p>[vc_section el_class=\u00a0\u00bbwk-section\u00a0\u00bb][vc_row][vc_column][vc_column_text] Informations coronavirus [\/vc_column_text][\/vc_column][\/vc_row][vc_row el_class=\u00a0\u00bbwk-row\u00a0\u00bb][vc_column width=\u00a0\u00bb5\/6&Prime;][vc_column_text] Nous avons repris la route! Depuis d\u00e9but juillet, nous avons repris nos voyages en groupe \u00e0 travers la Suisse et les pays voisins. Apr\u00e8s l\u2019arr\u00eat total provoqu\u00e9 par le virus, nous avons de la chance d\u2019avoir pu recommencer progressivement notre activit\u00e9 de voyagiste. Les plus de 3000 clients&hellip;<\/p>\n","protected":false},"author":1,"featured_media":0,"parent":0,"menu_order":0,"comment_status":"closed","ping_status":"closed","template":"","meta":{"_acf_changed":false,"footnotes":""},"class_list":["post-103496","page","type-page","status-publish","hentry","entry","no-media"],"acf":[],"_links":{"self":[{"href":"https:\/\/e-bike-tours.ch\/fr\/wp-json\/wp\/v2\/pages\/103496","targetHints":{"allow":["GET"]}}],"collection":[{"href":"https:\/\/e-bike-tours.ch\/fr\/wp-json\/wp\/v2\/pages"}],"about":[{"href":"https:\/\/e-bike-tours.ch\/fr\/wp-json\/wp\/v2\/types\/page"}],"author":[{"embeddable":true,"href":"https:\/\/e-bike-tours.ch\/fr\/wp-json\/wp\/v2\/users\/1"}],"replies":[{"embeddable":true,"href":"https:\/\/e-bike-tours.ch\/fr\/wp-json\/wp\/v2\/comments?post=103496"}],"version-history":[{"count":20,"href":"https:\/\/e-bike-tours.ch\/fr\/wp-json\/wp\/v2\/pages\/103496\/revisions"}],"predecessor-version":[{"id":116291,"href":"https:\/\/e-bike-tours.ch\/fr\/wp-json\/wp\/v2\/pages\/103496\/revisions\/116291"}],"wp:attachment":[{"href":"https:\/\/e-bike-tours.ch\/fr\/wp-json\/wp\/v2\/media?parent=103496"}],"curies":[{"name":"wp","href":"https:\/\/api.w.org\/{rel}","templated":true}]}}