{"id":136393,"date":"2025-10-29T16:12:29","date_gmt":"2025-10-29T15:12:29","guid":{"rendered":"https:\/\/e-bike-tours.ch\/?post_type=cartours_event&#038;p=136393"},"modified":"2026-04-30T05:00:04","modified_gmt":"2026-04-30T03:00:04","slug":"e-bike-sur-la-riviera-des-fleurs","status":"publish","type":"cartours_event","link":"https:\/\/e-bike-tours.ch\/fr\/tour\/e-bike-sur-la-riviera-des-fleurs\/","title":{"rendered":"e-bike sur la Riviera des Fleurs"},"content":{"rendered":"<div class=\"wpb-content-wrapper\">[vc_section][vc_row][vc_column width=\u00a0\u00bb1\/2&Prime;]<div class=\"vcex-page-title vcex-module\"><h1 class=\"vcex-page-title__heading wpex-heading wpex-text-3xl\"><span class=\"vcex-page-title__text\">e-bike sur la Riviera des Fleurs<\/span><\/h1><\/div>[vc_acf field_group=\u00a0\u00bb2968&Prime; field_from_2968=\u00a0\u00bbfield_5d7a4a45000c9&Prime;][vc_empty_space]\n    <div class=\"vc_btn3-container vc_btn3-inline td-online-booking\">\n        <a class=\"theme-button green\" href=\"https:\/\/booking.e-bike-tours.ch\/HPG_Hotels.aspx?Mand=h2&standardreise=fzabl11&hotel=fzabl&WebTemplate=EBikeTours&Lang=2\" target=\"_self\">R\u00e9servez en ligne<\/a>\n    <\/div>[\/vc_column][vc_column width=\u00a0\u00bb1\/2&Prime;]\n    <div class=\"cartours-event-coloured-box\">\n        <div class=\"inner-box \">\n    <div class=\"inner-header\">\n        <h3>Vos dates de voyage<\/h3>\n    <\/div>\n    <div class=\"inner-content\">\n        \n    <div class=\"cartours-event-reisedaten\">\n        <div class=\"inner-box \">\n    <h3 style=\"color: red;\">This content element can be used ONLY on tour's single page!<\/h3><\/div>\n    <\/div>    <\/div>\n<\/div>\n    <\/div>\n    <div class=\"cartours-event-coloured-box\">\n        <div class=\"inner-box \">\n    <div class=\"inner-header\">\n        <h3>Notre prix sp\u00e9cial pour vous<\/h3>\n    <\/div>\n    <div class=\"inner-content\">\n        \n    <div class=\"cartours-event-hotels_info\">\n        <div class=\"inner-box \">\n    <h3 style=\"color: red;\">This content element can be used ONLY on tour's single page!<\/h3><\/div>\n    <\/div>[vc_column_text css=\u00a0\u00bb\u00a0\u00bb]<strong>Non inclus\/en option:<\/strong><br \/>\nSuppl\u00e9ment chambre individuelle: Fr. 99.-<br \/>\nSur demande: location e-bike: Fr. 36.- par jour<\/p>\n<p><strong>Choisissez votre lieu de d\u00e9part (tous avec possibilit\u00e9 de parking):<\/strong><br \/>\nTavel, Cossonay, Vernier[\/vc_column_text]    <\/div>\n<\/div>\n    <\/div>[\/vc_column][\/vc_row][\/vc_section][vc_section el_class=\u00a0\u00bbwk-section\u00a0\u00bb][vc_row][vc_column]<style class=\"vcex-carousel-preload-css\">.vcex_69f3207be0c54{--wpex-carousel-gap:6px;}.vcex_69f3207be0c54{--wpex-carousel-columns:1;}.vcex_69f3207be0c54.wpex-carousel:not(.wpex-carousel--loaded) > *:not(:nth-child(1n+2)){display:flex!important;}@media only screen and (min-width: 480px) {.vcex_69f3207be0c54{--wpex-carousel-columns:2;}.vcex_69f3207be0c54.wpex-carousel:not(.wpex-carousel--loaded) > *:not(:nth-child(1n+3)){display:flex!important;}}@media only screen and (min-width: 768px) {.vcex_69f3207be0c54{--wpex-carousel-columns:3;}.vcex_69f3207be0c54.wpex-carousel:not(.wpex-carousel--loaded) > *:not(:nth-child(1n+4)){display:flex!important;}}@media only screen and (min-width: 960px) {.vcex_69f3207be0c54{--wpex-carousel-columns:3;}.vcex_69f3207be0c54.wpex-carousel:not(.wpex-carousel--loaded) > *:not(:nth-child(1n+4)){display:flex!important;}}<\/style><div class=\"vcex-image-carousel wpex-carousel wpex-carousel-images wpex-clr vcex-module owl-carousel wpex-carousel--render-onload vcex_69f3207be0c54 arrwstyle-default arrwpos-abs wpex-carousel-lightbox\" data-wpex-carousel=\"{&quot;autoplay&quot;:&quot;true&quot;,&quot;slideBy&quot;:1,&quot;margin&quot;:6,&quot;items&quot;:3,&quot;responsive&quot;:{&quot;0&quot;:{&quot;items&quot;:&quot;1&quot;},&quot;480&quot;:{&quot;items&quot;:&quot;2&quot;},&quot;768&quot;:{&quot;items&quot;:&quot;3&quot;},&quot;960&quot;:{&quot;items&quot;:3}},&quot;smartSpeed&quot;:150}\"><div class=\"wpex-carousel-slide\"><figure class=\"wpex-carousel-entry-media entry-media wpex-relative\"><a href=\"https:\/\/ebiketours.rokka.io\/ebiketours-full\/2fe3c8c7b0fb88967049b7bf23c294217f533fe0\/rh11-blumenriviera-1-800x500.jpg\" class=\"wpex-carousel-entry-img wpex-carousel-lightbox-item\" data-count=\"1\" data-show_title=\"false\" data-caption=\"Riviera des Fleurs\" target=\"_blank\" rel=\"noopener\"><img data-no-lazy=\"1\" class=\"wpex-align-middle skip-lazy\" src=\"https:\/\/ebiketours.rokka.io\/ebiketours-full\/2fe3c8c7b0fb88967049b7bf23c294217f533fe0\/rh11-blumenriviera-1-800x500.jpg\" alt=\"\" srcset=\"https:\/\/ebiketours.rokka.io\/ebiketours-full\/2fe3c8c7b0fb88967049b7bf23c294217f533fe0\/rh11-blumenriviera-1-800x500.jpg 800w, https:\/\/ebiketours.rokka.io\/ebiketours-medium\/2fe3c8c7b0fb88967049b7bf23c294217f533fe0\/rh11-blumenriviera-1-800x500-300x188.jpg 300w, https:\/\/ebiketours.rokka.io\/ebiketours-medium_large\/2fe3c8c7b0fb88967049b7bf23c294217f533fe0\/rh11-blumenriviera-1-800x500-768x480.jpg 768w\" width=\"800\" height=\"500\"><\/a><\/figure><\/div><div class=\"wpex-carousel-slide\"><figure class=\"wpex-carousel-entry-media entry-media wpex-relative\"><a href=\"https:\/\/ebiketours.rokka.io\/ebiketours-full\/0c23fdfea3edf52e92f028878f4d51c32d92f7df\/karte-blumenriviera-fr.jpg\" class=\"wpex-carousel-entry-img wpex-carousel-lightbox-item\" data-count=\"2\" data-show_title=\"false\" data-caption=\"Votre itin\u00e9raire\" target=\"_blank\" rel=\"noopener\"><img data-no-lazy=\"1\" class=\"wpex-align-middle skip-lazy\" src=\"https:\/\/ebiketours.rokka.io\/ebiketours-full\/0c23fdfea3edf52e92f028878f4d51c32d92f7df\/karte-blumenriviera-fr.jpg\" alt=\"\" srcset=\"https:\/\/ebiketours.rokka.io\/ebiketours-full\/0c23fdfea3edf52e92f028878f4d51c32d92f7df\/karte-blumenriviera-fr.jpg 800w, https:\/\/ebiketours.rokka.io\/ebiketours-medium\/0c23fdfea3edf52e92f028878f4d51c32d92f7df\/karte-blumenriviera-fr-300x188.jpg 300w, https:\/\/ebiketours.rokka.io\/ebiketours-medium_large\/0c23fdfea3edf52e92f028878f4d51c32d92f7df\/karte-blumenriviera-fr-768x480.jpg 768w\" width=\"800\" height=\"500\"><\/a><\/figure><\/div><div class=\"wpex-carousel-slide\"><figure class=\"wpex-carousel-entry-media entry-media wpex-relative\"><a href=\"https:\/\/e-bike-tours.ch\/wp-content\/uploads\/2021\/12\/RH11_7.jpg\" class=\"wpex-carousel-entry-img wpex-carousel-lightbox-item\" data-count=\"3\" data-show_title=\"false\" data-caption=\"Le beau village de Dolceacqua\"><img data-no-lazy=\"1\" class=\"wpex-align-middle skip-lazy\" src=\"https:\/\/e-bike-tours.ch\/wp-content\/uploads\/2021\/12\/RH11_7.jpg\" alt=\"\" srcset=\"https:\/\/e-bike-tours.ch\/wp-content\/uploads\/2021\/12\/RH11_7.jpg 800w, https:\/\/e-bike-tours.ch\/wp-content\/uploads\/2021\/12\/RH11_7-300x188.jpg 300w, https:\/\/e-bike-tours.ch\/wp-content\/uploads\/2021\/12\/RH11_7-768x480.jpg 768w\" width=\"800\" height=\"500\"><\/a><\/figure><\/div><div class=\"wpex-carousel-slide\"><figure class=\"wpex-carousel-entry-media entry-media wpex-relative\"><a href=\"https:\/\/e-bike-tours.ch\/wp-content\/uploads\/2021\/12\/RH11_8.jpg\" class=\"wpex-carousel-entry-img wpex-carousel-lightbox-item\" data-count=\"4\" data-show_title=\"false\" data-caption=\"Alassio, une station pris\u00e9e\"><img data-no-lazy=\"1\" class=\"wpex-align-middle skip-lazy\" src=\"https:\/\/e-bike-tours.ch\/wp-content\/uploads\/2021\/12\/RH11_8.jpg\" alt=\"\" srcset=\"https:\/\/e-bike-tours.ch\/wp-content\/uploads\/2021\/12\/RH11_8.jpg 800w, https:\/\/e-bike-tours.ch\/wp-content\/uploads\/2021\/12\/RH11_8-300x188.jpg 300w, https:\/\/e-bike-tours.ch\/wp-content\/uploads\/2021\/12\/RH11_8-768x480.jpg 768w\" width=\"800\" height=\"500\"><\/a><\/figure><\/div><div class=\"wpex-carousel-slide\"><figure class=\"wpex-carousel-entry-media entry-media wpex-relative\"><a href=\"https:\/\/ebiketours.rokka.io\/ebiketours-full\/67c7da7146e2e2fbd17ed48ac66ad5ebdcb755c9\/rh11-blumenriviera-800x500.jpg\" class=\"wpex-carousel-entry-img wpex-carousel-lightbox-item\" data-count=\"5\" data-show_title=\"false\" data-caption=\"Dans la vall\u00e9e Dianese\" target=\"_blank\" rel=\"noopener\"><img data-no-lazy=\"1\" class=\"wpex-align-middle skip-lazy\" src=\"https:\/\/ebiketours.rokka.io\/ebiketours-full\/67c7da7146e2e2fbd17ed48ac66ad5ebdcb755c9\/rh11-blumenriviera-800x500.jpg\" alt=\"\" srcset=\"https:\/\/ebiketours.rokka.io\/ebiketours-full\/67c7da7146e2e2fbd17ed48ac66ad5ebdcb755c9\/rh11-blumenriviera-800x500.jpg 800w, https:\/\/ebiketours.rokka.io\/ebiketours-medium\/67c7da7146e2e2fbd17ed48ac66ad5ebdcb755c9\/rh11-blumenriviera-800x500-300x188.jpg 300w, https:\/\/ebiketours.rokka.io\/ebiketours-medium_large\/67c7da7146e2e2fbd17ed48ac66ad5ebdcb755c9\/rh11-blumenriviera-800x500-768x480.jpg 768w\" width=\"800\" height=\"500\"><\/a><\/figure><\/div><\/div>[\/vc_column][\/vc_row][\/vc_section][vc_section el_class=\u00a0\u00bbwk-section\u00a0\u00bb][vc_row][vc_column width=\u00a0\u00bb1\/2&Prime;][vc_column_text css=\u00a0\u00bb\u00a0\u00bb]\n<h3>Votre programme de voyage<\/h3>\n<h4>1er jour \u2013 Trajet jusque sur la Riviera des Fleurs<\/h4>\n<p>Trajet en car sp\u00e9cial tout confort jusqu\u2019\u00e0 Diano Marina, une charmante petite ville de la c\u00f4te de Ligurie. Apr\u00e8s installation dans nos chambres, il reste un moment de libre pour une premi\u00e8re excursion individuelle en e-bike le long de la mer. Repas du soir en commun \u00e0 l\u2019h\u00f4tel.<\/p>\n<p>&nbsp;<\/p>\n<h4>2e jour \u2013 Dolceacqua &amp; le pont Monet<\/h4>\n<p>En suivant l\u2019ancienne voie ferr\u00e9e, nous p\u00e9dalons de Diano Marina \u00e0 Imperia, puis jusqu\u2019\u00e0 Sanremo, \u00e9l\u00e9gante station baln\u00e9aire r\u00e9put\u00e9e pour sa promenade et son casino d\u2019\u00e9poque. Nous continuons ensuite dans la vall\u00e9e sauvage et romantique de la Nervia, jusqu\u2019\u00e0 Dolceacqua, village carte postale avec son pont m\u00e9di\u00e9val en pierre qui inspira autrefois Claude Monet. Apr\u00e8s une collation de midi typique dans un agritourisme, retour \u00e0 Diano Marina en car.<\/p>\n<p><em>Parcours e-bike: env. 55 km<\/em><\/p>\n<p>&nbsp;<\/p>\n<h4>3e jour \u2013 A travers la vall\u00e9e de la Merula, jusqu\u2019\u00e0 Alassio<\/h4>\n<p>Aujourd\u2019hui, nous admirons des paysages entre mer et montagne. D\u2019abord en p\u00e9dalant \u00e0 travers la pittoresque vall\u00e9e de la Merula, ponctu\u00e9e de villages authentiques comme Testico, r\u00e9put\u00e9 pour sa situation panoramique. Nous redescendons ensuite vers la c\u00f4te jusqu\u2019\u00e0 la charmante station baln\u00e9aire d\u2019Alassio, o\u00f9 la vieille ville, sa c\u00e9l\u00e8bre ruelle \u00e9troite \u00abBudello\u00bb, ses boutiques et caf\u00e9s invitent \u00e0 s\u2019attarder. Repas du soir \u00e0 l\u2019h\u00f4tel.<\/p>\n<p><em>Parcours e-bike: env. 48 km<\/em><\/p>\n<p>&nbsp;<\/p>\n<h4>4e jour \u2013 Route du sel vers Dolcedo et Valloria<\/h4>\n<p>Notre derni\u00e8re \u00e9tape nous entra\u00eene sur le nouveau chemin c\u00f4tier, qui traverse la vall\u00e9e du Prino en suivant, par endroits, l\u2019ancienne route du sel reliant autrefois les Alpes \u00e0 la mer. A Dolcedo, une r\u00e9gion qui abritait jadis plus de 100 moulins \u00e0 huile, nous d\u00e9couvrons la tradition de la production d\u2019huile d\u2019olive. Puis nous poursuivons vers Valloria, o\u00f9 les portes peintes de toutes les couleurs ont transform\u00e9 le village en un mus\u00e9e en plein air. Sur le chemin du retour \u00e0 l\u2019h\u00f4tel, nous profitons encore de magnifiques vues sur Imperia et la M\u00e9diterran\u00e9e.<\/p>\n<p><em>Parcours e-bike: env. 43 km<\/em><\/p>\n<p>&nbsp;<\/p>\n<h4>5e jour \u2013 Retour<\/h4>\n<p>Apr\u00e8s un petit d\u00e9jeuner convivial, il est temps de rentrer en Suisse, le coeur rempli de beaux souvenirs de la Riviera dei Fiori.<\/p>\n[\/vc_column_text][vc_empty_space][\/vc_column][vc_column width=\u00a0\u00bb1\/2&Prime;]\n    <div class=\"cartours-event-coloured-box\">\n        <div class=\"inner-box \">\n    <div class=\"inner-header\">\n        <h3>Compris dans le prix!<\/h3>\n    <\/div>\n    <div class=\"inner-content\">\n        [vc_column_text css=\u00a0\u00bb\u00a0\u00bb]\n<ul>\n<li>Trajet en car sp\u00e9cial tout confort<\/li>\n<li>Transport des e-bikes dans une remorque professionnelle<\/li>\n<li>4 nuits \u00e0 l\u2019h\u00f4tel Olympic ***, \u00e0 Diano Marina<\/li>\n<li>4 x petit d\u00e9jeuner \u00e0 l\u2019h\u00f4tel<\/li>\n<li>4 x repas du soir \u00e0 l\u2019h\u00f4tel<\/li>\n<li>1 x collation de midi avec plats typiques dans la r\u00e9gion de Dolceacqua<\/li>\n<li>Visite d\u2019un moulin \u00e0 huile avec petit en-cas \u00e0 Dolcedo<\/li>\n<li>Tous les parcours e-bike selon programme<\/li>\n<li>Deux guides exp\u00e9riment\u00e9s pour tous les tours en e-bike<\/li>\n<li>Gratuit: chaque participant re\u00e7oit un article de sport e-Bike-tours.ch \u00e0 choix<\/li>\n<\/ul>\n[\/vc_column_text]    <\/div>\n<\/div>\n    <\/div>\n    <div class=\"cartours-event-coloured-box\">\n        <div class=\"inner-box \">\n    <div class=\"inner-header\">\n        <h3>Vos dates de voyage<\/h3>\n    <\/div>\n    <div class=\"inner-content\">\n        \n    <div class=\"cartours-event-reisedaten\">\n        <div class=\"inner-box \">\n    <h3 style=\"color: red;\">This content element can be used ONLY on tour's single page!<\/h3><\/div>\n    <\/div>    <\/div>\n<\/div>\n    <\/div>\n    <div class=\"cartours-event-coloured-box\">\n        <div class=\"inner-box \">\n    <div class=\"inner-header\">\n        <h3>Notre prix sp\u00e9cial pour vous<\/h3>\n    <\/div>\n    <div class=\"inner-content\">\n        \n    <div class=\"cartours-event-hotels_info\">\n        <div class=\"inner-box \">\n    <h3 style=\"color: red;\">This content element can be used ONLY on tour's single page!<\/h3><\/div>\n    <\/div>[vc_column_text css=\u00a0\u00bb\u00a0\u00bb]<strong>Non inclus\/en option:<\/strong><br \/>\nSuppl\u00e9ment chambre individuelle: Fr. 99.-<br \/>\nSur demande: location e-bike: Fr. 36.- par jour<\/p>\n<p><strong>Choisissez votre lieu de d\u00e9part (tous avec possibilit\u00e9 de parking):<\/strong><br \/>\nTavel, Cossonay, Vernier[\/vc_column_text]    <\/div>\n<\/div>\n    <\/div>\n    <div class=\"cartours-event-coloured-box\">\n        <div class=\"inner-box \">\n    <div class=\"inner-header\">\n        <h3>Parcours e-bike:<\/h3>\n    <\/div>\n    <div class=\"inner-content\">\n        [vc_column_text css=\u00a0\u00bb\u00a0\u00bb]Nous empruntons de magnifiques itin\u00e9raires c\u00f4tiers et dans l\u2019arri\u00e8re-pays, principalement sur des routes secondaires et des chemins peu fr\u00e9quent\u00e9s. Les \u00e9tapes sont g\u00e9n\u00e9ralement plates et les courtes mont\u00e9es faciles \u00e0 ma\u00eetriser gr\u00e2ce \u00e0 l\u2019assistance \u00e9lectrique.<\/p>\n<p>5 jours<br \/>\n3 tours en e-bike<br \/>\n146 km[\/vc_column_text]    <\/div>\n<\/div>\n    <\/div>[vc_empty_space][vc_single_image image=\u00a0\u00bb134178&Prime; alignment=\u00a0\u00bbcenter\u00a0\u00bb css=\u00a0\u00bb\u00a0\u00bb][vc_empty_space]<div class=\"theme-button-wrap textcenter wpex-clr\"><a href=\"https:\/\/e-bike-tours.ch\/fr\/sur-nous\/nos-e-bikes-de-location\/\" class=\"vcex-button theme-button medium align-center inline\"><span class=\"vcex-button-inner theme-button-inner wpex-flex wpex-flex-wrap wpex-items-center wpex-justify-center\">En savoir plus ici!<\/span><\/a><\/div> [\/vc_column][\/vc_row][\/vc_section]\n<\/div>","protected":false},"excerpt":{"rendered":"<p>[vc_section][vc_row][vc_column width=\u00a0\u00bb1\/2&Prime;][vc_acf field_group=\u00a0\u00bb2968&Prime; field_from_2968=\u00a0\u00bbfield_5d7a4a45000c9&Prime;][vc_empty_space][\/vc_column][vc_column width=\u00a0\u00bb1\/2&Prime;][\/vc_column][\/vc_row][\/vc_section][vc_section el_class=\u00a0\u00bbwk-section\u00a0\u00bb][vc_row][vc_column][\/vc_column][\/vc_row][\/vc_section][vc_section el_class=\u00a0\u00bbwk-section\u00a0\u00bb][vc_row][vc_column width=\u00a0\u00bb1\/2&Prime;][vc_column_text css=\u00a0\u00bb\u00a0\u00bb] Votre programme de voyage 1er jour \u2013 Trajet jusque sur la Riviera des Fleurs Trajet en car sp\u00e9cial tout confort jusqu\u2019\u00e0 Diano Marina, une charmante petite ville de la c\u00f4te de Ligurie. Apr\u00e8s installation dans nos chambres, il reste un moment de libre pour une premi\u00e8re&hellip;<\/p>\n","protected":false},"author":15,"featured_media":136398,"template":"","tags":[],"cartours_category":[501,503,502],"class_list":["post-136393","cartours_event","type-cartours_event","status-publish","has-post-thumbnail","hentry","cartours_category-e-bike-tours-fr","cartours_category-italie","cartours_category-objectifs-de-la-visite","entry","no-media"],"acf":[],"_links":{"self":[{"href":"https:\/\/e-bike-tours.ch\/fr\/wp-json\/wp\/v2\/cartours_event\/136393","targetHints":{"allow":["GET"]}}],"collection":[{"href":"https:\/\/e-bike-tours.ch\/fr\/wp-json\/wp\/v2\/cartours_event"}],"about":[{"href":"https:\/\/e-bike-tours.ch\/fr\/wp-json\/wp\/v2\/types\/cartours_event"}],"author":[{"embeddable":true,"href":"https:\/\/e-bike-tours.ch\/fr\/wp-json\/wp\/v2\/users\/15"}],"version-history":[{"count":2,"href":"https:\/\/e-bike-tours.ch\/fr\/wp-json\/wp\/v2\/cartours_event\/136393\/revisions"}],"predecessor-version":[{"id":136582,"href":"https:\/\/e-bike-tours.ch\/fr\/wp-json\/wp\/v2\/cartours_event\/136393\/revisions\/136582"}],"wp:featuredmedia":[{"embeddable":true,"href":"https:\/\/e-bike-tours.ch\/fr\/wp-json\/wp\/v2\/media\/136398"}],"wp:attachment":[{"href":"https:\/\/e-bike-tours.ch\/fr\/wp-json\/wp\/v2\/media?parent=136393"}],"wp:term":[{"taxonomy":"post_tag","embeddable":true,"href":"https:\/\/e-bike-tours.ch\/fr\/wp-json\/wp\/v2\/tags?post=136393"},{"taxonomy":"cartours_category","embeddable":true,"href":"https:\/\/e-bike-tours.ch\/fr\/wp-json\/wp\/v2\/cartours_category?post=136393"}],"curies":[{"name":"wp","href":"https:\/\/api.w.org\/{rel}","templated":true}]}}