{"id":136392,"date":"2025-10-30T07:24:07","date_gmt":"2025-10-30T06:24:07","guid":{"rendered":"https:\/\/e-bike-tours.ch\/?post_type=cartours_event&#038;p=136392"},"modified":"2026-02-24T15:54:08","modified_gmt":"2026-02-24T14:54:08","slug":"sur-la-piste-cyclable-de-la-moselle","status":"publish","type":"cartours_event","link":"https:\/\/e-bike-tours.ch\/fr\/tour\/sur-la-piste-cyclable-de-la-moselle\/","title":{"rendered":"Sur la piste cyclable de la Moselle"},"content":{"rendered":"<div class=\"wpb-content-wrapper\">[vc_section][vc_row][vc_column width=\u00a0\u00bb1\/2&Prime;]<div class=\"vcex-page-title vcex-module\"><h1 class=\"vcex-page-title__heading wpex-heading wpex-text-3xl\"><span class=\"vcex-page-title__text\">Sur la piste cyclable de la Moselle<\/span><\/h1><\/div>[vc_acf field_group=\u00a0\u00bb2968&Prime; field_from_2968=\u00a0\u00bbfield_5d7a4a45000c9&Prime;][vc_empty_space]\n    <div class=\"vc_btn3-container vc_btn3-inline td-online-booking\">\n        <a class=\"theme-button red\" href=\"https:\/\/e-bike-tours.ch\/fr\/offres\/\" target=\"_self\">Plus d'id\u00e9es de voyage<\/a>\n    <\/div>[\/vc_column][vc_column width=\u00a0\u00bb1\/2&Prime;]\n    <div class=\"cartours-event-coloured-box\">\n        <div class=\"inner-box \">\n    <div class=\"inner-header\">\n        <h3>Votre date de voyage<\/h3>\n    <\/div>\n    <div class=\"inner-content\">\n        \n    <div class=\"cartours-event-reisedaten\">\n        <div class=\"inner-box \">\n    <h3 style=\"color: red;\">This content element can be used ONLY on tour's single page!<\/h3><\/div>\n    <\/div>    <\/div>\n<\/div>\n    <\/div>\n    <div class=\"cartours-event-coloured-box\">\n        <div class=\"inner-box \">\n    <div class=\"inner-header\">\n        <h3>Notre prix sp\u00e9cial pour vous<\/h3>\n    <\/div>\n    <div class=\"inner-content\">\n        \n    <div class=\"cartours-event-hotels_info\">\n        <div class=\"inner-box \">\n    <h3 style=\"color: red;\">This content element can be used ONLY on tour's single page!<\/h3><\/div>\n    <\/div>[vc_column_text css=\u00a0\u00bb\u00a0\u00bb]<strong>Non inclus\/en option:<\/strong><br \/>\nSuppl\u00e9ment chambre individuelle: Fr. 159.-<br \/>\nSur demande: location e-bike: Fr. 36.- par jour<\/p>\n<p><strong>Choisissez votre lieu de d\u00e9part (tous avec possibilit\u00e9 de parking):<\/strong><br \/>\nTavel, Cossonay, Vernier[\/vc_column_text]    <\/div>\n<\/div>\n    <\/div>[\/vc_column][\/vc_row][\/vc_section][vc_section el_class=\u00a0\u00bbwk-section\u00a0\u00bb][vc_row][vc_column]<style class=\"vcex-carousel-preload-css\">.vcex_69f352e42b14a{--wpex-carousel-gap:6px;}.vcex_69f352e42b14a{--wpex-carousel-columns:1;}.vcex_69f352e42b14a.wpex-carousel:not(.wpex-carousel--loaded) > *:not(:nth-child(1n+2)){display:flex!important;}@media only screen and (min-width: 480px) {.vcex_69f352e42b14a{--wpex-carousel-columns:2;}.vcex_69f352e42b14a.wpex-carousel:not(.wpex-carousel--loaded) > *:not(:nth-child(1n+3)){display:flex!important;}}@media only screen and (min-width: 768px) {.vcex_69f352e42b14a{--wpex-carousel-columns:3;}.vcex_69f352e42b14a.wpex-carousel:not(.wpex-carousel--loaded) > *:not(:nth-child(1n+4)){display:flex!important;}}@media only screen and (min-width: 960px) {.vcex_69f352e42b14a{--wpex-carousel-columns:3;}.vcex_69f352e42b14a.wpex-carousel:not(.wpex-carousel--loaded) > *:not(:nth-child(1n+4)){display:flex!important;}}<\/style><div class=\"vcex-image-carousel wpex-carousel wpex-carousel-images wpex-clr vcex-module owl-carousel wpex-carousel--render-onload vcex_69f352e42b14a arrwstyle-default arrwpos-abs wpex-carousel-lightbox\" data-wpex-carousel=\"{&quot;autoplay&quot;:&quot;true&quot;,&quot;slideBy&quot;:1,&quot;margin&quot;:6,&quot;items&quot;:3,&quot;responsive&quot;:{&quot;0&quot;:{&quot;items&quot;:&quot;1&quot;},&quot;480&quot;:{&quot;items&quot;:&quot;2&quot;},&quot;768&quot;:{&quot;items&quot;:&quot;3&quot;},&quot;960&quot;:{&quot;items&quot;:3}},&quot;smartSpeed&quot;:150}\"><div class=\"wpex-carousel-slide\"><figure class=\"wpex-carousel-entry-media entry-media wpex-relative\"><a href=\"https:\/\/e-bike-tours.ch\/wp-content\/uploads\/2024\/10\/Unterwegs-auf-dem-Moselradweg_2.jpg\" class=\"wpex-carousel-entry-img wpex-carousel-lightbox-item\" data-count=\"1\" data-show_title=\"false\" data-caption=\"Sur la piste cyclable de la Moselle\"><img data-no-lazy=\"1\" class=\"wpex-align-middle skip-lazy\" src=\"https:\/\/e-bike-tours.ch\/wp-content\/uploads\/2024\/10\/Unterwegs-auf-dem-Moselradweg_2.jpg\" alt=\"\" srcset=\"https:\/\/e-bike-tours.ch\/wp-content\/uploads\/2024\/10\/Unterwegs-auf-dem-Moselradweg_2.jpg 800w, https:\/\/e-bike-tours.ch\/wp-content\/uploads\/2024\/10\/Unterwegs-auf-dem-Moselradweg_2-300x188.jpg 300w, https:\/\/e-bike-tours.ch\/wp-content\/uploads\/2024\/10\/Unterwegs-auf-dem-Moselradweg_2-768x480.jpg 768w\" width=\"800\" height=\"500\"><\/a><\/figure><\/div><div class=\"wpex-carousel-slide\"><figure class=\"wpex-carousel-entry-media entry-media wpex-relative\"><a href=\"https:\/\/e-bike-tours.ch\/wp-content\/uploads\/2024\/10\/Unterwegs-auf-dem-Moselradweg_4.jpg\" class=\"wpex-carousel-entry-img wpex-carousel-lightbox-item\" data-count=\"2\" data-show_title=\"false\" data-caption=\"Le ch\u00e2teau d\u2019Eltz\"><img data-no-lazy=\"1\" class=\"wpex-align-middle skip-lazy\" src=\"https:\/\/e-bike-tours.ch\/wp-content\/uploads\/2024\/10\/Unterwegs-auf-dem-Moselradweg_4.jpg\" alt=\"\" srcset=\"https:\/\/e-bike-tours.ch\/wp-content\/uploads\/2024\/10\/Unterwegs-auf-dem-Moselradweg_4.jpg 800w, https:\/\/e-bike-tours.ch\/wp-content\/uploads\/2024\/10\/Unterwegs-auf-dem-Moselradweg_4-300x188.jpg 300w, https:\/\/e-bike-tours.ch\/wp-content\/uploads\/2024\/10\/Unterwegs-auf-dem-Moselradweg_4-768x480.jpg 768w\" width=\"800\" height=\"500\"><\/a><\/figure><\/div><div class=\"wpex-carousel-slide\"><figure class=\"wpex-carousel-entry-media entry-media wpex-relative\"><a href=\"https:\/\/ebiketours.rokka.io\/ebiketours-full\/b67a84e970f73058f6dc35cbf42285fdfb53985c\/karte-moselradweg-fr.jpg\" class=\"wpex-carousel-entry-img wpex-carousel-lightbox-item\" data-count=\"3\" data-show_title=\"false\" data-caption=\"Votre itin\u00e9raire\" target=\"_blank\" rel=\"noopener\"><img data-no-lazy=\"1\" class=\"wpex-align-middle skip-lazy\" src=\"https:\/\/ebiketours.rokka.io\/ebiketours-full\/b67a84e970f73058f6dc35cbf42285fdfb53985c\/karte-moselradweg-fr.jpg\" alt=\"\" srcset=\"https:\/\/ebiketours.rokka.io\/ebiketours-full\/b67a84e970f73058f6dc35cbf42285fdfb53985c\/karte-moselradweg-fr.jpg 800w, https:\/\/ebiketours.rokka.io\/ebiketours-medium\/b67a84e970f73058f6dc35cbf42285fdfb53985c\/karte-moselradweg-fr-300x188.jpg 300w, https:\/\/ebiketours.rokka.io\/ebiketours-medium_large\/b67a84e970f73058f6dc35cbf42285fdfb53985c\/karte-moselradweg-fr-768x480.jpg 768w\" width=\"800\" height=\"500\"><\/a><\/figure><\/div><div class=\"wpex-carousel-slide\"><figure class=\"wpex-carousel-entry-media entry-media wpex-relative\"><a href=\"https:\/\/e-bike-tours.ch\/wp-content\/uploads\/2024\/10\/Unterwegs-auf-dem-Moselradweg_.jpg\" class=\"wpex-carousel-entry-img wpex-carousel-lightbox-item\" data-count=\"4\" data-show_title=\"false\" data-caption=\"De charmants vignobles\"><img data-no-lazy=\"1\" class=\"wpex-align-middle skip-lazy\" src=\"https:\/\/e-bike-tours.ch\/wp-content\/uploads\/2024\/10\/Unterwegs-auf-dem-Moselradweg_.jpg\" alt=\"\" srcset=\"https:\/\/e-bike-tours.ch\/wp-content\/uploads\/2024\/10\/Unterwegs-auf-dem-Moselradweg_.jpg 800w, https:\/\/e-bike-tours.ch\/wp-content\/uploads\/2024\/10\/Unterwegs-auf-dem-Moselradweg_-300x188.jpg 300w, https:\/\/e-bike-tours.ch\/wp-content\/uploads\/2024\/10\/Unterwegs-auf-dem-Moselradweg_-768x480.jpg 768w\" width=\"800\" height=\"500\"><\/a><\/figure><\/div><div class=\"wpex-carousel-slide\"><figure class=\"wpex-carousel-entry-media entry-media wpex-relative\"><a href=\"https:\/\/e-bike-tours.ch\/wp-content\/uploads\/2024\/10\/Unterwegs-auf-dem-Moselradweg_3.jpg\" class=\"wpex-carousel-entry-img wpex-carousel-lightbox-item\" data-count=\"5\" data-show_title=\"false\" data-caption=\"Bernkastel\"><img data-no-lazy=\"1\" class=\"wpex-align-middle skip-lazy\" src=\"https:\/\/e-bike-tours.ch\/wp-content\/uploads\/2024\/10\/Unterwegs-auf-dem-Moselradweg_3.jpg\" alt=\"\" srcset=\"https:\/\/e-bike-tours.ch\/wp-content\/uploads\/2024\/10\/Unterwegs-auf-dem-Moselradweg_3.jpg 800w, https:\/\/e-bike-tours.ch\/wp-content\/uploads\/2024\/10\/Unterwegs-auf-dem-Moselradweg_3-300x188.jpg 300w, https:\/\/e-bike-tours.ch\/wp-content\/uploads\/2024\/10\/Unterwegs-auf-dem-Moselradweg_3-768x480.jpg 768w\" width=\"800\" height=\"500\"><\/a><\/figure><\/div><\/div>[\/vc_column][\/vc_row][\/vc_section][vc_section el_class=\u00a0\u00bbwk-section\u00a0\u00bb][vc_row][vc_column width=\u00a0\u00bb1\/2&Prime;][vc_column_text css=\u00a0\u00bb\u00a0\u00bb]\n<h3>Votre programme de voyage<\/h3>\n<h4>1er jour, dimanche 26 juillet 2026 \u2013 Trajet jusqu\u2019\u00e0 Enkirchen<\/h4>\n<p>Trajet en car sp\u00e9cial tout confort jusqu\u2019\u00e0 Enkirchen. Installation, temps libre et repas du soir convivial \u00e0 l\u2019h\u00f4tel.<\/p>\n<p>&nbsp;<\/p>\n<h4>2e jour, lundi 27 juillet 2026 \u2013 Ville viticole de Zell<\/h4>\n<p>Notre premi\u00e8re excursion \u00e0 v\u00e9lo, direction Zell, nous fait traverser des bourgs vignerons comme P\u00fcnderich et Briedel. Ici, le riesling \u00abZeller Schwarze Katz\u00bb (Le Chat noir de Zell) influence la vie locale depuis des si\u00e8cles. Une visite guid\u00e9e de la ville nous permet de d\u00e9couvrir une histoire doublement mill\u00e9naire. Sur le chemin du retour, nous admirons la vue panoramique sur la r\u00e9gion de Zell depuis la Marienburg. Repas du soir \u00e0 l\u2019h\u00f4tel.<\/p>\n<p><em>Parcours e-bike: env. 34 km<\/em><\/p>\n<p>&nbsp;<\/p>\n<h4>3e jour, mardi 28 juillet 2026 \u2013 Traben-Trarbach &amp; Bernkastel-Kues<\/h4>\n<p>D\u00e9couverte aujourd\u2019hui de Bernkastel- Kues, bourgade aux ruelles romantiques et maisons \u00e0 colombages. A Zeltingen-Rachtig, nous fl\u00e2nons dans le centre historique, avant de continuer vers Traben-Trarbach, jadis connue comme l\u2019une des plus importantes villes d\u2019Europe pour le commerce de vin. A l\u2019occasion d\u2019une visite guid\u00e9e particuli\u00e8re, nous admirons les caves vo\u00fbt\u00e9es et d\u00e9gustons un verre de vin. Repas du soir \u00e0 l\u2019h\u00f4tel.<\/p>\n<p><em>Parcours e-bike: env. 59 km<\/em><\/p>\n<p>&nbsp;<\/p>\n<h4>4e jour, mercredi 29 juillet 2026 \u2013 De Bullay \u00e0 Cochem<\/h4>\n<p>De Bullay, notre itin\u00e9raire traverse la spectaculaire vall\u00e9e de la Moselle. Depuis les hauteurs, nous profitons d\u2019une vue grandiose, puis traversons la rivi\u00e8re en bac \u00e0 Ellenz-Poltersdorf. A Beilstein, surnomm\u00e9e \u00abla Belle au bois dormant de la Moselle\u00bb, nous profitons d\u2019un moment de libre pour une balade, avant de continuer vers Cochem, o\u00f9 nous visitons le moulin \u00e0 moutarde historique, avec d\u00e9gustation. Temps libre dans la vieille ville, puis retour \u00e0 l\u2019h\u00f4tel.<\/p>\n<p><em>Parcours e-bike: env. 35 km<\/em><\/p>\n<p>&nbsp;<\/p>\n<h4>5e jour, jeudi 30 juillet 2026 \u2013 De Treis-Karden \u00e0 Coblence<\/h4>\n<p>Nous partons de Treis-Karden et p\u00e9dalons jusqu\u2019\u00e0 Moselkern, o\u00f9 un d\u00e9tour vers le f\u00e9erique ch\u00e2teau d\u2019Eltz, l\u2019un des plus beaux ch\u00e2teaux forts d\u2019Europe, nous attend. Apr\u00e8s la visite, nous continuons vers Coblence, \u00e0 la confluence du Rhin et de la Moselle. Les ruelles, places et curiosit\u00e9s touristiques de cette charmante bourgade offrent une conclusion parfaite \u00e0 notre voyage. Repas du soir \u00e0 l\u2019h\u00f4tel.<\/p>\n<p><em>Parcours e-bike: env. 41 km<\/em><\/p>\n<p>&nbsp;<\/p>\n<h4>6e jour, vendredi 31 juillet 2026 \u2013 Retour<\/h4>\n<p>Voyage pour rentrer en Suisse apr\u00e8s le petit d\u00e9jeuner.<\/p>\n[\/vc_column_text][vc_empty_space][\/vc_column][vc_column width=\u00a0\u00bb1\/2&Prime;]\n    <div class=\"cartours-event-coloured-box\">\n        <div class=\"inner-box \">\n    <div class=\"inner-header\">\n        <h3>Compris dans le prix!<\/h3>\n    <\/div>\n    <div class=\"inner-content\">\n        [vc_column_text css=\u00a0\u00bb\u00a0\u00bb]\n<ul>\n<li>Trajet en car sp\u00e9cial tout confort<\/li>\n<li>Transport des e-bikes dans une remorque professionnelle<\/li>\n<li>5 nuits \u00e0 l\u2019h\u00f4tel Neum\u00fchle ***, \u00e0 Enkirch<\/li>\n<li>5 x petit d\u00e9jeuner \u00e0 l\u2019h\u00f4tel<\/li>\n<li>5 x repas du soir \u00e0 l\u2019h\u00f4tel<\/li>\n<li>Visite guid\u00e9e de Zell<\/li>\n<li>Visite guid\u00e9e des caves vo\u00fbt\u00e9es souterraines de Traben-Trarbach<\/li>\n<li>1 x verre de vin lors de la d\u00e9gustation<\/li>\n<li>Bac d\u2019Ellenz-Poltersdorf \u00e0 Beilstein<\/li>\n<li>Entr\u00e9e et visite guid\u00e9e du mus\u00e9e de la moutarde \u00e0 Cochem, avec d\u00e9gustation<\/li>\n<li>Entr\u00e9e et visite guid\u00e9e du ch\u00e2teau d\u2019Eltz<\/li>\n<li>Tous les parcours e-bike selon programme<\/li>\n<li>Deux guides exp\u00e9riment\u00e9s pour tous les tours en e-bike<\/li>\n<li>Gratuit: chaque participant re\u00e7oit un article de sport e-Bike-tours.ch \u00e0 choix<\/li>\n<\/ul>\n[\/vc_column_text]    <\/div>\n<\/div>\n    <\/div>\n    <div class=\"cartours-event-coloured-box\">\n        <div class=\"inner-box \">\n    <div class=\"inner-header\">\n        <h3>Votre date de voyage<\/h3>\n    <\/div>\n    <div class=\"inner-content\">\n        \n    <div class=\"cartours-event-reisedaten\">\n        <div class=\"inner-box \">\n    <h3 style=\"color: red;\">This content element can be used ONLY on tour's single page!<\/h3><\/div>\n    <\/div>    <\/div>\n<\/div>\n    <\/div>\n    <div class=\"cartours-event-coloured-box\">\n        <div class=\"inner-box \">\n    <div class=\"inner-header\">\n        <h3>Notre prix sp\u00e9cial pour vous<\/h3>\n    <\/div>\n    <div class=\"inner-content\">\n        \n    <div class=\"cartours-event-hotels_info\">\n        <div class=\"inner-box \">\n    <h3 style=\"color: red;\">This content element can be used ONLY on tour's single page!<\/h3><\/div>\n    <\/div>[vc_column_text css=\u00a0\u00bb\u00a0\u00bb]<strong>Non inclus\/en option:<\/strong><br \/>\nSuppl\u00e9ment chambre individuelle: Fr. 159.-<br \/>\nSur demande: location e-bike: Fr. 36.- par jour<\/p>\n<p><strong>Choisissez votre lieu de d\u00e9part (tous avec possibilit\u00e9 de parking):<\/strong><br \/>\nTavel, Cossonay, Vernier[\/vc_column_text]    <\/div>\n<\/div>\n    <\/div>\n    <div class=\"cartours-event-coloured-box\">\n        <div class=\"inner-box \">\n    <div class=\"inner-header\">\n        <h3>Parcours e-bike:<\/h3>\n    <\/div>\n    <div class=\"inner-content\">\n        [vc_column_text css=\u00a0\u00bb\u00a0\u00bb]Les \u00e9tapes de la piste cyclable de la Moselle, pour la plus grande partie goudronn\u00e9es et s\u00e9par\u00e9es de la circulation routi\u00e8re, sont globalement plates et sans grandes mont\u00e9es. Ici, ce n\u2019est donc pas le challenge sportif qui prime, mais plut\u00f4t la d\u00e9couverte et le plaisir!<\/p>\n<p>6 jours<br \/>\n4 tours en e-bike<br \/>\n169 km[\/vc_column_text]    <\/div>\n<\/div>\n    <\/div>[vc_empty_space][vc_single_image image=\u00a0\u00bb134178&Prime; alignment=\u00a0\u00bbcenter\u00a0\u00bb css=\u00a0\u00bb\u00a0\u00bb][vc_empty_space]<div class=\"theme-button-wrap textcenter wpex-clr\"><a href=\"https:\/\/e-bike-tours.ch\/fr\/sur-nous\/nos-e-bikes-de-location\/\" class=\"vcex-button theme-button medium align-center inline\"><span class=\"vcex-button-inner theme-button-inner wpex-flex wpex-flex-wrap wpex-items-center wpex-justify-center\">En savoir plus ici!<\/span><\/a><\/div> [\/vc_column][\/vc_row][\/vc_section]\n<\/div>","protected":false},"excerpt":{"rendered":"<p>[vc_section][vc_row][vc_column width=\u00a0\u00bb1\/2&Prime;][vc_acf field_group=\u00a0\u00bb2968&Prime; field_from_2968=\u00a0\u00bbfield_5d7a4a45000c9&Prime;][vc_empty_space][\/vc_column][vc_column width=\u00a0\u00bb1\/2&Prime;][\/vc_column][\/vc_row][\/vc_section][vc_section el_class=\u00a0\u00bbwk-section\u00a0\u00bb][vc_row][vc_column][\/vc_column][\/vc_row][\/vc_section][vc_section el_class=\u00a0\u00bbwk-section\u00a0\u00bb][vc_row][vc_column width=\u00a0\u00bb1\/2&Prime;][vc_column_text css=\u00a0\u00bb\u00a0\u00bb] Votre programme de voyage 1er jour, dimanche 26 juillet 2026 \u2013 Trajet jusqu\u2019\u00e0 Enkirchen Trajet en car sp\u00e9cial tout confort jusqu\u2019\u00e0 Enkirchen. Installation, temps libre et repas du soir convivial \u00e0 l\u2019h\u00f4tel. &nbsp; 2e jour, lundi 27 juillet 2026 \u2013 Ville viticole de Zell Notre premi\u00e8re&hellip;<\/p>\n","protected":false},"author":15,"featured_media":133372,"template":"","tags":[],"cartours_category":[520,501,502],"class_list":["post-136392","cartours_event","type-cartours_event","status-publish","has-post-thumbnail","hentry","cartours_category-allemagne","cartours_category-e-bike-tours-fr","cartours_category-objectifs-de-la-visite","entry","no-media"],"acf":[],"_links":{"self":[{"href":"https:\/\/e-bike-tours.ch\/fr\/wp-json\/wp\/v2\/cartours_event\/136392","targetHints":{"allow":["GET"]}}],"collection":[{"href":"https:\/\/e-bike-tours.ch\/fr\/wp-json\/wp\/v2\/cartours_event"}],"about":[{"href":"https:\/\/e-bike-tours.ch\/fr\/wp-json\/wp\/v2\/types\/cartours_event"}],"author":[{"embeddable":true,"href":"https:\/\/e-bike-tours.ch\/fr\/wp-json\/wp\/v2\/users\/15"}],"version-history":[{"count":4,"href":"https:\/\/e-bike-tours.ch\/fr\/wp-json\/wp\/v2\/cartours_event\/136392\/revisions"}],"predecessor-version":[{"id":136549,"href":"https:\/\/e-bike-tours.ch\/fr\/wp-json\/wp\/v2\/cartours_event\/136392\/revisions\/136549"}],"wp:featuredmedia":[{"embeddable":true,"href":"https:\/\/e-bike-tours.ch\/fr\/wp-json\/wp\/v2\/media\/133372"}],"wp:attachment":[{"href":"https:\/\/e-bike-tours.ch\/fr\/wp-json\/wp\/v2\/media?parent=136392"}],"wp:term":[{"taxonomy":"post_tag","embeddable":true,"href":"https:\/\/e-bike-tours.ch\/fr\/wp-json\/wp\/v2\/tags?post=136392"},{"taxonomy":"cartours_category","embeddable":true,"href":"https:\/\/e-bike-tours.ch\/fr\/wp-json\/wp\/v2\/cartours_category?post=136392"}],"curies":[{"name":"wp","href":"https:\/\/api.w.org\/{rel}","templated":true}]}}