{"id":136391,"date":"2025-10-29T16:45:00","date_gmt":"2025-10-29T15:45:00","guid":{"rendered":"https:\/\/e-bike-tours.ch\/?post_type=cartours_event&#038;p=136391"},"modified":"2026-04-30T11:45:04","modified_gmt":"2026-04-30T09:45:04","slug":"le-sud-enchanteur-de-la-sardaigne","status":"publish","type":"cartours_event","link":"https:\/\/e-bike-tours.ch\/fr\/tour\/le-sud-enchanteur-de-la-sardaigne\/","title":{"rendered":"Le sud enchanteur de la Sardaigne"},"content":{"rendered":"<div class=\"wpb-content-wrapper\">[vc_section][vc_row][vc_column width=\u00a0\u00bb1\/2&Prime;]<div class=\"vcex-page-title vcex-module\"><h1 class=\"vcex-page-title__heading wpex-heading wpex-text-3xl\"><span class=\"vcex-page-title__text\">Le sud enchanteur de la Sardaigne<\/span><\/h1><\/div>[vc_acf field_group=\u00a0\u00bb2968&Prime; field_from_2968=\u00a0\u00bbfield_5d7a4a45000c9&Prime;][vc_empty_space]\n    <div class=\"vc_btn3-container vc_btn3-inline td-online-booking\">\n        <a class=\"theme-button green\" href=\"https:\/\/booking.e-bike-tours.ch\/HPG_Hotels.aspx?Mand=h2&standardreise=fsusa90&hotel=fsusa&WebTemplate=EBikeTours&Lang=2\" target=\"_self\">R\u00e9servez en ligne<\/a>\n    <\/div>[\/vc_column][vc_column width=\u00a0\u00bb1\/2&Prime;]\n    <div class=\"cartours-event-coloured-box\">\n        <div class=\"inner-box \">\n    <div class=\"inner-header\">\n        <h3>Votre date de voyage<\/h3>\n    <\/div>\n    <div class=\"inner-content\">\n        \n    <div class=\"cartours-event-reisedaten\">\n        <div class=\"inner-box \">\n    <h3 style=\"color: red;\">This content element can be used ONLY on tour's single page!<\/h3><\/div>\n    <\/div>    <\/div>\n<\/div>\n    <\/div>\n    <div class=\"cartours-event-coloured-box\">\n        <div class=\"inner-box \">\n    <div class=\"inner-header\">\n        <h3>Notre prix sp\u00e9cial pour vous<\/h3>\n    <\/div>\n    <div class=\"inner-content\">\n        \n    <div class=\"cartours-event-hotels_info\">\n        <div class=\"inner-box \">\n    <h3 style=\"color: red;\">This content element can be used ONLY on tour's single page!<\/h3><\/div>\n    <\/div>[vc_column_text css=\u00a0\u00bb\u00a0\u00bb]<strong>Non inclus\/en option:<\/strong><br \/>\nSuppl. chambre\/cabine individuelle int\u00e9rieure: Fr. 485.-<br \/>\nSuppl. cabine double ext\u00e9rieure (aller &amp; retour): Fr. 60.-<br \/>\nSuppl. cabine indiv. ext\u00e9rieure (aller &amp; retour): Fr. 90.-<br \/>\nSur demande: location e-bike: Fr. 36.- par jour<\/p>\n<p><strong>Choisissez votre lieu de d\u00e9part (tous avec possibilit\u00e9 de parking):<\/strong><br \/>\nTavel, Cossonay, Vernier[\/vc_column_text]    <\/div>\n<\/div>\n    <\/div>[\/vc_column][\/vc_row][\/vc_section][vc_section el_class=\u00a0\u00bbwk-section\u00a0\u00bb][vc_row][vc_column]<style class=\"vcex-carousel-preload-css\">.vcex_69f33158e5c4d{--wpex-carousel-gap:6px;}.vcex_69f33158e5c4d{--wpex-carousel-columns:1;}.vcex_69f33158e5c4d.wpex-carousel:not(.wpex-carousel--loaded) > *:not(:nth-child(1n+2)){display:flex!important;}@media only screen and (min-width: 480px) {.vcex_69f33158e5c4d{--wpex-carousel-columns:2;}.vcex_69f33158e5c4d.wpex-carousel:not(.wpex-carousel--loaded) > *:not(:nth-child(1n+3)){display:flex!important;}}@media only screen and (min-width: 768px) {.vcex_69f33158e5c4d{--wpex-carousel-columns:3;}.vcex_69f33158e5c4d.wpex-carousel:not(.wpex-carousel--loaded) > *:not(:nth-child(1n+4)){display:flex!important;}}@media only screen and (min-width: 960px) {.vcex_69f33158e5c4d{--wpex-carousel-columns:3;}.vcex_69f33158e5c4d.wpex-carousel:not(.wpex-carousel--loaded) > *:not(:nth-child(1n+4)){display:flex!important;}}<\/style><div class=\"vcex-image-carousel wpex-carousel wpex-carousel-images wpex-clr vcex-module owl-carousel wpex-carousel--render-onload vcex_69f33158e5c4d arrwstyle-default arrwpos-abs wpex-carousel-lightbox\" data-wpex-carousel=\"{&quot;autoplay&quot;:&quot;true&quot;,&quot;slideBy&quot;:1,&quot;margin&quot;:6,&quot;items&quot;:3,&quot;responsive&quot;:{&quot;0&quot;:{&quot;items&quot;:&quot;1&quot;},&quot;480&quot;:{&quot;items&quot;:&quot;2&quot;},&quot;768&quot;:{&quot;items&quot;:&quot;3&quot;},&quot;960&quot;:{&quot;items&quot;:3}},&quot;smartSpeed&quot;:150}\"><div class=\"wpex-carousel-slide\"><figure class=\"wpex-carousel-entry-media entry-media wpex-relative\"><a href=\"https:\/\/e-bike-tours.ch\/wp-content\/uploads\/2025\/10\/ebt_sardinien_kueste_800x500.jpg\" class=\"wpex-carousel-entry-img wpex-carousel-lightbox-item\" data-count=\"1\" data-show_title=\"false\" data-caption=\"Le sud enchanteur de la Sardaigne\"><img data-no-lazy=\"1\" class=\"wpex-align-middle skip-lazy\" src=\"https:\/\/e-bike-tours.ch\/wp-content\/uploads\/2025\/10\/ebt_sardinien_kueste_800x500.jpg\" alt=\"\" srcset=\"https:\/\/e-bike-tours.ch\/wp-content\/uploads\/2025\/10\/ebt_sardinien_kueste_800x500.jpg 800w, https:\/\/e-bike-tours.ch\/wp-content\/uploads\/2025\/10\/ebt_sardinien_kueste_800x500-300x188.jpg 300w, https:\/\/e-bike-tours.ch\/wp-content\/uploads\/2025\/10\/ebt_sardinien_kueste_800x500-768x480.jpg 768w\" width=\"800\" height=\"500\"><\/a><\/figure><\/div><div class=\"wpex-carousel-slide\"><figure class=\"wpex-carousel-entry-media entry-media wpex-relative\"><a href=\"https:\/\/ebiketours.rokka.io\/ebiketours-full\/59cb6bf688fb946441bbfe36409ee1dca0856877\/karte-sardiniens-traumhafter-sueden-fr.jpg\" class=\"wpex-carousel-entry-img wpex-carousel-lightbox-item\" data-count=\"2\" data-show_title=\"false\" data-caption=\"Votre itin\u00e9raire\" target=\"_blank\" rel=\"noopener\"><img data-no-lazy=\"1\" class=\"wpex-align-middle skip-lazy\" src=\"https:\/\/ebiketours.rokka.io\/ebiketours-full\/59cb6bf688fb946441bbfe36409ee1dca0856877\/karte-sardiniens-traumhafter-sueden-fr.jpg\" alt=\"\" srcset=\"https:\/\/ebiketours.rokka.io\/ebiketours-full\/59cb6bf688fb946441bbfe36409ee1dca0856877\/karte-sardiniens-traumhafter-sueden-fr.jpg 800w, https:\/\/ebiketours.rokka.io\/ebiketours-medium\/59cb6bf688fb946441bbfe36409ee1dca0856877\/karte-sardiniens-traumhafter-sueden-fr-300x188.jpg 300w, https:\/\/ebiketours.rokka.io\/ebiketours-medium_large\/59cb6bf688fb946441bbfe36409ee1dca0856877\/karte-sardiniens-traumhafter-sueden-fr-768x480.jpg 768w\" width=\"800\" height=\"500\"><\/a><\/figure><\/div><div class=\"wpex-carousel-slide\"><figure class=\"wpex-carousel-entry-media entry-media wpex-relative\"><a href=\"https:\/\/e-bike-tours.ch\/wp-content\/uploads\/2025\/10\/ebt_sardinien_bosa_800x500.jpg\" class=\"wpex-carousel-entry-img wpex-carousel-lightbox-item\" data-count=\"3\" data-show_title=\"false\" data-caption=\"La ravissante bourgade de Bosa\"><img data-no-lazy=\"1\" class=\"wpex-align-middle skip-lazy\" src=\"https:\/\/e-bike-tours.ch\/wp-content\/uploads\/2025\/10\/ebt_sardinien_bosa_800x500.jpg\" alt=\"\" srcset=\"https:\/\/e-bike-tours.ch\/wp-content\/uploads\/2025\/10\/ebt_sardinien_bosa_800x500.jpg 800w, https:\/\/e-bike-tours.ch\/wp-content\/uploads\/2025\/10\/ebt_sardinien_bosa_800x500-300x188.jpg 300w, https:\/\/e-bike-tours.ch\/wp-content\/uploads\/2025\/10\/ebt_sardinien_bosa_800x500-768x480.jpg 768w\" width=\"800\" height=\"500\"><\/a><\/figure><\/div><div class=\"wpex-carousel-slide\"><figure class=\"wpex-carousel-entry-media entry-media wpex-relative\"><a href=\"https:\/\/e-bike-tours.ch\/wp-content\/uploads\/2025\/10\/ebt_sardinien_cap_san_marco_800x500.jpg\" class=\"wpex-carousel-entry-img wpex-carousel-lightbox-item\" data-count=\"4\" data-show_title=\"false\" data-caption=\"Cap San Marco\"><img data-no-lazy=\"1\" class=\"wpex-align-middle skip-lazy\" src=\"https:\/\/e-bike-tours.ch\/wp-content\/uploads\/2025\/10\/ebt_sardinien_cap_san_marco_800x500.jpg\" alt=\"\" srcset=\"https:\/\/e-bike-tours.ch\/wp-content\/uploads\/2025\/10\/ebt_sardinien_cap_san_marco_800x500.jpg 800w, https:\/\/e-bike-tours.ch\/wp-content\/uploads\/2025\/10\/ebt_sardinien_cap_san_marco_800x500-300x188.jpg 300w, https:\/\/e-bike-tours.ch\/wp-content\/uploads\/2025\/10\/ebt_sardinien_cap_san_marco_800x500-768x480.jpg 768w\" width=\"800\" height=\"500\"><\/a><\/figure><\/div><div class=\"wpex-carousel-slide\"><figure class=\"wpex-carousel-entry-media entry-media wpex-relative\"><a href=\"https:\/\/e-bike-tours.ch\/wp-content\/uploads\/2025\/10\/ebt_sardinien_tour_800x500.jpg\" class=\"wpex-carousel-entry-img wpex-carousel-lightbox-item\" data-count=\"5\" data-show_title=\"false\"><img data-no-lazy=\"1\" class=\"wpex-align-middle skip-lazy\" src=\"https:\/\/e-bike-tours.ch\/wp-content\/uploads\/2025\/10\/ebt_sardinien_tour_800x500.jpg\" alt=\"\" srcset=\"https:\/\/e-bike-tours.ch\/wp-content\/uploads\/2025\/10\/ebt_sardinien_tour_800x500.jpg 800w, https:\/\/e-bike-tours.ch\/wp-content\/uploads\/2025\/10\/ebt_sardinien_tour_800x500-300x188.jpg 300w, https:\/\/e-bike-tours.ch\/wp-content\/uploads\/2025\/10\/ebt_sardinien_tour_800x500-768x480.jpg 768w\" width=\"800\" height=\"500\"><\/a><\/figure><\/div><div class=\"wpex-carousel-slide\"><figure class=\"wpex-carousel-entry-media entry-media wpex-relative\"><a href=\"https:\/\/e-bike-tours.ch\/wp-content\/uploads\/2025\/10\/ebt_sardinien_street_art_800x500.jpg\" class=\"wpex-carousel-entry-img wpex-carousel-lightbox-item\" data-count=\"6\" data-show_title=\"false\" data-caption=\"Street Art \u00e0 Alghero\"><img data-no-lazy=\"1\" class=\"wpex-align-middle skip-lazy\" src=\"https:\/\/e-bike-tours.ch\/wp-content\/uploads\/2025\/10\/ebt_sardinien_street_art_800x500.jpg\" alt=\"\" srcset=\"https:\/\/e-bike-tours.ch\/wp-content\/uploads\/2025\/10\/ebt_sardinien_street_art_800x500.jpg 800w, https:\/\/e-bike-tours.ch\/wp-content\/uploads\/2025\/10\/ebt_sardinien_street_art_800x500-300x188.jpg 300w, https:\/\/e-bike-tours.ch\/wp-content\/uploads\/2025\/10\/ebt_sardinien_street_art_800x500-768x480.jpg 768w\" width=\"800\" height=\"500\"><\/a><\/figure><\/div><div class=\"wpex-carousel-slide\"><figure class=\"wpex-carousel-entry-media entry-media wpex-relative\"><a href=\"https:\/\/e-bike-tours.ch\/wp-content\/uploads\/2025\/10\/ebt_sardinien_navarrese_800x500.jpg\" class=\"wpex-carousel-entry-img wpex-carousel-lightbox-item\" data-count=\"7\" data-show_title=\"false\" data-caption=\"Santa Maria Navarrese\"><img data-no-lazy=\"1\" class=\"wpex-align-middle skip-lazy\" src=\"https:\/\/e-bike-tours.ch\/wp-content\/uploads\/2025\/10\/ebt_sardinien_navarrese_800x500.jpg\" alt=\"\" srcset=\"https:\/\/e-bike-tours.ch\/wp-content\/uploads\/2025\/10\/ebt_sardinien_navarrese_800x500.jpg 800w, https:\/\/e-bike-tours.ch\/wp-content\/uploads\/2025\/10\/ebt_sardinien_navarrese_800x500-300x188.jpg 300w, https:\/\/e-bike-tours.ch\/wp-content\/uploads\/2025\/10\/ebt_sardinien_navarrese_800x500-768x480.jpg 768w\" width=\"800\" height=\"500\"><\/a><\/figure><\/div><\/div>[\/vc_column][\/vc_row][\/vc_section][vc_section el_class=\u00a0\u00bbwk-section\u00a0\u00bb][vc_row][vc_column width=\u00a0\u00bb1\/2&Prime;][vc_column_text css=\u00a0\u00bb\u00a0\u00bb]\n<h3>Votre programme de voyage<\/h3>\n<h4>1er jour \u2013 Embarquement \u00e0 Livourne<\/h4>\n<p>Trajet en car sp\u00e9cial tout confort jusqu\u2019\u00e0 Livourne. Embarquement, installation dans nos cabines, repas du soir et nuit \u00e0 bord.<\/p>\n<p>&nbsp;<\/p>\n<h4>2e jour \u2013 Au fil de la c\u00f4te orientale jusqu\u2019\u00e0 Orosei<\/h4>\n<p>Apr\u00e8s notre arriv\u00e9e \u00e0 Olbia, transfert en car \u00e0 La Caletta, point de d\u00e9part de notre premier tour \u00e0 v\u00e9lo. Nous longeons la pittoresque c\u00f4te orientale de l\u2019\u00eele jusqu\u2019\u00e0 Orosei, bourgade \u00e0 la charmante vieille ville. Notre h\u00f4tel n\u2019est qu\u2019\u00e0 quelques pas de la plage de sable et de la mer cristalline.<\/p>\n<p><em> Parcours e-bike: env. 40 km<\/em><\/p>\n<p>&nbsp;<\/p>\n<h4>3e jour \u2013 Falaises &amp; plages du golfe d\u2019Orosei<\/h4>\n<p>Nous partons directement de l\u2019h\u00f4tel en v\u00e9lo, en direction de Dorgali, et descendons vers la mer. Avec ses falaises vertigineuses, ses grottes marines et ses plages isol\u00e9es, le golfe d\u2019Orosei d\u00e9voile l\u2019une des c\u00f4tes les mieux pr\u00e9serv\u00e9es de toute la M\u00e9diterran\u00e9e. Nous profitons d\u2019une pause baignade \u00e0 Cala Gonone, avant de rentrer \u00e0 Orosei, o\u00f9 vous aurez du temps libre pour une visite individuelle dans la vieille ville.<\/p>\n<p><em>Parcours e-bike: env. 63 km<\/em><\/p>\n<p>&nbsp;<\/p>\n<h4>4e jour \u2013 Entre mer et montagnes jusqu\u2019\u00e0 Santa Maria Navarrese<\/h4>\n<p>Nous d\u00e9butons notre excursion \u00e0 Genna Silana, o\u00f9 une tr\u00e8s belle descente avec vue panoramique sur la r\u00e9gion sauvage du Supramonte s\u2019offre \u00e0 nous. Par le village de montagne de Baunei, nous rejoignons ensuite la c\u00f4te \u00e0 Santa Maria Navarrese. En fin de journ\u00e9e, transfert \u00e0 Capoterra, o\u00f9 nous s\u00e9journons trois nuits.<\/p>\n<p><em>Parcours e-bike: env. 40 km<\/em><\/p>\n<p>&nbsp;<\/p>\n<h4>5e jour \u2013 Paradis naturel du Monte Genis &amp; Capo Ferrato<\/h4>\n<p>De la station baln\u00e9aire de Burg, nous sillonnons l\u2019arri\u00e8re- pays verdoyant du parc r\u00e9gional Sette Fratelli- Monte Genis, r\u00e9put\u00e9 pour ses for\u00eats de ch\u00eanesli\u00e8ges et ses gorges encaiss\u00e9es. Puis continuation jusqu\u2019au promontoire sauvage de Capo Ferrato, aux falaises abruptes et plages d\u00e9sertes. Notre \u00e9tape du jour s\u2019ach\u00e8ve sur la splendide Costa Rei.<\/p>\n<p><em>Parcours e-bike: env. 55 km<\/em><\/p>\n<p>&nbsp;<\/p>\n<h4>6e jour \u2013 C\u00f4te de r\u00eave de Teulada \u00e0 Chia<\/h4>\n<p>Depuis Domus de Maria, nous p\u00e9dalons \u00e0 travers for\u00eats et pics granitiques jusqu\u2019\u00e0 la c\u00f4te de Teulada. C\u2019est ici que d\u00e9bute l\u2019un des plus beaux tron\u00e7ons c\u00f4tiers de toute la Sardaigne, en une alternance de falaises, criques de sable et mer turquoise. Pause baignade \u00e0 Chia, o\u00f9 nous aurons peut-\u00eatre la chance d\u2019observer des flamants roses. Retour \u00e0 Capoterra.<\/p>\n<p><em>Parcours e-bike: env. 50 km<\/em><\/p>\n<p>&nbsp;<\/p>\n<h4>7e jour \u2013 Lagunes, plages &amp; presqu\u2019\u00eele de Sinis<\/h4>\n<p>Nous parcourons aujourd\u2019hui \u00e0 v\u00e9lo les paysages lagunaires de la p\u00e9ninsule du Sinis, un sanctuaire pour les flamants roses et d\u2019autres esp\u00e8ces d\u2019oiseaux. Au Cap San Marco, nous visitons les ruines de Tharros et, pour cl\u00f4turer la journ\u00e9e, participons \u00e0 une d\u00e9gustation de vin dans un domaine pr\u00e8s d\u2019Alghero. Nuit \u00e0 Alghero.<\/p>\n<p><em>Parcours e-bike: env. 50 km<\/em><\/p>\n<p>&nbsp;<\/p>\n<h4>8e jour \u2013 Route panoramique d\u2019Alghero \u00e0 Bosa<\/h4>\n<p>D\u2019Alghero \u00e0 Bosa, nous empruntons l\u2019une des plus spectaculaires routes c\u00f4ti\u00e8res de Sardaigne. Le fleuve Temo bord\u00e9 de maisons color\u00e9es et la vieille ville romantique s\u2019inscrivent comme le point d\u2019orgue du voyage. Le soir, embarquement \u00e0 Porto Torres ou Olbia pour la travers\u00e9e vers le continent.<\/p>\n<p><em>Parcours e-bike: env. 55 km<\/em><\/p>\n<p>&nbsp;<\/p>\n<h4>9e jour \u2013 Arriv\u00e9e \u00e0 G\u00eanes &amp; retour<\/h4>\n<p>Arriv\u00e9e ce matin \u00e0 G\u00eanes et retour en Suisse \u2013 riches de belles images des c\u00f4tes bleu turquoise, des baies assoupies et des villes anim\u00e9es.<\/p>\n[\/vc_column_text][vc_empty_space][\/vc_column][vc_column width=\u00a0\u00bb1\/2&Prime;]\n    <div class=\"cartours-event-coloured-box\">\n        <div class=\"inner-box \">\n    <div class=\"inner-header\">\n        <h3>Compris dans le prix!<\/h3>\n    <\/div>\n    <div class=\"inner-content\">\n        [vc_column_text css=\u00a0\u00bb\u00a0\u00bb]\n<ul>\n<li>Trajet en car sp\u00e9cial tout confort<\/li>\n<li>Transport des e-bikes dans une remorque professionnelle<\/li>\n<li>Travers\u00e9e en ferry Livourne-Olbia, avec h\u00e9bergement en cabine \u00e0 2 lits int\u00e9rieure &amp; repas du soir \u00e0 bord<\/li>\n<li>Travers\u00e9e en ferry Porto Torres\/Olbia-G\u00eanes, avec h\u00e9bergement en cabine \u00e0 2 lits int\u00e9rieure, repas du soir &amp; petit d\u00e9jeuner \u00e0 bord<\/li>\n<li>2 nuits \u00e0 l\u2019h\u00f4tel Marina Resort ****, \u00e0 Orosei<\/li>\n<li>3 nuits \u00e0 l\u2019h\u00f4tel Santa Gilla ****, \u00e0 Capoterra<\/li>\n<li>1 nuit \u00e0 l\u2019h\u00f4tel Punta Negra ****, \u00e0 Alghero<\/li>\n<li>6 x petit d\u00e9jeuner \u00e0 l\u2019h\u00f4tel<\/li>\n<li>6 x repas du soir \u00e0 l\u2019h\u00f4tel<\/li>\n<li>1 x petit d\u00e9jeuner \u00e0 Olbia<\/li>\n<li>1 x d\u00e9gustation de vin \u00e0 Alghero<\/li>\n<li>Tous les parcours e-bike selon programme<\/li>\n<li>Deux guides exp\u00e9riment\u00e9s pour tous les tours en e-bike<\/li>\n<li>Gratuit: chaque participant re\u00e7oit un article de sport e-Bike-tours.ch \u00e0 choix<\/li>\n<\/ul>\n[\/vc_column_text]    <\/div>\n<\/div>\n    <\/div>\n    <div class=\"cartours-event-coloured-box\">\n        <div class=\"inner-box \">\n    <div class=\"inner-header\">\n        <h3>Votre date de voyage<\/h3>\n    <\/div>\n    <div class=\"inner-content\">\n        \n    <div class=\"cartours-event-reisedaten\">\n        <div class=\"inner-box \">\n    <h3 style=\"color: red;\">This content element can be used ONLY on tour's single page!<\/h3><\/div>\n    <\/div>    <\/div>\n<\/div>\n    <\/div>\n    <div class=\"cartours-event-coloured-box\">\n        <div class=\"inner-box \">\n    <div class=\"inner-header\">\n        <h3>Notre prix sp\u00e9cial pour vous<\/h3>\n    <\/div>\n    <div class=\"inner-content\">\n        \n    <div class=\"cartours-event-hotels_info\">\n        <div class=\"inner-box \">\n    <h3 style=\"color: red;\">This content element can be used ONLY on tour's single page!<\/h3><\/div>\n    <\/div>[vc_column_text css=\u00a0\u00bb\u00a0\u00bb]<strong>Non inclus\/en option:<\/strong><br \/>\nSuppl. chambre\/cabine individuelle int\u00e9rieure: Fr. 485.-<br \/>\nSuppl. cabine double ext\u00e9rieure (aller &amp; retour): Fr. 60.-<br \/>\nSuppl. cabine indiv. ext\u00e9rieure (aller &amp; retour): Fr. 90.-<br \/>\nSur demande: location e-bike: Fr. 36.- par jour<\/p>\n<p><strong>Choisissez votre lieu de d\u00e9part (tous avec possibilit\u00e9 de parking):<\/strong><br \/>\nTavel, Cossonay, Vernier[\/vc_column_text]    <\/div>\n<\/div>\n    <\/div>\n    <div class=\"cartours-event-coloured-box\">\n        <div class=\"inner-box \">\n    <div class=\"inner-header\">\n        <h3>Parcours e-bike:<\/h3>\n    <\/div>\n    <div class=\"inner-content\">\n        [vc_column_text css=\u00a0\u00bb\u00a0\u00bb]Itin\u00e9raires contrast\u00e9s le long du littoral et \u00e0 travers les collines sardes, principalement sur des petites routes secondaires et des chemins tranquilles. Les \u00e9tapes c\u00f4ti\u00e8res sont plates ou en l\u00e9g\u00e8re mont\u00e9e, alors que celles dans l\u2019arri\u00e8re-pays pr\u00e9sentent quelques mont\u00e9es plus longues, ais\u00e9ment ma\u00eetris\u00e9es avec l\u2019assistance \u00e9lectrique.<\/p>\n<p>9 jours<br \/>\n7 tours en e-bike<br \/>\n353 km[\/vc_column_text]    <\/div>\n<\/div>\n    <\/div>[vc_empty_space][vc_single_image image=\u00a0\u00bb134178&Prime; alignment=\u00a0\u00bbcenter\u00a0\u00bb css=\u00a0\u00bb\u00a0\u00bb][vc_empty_space]<div class=\"theme-button-wrap textcenter wpex-clr\"><a href=\"https:\/\/e-bike-tours.ch\/fr\/sur-nous\/nos-e-bikes-de-location\/\" class=\"vcex-button theme-button medium align-center inline\"><span class=\"vcex-button-inner theme-button-inner wpex-flex wpex-flex-wrap wpex-items-center wpex-justify-center\">En savoir plus ici!<\/span><\/a><\/div> [\/vc_column][\/vc_row][\/vc_section]\n<\/div>","protected":false},"excerpt":{"rendered":"<p>[vc_section][vc_row][vc_column width=\u00a0\u00bb1\/2&Prime;][vc_acf field_group=\u00a0\u00bb2968&Prime; field_from_2968=\u00a0\u00bbfield_5d7a4a45000c9&Prime;][vc_empty_space][\/vc_column][vc_column width=\u00a0\u00bb1\/2&Prime;][\/vc_column][\/vc_row][\/vc_section][vc_section el_class=\u00a0\u00bbwk-section\u00a0\u00bb][vc_row][vc_column][\/vc_column][\/vc_row][\/vc_section][vc_section el_class=\u00a0\u00bbwk-section\u00a0\u00bb][vc_row][vc_column width=\u00a0\u00bb1\/2&Prime;][vc_column_text css=\u00a0\u00bb\u00a0\u00bb] Votre programme de voyage 1er jour \u2013 Embarquement \u00e0 Livourne Trajet en car sp\u00e9cial tout confort jusqu\u2019\u00e0 Livourne. Embarquement, installation dans nos cabines, repas du soir et nuit \u00e0 bord. &nbsp; 2e jour \u2013 Au fil de la c\u00f4te orientale jusqu\u2019\u00e0 Orosei Apr\u00e8s notre arriv\u00e9e \u00e0&hellip;<\/p>\n","protected":false},"author":15,"featured_media":136081,"template":"","tags":[],"cartours_category":[501,503,502],"class_list":["post-136391","cartours_event","type-cartours_event","status-publish","has-post-thumbnail","hentry","cartours_category-e-bike-tours-fr","cartours_category-italie","cartours_category-objectifs-de-la-visite","entry","no-media"],"acf":[],"_links":{"self":[{"href":"https:\/\/e-bike-tours.ch\/fr\/wp-json\/wp\/v2\/cartours_event\/136391","targetHints":{"allow":["GET"]}}],"collection":[{"href":"https:\/\/e-bike-tours.ch\/fr\/wp-json\/wp\/v2\/cartours_event"}],"about":[{"href":"https:\/\/e-bike-tours.ch\/fr\/wp-json\/wp\/v2\/types\/cartours_event"}],"author":[{"embeddable":true,"href":"https:\/\/e-bike-tours.ch\/fr\/wp-json\/wp\/v2\/users\/15"}],"version-history":[{"count":3,"href":"https:\/\/e-bike-tours.ch\/fr\/wp-json\/wp\/v2\/cartours_event\/136391\/revisions"}],"predecessor-version":[{"id":136585,"href":"https:\/\/e-bike-tours.ch\/fr\/wp-json\/wp\/v2\/cartours_event\/136391\/revisions\/136585"}],"wp:featuredmedia":[{"embeddable":true,"href":"https:\/\/e-bike-tours.ch\/fr\/wp-json\/wp\/v2\/media\/136081"}],"wp:attachment":[{"href":"https:\/\/e-bike-tours.ch\/fr\/wp-json\/wp\/v2\/media?parent=136391"}],"wp:term":[{"taxonomy":"post_tag","embeddable":true,"href":"https:\/\/e-bike-tours.ch\/fr\/wp-json\/wp\/v2\/tags?post=136391"},{"taxonomy":"cartours_category","embeddable":true,"href":"https:\/\/e-bike-tours.ch\/fr\/wp-json\/wp\/v2\/cartours_category?post=136391"}],"curies":[{"name":"wp","href":"https:\/\/api.w.org\/{rel}","templated":true}]}}