{"id":136387,"date":"2025-10-30T07:38:38","date_gmt":"2025-10-30T06:38:38","guid":{"rendered":"https:\/\/e-bike-tours.ch\/?post_type=cartours_event&#038;p=136387"},"modified":"2026-04-30T15:12:02","modified_gmt":"2026-04-30T13:12:02","slug":"de-la-toscane-a-rome","status":"publish","type":"cartours_event","link":"https:\/\/e-bike-tours.ch\/fr\/tour\/de-la-toscane-a-rome\/","title":{"rendered":"De la Toscane \u00e0 Rome"},"content":{"rendered":"<div class=\"wpb-content-wrapper\">[vc_section][vc_row][vc_column width=\u00a0\u00bb1\/2&Prime;]<div class=\"vcex-page-title vcex-module\"><h1 class=\"vcex-page-title__heading wpex-heading wpex-text-3xl\"><span class=\"vcex-page-title__text\">De la Toscane \u00e0 Rome<\/span><\/h1><\/div>[vc_acf field_group=\u00a0\u00bb2968&Prime; field_from_2968=\u00a0\u00bbfield_5d7a4a45000c9&Prime;][vc_empty_space]\n    <div class=\"vc_btn3-container vc_btn3-inline td-online-booking\">\n        <a class=\"theme-button green\" href=\"https:\/\/booking.e-bike-tours.ch\/HPG_Hotels.aspx?Mand=h2&standardreise=ftrom85&hotel=ftrom&WebTemplate=EBikeTours&Lang=2\" target=\"_self\">R\u00e9servez en ligne<\/a>\n    <\/div>[\/vc_column][vc_column width=\u00a0\u00bb1\/2&Prime;]\n    <div class=\"cartours-event-coloured-box\">\n        <div class=\"inner-box \">\n    <div class=\"inner-header\">\n        <h3>Votre date de voyage<\/h3>\n    <\/div>\n    <div class=\"inner-content\">\n        \n    <div class=\"cartours-event-reisedaten\">\n        <div class=\"inner-box \">\n    <h3 style=\"color: red;\">This content element can be used ONLY on tour's single page!<\/h3><\/div>\n    <\/div>    <\/div>\n<\/div>\n    <\/div>\n    <div class=\"cartours-event-coloured-box\">\n        <div class=\"inner-box \">\n    <div class=\"inner-header\">\n        <h3>Notre prix sp\u00e9cial pour vous<\/h3>\n    <\/div>\n    <div class=\"inner-content\">\n        \n    <div class=\"cartours-event-hotels_info\">\n        <div class=\"inner-box \">\n    <h3 style=\"color: red;\">This content element can be used ONLY on tour's single page!<\/h3><\/div>\n    <\/div>[vc_column_text css=\u00a0\u00bb\u00a0\u00bb]<strong>Non inclus\/en option:<\/strong><br \/>\nSuppl\u00e9ment chambre individuelle: Fr. 340.-<br \/>\nSur demande: location e-bike: Fr. 36.- par jour<\/p>\n<p><strong>Choisissez votre lieu de d\u00e9part (tous avec possibilit\u00e9 de parking):<\/strong><br \/>\nTavel, Cossonay, Vernier[\/vc_column_text]    <\/div>\n<\/div>\n    <\/div>[\/vc_column][\/vc_row][\/vc_section][vc_section el_class=\u00a0\u00bbwk-section\u00a0\u00bb][vc_row][vc_column]<style class=\"vcex-carousel-preload-css\">.vcex_69f3d4d1afab9{--wpex-carousel-gap:6px;}.vcex_69f3d4d1afab9{--wpex-carousel-columns:1;}.vcex_69f3d4d1afab9.wpex-carousel:not(.wpex-carousel--loaded) > *:not(:nth-child(1n+2)){display:flex!important;}@media only screen and (min-width: 480px) {.vcex_69f3d4d1afab9{--wpex-carousel-columns:2;}.vcex_69f3d4d1afab9.wpex-carousel:not(.wpex-carousel--loaded) > *:not(:nth-child(1n+3)){display:flex!important;}}@media only screen and (min-width: 768px) {.vcex_69f3d4d1afab9{--wpex-carousel-columns:3;}.vcex_69f3d4d1afab9.wpex-carousel:not(.wpex-carousel--loaded) > *:not(:nth-child(1n+4)){display:flex!important;}}@media only screen and (min-width: 960px) {.vcex_69f3d4d1afab9{--wpex-carousel-columns:3;}.vcex_69f3d4d1afab9.wpex-carousel:not(.wpex-carousel--loaded) > *:not(:nth-child(1n+4)){display:flex!important;}}<\/style><div class=\"vcex-image-carousel wpex-carousel wpex-carousel-images wpex-clr vcex-module owl-carousel wpex-carousel--render-onload vcex_69f3d4d1afab9 arrwstyle-default arrwpos-abs wpex-carousel-lightbox\" data-wpex-carousel=\"{&quot;autoplay&quot;:&quot;true&quot;,&quot;slideBy&quot;:1,&quot;margin&quot;:6,&quot;items&quot;:3,&quot;responsive&quot;:{&quot;0&quot;:{&quot;items&quot;:&quot;1&quot;},&quot;480&quot;:{&quot;items&quot;:&quot;2&quot;},&quot;768&quot;:{&quot;items&quot;:&quot;3&quot;},&quot;960&quot;:{&quot;items&quot;:3}},&quot;smartSpeed&quot;:150}\"><div class=\"wpex-carousel-slide\"><figure class=\"wpex-carousel-entry-media entry-media wpex-relative\"><a href=\"https:\/\/e-bike-tours.ch\/wp-content\/uploads\/2025\/10\/ebt_toskana_panorama_800x500.jpg\" class=\"wpex-carousel-entry-img wpex-carousel-lightbox-item\" data-count=\"1\" data-show_title=\"false\" data-caption=\"Toscane\"><img data-no-lazy=\"1\" class=\"wpex-align-middle skip-lazy\" src=\"https:\/\/e-bike-tours.ch\/wp-content\/uploads\/2025\/10\/ebt_toskana_panorama_800x500.jpg\" alt=\"\" srcset=\"https:\/\/e-bike-tours.ch\/wp-content\/uploads\/2025\/10\/ebt_toskana_panorama_800x500.jpg 800w, https:\/\/e-bike-tours.ch\/wp-content\/uploads\/2025\/10\/ebt_toskana_panorama_800x500-300x188.jpg 300w, https:\/\/e-bike-tours.ch\/wp-content\/uploads\/2025\/10\/ebt_toskana_panorama_800x500-768x480.jpg 768w\" width=\"800\" height=\"500\"><\/a><\/figure><\/div><div class=\"wpex-carousel-slide\"><figure class=\"wpex-carousel-entry-media entry-media wpex-relative\"><a href=\"https:\/\/ebiketours.rokka.io\/ebiketours-full\/9047c40d8ed968c3d97b1f44f2b51096f9961bc8\/karte-toskana-rom-fr.jpg\" class=\"wpex-carousel-entry-img wpex-carousel-lightbox-item\" data-count=\"2\" data-show_title=\"false\" data-caption=\"Votre itin\u00e9raire\" target=\"_blank\" rel=\"noopener\"><img data-no-lazy=\"1\" class=\"wpex-align-middle skip-lazy\" src=\"https:\/\/ebiketours.rokka.io\/ebiketours-full\/9047c40d8ed968c3d97b1f44f2b51096f9961bc8\/karte-toskana-rom-fr.jpg\" alt=\"\" srcset=\"https:\/\/ebiketours.rokka.io\/ebiketours-full\/9047c40d8ed968c3d97b1f44f2b51096f9961bc8\/karte-toskana-rom-fr.jpg 800w, https:\/\/ebiketours.rokka.io\/ebiketours-medium\/9047c40d8ed968c3d97b1f44f2b51096f9961bc8\/karte-toskana-rom-fr-300x188.jpg 300w, https:\/\/ebiketours.rokka.io\/ebiketours-medium_large\/9047c40d8ed968c3d97b1f44f2b51096f9961bc8\/karte-toskana-rom-fr-768x480.jpg 768w\" width=\"800\" height=\"500\"><\/a><\/figure><\/div><div class=\"wpex-carousel-slide\"><figure class=\"wpex-carousel-entry-media entry-media wpex-relative\"><a href=\"https:\/\/e-bike-tours.ch\/wp-content\/uploads\/2025\/10\/ebt_toskana_marmore_800x500.jpg\" class=\"wpex-carousel-entry-img wpex-carousel-lightbox-item\" data-count=\"3\" data-show_title=\"false\" data-caption=\"Les cascades de Marmore\"><img data-no-lazy=\"1\" class=\"wpex-align-middle skip-lazy\" src=\"https:\/\/e-bike-tours.ch\/wp-content\/uploads\/2025\/10\/ebt_toskana_marmore_800x500.jpg\" alt=\"\" srcset=\"https:\/\/e-bike-tours.ch\/wp-content\/uploads\/2025\/10\/ebt_toskana_marmore_800x500.jpg 800w, https:\/\/e-bike-tours.ch\/wp-content\/uploads\/2025\/10\/ebt_toskana_marmore_800x500-300x188.jpg 300w, https:\/\/e-bike-tours.ch\/wp-content\/uploads\/2025\/10\/ebt_toskana_marmore_800x500-768x480.jpg 768w\" width=\"800\" height=\"500\"><\/a><\/figure><\/div><div class=\"wpex-carousel-slide\"><figure class=\"wpex-carousel-entry-media entry-media wpex-relative\"><a href=\"https:\/\/e-bike-tours.ch\/wp-content\/uploads\/2025\/10\/ebt_toskana_tour_800x500.jpg\" class=\"wpex-carousel-entry-img wpex-carousel-lightbox-item\" data-count=\"4\" data-show_title=\"false\"><img data-no-lazy=\"1\" class=\"wpex-align-middle skip-lazy\" src=\"https:\/\/e-bike-tours.ch\/wp-content\/uploads\/2025\/10\/ebt_toskana_tour_800x500.jpg\" alt=\"\" srcset=\"https:\/\/e-bike-tours.ch\/wp-content\/uploads\/2025\/10\/ebt_toskana_tour_800x500.jpg 800w, https:\/\/e-bike-tours.ch\/wp-content\/uploads\/2025\/10\/ebt_toskana_tour_800x500-300x188.jpg 300w, https:\/\/e-bike-tours.ch\/wp-content\/uploads\/2025\/10\/ebt_toskana_tour_800x500-768x480.jpg 768w\" width=\"800\" height=\"500\"><\/a><\/figure><\/div><div class=\"wpex-carousel-slide\"><figure class=\"wpex-carousel-entry-media entry-media wpex-relative\"><a href=\"https:\/\/e-bike-tours.ch\/wp-content\/uploads\/2025\/10\/ebt_toskana_spanische_treppe_800x500.jpg\" class=\"wpex-carousel-entry-img wpex-carousel-lightbox-item\" data-count=\"5\" data-show_title=\"false\" data-caption=\"L&#039;Escalier de la Trinit\u00e9-des-Monts\"><img data-no-lazy=\"1\" class=\"wpex-align-middle skip-lazy\" src=\"https:\/\/e-bike-tours.ch\/wp-content\/uploads\/2025\/10\/ebt_toskana_spanische_treppe_800x500.jpg\" alt=\"\" srcset=\"https:\/\/e-bike-tours.ch\/wp-content\/uploads\/2025\/10\/ebt_toskana_spanische_treppe_800x500.jpg 800w, https:\/\/e-bike-tours.ch\/wp-content\/uploads\/2025\/10\/ebt_toskana_spanische_treppe_800x500-300x188.jpg 300w, https:\/\/e-bike-tours.ch\/wp-content\/uploads\/2025\/10\/ebt_toskana_spanische_treppe_800x500-768x480.jpg 768w\" width=\"800\" height=\"500\"><\/a><\/figure><\/div><div class=\"wpex-carousel-slide\"><figure class=\"wpex-carousel-entry-media entry-media wpex-relative\"><a href=\"https:\/\/e-bike-tours.ch\/wp-content\/uploads\/2025\/10\/ebt_toskana_assisi_800x500.jpg\" class=\"wpex-carousel-entry-img wpex-carousel-lightbox-item\" data-count=\"6\" data-show_title=\"false\" data-caption=\"Assise\"><img data-no-lazy=\"1\" class=\"wpex-align-middle skip-lazy\" src=\"https:\/\/e-bike-tours.ch\/wp-content\/uploads\/2025\/10\/ebt_toskana_assisi_800x500.jpg\" alt=\"\" srcset=\"https:\/\/e-bike-tours.ch\/wp-content\/uploads\/2025\/10\/ebt_toskana_assisi_800x500.jpg 800w, https:\/\/e-bike-tours.ch\/wp-content\/uploads\/2025\/10\/ebt_toskana_assisi_800x500-300x188.jpg 300w, https:\/\/e-bike-tours.ch\/wp-content\/uploads\/2025\/10\/ebt_toskana_assisi_800x500-768x480.jpg 768w\" width=\"800\" height=\"500\"><\/a><\/figure><\/div><div class=\"wpex-carousel-slide\"><figure class=\"wpex-carousel-entry-media entry-media wpex-relative\"><a href=\"https:\/\/e-bike-tours.ch\/wp-content\/uploads\/2025\/10\/ebt_toskana_perugia_800x500.jpg\" class=\"wpex-carousel-entry-img wpex-carousel-lightbox-item\" data-count=\"7\" data-show_title=\"false\" data-caption=\"P\u00e9rouse\"><img data-no-lazy=\"1\" class=\"wpex-align-middle skip-lazy\" src=\"https:\/\/e-bike-tours.ch\/wp-content\/uploads\/2025\/10\/ebt_toskana_perugia_800x500.jpg\" alt=\"\" srcset=\"https:\/\/e-bike-tours.ch\/wp-content\/uploads\/2025\/10\/ebt_toskana_perugia_800x500.jpg 800w, https:\/\/e-bike-tours.ch\/wp-content\/uploads\/2025\/10\/ebt_toskana_perugia_800x500-300x188.jpg 300w, https:\/\/e-bike-tours.ch\/wp-content\/uploads\/2025\/10\/ebt_toskana_perugia_800x500-768x480.jpg 768w\" width=\"800\" height=\"500\"><\/a><\/figure><\/div><\/div>[\/vc_column][\/vc_row][\/vc_section][vc_section el_class=\u00a0\u00bbwk-section\u00a0\u00bb][vc_row][vc_column width=\u00a0\u00bb1\/2&Prime;][vc_column_text css=\u00a0\u00bb\u00a0\u00bb]\n<h3>Votre programme de voyage<\/h3>\n<h4>1er jour, dimanche 6 septembre 2026 \u2013 Trajet jusqu\u2019en Toscane<\/h4>\n<p>Trajet en car sp\u00e9cial tout confort jusqu\u2019\u00e0 Arezzo, o\u00f9 nous partageons un premier repas du soir en commun, occasion de nous mettre dans l\u2019ambiance des jours \u00e0 venir. Une premi\u00e8re balade dans la vieille ville, entre palais et places, nous plonge aussit\u00f4t dans l\u2019art de vivre toscan.<\/p>\n<p>&nbsp;<\/p>\n<h4>2e jour, lundi 7 septembre 2026 \u2013 De Lucignano au lac Trasim\u00e8ne, via Cortona<\/h4>\n<p>Apr\u00e8s la visite de Lucignano, la \u00abperle du Valdichiana \u00bb, nous p\u00e9dalons \u00e0 travers de douces collines jusqu\u2019\u00e0 Cortona. Avec ses ruelles \u00e9troites et ses places, la bourgade a su pr\u00e9server son caract\u00e8re m\u00e9di\u00e9val. Par une magnifique route panoramique, nous rejoignons ensuite le lac Trasim\u00e8ne pour une soir\u00e9e dans une ambiance m\u00e9diterran\u00e9enne.<\/p>\n<p><em>Parcours e-bike: env. 55 km<\/em><\/p>\n<p>&nbsp;<\/p>\n<h4>3e jour, mardi 8 septembre 2026 \u2013 P\u00e9rouse, la cit\u00e9 \u00e9trusque<\/h4>\n<p>En e-bike, nous traversons des villages assoupis et des vignobles pour rejoindre P\u00e9rouse, le chef-lieu de l\u2019Ombrie, qui domine la vall\u00e9e du Tibre et nous d\u00e9voile un riche patrimoine historique, des Etrusques \u00e0 nos jours. Lors d\u2019une visite guid\u00e9e de la ville, nous d\u00e9couvrons son architecture impressionnante et nous impr\u00e9gnons de la joyeuse ambiance de ses places et ruelles.<\/p>\n<p><em>Parcours e-bike: env. 37 km<\/em><\/p>\n<p>&nbsp;<\/p>\n<h4>4e jour, mercredi 9 septembre 2026 \u2013 Assise, la ville sainte<\/h4>\n<p>Notre itin\u00e9raire suit le Tibre, \u00e0 travers le coeur luxuriant de l\u2019Ombrie. Et nous voici face \u00e0 Assise, haut lieu de spiritualit\u00e9 et de beaut\u00e9. Nous allons fl\u00e2ner dans ses ruelles pittoresques et visitons la Basilique Saint-Fran\u00e7ois, aux fresques renomm\u00e9es dans le monde entier. Puis temps libre pour savourer l\u2019atmosph\u00e8re si particuli\u00e8re de la ville.<\/p>\n<p><em>Parcours e-bike: env. 33 km<\/em><\/p>\n<p>&nbsp;<\/p>\n<h4>5e jour, jeudi 10 septembre 2026 \u2013 D\u2019Assise \u00e0 Spoleto<\/h4>\n<p>A travers la Valle Umbra \u00e9maill\u00e9e d\u2019oliveraies et de prairies fleuries multicolores, nous parvenons \u00e0 Spoleto, ancienne r\u00e9sidence papale et imp\u00e9riale qui impressionne par ses palais, ses \u00e9glises et son th\u00e9\u00e2tre romain. Une balade permet d\u2019appr\u00e9cier son ambiance vivante et de d\u00e9couvrir ses petites boutiques de sp\u00e9cialit\u00e9s r\u00e9gionales.<\/p>\n<p><em>Parcours e-bike: env. 54 km<\/em><\/p>\n<p>&nbsp;<\/p>\n<h4>6e jour, vendredi 11 septembre 2026 \u2013 Cascades de Marmore &amp; Rieti<\/h4>\n<p>Depuis Ferentillo, nous suivons la vall\u00e9e de la Nera jusqu\u2019aux imposantes cascades de Marmore \u2013 un site naturel spectaculaire o\u00f9 les masses d\u2019eau plongent d\u2019une hauteur de 165 m\u00e8tres. A travers de douces collines nous d\u00e9voilant de superbes panoramas, nous roulons ensuite jusqu\u2019\u00e0 Rieti, o\u00f9 nous tombons instantan\u00e9ment sous le charme des places historiques et des palais baroques.<\/p>\n<p><em>Parcours e-bike: env. 46 km<\/em><\/p>\n<p>&nbsp;<\/p>\n<h4>7e jour, samedi 12 septembre 2026 \u2013 Rome, la ville \u00e9ternelle<\/h4>\n<p>Aujourd\u2019hui, nous rejoignons la ville \u00e9ternelle en car. Une visite guid\u00e9e nous permet de d\u00e9couvrir les grands sites de la capitale: l&rsquo;Escalier de la Trinit\u00e9-des-Monts, la Fontaine de Trevi, le Panth\u00e9on et la Piazza Navona. L\u2019apr\u00e8s-midi est libre pour une d\u00e9couverte au gr\u00e9 de vos envies \u2013 peut-\u00eatre pour un espresso sur une piazza ou la visite d\u2019une des innombrables \u00e9glises de la ville. Une fin de voyage en beaut\u00e9!<\/p>\n<p>&nbsp;<\/p>\n<h4>8e jour, dimanche 13 septembre 2026 \u2013 Retour<\/h4>\n<p>Riches de belles impressions m\u00ealant la lumi\u00e8re dor\u00e9e de la Toscane, les tr\u00e9sors de l\u2019Ombrie et la fascination de Rome, nous reprenons le chemin du retour en Suisse.<\/p>\n[\/vc_column_text][vc_empty_space][\/vc_column][vc_column width=\u00a0\u00bb1\/2&Prime;]\n    <div class=\"cartours-event-coloured-box\">\n        <div class=\"inner-box \">\n    <div class=\"inner-header\">\n        <h3>Compris dans le prix!<\/h3>\n    <\/div>\n    <div class=\"inner-content\">\n        [vc_column_text css=\u00a0\u00bb\u00a0\u00bb]\n<ul>\n<li>Trajet en car sp\u00e9cial tout confort<\/li>\n<li>Transport des e-bikes dans une remorque professionnelle<\/li>\n<li>7 nuits dans de bons h\u00f4tels de classe moyenne<\/li>\n<li>7 x petit d\u00e9jeuner \u00e0 l\u2019h\u00f4tel<\/li>\n<li>7 x repas du soir \u00e0 l\u2019h\u00f4tel<\/li>\n<li>Balade \u00e0 Cortona<\/li>\n<li>Balade \u00e0 P\u00e9rouse<\/li>\n<li>Visite de la ville d\u2019Assise, avec Basilique Saint-Fran\u00e7ois<\/li>\n<li>Entr\u00e9e aux cascades de Marmore<\/li>\n<li>Visite guid\u00e9e de 3 heures \u00e0 Rome<\/li>\n<li>Tous les parcours e-bike selon programme<\/li>\n<li>Deux guides exp\u00e9riment\u00e9s pour tous les tours en e-bike<\/li>\n<li>Gratuit: chaque participant re\u00e7oit un article de sport e-Bike-tours.ch \u00e0 choix<\/li>\n<\/ul>\n[\/vc_column_text]    <\/div>\n<\/div>\n    <\/div>\n    <div class=\"cartours-event-coloured-box\">\n        <div class=\"inner-box \">\n    <div class=\"inner-header\">\n        <h3>Votre date de voyage<\/h3>\n    <\/div>\n    <div class=\"inner-content\">\n        \n    <div class=\"cartours-event-reisedaten\">\n        <div class=\"inner-box \">\n    <h3 style=\"color: red;\">This content element can be used ONLY on tour's single page!<\/h3><\/div>\n    <\/div>    <\/div>\n<\/div>\n    <\/div>\n    <div class=\"cartours-event-coloured-box\">\n        <div class=\"inner-box \">\n    <div class=\"inner-header\">\n        <h3>Notre prix sp\u00e9cial pour vous<\/h3>\n    <\/div>\n    <div class=\"inner-content\">\n        \n    <div class=\"cartours-event-hotels_info\">\n        <div class=\"inner-box \">\n    <h3 style=\"color: red;\">This content element can be used ONLY on tour's single page!<\/h3><\/div>\n    <\/div>[vc_column_text css=\u00a0\u00bb\u00a0\u00bb]<strong>Non inclus\/en option:<\/strong><br \/>\nSuppl\u00e9ment chambre individuelle: Fr. 340.-<br \/>\nSur demande: location e-bike: Fr. 36.- par jour<\/p>\n<p><strong>Choisissez votre lieu de d\u00e9part (tous avec possibilit\u00e9 de parking):<\/strong><br \/>\nTavel, Cossonay, Vernier[\/vc_column_text]    <\/div>\n<\/div>\n    <\/div>\n    <div class=\"cartours-event-coloured-box\">\n        <div class=\"inner-box \">\n    <div class=\"inner-header\">\n        <h3>Parcours e-bike:<\/h3>\n    <\/div>\n    <div class=\"inner-content\">\n        [vc_column_text css=\u00a0\u00bb\u00a0\u00bb]Itin\u00e9raires contrast\u00e9s sur routes secondaires tranquilles et pistes cyclables serpentant entre collines, vignobles et oliveraies. De courtes mont\u00e9es alternent avec de longs tron\u00e7ons panoramiques \u2013 facilement g\u00e9rables avec l\u2019assistance \u00e9lectrique.<\/p>\n<p>8 jours<br \/>\n5 tours en e-bike<br \/>\n225 km[\/vc_column_text]    <\/div>\n<\/div>\n    <\/div>[vc_empty_space][vc_single_image image=\u00a0\u00bb134178&Prime; alignment=\u00a0\u00bbcenter\u00a0\u00bb css=\u00a0\u00bb\u00a0\u00bb][vc_empty_space]<div class=\"theme-button-wrap textcenter wpex-clr\"><a href=\"https:\/\/e-bike-tours.ch\/fr\/sur-nous\/nos-e-bikes-de-location\/\" class=\"vcex-button theme-button medium align-center inline\"><span class=\"vcex-button-inner theme-button-inner wpex-flex wpex-flex-wrap wpex-items-center wpex-justify-center\">En savoir plus ici!<\/span><\/a><\/div> [\/vc_column][\/vc_row][\/vc_section]\n<\/div>","protected":false},"excerpt":{"rendered":"<p>[vc_section][vc_row][vc_column width=\u00a0\u00bb1\/2&Prime;][vc_acf field_group=\u00a0\u00bb2968&Prime; field_from_2968=\u00a0\u00bbfield_5d7a4a45000c9&Prime;][vc_empty_space][\/vc_column][vc_column width=\u00a0\u00bb1\/2&Prime;][\/vc_column][\/vc_row][\/vc_section][vc_section el_class=\u00a0\u00bbwk-section\u00a0\u00bb][vc_row][vc_column][\/vc_column][\/vc_row][\/vc_section][vc_section el_class=\u00a0\u00bbwk-section\u00a0\u00bb][vc_row][vc_column width=\u00a0\u00bb1\/2&Prime;][vc_column_text css=\u00a0\u00bb\u00a0\u00bb] Votre programme de voyage 1er jour, dimanche 6 septembre 2026 \u2013 Trajet jusqu\u2019en Toscane Trajet en car sp\u00e9cial tout confort jusqu\u2019\u00e0 Arezzo, o\u00f9 nous partageons un premier repas du soir en commun, occasion de nous mettre dans l\u2019ambiance des jours \u00e0 venir. Une premi\u00e8re balade dans&hellip;<\/p>\n","protected":false},"author":15,"featured_media":135907,"template":"","tags":[],"cartours_category":[501,503,502],"class_list":["post-136387","cartours_event","type-cartours_event","status-publish","has-post-thumbnail","hentry","cartours_category-e-bike-tours-fr","cartours_category-italie","cartours_category-objectifs-de-la-visite","entry","no-media"],"acf":[],"_links":{"self":[{"href":"https:\/\/e-bike-tours.ch\/fr\/wp-json\/wp\/v2\/cartours_event\/136387","targetHints":{"allow":["GET"]}}],"collection":[{"href":"https:\/\/e-bike-tours.ch\/fr\/wp-json\/wp\/v2\/cartours_event"}],"about":[{"href":"https:\/\/e-bike-tours.ch\/fr\/wp-json\/wp\/v2\/types\/cartours_event"}],"author":[{"embeddable":true,"href":"https:\/\/e-bike-tours.ch\/fr\/wp-json\/wp\/v2\/users\/15"}],"version-history":[{"count":3,"href":"https:\/\/e-bike-tours.ch\/fr\/wp-json\/wp\/v2\/cartours_event\/136387\/revisions"}],"predecessor-version":[{"id":136602,"href":"https:\/\/e-bike-tours.ch\/fr\/wp-json\/wp\/v2\/cartours_event\/136387\/revisions\/136602"}],"wp:featuredmedia":[{"embeddable":true,"href":"https:\/\/e-bike-tours.ch\/fr\/wp-json\/wp\/v2\/media\/135907"}],"wp:attachment":[{"href":"https:\/\/e-bike-tours.ch\/fr\/wp-json\/wp\/v2\/media?parent=136387"}],"wp:term":[{"taxonomy":"post_tag","embeddable":true,"href":"https:\/\/e-bike-tours.ch\/fr\/wp-json\/wp\/v2\/tags?post=136387"},{"taxonomy":"cartours_category","embeddable":true,"href":"https:\/\/e-bike-tours.ch\/fr\/wp-json\/wp\/v2\/cartours_category?post=136387"}],"curies":[{"name":"wp","href":"https:\/\/api.w.org\/{rel}","templated":true}]}}