{"id":136385,"date":"2025-10-30T07:34:02","date_gmt":"2025-10-30T06:34:02","guid":{"rendered":"https:\/\/e-bike-tours.ch\/?post_type=cartours_event&#038;p=136385"},"modified":"2026-04-30T15:12:04","modified_gmt":"2026-04-30T13:12:04","slug":"le-plaisir-du-velo-au-pays-du-prosecco","status":"publish","type":"cartours_event","link":"https:\/\/e-bike-tours.ch\/fr\/tour\/le-plaisir-du-velo-au-pays-du-prosecco\/","title":{"rendered":"Le plaisir du v\u00e9lo au pays du Prosecco"},"content":{"rendered":"<div class=\"wpb-content-wrapper\">[vc_section][vc_row][vc_column width=\u00a0\u00bb1\/2&Prime;]<div class=\"vcex-page-title vcex-module\"><h1 class=\"vcex-page-title__heading wpex-heading wpex-text-3xl\"><span class=\"vcex-page-title__text\">Le plaisir du v\u00e9lo au pays du Prosecco<\/span><\/h1><\/div>[vc_acf field_group=\u00a0\u00bb2968&Prime; field_from_2968=\u00a0\u00bbfield_5d7a4a45000c9&Prime;][vc_empty_space]\n    <div class=\"vc_btn3-container vc_btn3-inline td-online-booking\">\n        <a class=\"theme-button green\" href=\"https:\/\/booking.e-bike-tours.ch\/HPG_Hotels.aspx?Mand=h2&standardreise=fvene49&hotel=fvene&WebTemplate=EBikeTours&Lang=2\" target=\"_self\">R\u00e9servez en ligne<\/a>\n    <\/div>[\/vc_column][vc_column width=\u00a0\u00bb1\/2&Prime;]\n    <div class=\"cartours-event-coloured-box\">\n        <div class=\"inner-box \">\n    <div class=\"inner-header\">\n        <h3>Vos dates de voyage<\/h3>\n    <\/div>\n    <div class=\"inner-content\">\n        \n    <div class=\"cartours-event-reisedaten\">\n        <div class=\"inner-box \">\n    <h3 style=\"color: red;\">This content element can be used ONLY on tour's single page!<\/h3><\/div>\n    <\/div>    <\/div>\n<\/div>\n    <\/div>\n    <div class=\"cartours-event-coloured-box\">\n        <div class=\"inner-box \">\n    <div class=\"inner-header\">\n        <h3>Notre prix sp\u00e9cial pour vous<\/h3>\n    <\/div>\n    <div class=\"inner-content\">\n        \n    <div class=\"cartours-event-hotels_info\">\n        <div class=\"inner-box \">\n    <h3 style=\"color: red;\">This content element can be used ONLY on tour's single page!<\/h3><\/div>\n    <\/div>[vc_column_text css=\u00a0\u00bb\u00a0\u00bb]<strong>Non inclus\/en option:<\/strong><br \/>\nSuppl\u00e9ment chambre individuelle: Fr. 120.-<br \/>\nSur demande: location e-bike: Fr. 36.- par jour<\/p>\n<p><strong>Choisissez votre lieu de d\u00e9part (tous avec possibilit\u00e9 de parking):<\/strong><br \/>\nTavel, Cossonay, Vernier[\/vc_column_text]    <\/div>\n<\/div>\n    <\/div>[\/vc_column][\/vc_row][\/vc_section][vc_section el_class=\u00a0\u00bbwk-section\u00a0\u00bb][vc_row][vc_column]<style class=\"vcex-carousel-preload-css\">.vcex_69f3afd24e2dd{--wpex-carousel-gap:6px;}.vcex_69f3afd24e2dd{--wpex-carousel-columns:1;}.vcex_69f3afd24e2dd.wpex-carousel:not(.wpex-carousel--loaded) > *:not(:nth-child(1n+2)){display:flex!important;}@media only screen and (min-width: 480px) {.vcex_69f3afd24e2dd{--wpex-carousel-columns:2;}.vcex_69f3afd24e2dd.wpex-carousel:not(.wpex-carousel--loaded) > *:not(:nth-child(1n+3)){display:flex!important;}}@media only screen and (min-width: 768px) {.vcex_69f3afd24e2dd{--wpex-carousel-columns:3;}.vcex_69f3afd24e2dd.wpex-carousel:not(.wpex-carousel--loaded) > *:not(:nth-child(1n+4)){display:flex!important;}}@media only screen and (min-width: 960px) {.vcex_69f3afd24e2dd{--wpex-carousel-columns:3;}.vcex_69f3afd24e2dd.wpex-carousel:not(.wpex-carousel--loaded) > *:not(:nth-child(1n+4)){display:flex!important;}}<\/style><div class=\"vcex-image-carousel wpex-carousel wpex-carousel-images wpex-clr vcex-module owl-carousel wpex-carousel--render-onload vcex_69f3afd24e2dd arrwstyle-default arrwpos-abs wpex-carousel-lightbox\" data-wpex-carousel=\"{&quot;autoplay&quot;:&quot;true&quot;,&quot;slideBy&quot;:1,&quot;margin&quot;:6,&quot;items&quot;:3,&quot;responsive&quot;:{&quot;0&quot;:{&quot;items&quot;:&quot;1&quot;},&quot;480&quot;:{&quot;items&quot;:&quot;2&quot;},&quot;768&quot;:{&quot;items&quot;:&quot;3&quot;},&quot;960&quot;:{&quot;items&quot;:3}},&quot;smartSpeed&quot;:150}\"><div class=\"wpex-carousel-slide\"><figure class=\"wpex-carousel-entry-media entry-media wpex-relative\"><a href=\"https:\/\/e-bike-tours.ch\/wp-content\/uploads\/2022\/11\/Auf-ein-Prosecco-ins-Veneto_Proseccoland_800x500.jpg\" class=\"wpex-carousel-entry-img wpex-carousel-lightbox-item\" data-count=\"1\" data-show_title=\"false\" data-caption=\"Le plaisir du v\u00e9lo au pays du Prosecco\"><img data-no-lazy=\"1\" class=\"wpex-align-middle skip-lazy\" src=\"https:\/\/e-bike-tours.ch\/wp-content\/uploads\/2022\/11\/Auf-ein-Prosecco-ins-Veneto_Proseccoland_800x500.jpg\" alt=\"\" srcset=\"https:\/\/e-bike-tours.ch\/wp-content\/uploads\/2022\/11\/Auf-ein-Prosecco-ins-Veneto_Proseccoland_800x500.jpg 800w, https:\/\/e-bike-tours.ch\/wp-content\/uploads\/2022\/11\/Auf-ein-Prosecco-ins-Veneto_Proseccoland_800x500-300x188.jpg 300w, https:\/\/e-bike-tours.ch\/wp-content\/uploads\/2022\/11\/Auf-ein-Prosecco-ins-Veneto_Proseccoland_800x500-768x480.jpg 768w\" width=\"800\" height=\"500\"><\/a><\/figure><\/div><div class=\"wpex-carousel-slide\"><figure class=\"wpex-carousel-entry-media entry-media wpex-relative\"><a href=\"https:\/\/ebiketours.rokka.io\/ebiketours-full\/1675d43b1c71a631dbebebc3321779b1bada29b3\/karte-proseco-veneto-fr.jpg\" class=\"wpex-carousel-entry-img wpex-carousel-lightbox-item\" data-count=\"2\" data-show_title=\"false\" data-caption=\"Votre itin\u00e9raire\" target=\"_blank\" rel=\"noopener\"><img data-no-lazy=\"1\" class=\"wpex-align-middle skip-lazy\" src=\"https:\/\/ebiketours.rokka.io\/ebiketours-full\/1675d43b1c71a631dbebebc3321779b1bada29b3\/karte-proseco-veneto-fr.jpg\" alt=\"\" srcset=\"https:\/\/ebiketours.rokka.io\/ebiketours-full\/1675d43b1c71a631dbebebc3321779b1bada29b3\/karte-proseco-veneto-fr.jpg 800w, https:\/\/ebiketours.rokka.io\/ebiketours-medium\/1675d43b1c71a631dbebebc3321779b1bada29b3\/karte-proseco-veneto-fr-300x188.jpg 300w, https:\/\/ebiketours.rokka.io\/ebiketours-medium_large\/1675d43b1c71a631dbebebc3321779b1bada29b3\/karte-proseco-veneto-fr-768x480.jpg 768w\" width=\"800\" height=\"500\"><\/a><\/figure><\/div><div class=\"wpex-carousel-slide\"><figure class=\"wpex-carousel-entry-media entry-media wpex-relative\"><a href=\"https:\/\/e-bike-tours.ch\/wp-content\/uploads\/2022\/11\/Auf-ein-Prosecco-ins-Veneto_Mann_800x500.jpg\" class=\"wpex-carousel-entry-img wpex-carousel-lightbox-item\" data-count=\"3\" data-show_title=\"false\"><img data-no-lazy=\"1\" class=\"wpex-align-middle skip-lazy\" src=\"https:\/\/e-bike-tours.ch\/wp-content\/uploads\/2022\/11\/Auf-ein-Prosecco-ins-Veneto_Mann_800x500.jpg\" alt=\"\" srcset=\"https:\/\/e-bike-tours.ch\/wp-content\/uploads\/2022\/11\/Auf-ein-Prosecco-ins-Veneto_Mann_800x500.jpg 800w, https:\/\/e-bike-tours.ch\/wp-content\/uploads\/2022\/11\/Auf-ein-Prosecco-ins-Veneto_Mann_800x500-300x188.jpg 300w, https:\/\/e-bike-tours.ch\/wp-content\/uploads\/2022\/11\/Auf-ein-Prosecco-ins-Veneto_Mann_800x500-768x480.jpg 768w\" width=\"800\" height=\"500\"><\/a><\/figure><\/div><div class=\"wpex-carousel-slide\"><figure class=\"wpex-carousel-entry-media entry-media wpex-relative\"><a href=\"https:\/\/e-bike-tours.ch\/wp-content\/uploads\/2022\/11\/Auf-ein-Prosecco-ins-Veneto_Cittadella_800x500.jpg\" class=\"wpex-carousel-entry-img wpex-carousel-lightbox-item\" data-count=\"4\" data-show_title=\"false\" data-caption=\"Cittadella\"><img data-no-lazy=\"1\" class=\"wpex-align-middle skip-lazy\" src=\"https:\/\/e-bike-tours.ch\/wp-content\/uploads\/2022\/11\/Auf-ein-Prosecco-ins-Veneto_Cittadella_800x500.jpg\" alt=\"\" srcset=\"https:\/\/e-bike-tours.ch\/wp-content\/uploads\/2022\/11\/Auf-ein-Prosecco-ins-Veneto_Cittadella_800x500.jpg 800w, https:\/\/e-bike-tours.ch\/wp-content\/uploads\/2022\/11\/Auf-ein-Prosecco-ins-Veneto_Cittadella_800x500-300x188.jpg 300w, https:\/\/e-bike-tours.ch\/wp-content\/uploads\/2022\/11\/Auf-ein-Prosecco-ins-Veneto_Cittadella_800x500-768x480.jpg 768w\" width=\"800\" height=\"500\"><\/a><\/figure><\/div><div class=\"wpex-carousel-slide\"><figure class=\"wpex-carousel-entry-media entry-media wpex-relative\"><a href=\"https:\/\/e-bike-tours.ch\/wp-content\/uploads\/2022\/11\/Auf-ein-Prosecco-ins-Veneto_Bassano_del_Grappa_800x500.jpg\" class=\"wpex-carousel-entry-img wpex-carousel-lightbox-item\" data-count=\"5\" data-show_title=\"false\" data-caption=\"Bassano del Grappa\"><img data-no-lazy=\"1\" class=\"wpex-align-middle skip-lazy\" src=\"https:\/\/e-bike-tours.ch\/wp-content\/uploads\/2022\/11\/Auf-ein-Prosecco-ins-Veneto_Bassano_del_Grappa_800x500.jpg\" alt=\"\" srcset=\"https:\/\/e-bike-tours.ch\/wp-content\/uploads\/2022\/11\/Auf-ein-Prosecco-ins-Veneto_Bassano_del_Grappa_800x500.jpg 800w, https:\/\/e-bike-tours.ch\/wp-content\/uploads\/2022\/11\/Auf-ein-Prosecco-ins-Veneto_Bassano_del_Grappa_800x500-300x188.jpg 300w, https:\/\/e-bike-tours.ch\/wp-content\/uploads\/2022\/11\/Auf-ein-Prosecco-ins-Veneto_Bassano_del_Grappa_800x500-768x480.jpg 768w\" width=\"800\" height=\"500\"><\/a><\/figure><\/div><\/div>[\/vc_column][\/vc_row][\/vc_section][vc_section el_class=\u00a0\u00bbwk-section\u00a0\u00bb][vc_row][vc_column width=\u00a0\u00bb1\/2&Prime;][vc_column_text css=\u00a0\u00bb\u00a0\u00bb]\n<h3>Votre programme de voyage<\/h3>\n<h4>1er jour \u2013 Trajet jusqu\u2019\u00e0 Bassano del Grappa<\/h4>\n<p>Trajet en car sp\u00e9cial tout confort jusqu\u2019\u00e0 Bassano del Grappa, o\u00f9 nous sommes chaleureusement accueillis \u00e0 notre h\u00f4tel. Repas du soir en commun et mise en ambiance pour les jours et d\u00e9couvertes \u00e0 venir.<\/p>\n<p>&nbsp;<\/p>\n<h4>2e jour \u2013 Marostica &amp; la route des vins de Breganze<\/h4>\n<p>De l\u2019h\u00f4tel, nous partons pour notre premi\u00e8re excursion en e-bike. A travers de doux paysages de collines et des plantations de cerisiers, nous p\u00e9dalons jusqu\u2019au bourg m\u00e9di\u00e9val de Marostica, connu pour son jeu d\u2019\u00e9chec constitu\u00e9 de personnages vivants. Nous continuons ensuite vers la r\u00e9gion viticole de Breganze, o\u00f9 nous d\u00e9gustons le \u00abTorcolato \u00bb, un vin doux renomm\u00e9.<\/p>\n<p><em>Parcours e-bike: env. 45 km<\/em><\/p>\n<p>&nbsp;<\/p>\n<h4>3e jour \u2013 Castelfranco Veneto &amp; Cittadella \u2013 Les villes fortifi\u00e9es<\/h4>\n<p>Par la piste cyclable d\u2019Ezzelini, nous parvenons \u00e0 Castelfranco Veneto, ville natale du peintre Giorgione. Apr\u00e8s une promenade dans la vieille ville, nous repartons vers Cittadella, ville au remarquable chemin de ronde m\u00e9di\u00e9val enti\u00e8rement accessible. La journ\u00e9e s\u2019ach\u00e8ve par la visite d\u2019une distillerie de Grappa \u00e0 Bassano \u2013et bien s\u00fbr, une d\u00e9gustation s\u2019impose!<\/p>\n<p><em>Parcours e-bike: env. 65 km<\/em><\/p>\n<p>&nbsp;<\/p>\n<h4>4e jour \u2013 Asolo &amp; la r\u00e9gion du Prosecco<\/h4>\n<p>Un temps fort c\u00f4t\u00e9 paysages: nous cheminons \u00e0 travers les collines d\u2019Asolo \u2013 la \u00abville aux cent horizons\u00bb \u2013 puis au coeur de la r\u00e9gion du Prosecco. Une d\u00e9gustation accompagn\u00e9e d\u2019un petit en-cas nous attend dans un domaine local. Une journ\u00e9e sous le signe du plaisir, de la culture et de la joie de vivre.<\/p>\n<p><em>Parcours e-bike: env. 50 km<\/em><\/p>\n<p>&nbsp;<\/p>\n<h4>5e jour \u2013 Retour<\/h4>\n<p>Apr\u00e8s le petit d\u00e9jeuner, nous prenons le chemin du retour avec de nombreuses impressions inoubliables dans les bagages.<\/p>\n[\/vc_column_text][vc_empty_space][\/vc_column][vc_column width=\u00a0\u00bb1\/2&Prime;]\n    <div class=\"cartours-event-coloured-box\">\n        <div class=\"inner-box \">\n    <div class=\"inner-header\">\n        <h3>Compris dans le prix!<\/h3>\n    <\/div>\n    <div class=\"inner-content\">\n        [vc_column_text css=\u00a0\u00bb\u00a0\u00bb]\n<ul>\n<li>Trajet en car sp\u00e9cial tout confort<\/li>\n<li>Transport des e-bikes dans une remorque professionnelle<\/li>\n<li>4 nuits au Bonotto Hotel Palladio ****, \u00e0 Bassano del Grappa<\/li>\n<li>4 x petit d\u00e9jeuner \u00e0 l\u2019h\u00f4tel<\/li>\n<li>4 x repas du soir \u00e0 l\u2019h\u00f4tel<\/li>\n<li>D\u00e9gustation de vin avec collation<\/li>\n<li>D\u00e9gustation de Grappa<\/li>\n<li>D\u00e9gustation de Prosecco avec collation<\/li>\n<li>Tous les parcours e-bike selon programme<\/li>\n<li>Deux guides exp\u00e9riment\u00e9s pour tous les tours en e-bike<\/li>\n<li>Gratuit: chaque participant re\u00e7oit un article de sport e-Bike-tours.ch \u00e0 choix<\/li>\n<\/ul>\n[\/vc_column_text]    <\/div>\n<\/div>\n    <\/div>\n    <div class=\"cartours-event-coloured-box\">\n        <div class=\"inner-box \">\n    <div class=\"inner-header\">\n        <h3>Vos dates de voyage<\/h3>\n    <\/div>\n    <div class=\"inner-content\">\n        \n    <div class=\"cartours-event-reisedaten\">\n        <div class=\"inner-box \">\n    <h3 style=\"color: red;\">This content element can be used ONLY on tour's single page!<\/h3><\/div>\n    <\/div>    <\/div>\n<\/div>\n    <\/div>\n    <div class=\"cartours-event-coloured-box\">\n        <div class=\"inner-box \">\n    <div class=\"inner-header\">\n        <h3>Notre prix sp\u00e9cial pour vous<\/h3>\n    <\/div>\n    <div class=\"inner-content\">\n        \n    <div class=\"cartours-event-hotels_info\">\n        <div class=\"inner-box \">\n    <h3 style=\"color: red;\">This content element can be used ONLY on tour's single page!<\/h3><\/div>\n    <\/div>[vc_column_text css=\u00a0\u00bb\u00a0\u00bb]<strong>Non inclus\/en option:<\/strong><br \/>\nSuppl\u00e9ment chambre individuelle: Fr. 120.-<br \/>\nSur demande: location e-bike: Fr. 36.- par jour<\/p>\n<p><strong>Choisissez votre lieu de d\u00e9part (tous avec possibilit\u00e9 de parking):<\/strong><br \/>\nTavel, Cossonay, Vernier[\/vc_column_text]    <\/div>\n<\/div>\n    <\/div>\n    <div class=\"cartours-event-coloured-box\">\n        <div class=\"inner-box \">\n    <div class=\"inner-header\">\n        <h3>Parcours e-bike:<\/h3>\n    <\/div>\n    <div class=\"inner-content\">\n        [vc_column_text css=\u00a0\u00bb\u00a0\u00bb]Un programme centr\u00e9 sur le plaisir du v\u00e9lo. Certains tron\u00e7ons pr\u00e9sentent des mont\u00e9es mod\u00e9r\u00e9es, facilement ma\u00eetrisables gr\u00e2ce \u00e0 l\u2019assistance \u00e9lectrique. Les itin\u00e9raires traversent prairies et for\u00eats, longent des lacs miroitants et de paisibles vall\u00e9es \u2013 un circuit id\u00e9al pour celles et ceux qui souhaitent combiner nature, culture et bien-\u00eatre.<\/p>\n<p>5 jours<br \/>\n3 tours en e-bike<br \/>\n160 km[\/vc_column_text]    <\/div>\n<\/div>\n    <\/div>[vc_empty_space][vc_single_image image=\u00a0\u00bb134178&Prime; alignment=\u00a0\u00bbcenter\u00a0\u00bb css=\u00a0\u00bb\u00a0\u00bb][vc_empty_space]<div class=\"theme-button-wrap textcenter wpex-clr\"><a href=\"https:\/\/e-bike-tours.ch\/fr\/sur-nous\/nos-e-bikes-de-location\/\" class=\"vcex-button theme-button medium align-center inline\"><span class=\"vcex-button-inner theme-button-inner wpex-flex wpex-flex-wrap wpex-items-center wpex-justify-center\">En savoir plus ici!<\/span><\/a><\/div> [\/vc_column][\/vc_row][\/vc_section]\n<\/div>","protected":false},"excerpt":{"rendered":"<p>[vc_section][vc_row][vc_column width=\u00a0\u00bb1\/2&Prime;][vc_acf field_group=\u00a0\u00bb2968&Prime; field_from_2968=\u00a0\u00bbfield_5d7a4a45000c9&Prime;][vc_empty_space][\/vc_column][vc_column width=\u00a0\u00bb1\/2&Prime;][\/vc_column][\/vc_row][\/vc_section][vc_section el_class=\u00a0\u00bbwk-section\u00a0\u00bb][vc_row][vc_column][\/vc_column][\/vc_row][\/vc_section][vc_section el_class=\u00a0\u00bbwk-section\u00a0\u00bb][vc_row][vc_column width=\u00a0\u00bb1\/2&Prime;][vc_column_text css=\u00a0\u00bb\u00a0\u00bb] Votre programme de voyage 1er jour \u2013 Trajet jusqu\u2019\u00e0 Bassano del Grappa Trajet en car sp\u00e9cial tout confort jusqu\u2019\u00e0 Bassano del Grappa, o\u00f9 nous sommes chaleureusement accueillis \u00e0 notre h\u00f4tel. Repas du soir en commun et mise en ambiance pour les jours et d\u00e9couvertes \u00e0 venir.&hellip;<\/p>\n","protected":false},"author":15,"featured_media":123961,"template":"","tags":[],"cartours_category":[501,503,502],"class_list":["post-136385","cartours_event","type-cartours_event","status-publish","has-post-thumbnail","hentry","cartours_category-e-bike-tours-fr","cartours_category-italie","cartours_category-objectifs-de-la-visite","entry","no-media"],"acf":[],"_links":{"self":[{"href":"https:\/\/e-bike-tours.ch\/fr\/wp-json\/wp\/v2\/cartours_event\/136385","targetHints":{"allow":["GET"]}}],"collection":[{"href":"https:\/\/e-bike-tours.ch\/fr\/wp-json\/wp\/v2\/cartours_event"}],"about":[{"href":"https:\/\/e-bike-tours.ch\/fr\/wp-json\/wp\/v2\/types\/cartours_event"}],"author":[{"embeddable":true,"href":"https:\/\/e-bike-tours.ch\/fr\/wp-json\/wp\/v2\/users\/15"}],"version-history":[{"count":4,"href":"https:\/\/e-bike-tours.ch\/fr\/wp-json\/wp\/v2\/cartours_event\/136385\/revisions"}],"predecessor-version":[{"id":136622,"href":"https:\/\/e-bike-tours.ch\/fr\/wp-json\/wp\/v2\/cartours_event\/136385\/revisions\/136622"}],"wp:featuredmedia":[{"embeddable":true,"href":"https:\/\/e-bike-tours.ch\/fr\/wp-json\/wp\/v2\/media\/123961"}],"wp:attachment":[{"href":"https:\/\/e-bike-tours.ch\/fr\/wp-json\/wp\/v2\/media?parent=136385"}],"wp:term":[{"taxonomy":"post_tag","embeddable":true,"href":"https:\/\/e-bike-tours.ch\/fr\/wp-json\/wp\/v2\/tags?post=136385"},{"taxonomy":"cartours_category","embeddable":true,"href":"https:\/\/e-bike-tours.ch\/fr\/wp-json\/wp\/v2\/cartours_category?post=136385"}],"curies":[{"name":"wp","href":"https:\/\/api.w.org\/{rel}","templated":true}]}}