{"id":136384,"date":"2025-10-30T07:25:30","date_gmt":"2025-10-30T06:25:30","guid":{"rendered":"https:\/\/e-bike-tours.ch\/?post_type=cartours_event&#038;p=136384"},"modified":"2026-04-30T15:12:05","modified_gmt":"2026-04-30T13:12:05","slug":"trentin-ravissant-lac-de-levico","status":"publish","type":"cartours_event","link":"https:\/\/e-bike-tours.ch\/fr\/tour\/trentin-ravissant-lac-de-levico\/","title":{"rendered":"Trentin &amp; ravissant lac de Levico"},"content":{"rendered":"<div class=\"wpb-content-wrapper\">[vc_section][vc_row][vc_column width=\u00a0\u00bb1\/2&Prime;]<div class=\"vcex-page-title vcex-module\"><h1 class=\"vcex-page-title__heading wpex-heading wpex-text-3xl\"><span class=\"vcex-page-title__text\">Trentin &amp; ravissant lac de Levico<\/span><\/h1><\/div>[vc_acf field_group=\u00a0\u00bb2968&Prime; field_from_2968=\u00a0\u00bbfield_5d7a4a45000c9&Prime;][vc_empty_space]\n    <div class=\"vc_btn3-container vc_btn3-inline td-online-booking\">\n        <a class=\"theme-button green\" href=\"https:\/\/booking.e-bike-tours.ch\/HPG_Hotels.aspx?Mand=h2&standardreise=ftren84&hotel=ftren&WebTemplate=EBikeTours&Lang=2\" target=\"_self\">R\u00e9servez en ligne<\/a>\n    <\/div>[\/vc_column][vc_column width=\u00a0\u00bb1\/2&Prime;]\n    <div class=\"cartours-event-coloured-box\">\n        <div class=\"inner-box \">\n    <div class=\"inner-header\">\n        <h3>Vos dates de voyage<\/h3>\n    <\/div>\n    <div class=\"inner-content\">\n        \n    <div class=\"cartours-event-reisedaten\">\n        <div class=\"inner-box \">\n    <h3 style=\"color: red;\">This content element can be used ONLY on tour's single page!<\/h3><\/div>\n    <\/div>    <\/div>\n<\/div>\n    <\/div>\n    <div class=\"cartours-event-coloured-box\">\n        <div class=\"inner-box \">\n    <div class=\"inner-header\">\n        <h3>Notre prix sp\u00e9cial pour vous<\/h3>\n    <\/div>\n    <div class=\"inner-content\">\n        \n    <div class=\"cartours-event-hotels_info\">\n        <div class=\"inner-box \">\n    <h3 style=\"color: red;\">This content element can be used ONLY on tour's single page!<\/h3><\/div>\n    <\/div>[vc_column_text css=\u00a0\u00bb\u00a0\u00bb]<strong>Non inclus\/en option:<\/strong><br \/>\nSuppl\u00e9ment chambre individuelle: Fr. 149.-<br \/>\nSur demande: location e-bike: Fr. 36.- par jour<\/p>\n<p><strong>Choisissez votre lieu de d\u00e9part (tous avec possibilit\u00e9 de parking):<\/strong><br \/>\nTavel, Cossonay, Vernier[\/vc_column_text]    <\/div>\n<\/div>\n    <\/div>[\/vc_column][\/vc_row][\/vc_section][vc_section el_class=\u00a0\u00bbwk-section\u00a0\u00bb][vc_row][vc_column]<style class=\"vcex-carousel-preload-css\">.vcex_69f3646f29b63{--wpex-carousel-gap:6px;}.vcex_69f3646f29b63{--wpex-carousel-columns:1;}.vcex_69f3646f29b63.wpex-carousel:not(.wpex-carousel--loaded) > *:not(:nth-child(1n+2)){display:flex!important;}@media only screen and (min-width: 480px) {.vcex_69f3646f29b63{--wpex-carousel-columns:2;}.vcex_69f3646f29b63.wpex-carousel:not(.wpex-carousel--loaded) > *:not(:nth-child(1n+3)){display:flex!important;}}@media only screen and (min-width: 768px) {.vcex_69f3646f29b63{--wpex-carousel-columns:3;}.vcex_69f3646f29b63.wpex-carousel:not(.wpex-carousel--loaded) > *:not(:nth-child(1n+4)){display:flex!important;}}@media only screen and (min-width: 960px) {.vcex_69f3646f29b63{--wpex-carousel-columns:3;}.vcex_69f3646f29b63.wpex-carousel:not(.wpex-carousel--loaded) > *:not(:nth-child(1n+4)){display:flex!important;}}<\/style><div class=\"vcex-image-carousel wpex-carousel wpex-carousel-images wpex-clr vcex-module owl-carousel wpex-carousel--render-onload vcex_69f3646f29b63 arrwstyle-default arrwpos-abs wpex-carousel-lightbox\" data-wpex-carousel=\"{&quot;autoplay&quot;:&quot;true&quot;,&quot;slideBy&quot;:1,&quot;margin&quot;:6,&quot;items&quot;:3,&quot;responsive&quot;:{&quot;0&quot;:{&quot;items&quot;:&quot;1&quot;},&quot;480&quot;:{&quot;items&quot;:&quot;2&quot;},&quot;768&quot;:{&quot;items&quot;:&quot;3&quot;},&quot;960&quot;:{&quot;items&quot;:3}},&quot;smartSpeed&quot;:150}\"><div class=\"wpex-carousel-slide\"><figure class=\"wpex-carousel-entry-media entry-media wpex-relative\"><a href=\"https:\/\/e-bike-tours.ch\/wp-content\/uploads\/2025\/10\/trentino_levico_800x500.jpg\" class=\"wpex-carousel-entry-img wpex-carousel-lightbox-item\" data-count=\"1\" data-show_title=\"false\" data-caption=\"Trentin &amp; ravissant lac de Levico\"><img data-no-lazy=\"1\" class=\"wpex-align-middle skip-lazy\" src=\"https:\/\/e-bike-tours.ch\/wp-content\/uploads\/2025\/10\/trentino_levico_800x500.jpg\" alt=\"\" srcset=\"https:\/\/e-bike-tours.ch\/wp-content\/uploads\/2025\/10\/trentino_levico_800x500.jpg 800w, https:\/\/e-bike-tours.ch\/wp-content\/uploads\/2025\/10\/trentino_levico_800x500-300x188.jpg 300w, https:\/\/e-bike-tours.ch\/wp-content\/uploads\/2025\/10\/trentino_levico_800x500-768x480.jpg 768w\" width=\"800\" height=\"500\"><\/a><\/figure><\/div><div class=\"wpex-carousel-slide\"><figure class=\"wpex-carousel-entry-media entry-media wpex-relative\"><a href=\"https:\/\/e-bike-tours.ch\/wp-content\/uploads\/2025\/10\/trentino_bassano_del_grappa_800x500.jpg\" class=\"wpex-carousel-entry-img wpex-carousel-lightbox-item\" data-count=\"2\" data-show_title=\"false\" data-caption=\"Bassano del Grappa\"><img data-no-lazy=\"1\" class=\"wpex-align-middle skip-lazy\" src=\"https:\/\/e-bike-tours.ch\/wp-content\/uploads\/2025\/10\/trentino_bassano_del_grappa_800x500.jpg\" alt=\"\" srcset=\"https:\/\/e-bike-tours.ch\/wp-content\/uploads\/2025\/10\/trentino_bassano_del_grappa_800x500.jpg 800w, https:\/\/e-bike-tours.ch\/wp-content\/uploads\/2025\/10\/trentino_bassano_del_grappa_800x500-300x188.jpg 300w, https:\/\/e-bike-tours.ch\/wp-content\/uploads\/2025\/10\/trentino_bassano_del_grappa_800x500-768x480.jpg 768w\" width=\"800\" height=\"500\"><\/a><\/figure><\/div><div class=\"wpex-carousel-slide\"><figure class=\"wpex-carousel-entry-media entry-media wpex-relative\"><a href=\"https:\/\/ebiketours.rokka.io\/ebiketours-full\/b267c95790d52463bc91db0e2a507bd35ebee8be\/karte-levico-fr.jpg\" class=\"wpex-carousel-entry-img wpex-carousel-lightbox-item\" data-count=\"3\" data-show_title=\"false\" data-caption=\"Votre itin\u00e9raire\" target=\"_blank\" rel=\"noopener\"><img data-no-lazy=\"1\" class=\"wpex-align-middle skip-lazy\" src=\"https:\/\/ebiketours.rokka.io\/ebiketours-full\/b267c95790d52463bc91db0e2a507bd35ebee8be\/karte-levico-fr.jpg\" alt=\"\" srcset=\"https:\/\/ebiketours.rokka.io\/ebiketours-full\/b267c95790d52463bc91db0e2a507bd35ebee8be\/karte-levico-fr.jpg 800w, https:\/\/ebiketours.rokka.io\/ebiketours-medium\/b267c95790d52463bc91db0e2a507bd35ebee8be\/karte-levico-fr-300x188.jpg 300w, https:\/\/ebiketours.rokka.io\/ebiketours-medium_large\/b267c95790d52463bc91db0e2a507bd35ebee8be\/karte-levico-fr-768x480.jpg 768w\" width=\"800\" height=\"500\"><\/a><\/figure><\/div><div class=\"wpex-carousel-slide\"><figure class=\"wpex-carousel-entry-media entry-media wpex-relative\"><a href=\"https:\/\/e-bike-tours.ch\/wp-content\/uploads\/2025\/10\/trentino_ebike_800x500.jpg\" class=\"wpex-carousel-entry-img wpex-carousel-lightbox-item\" data-count=\"4\" data-show_title=\"false\" data-caption=\"La voie des Dolomites\"><img data-no-lazy=\"1\" class=\"wpex-align-middle skip-lazy\" src=\"https:\/\/e-bike-tours.ch\/wp-content\/uploads\/2025\/10\/trentino_ebike_800x500.jpg\" alt=\"\" srcset=\"https:\/\/e-bike-tours.ch\/wp-content\/uploads\/2025\/10\/trentino_ebike_800x500.jpg 800w, https:\/\/e-bike-tours.ch\/wp-content\/uploads\/2025\/10\/trentino_ebike_800x500-300x188.jpg 300w, https:\/\/e-bike-tours.ch\/wp-content\/uploads\/2025\/10\/trentino_ebike_800x500-768x480.jpg 768w\" width=\"800\" height=\"500\"><\/a><\/figure><\/div><div class=\"wpex-carousel-slide\"><figure class=\"wpex-carousel-entry-media entry-media wpex-relative\"><a href=\"https:\/\/e-bike-tours.ch\/wp-content\/uploads\/2025\/10\/trentino_grappa_800x500.jpg\" class=\"wpex-carousel-entry-img wpex-carousel-lightbox-item\" data-count=\"5\" data-show_title=\"false\" data-caption=\"D\u00e9gustation de Grappa\"><img data-no-lazy=\"1\" class=\"wpex-align-middle skip-lazy\" src=\"https:\/\/e-bike-tours.ch\/wp-content\/uploads\/2025\/10\/trentino_grappa_800x500.jpg\" alt=\"\" srcset=\"https:\/\/e-bike-tours.ch\/wp-content\/uploads\/2025\/10\/trentino_grappa_800x500.jpg 800w, https:\/\/e-bike-tours.ch\/wp-content\/uploads\/2025\/10\/trentino_grappa_800x500-300x188.jpg 300w, https:\/\/e-bike-tours.ch\/wp-content\/uploads\/2025\/10\/trentino_grappa_800x500-768x480.jpg 768w\" width=\"800\" height=\"500\"><\/a><\/figure><\/div><\/div>[\/vc_column][\/vc_row][\/vc_section][vc_section el_class=\u00a0\u00bbwk-section\u00a0\u00bb][vc_row][vc_column width=\u00a0\u00bb1\/2&Prime;][vc_column_text css=\u00a0\u00bb\u00a0\u00bb]\n<h3>Votre programme de voyage<\/h3>\n<h4>1er jour \u2013 Trajet jusque dans le Trentin<\/h4>\n<p>Trajet en car sp\u00e9cial tout confort jusqu\u2019\u00e0 Levico Terme, o\u00f9 nous sommes accueillis \u00e0 notre h\u00f4tel 4 \u00e9toiles fra\u00eechement r\u00e9nov\u00e9, \u00e0 m\u00eame les rives du lac. Ceux qui le souhaitent peuvent aller se balader le long de la promenade du bord du lac \u2013 les eaux miroitantes et le d\u00e9cor montagneux offrent un magnifique pr\u00e9lude aux jours \u00e0 venir.<\/p>\n<p>&nbsp;<\/p>\n<h4>2e jour \u2013 Autour des lacs de Levico et Caldonazzo<\/h4>\n<p>Apr\u00e8s le petit d\u00e9jeuner, d\u00e9part de l\u2019h\u00f4tel en v\u00e9lo \u00e0 travers des vergers de pommiers, pour rejoindre le lac Caldonazzo. En suivant les chemins le long de la rive, qui nous d\u00e9voilent de superbes panoramas, nous arrivons au ch\u00e2teau de Pergine et ses jolis jardins. Ceux qui le souhaitent peuvent aussi visiter l\u2019int\u00e9rieur du ch\u00e2teau (facultatif). L\u2019apr\u00e8s-midi, temps libre pour se d\u00e9tendre au bord de la piscine ou dans le jardin de l\u2019h\u00f4tel \u2013 ou pour aller explorer la charmante bourgade de Levico Terme.<\/p>\n<p><em>Parcours e-bike env. 42 km<\/em><\/p>\n<p>&nbsp;<\/p>\n<h4>3e jour \u2013 La voie des Dolomites &amp; Pedavena<\/h4>\n<p>Transfert en car \u00e0 Primolano. De l\u00e0, nous suivons une partie de la c\u00e9l\u00e8bre piste cyclable \u00abLunga Via delle Dolomiti\u00bb, am\u00e9nag\u00e9e sur le trac\u00e9 d\u2019une ancienne voie ferr\u00e9e, au coeur de spectaculaires paysages de montagnes. Au bord du Lago di Corlo, nous profitons d\u2019un impressionnant coup d\u2019oeil, avant d\u2019arriver \u00e0 Pedavena \u2013 si\u00e8ge d\u2019une des brasseries les plus renomm\u00e9es d\u2019Italie. Une d\u00e9gustation ne saurait manquer au programme! Retour \u00e0 l\u2019h\u00f4tel en fin de journ\u00e9e.<\/p>\n<p><em>Parcours e-bike env. 45 km<\/em><\/p>\n<p>&nbsp;<\/p>\n<h4>4e jour \u2013 Au fil de la Brenta jusqu\u2019\u00e0 Bassano del Grappa<\/h4>\n<p>Aujourd\u2019hui, nous d\u00e9couvrons l\u2019un des plus beaux itin\u00e9raires du Trentin. En suivant un tron\u00e7on de l\u2019ancienne voie romaine Via Claudia Augusta, nous longeons la rivi\u00e8re Brenta \u2013 entre ch\u00e2teaux en ruine, \u00e0 travers le joli village de Borgo Valsugana domin\u00e9 par le Castel Telvana, et la r\u00e9serve naturelle de Selva. A Bassano del Grappa, nous fl\u00e2nons dans de pittoresques ruelles, admirons le c\u00e9l\u00e8bre pont de bois et participons \u00e0 une d\u00e9gustation de Grappa en fin de journ\u00e9e.<\/p>\n<p><em>Parcours e-bike env. 70 km<\/em><\/p>\n<p>&nbsp;<\/p>\n<h4>5e jour \u2013 Retour<\/h4>\n<p>Apr\u00e8s le petit d\u00e9jeuner, nous jetons un dernier regard sur le lac de Levico, avant de reprendre la route vers la Suisse, le coeur rempli de magnifiques souvenirs.<\/p>\n[\/vc_column_text][vc_empty_space][\/vc_column][vc_column width=\u00a0\u00bb1\/2&Prime;]\n    <div class=\"cartours-event-coloured-box\">\n        <div class=\"inner-box \">\n    <div class=\"inner-header\">\n        <h3>Compris dans le prix!<\/h3>\n    <\/div>\n    <div class=\"inner-content\">\n        [vc_column_text css=\u00a0\u00bb\u00a0\u00bb]\n<ul>\n<li>Trajet en car sp\u00e9cial tout confort<\/li>\n<li>Transport des e-bikes dans une remorque professionnelle<\/li>\n<li>4 nuits au My Active Hotel ****, \u00e0 Levico Terme<\/li>\n<li>4 x petit d\u00e9jeuner \u00e0 l\u2019h\u00f4tel<\/li>\n<li>4 x repas du soir \u00e0 l\u2019h\u00f4tel, avec boissons (bi\u00e8re, vin de table, soft-drinks, eau min\u00e9rale, caf\u00e9 et th\u00e9)<\/li>\n<li>G\u00e2teau et snacks tous les jours de 14h \u00e0 17h<\/li>\n<li>Visite de la brasserie Pedavena, avec d\u00e9gustation<\/li>\n<li>D\u00e9gustation de Grappa dans une distillerie<\/li>\n<li>Tous les parcours e-bike selon programme<\/li>\n<li>Deux guides exp\u00e9riment\u00e9s pour tous les tours en e-bike<\/li>\n<li>Gratuit: chaque participant re\u00e7oit un article de sport e-Bike-tours.ch \u00e0 choix<\/li>\n<\/ul>\n[\/vc_column_text]    <\/div>\n<\/div>\n    <\/div>\n    <div class=\"cartours-event-coloured-box\">\n        <div class=\"inner-box \">\n    <div class=\"inner-header\">\n        <h3>Vos dates de voyage<\/h3>\n    <\/div>\n    <div class=\"inner-content\">\n        \n    <div class=\"cartours-event-reisedaten\">\n        <div class=\"inner-box \">\n    <h3 style=\"color: red;\">This content element can be used ONLY on tour's single page!<\/h3><\/div>\n    <\/div>    <\/div>\n<\/div>\n    <\/div>\n    <div class=\"cartours-event-coloured-box\">\n        <div class=\"inner-box \">\n    <div class=\"inner-header\">\n        <h3>Notre prix sp\u00e9cial pour vous<\/h3>\n    <\/div>\n    <div class=\"inner-content\">\n        \n    <div class=\"cartours-event-hotels_info\">\n        <div class=\"inner-box \">\n    <h3 style=\"color: red;\">This content element can be used ONLY on tour's single page!<\/h3><\/div>\n    <\/div>[vc_column_text css=\u00a0\u00bb\u00a0\u00bb]<strong>Non inclus\/en option:<\/strong><br \/>\nSuppl\u00e9ment chambre individuelle: Fr. 149.-<br \/>\nSur demande: location e-bike: Fr. 36.- par jour<\/p>\n<p><strong>Choisissez votre lieu de d\u00e9part (tous avec possibilit\u00e9 de parking):<\/strong><br \/>\nTavel, Cossonay, Vernier[\/vc_column_text]    <\/div>\n<\/div>\n    <\/div>\n    <div class=\"cartours-event-coloured-box\">\n        <div class=\"inner-box \">\n    <div class=\"inner-header\">\n        <h3>Parcours e-bike:<\/h3>\n    <\/div>\n    <div class=\"inner-content\">\n        [vc_column_text css=\u00a0\u00bb\u00a0\u00bb]Les itin\u00e9raires empruntent essentiellement de belles pistes cyclables, tant\u00f4t goudronn\u00e9es, tant\u00f4t en terre. Les mont\u00e9es l\u00e9g\u00e8res \u00e0 mod\u00e9r\u00e9es sont facilement ma\u00eetris\u00e9es gr\u00e2ce \u00e0 l\u2019assistance \u00e9lectrique. De nombreux tron\u00e7ons longent rivi\u00e8res et lacs \u2013 avec du temps \u00e0 disposition pour faire une pause, visiter et savourer le moment pr\u00e9sent.<\/p>\n<p>5 jours<br \/>\n3 tours en e-bike<br \/>\n157 km[\/vc_column_text]    <\/div>\n<\/div>\n    <\/div>[vc_empty_space][vc_single_image image=\u00a0\u00bb134178&Prime; alignment=\u00a0\u00bbcenter\u00a0\u00bb css=\u00a0\u00bb\u00a0\u00bb][vc_empty_space]<div class=\"theme-button-wrap textcenter wpex-clr\"><a href=\"https:\/\/e-bike-tours.ch\/fr\/sur-nous\/nos-e-bikes-de-location\/\" class=\"vcex-button theme-button medium align-center inline\"><span class=\"vcex-button-inner theme-button-inner wpex-flex wpex-flex-wrap wpex-items-center wpex-justify-center\">En savoir plus ici!<\/span><\/a><\/div> [\/vc_column][\/vc_row][\/vc_section]\n<\/div>","protected":false},"excerpt":{"rendered":"<p>[vc_section][vc_row][vc_column width=\u00a0\u00bb1\/2&Prime;][vc_acf field_group=\u00a0\u00bb2968&Prime; field_from_2968=\u00a0\u00bbfield_5d7a4a45000c9&Prime;][vc_empty_space][\/vc_column][vc_column width=\u00a0\u00bb1\/2&Prime;][\/vc_column][\/vc_row][\/vc_section][vc_section el_class=\u00a0\u00bbwk-section\u00a0\u00bb][vc_row][vc_column][\/vc_column][\/vc_row][\/vc_section][vc_section el_class=\u00a0\u00bbwk-section\u00a0\u00bb][vc_row][vc_column width=\u00a0\u00bb1\/2&Prime;][vc_column_text css=\u00a0\u00bb\u00a0\u00bb] Votre programme de voyage 1er jour \u2013 Trajet jusque dans le Trentin Trajet en car sp\u00e9cial tout confort jusqu\u2019\u00e0 Levico Terme, o\u00f9 nous sommes accueillis \u00e0 notre h\u00f4tel 4 \u00e9toiles fra\u00eechement r\u00e9nov\u00e9, \u00e0 m\u00eame les rives du lac. Ceux qui le souhaitent peuvent aller se balader&hellip;<\/p>\n","protected":false},"author":15,"featured_media":135853,"template":"","tags":[],"cartours_category":[501,503,502],"class_list":["post-136384","cartours_event","type-cartours_event","status-publish","has-post-thumbnail","hentry","cartours_category-e-bike-tours-fr","cartours_category-italie","cartours_category-objectifs-de-la-visite","entry","no-media"],"acf":[],"_links":{"self":[{"href":"https:\/\/e-bike-tours.ch\/fr\/wp-json\/wp\/v2\/cartours_event\/136384","targetHints":{"allow":["GET"]}}],"collection":[{"href":"https:\/\/e-bike-tours.ch\/fr\/wp-json\/wp\/v2\/cartours_event"}],"about":[{"href":"https:\/\/e-bike-tours.ch\/fr\/wp-json\/wp\/v2\/types\/cartours_event"}],"author":[{"embeddable":true,"href":"https:\/\/e-bike-tours.ch\/fr\/wp-json\/wp\/v2\/users\/15"}],"version-history":[{"count":7,"href":"https:\/\/e-bike-tours.ch\/fr\/wp-json\/wp\/v2\/cartours_event\/136384\/revisions"}],"predecessor-version":[{"id":137040,"href":"https:\/\/e-bike-tours.ch\/fr\/wp-json\/wp\/v2\/cartours_event\/136384\/revisions\/137040"}],"wp:featuredmedia":[{"embeddable":true,"href":"https:\/\/e-bike-tours.ch\/fr\/wp-json\/wp\/v2\/media\/135853"}],"wp:attachment":[{"href":"https:\/\/e-bike-tours.ch\/fr\/wp-json\/wp\/v2\/media?parent=136384"}],"wp:term":[{"taxonomy":"post_tag","embeddable":true,"href":"https:\/\/e-bike-tours.ch\/fr\/wp-json\/wp\/v2\/tags?post=136384"},{"taxonomy":"cartours_category","embeddable":true,"href":"https:\/\/e-bike-tours.ch\/fr\/wp-json\/wp\/v2\/cartours_category?post=136384"}],"curies":[{"name":"wp","href":"https:\/\/api.w.org\/{rel}","templated":true}]}}