{"id":136383,"date":"2025-10-30T07:29:43","date_gmt":"2025-10-30T06:29:43","guid":{"rendered":"https:\/\/e-bike-tours.ch\/?post_type=cartours_event&#038;p=136383"},"modified":"2026-02-17T15:48:05","modified_gmt":"2026-02-17T14:48:05","slug":"ile-de-fionie-archipel-de-fionie-du-sud","status":"publish","type":"cartours_event","link":"https:\/\/e-bike-tours.ch\/fr\/tour\/ile-de-fionie-archipel-de-fionie-du-sud\/","title":{"rendered":"\u00cele de Fionie &amp; archipel de Fionie du Sud"},"content":{"rendered":"<div class=\"wpb-content-wrapper\">[vc_section][vc_row][vc_column width=\u00a0\u00bb1\/2&Prime;]<div class=\"vcex-page-title vcex-module\"><h1 class=\"vcex-page-title__heading wpex-heading wpex-text-3xl\"><span class=\"vcex-page-title__text\">\u00cele de Fionie &amp; archipel de Fionie du Sud<\/span><\/h1><\/div>[vc_acf field_group=\u00a0\u00bb2968&Prime; field_from_2968=\u00a0\u00bbfield_5d7a4a45000c9&Prime;][vc_empty_space]\n    <div class=\"vc_btn3-container vc_btn3-inline td-online-booking\">\n        <a class=\"theme-button red\" href=\"https:\/\/e-bike-tours.ch\/fr\/offres\/\" target=\"_self\">Plus d'id\u00e9es de voyage<\/a>\n    <\/div>[\/vc_column][vc_column width=\u00a0\u00bb1\/2&Prime;]\n    <div class=\"cartours-event-coloured-box\">\n        <div class=\"inner-box \">\n    <div class=\"inner-header\">\n        <h3>Votre date de voyage<\/h3>\n    <\/div>\n    <div class=\"inner-content\">\n        \n    <div class=\"cartours-event-reisedaten\">\n        <div class=\"inner-box \">\n    <h3 style=\"color: red;\">This content element can be used ONLY on tour's single page!<\/h3><\/div>\n    <\/div>    <\/div>\n<\/div>\n    <\/div>\n    <div class=\"cartours-event-coloured-box\">\n        <div class=\"inner-box \">\n    <div class=\"inner-header\">\n        <h3>Notre prix sp\u00e9cial pour vous<\/h3>\n    <\/div>\n    <div class=\"inner-content\">\n        \n    <div class=\"cartours-event-hotels_info\">\n        <div class=\"inner-box \">\n    <h3 style=\"color: red;\">This content element can be used ONLY on tour's single page!<\/h3><\/div>\n    <\/div>[vc_column_text css=\u00a0\u00bb\u00a0\u00bb]<strong>Non inclus\/en option:<\/strong><br \/>\nSuppl\u00e9ment chambre individuelle: Fr. 620.-<br \/>\nSur demande: location e-bike: Fr. 36.- par jour<\/p>\n<p><strong>Choisissez votre lieu de d\u00e9part (tous avec possibilit\u00e9 de parking):<\/strong><br \/>\nTavel, Cossonay, Vernier[\/vc_column_text]    <\/div>\n<\/div>\n    <\/div>[\/vc_column][\/vc_row][\/vc_section][vc_section el_class=\u00a0\u00bbwk-section\u00a0\u00bb][vc_row][vc_column]<style class=\"vcex-carousel-preload-css\">.vcex_69f38a9e197bf{--wpex-carousel-gap:6px;}.vcex_69f38a9e197bf{--wpex-carousel-columns:1;}.vcex_69f38a9e197bf.wpex-carousel:not(.wpex-carousel--loaded) > *:not(:nth-child(1n+2)){display:flex!important;}@media only screen and (min-width: 480px) {.vcex_69f38a9e197bf{--wpex-carousel-columns:2;}.vcex_69f38a9e197bf.wpex-carousel:not(.wpex-carousel--loaded) > *:not(:nth-child(1n+3)){display:flex!important;}}@media only screen and (min-width: 768px) {.vcex_69f38a9e197bf{--wpex-carousel-columns:3;}.vcex_69f38a9e197bf.wpex-carousel:not(.wpex-carousel--loaded) > *:not(:nth-child(1n+4)){display:flex!important;}}@media only screen and (min-width: 960px) {.vcex_69f38a9e197bf{--wpex-carousel-columns:3;}.vcex_69f38a9e197bf.wpex-carousel:not(.wpex-carousel--loaded) > *:not(:nth-child(1n+4)){display:flex!important;}}<\/style><div class=\"vcex-image-carousel wpex-carousel wpex-carousel-images wpex-clr vcex-module owl-carousel wpex-carousel--render-onload vcex_69f38a9e197bf arrwstyle-default arrwpos-abs wpex-carousel-lightbox\" data-wpex-carousel=\"{&quot;autoplay&quot;:&quot;true&quot;,&quot;slideBy&quot;:1,&quot;margin&quot;:6,&quot;items&quot;:3,&quot;responsive&quot;:{&quot;0&quot;:{&quot;items&quot;:&quot;1&quot;},&quot;480&quot;:{&quot;items&quot;:&quot;2&quot;},&quot;768&quot;:{&quot;items&quot;:&quot;3&quot;},&quot;960&quot;:{&quot;items&quot;:3}},&quot;smartSpeed&quot;:150}\"><div class=\"wpex-carousel-slide\"><figure class=\"wpex-carousel-entry-media entry-media wpex-relative\"><a href=\"https:\/\/e-bike-tours.ch\/wp-content\/uploads\/2025\/10\/ebt_funen_800x500.jpg\" class=\"wpex-carousel-entry-img wpex-carousel-lightbox-item\" data-count=\"1\" data-show_title=\"false\" data-caption=\"\u00cele de Fionie &amp; archipel de Fionie du Sud\"><img data-no-lazy=\"1\" class=\"wpex-align-middle skip-lazy\" src=\"https:\/\/e-bike-tours.ch\/wp-content\/uploads\/2025\/10\/ebt_funen_800x500.jpg\" alt=\"\" srcset=\"https:\/\/e-bike-tours.ch\/wp-content\/uploads\/2025\/10\/ebt_funen_800x500.jpg 800w, https:\/\/e-bike-tours.ch\/wp-content\/uploads\/2025\/10\/ebt_funen_800x500-300x188.jpg 300w, https:\/\/e-bike-tours.ch\/wp-content\/uploads\/2025\/10\/ebt_funen_800x500-768x480.jpg 768w\" width=\"800\" height=\"500\"><\/a><\/figure><\/div><div class=\"wpex-carousel-slide\"><figure class=\"wpex-carousel-entry-media entry-media wpex-relative\"><a href=\"https:\/\/ebiketours.rokka.io\/ebiketours-full\/0ae5c26281cc7d3e8902e26dc94eed470271cb3c\/karte-fuenen-daenische-suedsee-fr.jpg\" class=\"wpex-carousel-entry-img wpex-carousel-lightbox-item\" data-count=\"2\" data-show_title=\"false\" data-caption=\"Votre itin\u00e9raire\" target=\"_blank\" rel=\"noopener\"><img data-no-lazy=\"1\" class=\"wpex-align-middle skip-lazy\" src=\"https:\/\/ebiketours.rokka.io\/ebiketours-full\/0ae5c26281cc7d3e8902e26dc94eed470271cb3c\/karte-fuenen-daenische-suedsee-fr.jpg\" alt=\"\" srcset=\"https:\/\/ebiketours.rokka.io\/ebiketours-full\/0ae5c26281cc7d3e8902e26dc94eed470271cb3c\/karte-fuenen-daenische-suedsee-fr.jpg 800w, https:\/\/ebiketours.rokka.io\/ebiketours-medium\/0ae5c26281cc7d3e8902e26dc94eed470271cb3c\/karte-fuenen-daenische-suedsee-fr-300x188.jpg 300w, https:\/\/ebiketours.rokka.io\/ebiketours-medium_large\/0ae5c26281cc7d3e8902e26dc94eed470271cb3c\/karte-fuenen-daenische-suedsee-fr-768x480.jpg 768w\" width=\"800\" height=\"500\"><\/a><\/figure><\/div><div class=\"wpex-carousel-slide\"><figure class=\"wpex-carousel-entry-media entry-media wpex-relative\"><a href=\"https:\/\/e-bike-tours.ch\/wp-content\/uploads\/2025\/10\/ebt_funen_egeskov_800x500.jpg\" class=\"wpex-carousel-entry-img wpex-carousel-lightbox-item\" data-count=\"3\" data-show_title=\"false\" data-caption=\"Ch\u00e2teau d\u2019Egeskov\"><img data-no-lazy=\"1\" class=\"wpex-align-middle skip-lazy\" src=\"https:\/\/e-bike-tours.ch\/wp-content\/uploads\/2025\/10\/ebt_funen_egeskov_800x500.jpg\" alt=\"\" srcset=\"https:\/\/e-bike-tours.ch\/wp-content\/uploads\/2025\/10\/ebt_funen_egeskov_800x500.jpg 800w, https:\/\/e-bike-tours.ch\/wp-content\/uploads\/2025\/10\/ebt_funen_egeskov_800x500-300x188.jpg 300w, https:\/\/e-bike-tours.ch\/wp-content\/uploads\/2025\/10\/ebt_funen_egeskov_800x500-768x480.jpg 768w\" width=\"800\" height=\"500\"><\/a><\/figure><\/div><div class=\"wpex-carousel-slide\"><figure class=\"wpex-carousel-entry-media entry-media wpex-relative\"><a href=\"https:\/\/e-bike-tours.ch\/wp-content\/uploads\/2025\/10\/ebt_funen_svendborgsund_800x500.jpg\" class=\"wpex-carousel-entry-img wpex-carousel-lightbox-item\" data-count=\"4\" data-show_title=\"false\" data-caption=\"Le pont de Svendborgsund\"><img data-no-lazy=\"1\" class=\"wpex-align-middle skip-lazy\" src=\"https:\/\/e-bike-tours.ch\/wp-content\/uploads\/2025\/10\/ebt_funen_svendborgsund_800x500.jpg\" alt=\"\" srcset=\"https:\/\/e-bike-tours.ch\/wp-content\/uploads\/2025\/10\/ebt_funen_svendborgsund_800x500.jpg 800w, https:\/\/e-bike-tours.ch\/wp-content\/uploads\/2025\/10\/ebt_funen_svendborgsund_800x500-300x188.jpg 300w, https:\/\/e-bike-tours.ch\/wp-content\/uploads\/2025\/10\/ebt_funen_svendborgsund_800x500-768x480.jpg 768w\" width=\"800\" height=\"500\"><\/a><\/figure><\/div><div class=\"wpex-carousel-slide\"><figure class=\"wpex-carousel-entry-media entry-media wpex-relative\"><a href=\"https:\/\/e-bike-tours.ch\/wp-content\/uploads\/2025\/10\/ebt_funen_insel_aero_800x500.jpg\" class=\"wpex-carousel-entry-img wpex-carousel-lightbox-item\" data-count=\"5\" data-show_title=\"false\" data-caption=\"L\u2019\u00eele d\u2019\u00c6r\u00f8\"><img data-no-lazy=\"1\" class=\"wpex-align-middle skip-lazy\" src=\"https:\/\/e-bike-tours.ch\/wp-content\/uploads\/2025\/10\/ebt_funen_insel_aero_800x500.jpg\" alt=\"\" srcset=\"https:\/\/e-bike-tours.ch\/wp-content\/uploads\/2025\/10\/ebt_funen_insel_aero_800x500.jpg 800w, https:\/\/e-bike-tours.ch\/wp-content\/uploads\/2025\/10\/ebt_funen_insel_aero_800x500-300x188.jpg 300w, https:\/\/e-bike-tours.ch\/wp-content\/uploads\/2025\/10\/ebt_funen_insel_aero_800x500-768x480.jpg 768w\" width=\"800\" height=\"500\"><\/a><\/figure><\/div><div class=\"wpex-carousel-slide\"><figure class=\"wpex-carousel-entry-media entry-media wpex-relative\"><a href=\"https:\/\/e-bike-tours.ch\/wp-content\/uploads\/2025\/10\/ebt_funen_tour_800x500.jpg\" class=\"wpex-carousel-entry-img wpex-carousel-lightbox-item\" data-count=\"6\" data-show_title=\"false\" data-caption=\"\u00cele de Fionie &amp; archipel de Fionie du Sud\"><img data-no-lazy=\"1\" class=\"wpex-align-middle skip-lazy\" src=\"https:\/\/e-bike-tours.ch\/wp-content\/uploads\/2025\/10\/ebt_funen_tour_800x500.jpg\" alt=\"\" srcset=\"https:\/\/e-bike-tours.ch\/wp-content\/uploads\/2025\/10\/ebt_funen_tour_800x500.jpg 800w, https:\/\/e-bike-tours.ch\/wp-content\/uploads\/2025\/10\/ebt_funen_tour_800x500-300x188.jpg 300w, https:\/\/e-bike-tours.ch\/wp-content\/uploads\/2025\/10\/ebt_funen_tour_800x500-768x480.jpg 768w\" width=\"800\" height=\"500\"><\/a><\/figure><\/div><div class=\"wpex-carousel-slide\"><figure class=\"wpex-carousel-entry-media entry-media wpex-relative\"><a href=\"https:\/\/e-bike-tours.ch\/wp-content\/uploads\/2025\/10\/ebt_funen_faaborg_800x500.jpg\" class=\"wpex-carousel-entry-img wpex-carousel-lightbox-item\" data-count=\"7\" data-show_title=\"false\" data-caption=\"La charmante petite ville de Faaborg\"><img data-no-lazy=\"1\" class=\"wpex-align-middle skip-lazy\" src=\"https:\/\/e-bike-tours.ch\/wp-content\/uploads\/2025\/10\/ebt_funen_faaborg_800x500.jpg\" alt=\"\" srcset=\"https:\/\/e-bike-tours.ch\/wp-content\/uploads\/2025\/10\/ebt_funen_faaborg_800x500.jpg 800w, https:\/\/e-bike-tours.ch\/wp-content\/uploads\/2025\/10\/ebt_funen_faaborg_800x500-300x188.jpg 300w, https:\/\/e-bike-tours.ch\/wp-content\/uploads\/2025\/10\/ebt_funen_faaborg_800x500-768x480.jpg 768w\" width=\"800\" height=\"500\"><\/a><\/figure><\/div><\/div>[\/vc_column][\/vc_row][\/vc_section][vc_section el_class=\u00a0\u00bbwk-section\u00a0\u00bb][vc_row][vc_column width=\u00a0\u00bb1\/2&Prime;][vc_column_text css=\u00a0\u00bb\u00a0\u00bb]\n<h3>Votre programme de voyage<\/h3>\n<h4>1er jour, samedi 13 juin 2026 \u2013 Trajet jusqu\u2019\u00e0 Hildesheim<\/h4>\n<p>Trajet en car sp\u00e9cial tout confort jusqu\u2019\u00e0 Hildesheim, notre \u00e9tape interm\u00e9diaire pour la nuit. Profitez de la soir\u00e9e pour fl\u00e2ner dans la vieille ville, admirer ses belles maisons \u00e0 colombages et son imposante cath\u00e9drale \u2013 une premi\u00e8re touche d\u2019histoire nordique.<\/p>\n<p>&nbsp;<\/p>\n<h4>2e jour, dimanche 14 juin 2026 \u2013 Poursuite du voyage vers le Danemark \/ Svendborg, sur l\u2019\u00eele de Fionie<\/h4>\n<p>Apr\u00e8s le petit d\u00e9jeuner, nous poursuivons notre route vers le Danemark jusqu\u2019\u00e0 l\u2019\u00eele de Fionie. La sympathique travers\u00e9e en ferry de Fynshav \u00e0 B\u00f8jden nous offre un petit aper\u00e7u de l\u2019ambiance des jours \u00e0 venir. A Svendborg, nous nous installons dans notre confortable h\u00f4tel 4 \u00e9toiles, situ\u00e9 au bord de la mer \u2013 le point de d\u00e9part id\u00e9al pour nos excursions \u00e0 v\u00e9lo.<\/p>\n<p>&nbsp;<\/p>\n<h4>3e jour, lundi 15 juin 2026 \u2013 \u00cele de Tasinge &amp; ch\u00e2teau de Valdemars<\/h4>\n<p>Par le pont de Svendborgsund, nous parvenons sur l\u2019\u00eele de Tasinge, o\u00f9 nous visitons le somptueux ch\u00e2teau de Valdemars, entour\u00e9 d\u2019un vaste parc \u2013 un v\u00e9ritable joyau de l\u2019archipel sud-fionien. Nous terminons l\u2019\u00e9tape par une pause caf\u00e9 avec g\u00e2teau dans un caf\u00e9 voisin, avant de rentrer tranquillement \u00e0 Svendborg par de petites routes.<\/p>\n<p><em>Parcours e-bike: env. 60 km<\/em><\/p>\n<p>&nbsp;<\/p>\n<h4>4e jour, mardi 16 juin 2026 \u2013 Plaisirs du vin &amp; sud de la Fionie<\/h4>\n<p>Aujourd\u2019hui, nous p\u00e9dalons \u00e0 travers la belle r\u00e9gion du sud de l\u2019\u00eele \u2013 d\u00e9passant villages c\u00f4tiers, vergers et anciennes maisons paysannes. Arr\u00eat au domaine viticole de Skaarup\u00f8re pour une visite guid\u00e9e et une d\u00e9gustation du vin danois caress\u00e9 par la brise marine! Retour \u00e0 Svendborg pour une soir\u00e9e d\u00e9tendue face \u00e0 la mer.<\/p>\n<p><em>Parcours e-bike: env. 60 km<\/em><\/p>\n<p>&nbsp;<\/p>\n<h4>5e jour, mercredi 17 juin 2026 \u2013 \u00cele d\u2019Aero \u2013 la perle de l\u2019archipel de Fionie du Sud<\/h4>\n<p>En ferry, nous rejoignons l\u2019\u00eele d\u2019Aer\u00f8 \u2013 une des plus belles \u00eeles du Danemark. Notre tour de l\u2019\u00eele \u00e0 v\u00e9lo d\u00e9bute \u00e0 \u00c6r\u00f8sk\u00f8bing, sans doute la plus charmante petite ville du pays. Douces collines, fermes aux toits de chaume, routes c\u00f4ti\u00e8res tranquilles et, partout, des vues splendides sur la mer \u00e9tincelante. L\u2019apr\u00e8s-midi, retour en ferry \u00e0 Svendborg.<\/p>\n<p><em>Parcours e-bike: env. 60 km<\/em><\/p>\n<p>&nbsp;<\/p>\n<h4>6e jour, jeudi 18 juin 2026 \u2013 Faaborg &amp; les Alpes fioniennes<\/h4>\n<p>Notre \u00e9tape du jour traverse la r\u00e9gion l\u00e9g\u00e8rement vallonn\u00e9e des Alpes fioniennes, surnom donn\u00e9 aux collines de Svanninge Bakker \u2013 au coeur d\u2019un paysage particuli\u00e8rement charmant, offrant de vastes panoramas. Notre destination est Faaborg, une petite ville pittoresque situ\u00e9e sur la c\u00f4te sud, au charme portuaire accueillant. Apr\u00e8s un moment de temps libre sur place, retour \u00e0 Svendborg. Apr\u00e8s-midi libre.<\/p>\n<p><em>Parcours e-bike: env. 45 km<\/em><\/p>\n<p>&nbsp;<\/p>\n<h4>7e jour, vendredi 19 juin 2026 \u2013 Ch\u00e2teau d\u2019Egeskov \u2013 Retour &amp; \u00e9tape interm\u00e9diaire \u00e0 Kassel<\/h4>\n<p>Notre voyage s\u2019ach\u00e8ve par la visite du f\u00e9erique ch\u00e2teau d\u2019Egeskov, un des plus beaux ch\u00e2teaux d\u2019eau d\u2019Europe. Cap ensuite sur l\u2019Allemagne par le pont du Petit Belt, avec \u00e9tape interm\u00e9diaire pour la nuit dans la r\u00e9gion de Kassel.<\/p>\n<p>&nbsp;<\/p>\n<h4>8e jour, samedi 20 juin 2026 \u2013 Retour<\/h4>\n<p>Apr\u00e8s ces quelques merveilleuses journ\u00e9es entre c\u00f4tes, ch\u00e2teaux et ambiance insulaire, nous reprenons le chemin de la Suisse avec, en t\u00eate, de nombreux souvenirs de l\u2019\u00eele verte danoise et une sensation d\u2019espace, de vent et de s\u00e9r\u00e9nit\u00e9 nordique.<\/p>\n[\/vc_column_text][vc_empty_space][\/vc_column][vc_column width=\u00a0\u00bb1\/2&Prime;]\n    <div class=\"cartours-event-coloured-box\">\n        <div class=\"inner-box \">\n    <div class=\"inner-header\">\n        <h3>Compris dans le prix!<\/h3>\n    <\/div>\n    <div class=\"inner-content\">\n        [vc_column_text css=\u00a0\u00bb\u00a0\u00bb]\n<ul>\n<li>Trajet en car sp\u00e9cial tout confort<\/li>\n<li>Transport des e-bikes dans une remorque professionnelle<\/li>\n<li>1 nuit \u00e0 l\u2019h\u00f4tel Novotel Hildesheim ****, \u00e0 Hildesheim<\/li>\n<li>5 nuits \u00e0 l\u2019h\u00f4tel Christiansminde ****, \u00e0 Svendborg<\/li>\n<li>1 nuit \u00e0 l\u2019h\u00f4tel Wyndham Garden ****, \u00e0 Kassel<\/li>\n<li>7 x petit d\u00e9jeuner \u00e0 l\u2019h\u00f4tel<\/li>\n<li>7 x repas du soir \u00e0 l\u2019h\u00f4tel<\/li>\n<li>Toutes les travers\u00e9es en ferry<\/li>\n<li>Caf\u00e9 &amp; g\u00e2teau \u00e0 l&rsquo;h\u00f4tel Troense<\/li>\n<li>Visite guid\u00e9e et d\u00e9gustation au domaine viticole de Skaarup\u00f8re<\/li>\n<li>Entr\u00e9e au parc &amp; mus\u00e9e du ch\u00e2teau d\u2019Egeskov<\/li>\n<li>Tous les parcours e-bike selon programme<\/li>\n<li>Deux guides exp\u00e9riment\u00e9s pour tous les tours en e-bike<\/li>\n<li>Gratuit: chaque participant re\u00e7oit un article de sport e-Bike-tours.ch \u00e0 choix<\/li>\n<\/ul>\n[\/vc_column_text]    <\/div>\n<\/div>\n    <\/div>\n    <div class=\"cartours-event-coloured-box\">\n        <div class=\"inner-box \">\n    <div class=\"inner-header\">\n        <h3>Votre date de voyage<\/h3>\n    <\/div>\n    <div class=\"inner-content\">\n        \n    <div class=\"cartours-event-reisedaten\">\n        <div class=\"inner-box \">\n    <h3 style=\"color: red;\">This content element can be used ONLY on tour's single page!<\/h3><\/div>\n    <\/div>    <\/div>\n<\/div>\n    <\/div>\n    <div class=\"cartours-event-coloured-box\">\n        <div class=\"inner-box \">\n    <div class=\"inner-header\">\n        <h3>Notre prix sp\u00e9cial pour vous<\/h3>\n    <\/div>\n    <div class=\"inner-content\">\n        \n    <div class=\"cartours-event-hotels_info\">\n        <div class=\"inner-box \">\n    <h3 style=\"color: red;\">This content element can be used ONLY on tour's single page!<\/h3><\/div>\n    <\/div>[vc_column_text css=\u00a0\u00bb\u00a0\u00bb]<strong>Non inclus\/en option:<\/strong><br \/>\nSuppl\u00e9ment chambre individuelle: Fr. 620.-<br \/>\nSur demande: location e-bike: Fr. 36.- par jour<\/p>\n<p><strong>Choisissez votre lieu de d\u00e9part (tous avec possibilit\u00e9 de parking):<\/strong><br \/>\nTavel, Cossonay, Vernier[\/vc_column_text]    <\/div>\n<\/div>\n    <\/div>\n    <div class=\"cartours-event-coloured-box\">\n        <div class=\"inner-box \">\n    <div class=\"inner-header\">\n        <h3>Parcours e-bike:<\/h3>\n    <\/div>\n    <div class=\"inner-content\">\n        [vc_column_text css=\u00a0\u00bb\u00a0\u00bb]Les itin\u00e9raires suivent principalement des pistes cyclables et des routes secondaires bien am\u00e9nag\u00e9es \u2013 souvent le long de la c\u00f4te ou \u00e0 travers des r\u00e9gions rurales. Avec des mont\u00e9es mod\u00e9r\u00e9es, notamment sur l\u2019\u00eele de Fionie, ces itin\u00e9raires sont parfaits pour les cyclistes occasionnels.<\/p>\n<p>8 jours<br \/>\n4 tours en e-bike<br \/>\n225 km[\/vc_column_text]    <\/div>\n<\/div>\n    <\/div>[vc_empty_space][vc_single_image image=\u00a0\u00bb134178&Prime; alignment=\u00a0\u00bbcenter\u00a0\u00bb css=\u00a0\u00bb\u00a0\u00bb][vc_empty_space]<div class=\"theme-button-wrap textcenter wpex-clr\"><a href=\"https:\/\/e-bike-tours.ch\/fr\/sur-nous\/nos-e-bikes-de-location\/\" class=\"vcex-button theme-button medium align-center inline\"><span class=\"vcex-button-inner theme-button-inner wpex-flex wpex-flex-wrap wpex-items-center wpex-justify-center\">En savoir plus ici!<\/span><\/a><\/div> [\/vc_column][\/vc_row][\/vc_section]\n<\/div>","protected":false},"excerpt":{"rendered":"<p>[vc_section][vc_row][vc_column width=\u00a0\u00bb1\/2&Prime;][vc_acf field_group=\u00a0\u00bb2968&Prime; field_from_2968=\u00a0\u00bbfield_5d7a4a45000c9&Prime;][vc_empty_space][\/vc_column][vc_column width=\u00a0\u00bb1\/2&Prime;][\/vc_column][\/vc_row][\/vc_section][vc_section el_class=\u00a0\u00bbwk-section\u00a0\u00bb][vc_row][vc_column][\/vc_column][\/vc_row][\/vc_section][vc_section el_class=\u00a0\u00bbwk-section\u00a0\u00bb][vc_row][vc_column width=\u00a0\u00bb1\/2&Prime;][vc_column_text css=\u00a0\u00bb\u00a0\u00bb] Votre programme de voyage 1er jour, samedi 13 juin 2026 \u2013 Trajet jusqu\u2019\u00e0 Hildesheim Trajet en car sp\u00e9cial tout confort jusqu\u2019\u00e0 Hildesheim, notre \u00e9tape interm\u00e9diaire pour la nuit. Profitez de la soir\u00e9e pour fl\u00e2ner dans la vieille ville, admirer ses belles maisons \u00e0 colombages et son&hellip;<\/p>\n","protected":false},"author":15,"featured_media":136053,"template":"","tags":[],"cartours_category":[519,501,502],"class_list":["post-136383","cartours_event","type-cartours_event","status-publish","has-post-thumbnail","hentry","cartours_category-danemark","cartours_category-e-bike-tours-fr","cartours_category-objectifs-de-la-visite","entry","no-media"],"acf":[],"_links":{"self":[{"href":"https:\/\/e-bike-tours.ch\/fr\/wp-json\/wp\/v2\/cartours_event\/136383","targetHints":{"allow":["GET"]}}],"collection":[{"href":"https:\/\/e-bike-tours.ch\/fr\/wp-json\/wp\/v2\/cartours_event"}],"about":[{"href":"https:\/\/e-bike-tours.ch\/fr\/wp-json\/wp\/v2\/types\/cartours_event"}],"author":[{"embeddable":true,"href":"https:\/\/e-bike-tours.ch\/fr\/wp-json\/wp\/v2\/users\/15"}],"version-history":[{"count":5,"href":"https:\/\/e-bike-tours.ch\/fr\/wp-json\/wp\/v2\/cartours_event\/136383\/revisions"}],"predecessor-version":[{"id":136579,"href":"https:\/\/e-bike-tours.ch\/fr\/wp-json\/wp\/v2\/cartours_event\/136383\/revisions\/136579"}],"wp:featuredmedia":[{"embeddable":true,"href":"https:\/\/e-bike-tours.ch\/fr\/wp-json\/wp\/v2\/media\/136053"}],"wp:attachment":[{"href":"https:\/\/e-bike-tours.ch\/fr\/wp-json\/wp\/v2\/media?parent=136383"}],"wp:term":[{"taxonomy":"post_tag","embeddable":true,"href":"https:\/\/e-bike-tours.ch\/fr\/wp-json\/wp\/v2\/tags?post=136383"},{"taxonomy":"cartours_category","embeddable":true,"href":"https:\/\/e-bike-tours.ch\/fr\/wp-json\/wp\/v2\/cartours_category?post=136383"}],"curies":[{"name":"wp","href":"https:\/\/api.w.org\/{rel}","templated":true}]}}