{"id":136382,"date":"2025-10-30T07:19:31","date_gmt":"2025-10-30T06:19:31","guid":{"rendered":"https:\/\/e-bike-tours.ch\/?post_type=cartours_event&#038;p=136382"},"modified":"2026-02-25T03:57:05","modified_gmt":"2026-02-25T02:57:05","slug":"la-magie-de-listrie","status":"publish","type":"cartours_event","link":"https:\/\/e-bike-tours.ch\/fr\/tour\/la-magie-de-listrie\/","title":{"rendered":"La magie de l&rsquo;Istrie"},"content":{"rendered":"<div class=\"wpb-content-wrapper\">[vc_section][vc_row][vc_column width=\u00a0\u00bb1\/2&Prime;]<div class=\"vcex-page-title vcex-module\"><h1 class=\"vcex-page-title__heading wpex-heading wpex-text-3xl\"><span class=\"vcex-page-title__text\">La magie de l&rsquo;Istrie<\/span><\/h1><\/div>[vc_acf field_group=\u00a0\u00bb2968&Prime; field_from_2968=\u00a0\u00bbfield_5d7a4a45000c9&Prime;][vc_empty_space]\n    <div class=\"vc_btn3-container vc_btn3-inline td-online-booking\">\n        <a class=\"theme-button red\" href=\"https:\/\/e-bike-tours.ch\/fr\/offres\/\" target=\"_self\">Plus d'id\u00e9es de voyage<\/a>\n    <\/div>[\/vc_column][vc_column width=\u00a0\u00bb1\/2&Prime;]\n    <div class=\"cartours-event-coloured-box\">\n        <div class=\"inner-box \">\n    <div class=\"inner-header\">\n        <h3>Vos dates de voyage<\/h3>\n    <\/div>\n    <div class=\"inner-content\">\n        \n    <div class=\"cartours-event-reisedaten\">\n        <div class=\"inner-box \">\n    <h3 style=\"color: red;\">This content element can be used ONLY on tour's single page!<\/h3><\/div>\n    <\/div>    <\/div>\n<\/div>\n    <\/div>\n    <div class=\"cartours-event-coloured-box\">\n        <div class=\"inner-box \">\n    <div class=\"inner-header\">\n        <h3>Notre prix sp\u00e9cial pour vous<\/h3>\n    <\/div>\n    <div class=\"inner-content\">\n        \n    <div class=\"cartours-event-hotels_info\">\n        <div class=\"inner-box \">\n    <h3 style=\"color: red;\">This content element can be used ONLY on tour's single page!<\/h3><\/div>\n    <\/div>[vc_column_text css=\u00a0\u00bb\u00a0\u00bb]<strong>Non inclus\/en option:<\/strong><br \/>\nSuppl\u00e9ment chambre individuelle: Fr. 145.-<br \/>\nSuppl\u00e9ment saisonnier d\u00e9part 21.6: Fr. 140.-<br \/>\nSur demande: location e-bike: Fr. 36.- par jour<\/p>\n<p><strong>Choisissez votre lieu de d\u00e9part (tous avec possibilit\u00e9 de parking):<\/strong><br \/>\nTavel, Cossonay, Vernier[\/vc_column_text]    <\/div>\n<\/div>\n    <\/div>[\/vc_column][\/vc_row][\/vc_section][vc_section el_class=\u00a0\u00bbwk-section\u00a0\u00bb][vc_row][vc_column]<style class=\"vcex-carousel-preload-css\">.vcex_69f3417ba1396{--wpex-carousel-gap:6px;}.vcex_69f3417ba1396{--wpex-carousel-columns:1;}.vcex_69f3417ba1396.wpex-carousel:not(.wpex-carousel--loaded) > *:not(:nth-child(1n+2)){display:flex!important;}@media only screen and (min-width: 480px) {.vcex_69f3417ba1396{--wpex-carousel-columns:2;}.vcex_69f3417ba1396.wpex-carousel:not(.wpex-carousel--loaded) > *:not(:nth-child(1n+3)){display:flex!important;}}@media only screen and (min-width: 768px) {.vcex_69f3417ba1396{--wpex-carousel-columns:3;}.vcex_69f3417ba1396.wpex-carousel:not(.wpex-carousel--loaded) > *:not(:nth-child(1n+4)){display:flex!important;}}@media only screen and (min-width: 960px) {.vcex_69f3417ba1396{--wpex-carousel-columns:3;}.vcex_69f3417ba1396.wpex-carousel:not(.wpex-carousel--loaded) > *:not(:nth-child(1n+4)){display:flex!important;}}<\/style><div class=\"vcex-image-carousel wpex-carousel wpex-carousel-images wpex-clr vcex-module owl-carousel wpex-carousel--render-onload vcex_69f3417ba1396 arrwstyle-default arrwpos-abs wpex-carousel-lightbox\" data-wpex-carousel=\"{&quot;autoplay&quot;:&quot;true&quot;,&quot;slideBy&quot;:1,&quot;margin&quot;:6,&quot;items&quot;:3,&quot;responsive&quot;:{&quot;0&quot;:{&quot;items&quot;:&quot;1&quot;},&quot;480&quot;:{&quot;items&quot;:&quot;2&quot;},&quot;768&quot;:{&quot;items&quot;:&quot;3&quot;},&quot;960&quot;:{&quot;items&quot;:3}},&quot;smartSpeed&quot;:150}\"><div class=\"wpex-carousel-slide\"><figure class=\"wpex-carousel-entry-media entry-media wpex-relative\"><a href=\"https:\/\/e-bike-tours.ch\/wp-content\/uploads\/2025\/10\/ebt_istrien_lagune_800x500.jpg\" class=\"wpex-carousel-entry-img wpex-carousel-lightbox-item\" data-count=\"1\" data-show_title=\"false\" data-caption=\"La magie de l\u2019Istrie\"><img data-no-lazy=\"1\" class=\"wpex-align-middle skip-lazy\" src=\"https:\/\/e-bike-tours.ch\/wp-content\/uploads\/2025\/10\/ebt_istrien_lagune_800x500.jpg\" alt=\"\" srcset=\"https:\/\/e-bike-tours.ch\/wp-content\/uploads\/2025\/10\/ebt_istrien_lagune_800x500.jpg 800w, https:\/\/e-bike-tours.ch\/wp-content\/uploads\/2025\/10\/ebt_istrien_lagune_800x500-300x188.jpg 300w, https:\/\/e-bike-tours.ch\/wp-content\/uploads\/2025\/10\/ebt_istrien_lagune_800x500-768x480.jpg 768w\" width=\"800\" height=\"500\"><\/a><\/figure><\/div><div class=\"wpex-carousel-slide\"><figure class=\"wpex-carousel-entry-media entry-media wpex-relative\"><a href=\"https:\/\/ebiketours.rokka.io\/ebiketours-full\/618c38d4346b63b52a6986975cfbf6545a3d06bb\/karte-istrien-fr.jpg\" class=\"wpex-carousel-entry-img wpex-carousel-lightbox-item\" data-count=\"2\" data-show_title=\"false\" data-caption=\"Votre itin\u00e9raire\" target=\"_blank\" rel=\"noopener\"><img data-no-lazy=\"1\" class=\"wpex-align-middle skip-lazy\" src=\"https:\/\/ebiketours.rokka.io\/ebiketours-full\/618c38d4346b63b52a6986975cfbf6545a3d06bb\/karte-istrien-fr.jpg\" alt=\"\" srcset=\"https:\/\/ebiketours.rokka.io\/ebiketours-full\/618c38d4346b63b52a6986975cfbf6545a3d06bb\/karte-istrien-fr.jpg 800w, https:\/\/ebiketours.rokka.io\/ebiketours-medium\/618c38d4346b63b52a6986975cfbf6545a3d06bb\/karte-istrien-fr-300x188.jpg 300w, https:\/\/ebiketours.rokka.io\/ebiketours-medium_large\/618c38d4346b63b52a6986975cfbf6545a3d06bb\/karte-istrien-fr-768x480.jpg 768w\" width=\"800\" height=\"500\"><\/a><\/figure><\/div><div class=\"wpex-carousel-slide\"><figure class=\"wpex-carousel-entry-media entry-media wpex-relative\"><a href=\"https:\/\/e-bike-tours.ch\/wp-content\/uploads\/2025\/10\/ebt_istrien_pula_800x500.jpg\" class=\"wpex-carousel-entry-img wpex-carousel-lightbox-item\" data-count=\"3\" data-show_title=\"false\" data-caption=\"Pula\"><img data-no-lazy=\"1\" class=\"wpex-align-middle skip-lazy\" src=\"https:\/\/e-bike-tours.ch\/wp-content\/uploads\/2025\/10\/ebt_istrien_pula_800x500.jpg\" alt=\"\" srcset=\"https:\/\/e-bike-tours.ch\/wp-content\/uploads\/2025\/10\/ebt_istrien_pula_800x500.jpg 800w, https:\/\/e-bike-tours.ch\/wp-content\/uploads\/2025\/10\/ebt_istrien_pula_800x500-300x188.jpg 300w, https:\/\/e-bike-tours.ch\/wp-content\/uploads\/2025\/10\/ebt_istrien_pula_800x500-768x480.jpg 768w\" width=\"800\" height=\"500\"><\/a><\/figure><\/div><div class=\"wpex-carousel-slide\"><figure class=\"wpex-carousel-entry-media entry-media wpex-relative\"><a href=\"https:\/\/e-bike-tours.ch\/wp-content\/uploads\/2025\/06\/Auf-Yacht-e-Bike-entlang-Istriens-Kueste.jpg\" class=\"wpex-carousel-entry-img wpex-carousel-lightbox-item\" data-count=\"4\" data-show_title=\"false\" data-caption=\"Le fantastique canal de Lim\"><img data-no-lazy=\"1\" class=\"wpex-align-middle skip-lazy\" src=\"https:\/\/e-bike-tours.ch\/wp-content\/uploads\/2025\/06\/Auf-Yacht-e-Bike-entlang-Istriens-Kueste.jpg\" alt=\"\" srcset=\"https:\/\/e-bike-tours.ch\/wp-content\/uploads\/2025\/06\/Auf-Yacht-e-Bike-entlang-Istriens-Kueste.jpg 800w, https:\/\/e-bike-tours.ch\/wp-content\/uploads\/2025\/06\/Auf-Yacht-e-Bike-entlang-Istriens-Kueste-300x188.jpg 300w, https:\/\/e-bike-tours.ch\/wp-content\/uploads\/2025\/06\/Auf-Yacht-e-Bike-entlang-Istriens-Kueste-768x480.jpg 768w\" width=\"800\" height=\"500\"><\/a><\/figure><\/div><div class=\"wpex-carousel-slide\"><figure class=\"wpex-carousel-entry-media entry-media wpex-relative\"><a href=\"https:\/\/e-bike-tours.ch\/wp-content\/uploads\/2022\/10\/RH_22_Der-Zauber-Istriens_Huebsches-Groznjan.jpg\" class=\"wpex-carousel-entry-img wpex-carousel-lightbox-item\" data-count=\"5\" data-show_title=\"false\" data-caption=\"Groznjan, si jolie\"><img data-no-lazy=\"1\" class=\"wpex-align-middle skip-lazy\" src=\"https:\/\/e-bike-tours.ch\/wp-content\/uploads\/2022\/10\/RH_22_Der-Zauber-Istriens_Huebsches-Groznjan.jpg\" alt=\"\" srcset=\"https:\/\/e-bike-tours.ch\/wp-content\/uploads\/2022\/10\/RH_22_Der-Zauber-Istriens_Huebsches-Groznjan.jpg 800w, https:\/\/e-bike-tours.ch\/wp-content\/uploads\/2022\/10\/RH_22_Der-Zauber-Istriens_Huebsches-Groznjan-300x188.jpg 300w, https:\/\/e-bike-tours.ch\/wp-content\/uploads\/2022\/10\/RH_22_Der-Zauber-Istriens_Huebsches-Groznjan-768x480.jpg 768w\" width=\"800\" height=\"500\"><\/a><\/figure><\/div><div class=\"wpex-carousel-slide\"><figure class=\"wpex-carousel-entry-media entry-media wpex-relative\"><a href=\"https:\/\/ebiketours.rokka.io\/ebiketours-full\/0e96e166e9c6f5a8a2c628c9b63f43a4df4f66c0\/ebt-istrien-tour-800x500.jpg\" class=\"wpex-carousel-entry-img wpex-carousel-lightbox-item\" data-count=\"6\" data-show_title=\"false\" data-caption=\"De belles excursions en e-bike\" target=\"_blank\" rel=\"noopener\"><img data-no-lazy=\"1\" class=\"wpex-align-middle skip-lazy\" src=\"https:\/\/ebiketours.rokka.io\/ebiketours-full\/0e96e166e9c6f5a8a2c628c9b63f43a4df4f66c0\/ebt-istrien-tour-800x500.jpg\" alt=\"\" srcset=\"https:\/\/ebiketours.rokka.io\/ebiketours-full\/0e96e166e9c6f5a8a2c628c9b63f43a4df4f66c0\/ebt-istrien-tour-800x500.jpg 800w, https:\/\/ebiketours.rokka.io\/ebiketours-medium\/0e96e166e9c6f5a8a2c628c9b63f43a4df4f66c0\/ebt-istrien-tour-800x500-300x188.jpg 300w, https:\/\/ebiketours.rokka.io\/ebiketours-medium_large\/0e96e166e9c6f5a8a2c628c9b63f43a4df4f66c0\/ebt-istrien-tour-800x500-768x480.jpg 768w\" width=\"800\" height=\"500\"><\/a><\/figure><\/div><\/div>[\/vc_column][\/vc_row][\/vc_section][vc_section el_class=\u00a0\u00bbwk-section\u00a0\u00bb][vc_row][vc_column width=\u00a0\u00bb1\/2&Prime;][vc_column_text css=\u00a0\u00bb\u00a0\u00bb]\n<h3>Votre programme de voyage<\/h3>\n<h4>1er jour \u2013 Trajet jusqu\u2019en Istrie<\/h4>\n<p>Trajet en car sp\u00e9cial tout confort jusqu\u2019\u00e0 Pore\u010d, via Venise et Trieste. Ap\u00e9ritif de bienvenue, installation dans nos chambres et repas du soir en commun au tr\u00e8s appr\u00e9ci\u00e9 h\u00f4tel Plava Laguna \u2013 un d\u00e9but parfait pour notre escapade active.<\/p>\n<p>&nbsp;<\/p>\n<h4>2e jour \u2013 De Savudrija \u00e0 Novigrad \u2013 La magie du littoral<\/h4>\n<p>Notre premi\u00e8re excursion en v\u00e9lo \u00e9lectrique d\u00e9bute \u00e0 la pointe nord de l\u2019Istrie, \u00e0 Savudrija. Via Umag, nous longeons tranquillement la c\u00f4te adriatique jusqu\u2019\u00e0 Novigrad, tout en admirant de magnifiques vues sur la mer et les plus belles plages de la c\u00f4te ouest. L\u2019apr\u00e8s-midi, temps libre pour profiter de la piscine de l\u2019h\u00f4tel.<\/p>\n<p><em>Parcours e-bike: env. 37 km<\/em><\/p>\n<p>&nbsp;<\/p>\n<h4>3e jour \u2013 Sur les traces du Prosciutto<\/h4>\n<p>Notre itin\u00e9raire du jour nous emm\u00e8ne dans les collines \u00e0 l\u2019est de Pore\u010d \u2013 au passage de villages pittoresques, de ch\u00e2teaux et de la vall\u00e9e du canal de Lim, jusqu\u2019\u00e0 la myst\u00e9rieuse cit\u00e9 en ruine de Dvigrad. L\u2019excursion s\u2019ach\u00e8ve par la d\u00e9gustation du c\u00e9l\u00e8bre jambon cru istrien, s\u00e9ch\u00e9 au vent de la Bora. Les uns pourront parcourir quelques kilom\u00e8tres suppl\u00e9mentaires \u00e0 v\u00e9lo et les autres rentrer en car.<\/p>\n<p><em>Parcours e-bike: env. 45-70 km<\/em><\/p>\n<p>&nbsp;<\/p>\n<h4>4e jour \u2013 Pula &amp; le pays des oliviers<\/h4>\n<p>Depuis la jolie bourgade de \u017dminj, nous p\u00e9dalons essentiellement en descente pour rejoindre la c\u00f4te. En chemin, d\u00e9couverte du ravissant Kastel San Vincento, de la ville historique de Vodnjan, puis de Pula, r\u00e9put\u00e9e pour son imposant amphith\u00e9\u00e2tre romain. Moment de temps libre en ville, avant de poursuivre jusqu\u2019\u00e0 Fa\u017eana, o\u00f9 une d\u00e9gustation des meilleurs huiles d\u2019olive istriennes nous attend.<\/p>\n<p><em>Parcours e-bike: env. 50-60 km<\/em><\/p>\n<p>&nbsp;<\/p>\n<h4>5e jour \u2013 La Toscane croate<\/h4>\n<p>Pr\u00e9s fleuris, oliveraies et vastes for\u00eats nous accompagnent \u00e0 travers la plus belle r\u00e9gion d\u2019Istrie. De Buje, nous suivons l\u2019ancien trac\u00e9 du petit train jusqu\u2019\u00e0 Gro\u017enjan, un village d\u2019artistes plein de charme. Pour le repas de midi, nous d\u00e9gustons des sp\u00e9cialit\u00e9s locales dans une auberge traditionnelle, avant de rentrer \u00e0 l\u2019h\u00f4tel \u00e0 v\u00e9lo ou en car.<\/p>\n<p><em>Parcours e-bike: env. 35-70 km<\/em><\/p>\n<p>&nbsp;<\/p>\n<h4>6e jour \u2013 Retour<\/h4>\n<p>Apr\u00e8s ces quelques journ\u00e9es actives, plaisantes et ensoleill\u00e9es, il est temps pour nous de prendre le chemin du retour \u2013 le coeur rempli de beaux souvenirs.<\/p>\n[\/vc_column_text][vc_empty_space][\/vc_column][vc_column width=\u00a0\u00bb1\/2&Prime;]\n    <div class=\"cartours-event-coloured-box\">\n        <div class=\"inner-box \">\n    <div class=\"inner-header\">\n        <h3>Compris dans le prix!<\/h3>\n    <\/div>\n    <div class=\"inner-content\">\n        [vc_column_text css=\u00a0\u00bb\u00a0\u00bb]\n<ul>\n<li>Trajet en car sp\u00e9cial tout confort<\/li>\n<li>Transport des e-bikes dans une remorque professionnelle<\/li>\n<li>5 nuits \u00e0 l\u2019h\u00f4tel Mediteran Plava Laguna ***, \u00e0 Pore\u010d<\/li>\n<li>5 x petit d\u00e9jeuner \u00e0 l\u2019h\u00f4tel<\/li>\n<li>5 x repas du soir \u00e0 l\u2019h\u00f4tel<\/li>\n<li>Boissons du distributeur Schankomat au cours des repas du soir (bi\u00e8re, vin, jus, eau)<\/li>\n<li>D\u00e9gustation de jambon cru<\/li>\n<li>D\u00e9gustation d\u2019huile d\u2019olive<\/li>\n<li>Tous les parcours e-bike selon programme<\/li>\n<li>Deux guides exp\u00e9riment\u00e9s pour tous les tours en e-bike<\/li>\n<li>Gratuit: chaque participant re\u00e7oit un article de sport e-Bike-tours.ch \u00e0 choix<\/li>\n<\/ul>\n[\/vc_column_text]    <\/div>\n<\/div>\n    <\/div>\n    <div class=\"cartours-event-coloured-box\">\n        <div class=\"inner-box \">\n    <div class=\"inner-header\">\n        <h3>Vos dates de voyage<\/h3>\n    <\/div>\n    <div class=\"inner-content\">\n        \n    <div class=\"cartours-event-reisedaten\">\n        <div class=\"inner-box \">\n    <h3 style=\"color: red;\">This content element can be used ONLY on tour's single page!<\/h3><\/div>\n    <\/div>    <\/div>\n<\/div>\n    <\/div>\n    <div class=\"cartours-event-coloured-box\">\n        <div class=\"inner-box \">\n    <div class=\"inner-header\">\n        <h3>Notre prix sp\u00e9cial pour vous<\/h3>\n    <\/div>\n    <div class=\"inner-content\">\n        \n    <div class=\"cartours-event-hotels_info\">\n        <div class=\"inner-box \">\n    <h3 style=\"color: red;\">This content element can be used ONLY on tour's single page!<\/h3><\/div>\n    <\/div>[vc_column_text css=\u00a0\u00bb\u00a0\u00bb]<strong>Non inclus\/en option:<\/strong><br \/>\nSuppl\u00e9ment chambre individuelle: Fr. 145.-<br \/>\nSuppl\u00e9ment saisonnier d\u00e9part 21.6: Fr. 140.-<br \/>\nSur demande: location e-bike: Fr. 36.- par jour<\/p>\n<p><strong>Choisissez votre lieu de d\u00e9part (tous avec possibilit\u00e9 de parking):<\/strong><br \/>\nTavel, Cossonay, Vernier[\/vc_column_text]    <\/div>\n<\/div>\n    <\/div>\n    <div class=\"cartours-event-coloured-box\">\n        <div class=\"inner-box \">\n    <div class=\"inner-header\">\n        <h3>Parcours e-bike:<\/h3>\n    <\/div>\n    <div class=\"inner-content\">\n        [vc_column_text css=\u00a0\u00bb\u00a0\u00bb]Les itin\u00e9raires suivent principalement des routes secondaires goudronn\u00e9es \u00e0 faible trafic. Un des tours inclut un tron\u00e7on sur chemins caillouteux faciles et bien praticables \u2013 l\u2019id\u00e9al pour les cyclistes occasionnels souhaitant allier plaisir et mouvement.<\/p>\n<p>6 jours<br \/>\n4 tours en e-bike<br \/>\n167-237 km[\/vc_column_text]    <\/div>\n<\/div>\n    <\/div>[vc_empty_space][vc_single_image image=\u00a0\u00bb134178&Prime; alignment=\u00a0\u00bbcenter\u00a0\u00bb css=\u00a0\u00bb\u00a0\u00bb][vc_empty_space]<div class=\"theme-button-wrap textcenter wpex-clr\"><a href=\"https:\/\/e-bike-tours.ch\/fr\/sur-nous\/nos-e-bikes-de-location\/\" class=\"vcex-button theme-button medium align-center inline\"><span class=\"vcex-button-inner theme-button-inner wpex-flex wpex-flex-wrap wpex-items-center wpex-justify-center\">En savoir plus ici!<\/span><\/a><\/div> [\/vc_column][\/vc_row][\/vc_section]\n<\/div>","protected":false},"excerpt":{"rendered":"<p>[vc_section][vc_row][vc_column width=\u00a0\u00bb1\/2&Prime;][vc_acf field_group=\u00a0\u00bb2968&Prime; field_from_2968=\u00a0\u00bbfield_5d7a4a45000c9&Prime;][vc_empty_space][\/vc_column][vc_column width=\u00a0\u00bb1\/2&Prime;][\/vc_column][\/vc_row][\/vc_section][vc_section el_class=\u00a0\u00bbwk-section\u00a0\u00bb][vc_row][vc_column][\/vc_column][\/vc_row][\/vc_section][vc_section el_class=\u00a0\u00bbwk-section\u00a0\u00bb][vc_row][vc_column width=\u00a0\u00bb1\/2&Prime;][vc_column_text css=\u00a0\u00bb\u00a0\u00bb] Votre programme de voyage 1er jour \u2013 Trajet jusqu\u2019en Istrie Trajet en car sp\u00e9cial tout confort jusqu\u2019\u00e0 Pore\u010d, via Venise et Trieste. Ap\u00e9ritif de bienvenue, installation dans nos chambres et repas du soir en commun au tr\u00e8s appr\u00e9ci\u00e9 h\u00f4tel Plava Laguna \u2013 un d\u00e9but parfait pour&hellip;<\/p>\n","protected":false},"author":15,"featured_media":135930,"template":"","tags":[],"cartours_category":[506,501,502],"class_list":["post-136382","cartours_event","type-cartours_event","status-publish","has-post-thumbnail","hentry","cartours_category-croatie","cartours_category-e-bike-tours-fr","cartours_category-objectifs-de-la-visite","entry","no-media"],"acf":[],"_links":{"self":[{"href":"https:\/\/e-bike-tours.ch\/fr\/wp-json\/wp\/v2\/cartours_event\/136382","targetHints":{"allow":["GET"]}}],"collection":[{"href":"https:\/\/e-bike-tours.ch\/fr\/wp-json\/wp\/v2\/cartours_event"}],"about":[{"href":"https:\/\/e-bike-tours.ch\/fr\/wp-json\/wp\/v2\/types\/cartours_event"}],"author":[{"embeddable":true,"href":"https:\/\/e-bike-tours.ch\/fr\/wp-json\/wp\/v2\/users\/15"}],"version-history":[{"count":2,"href":"https:\/\/e-bike-tours.ch\/fr\/wp-json\/wp\/v2\/cartours_event\/136382\/revisions"}],"predecessor-version":[{"id":136615,"href":"https:\/\/e-bike-tours.ch\/fr\/wp-json\/wp\/v2\/cartours_event\/136382\/revisions\/136615"}],"wp:featuredmedia":[{"embeddable":true,"href":"https:\/\/e-bike-tours.ch\/fr\/wp-json\/wp\/v2\/media\/135930"}],"wp:attachment":[{"href":"https:\/\/e-bike-tours.ch\/fr\/wp-json\/wp\/v2\/media?parent=136382"}],"wp:term":[{"taxonomy":"post_tag","embeddable":true,"href":"https:\/\/e-bike-tours.ch\/fr\/wp-json\/wp\/v2\/tags?post=136382"},{"taxonomy":"cartours_category","embeddable":true,"href":"https:\/\/e-bike-tours.ch\/fr\/wp-json\/wp\/v2\/cartours_category?post=136382"}],"curies":[{"name":"wp","href":"https:\/\/api.w.org\/{rel}","templated":true}]}}