{"id":136303,"date":"2025-10-30T07:27:10","date_gmt":"2025-10-30T06:27:10","guid":{"rendered":"https:\/\/e-bike-tours.ch\/?post_type=cartours_event&#038;p=136303"},"modified":"2026-04-30T15:12:04","modified_gmt":"2026-04-30T13:12:04","slug":"riviera-slovene","status":"publish","type":"cartours_event","link":"https:\/\/e-bike-tours.ch\/fr\/tour\/riviera-slovene\/","title":{"rendered":"Riviera slov\u00e8ne"},"content":{"rendered":"<div class=\"wpb-content-wrapper\">[vc_section][vc_row][vc_column width=\u00a0\u00bb1\/2&Prime;]<div class=\"vcex-page-title vcex-module\"><h1 class=\"vcex-page-title__heading wpex-heading wpex-text-3xl\"><span class=\"vcex-page-title__text\">Riviera slov\u00e8ne<\/span><\/h1><\/div>[vc_acf field_group=\u00a0\u00bb2968&Prime; field_from_2968=\u00a0\u00bbfield_5d7a4a45000c9&Prime;][vc_empty_space]\n    <div class=\"vc_btn3-container vc_btn3-inline td-online-booking\">\n        <a class=\"theme-button green\" href=\"https:\/\/booking.e-bike-tours.ch\/HPG_Hotels.aspx?Mand=h2&standardreise=fslow41&hotel=fslow&WebTemplate=EBikeTours&Lang=2\" target=\"_self\">R\u00e9servez en ligne<\/a>\n    <\/div>[\/vc_column][vc_column width=\u00a0\u00bb1\/2&Prime;]\n    <div class=\"cartours-event-coloured-box\">\n        <div class=\"inner-box \">\n    <div class=\"inner-header\">\n        <h3>Vos dates de voyage<\/h3>\n    <\/div>\n    <div class=\"inner-content\">\n        \n    <div class=\"cartours-event-reisedaten\">\n        <div class=\"inner-box \">\n    <h3 style=\"color: red;\">This content element can be used ONLY on tour's single page!<\/h3><\/div>\n    <\/div>    <\/div>\n<\/div>\n    <\/div>\n    <div class=\"cartours-event-coloured-box\">\n        <div class=\"inner-box \">\n    <div class=\"inner-header\">\n        <h3>Notre prix sp\u00e9cial pour vous<\/h3>\n    <\/div>\n    <div class=\"inner-content\">\n        \n    <div class=\"cartours-event-hotels_info\">\n        <div class=\"inner-box \">\n    <h3 style=\"color: red;\">This content element can be used ONLY on tour's single page!<\/h3><\/div>\n    <\/div>[vc_column_text css=\u00a0\u00bb\u00a0\u00bb]<strong>Non inclus\/en option:<\/strong><br \/>\nSuppl\u00e9ment saisonnier 30.5: Fr. 70.-<br \/>\nSuppl\u00e9ment chambre individuelle: Fr. 249.-<br \/>\nSur demande: location e-bike: Fr. 36.- par jour<\/p>\n<p><strong>Choisissez votre lieu de d\u00e9part (tous avec possibilit\u00e9 de parking):<\/strong><br \/>\nTavel, Cossonay, Vernier[\/vc_column_text]    <\/div>\n<\/div>\n    <\/div>[\/vc_column][\/vc_row][\/vc_section][vc_section el_class=\u00a0\u00bbwk-section\u00a0\u00bb][vc_row][vc_column]<style class=\"vcex-carousel-preload-css\">.vcex_69f3792409c89{--wpex-carousel-gap:6px;}.vcex_69f3792409c89{--wpex-carousel-columns:1;}.vcex_69f3792409c89.wpex-carousel:not(.wpex-carousel--loaded) > *:not(:nth-child(1n+2)){display:flex!important;}@media only screen and (min-width: 480px) {.vcex_69f3792409c89{--wpex-carousel-columns:2;}.vcex_69f3792409c89.wpex-carousel:not(.wpex-carousel--loaded) > *:not(:nth-child(1n+3)){display:flex!important;}}@media only screen and (min-width: 768px) {.vcex_69f3792409c89{--wpex-carousel-columns:3;}.vcex_69f3792409c89.wpex-carousel:not(.wpex-carousel--loaded) > *:not(:nth-child(1n+4)){display:flex!important;}}@media only screen and (min-width: 960px) {.vcex_69f3792409c89{--wpex-carousel-columns:3;}.vcex_69f3792409c89.wpex-carousel:not(.wpex-carousel--loaded) > *:not(:nth-child(1n+4)){display:flex!important;}}<\/style><div class=\"vcex-image-carousel wpex-carousel wpex-carousel-images wpex-clr vcex-module owl-carousel wpex-carousel--render-onload vcex_69f3792409c89 arrwstyle-default arrwpos-abs wpex-carousel-lightbox\" data-wpex-carousel=\"{&quot;autoplay&quot;:&quot;true&quot;,&quot;slideBy&quot;:1,&quot;margin&quot;:6,&quot;items&quot;:3,&quot;responsive&quot;:{&quot;0&quot;:{&quot;items&quot;:&quot;1&quot;},&quot;480&quot;:{&quot;items&quot;:&quot;2&quot;},&quot;768&quot;:{&quot;items&quot;:&quot;3&quot;},&quot;960&quot;:{&quot;items&quot;:3}},&quot;smartSpeed&quot;:150}\"><div class=\"wpex-carousel-slide\"><figure class=\"wpex-carousel-entry-media entry-media wpex-relative\"><a href=\"https:\/\/e-bike-tours.ch\/wp-content\/uploads\/2022\/11\/slow-800x500-1.jpg\" class=\"wpex-carousel-entry-img wpex-carousel-lightbox-item\" data-count=\"1\" data-show_title=\"false\" data-caption=\"Riviera slov\u00e8ne\"><img data-no-lazy=\"1\" class=\"wpex-align-middle skip-lazy\" src=\"https:\/\/e-bike-tours.ch\/wp-content\/uploads\/2022\/11\/slow-800x500-1.jpg\" alt=\"\" srcset=\"https:\/\/e-bike-tours.ch\/wp-content\/uploads\/2022\/11\/slow-800x500-1.jpg 800w, https:\/\/e-bike-tours.ch\/wp-content\/uploads\/2022\/11\/slow-800x500-1-300x188.jpg 300w, https:\/\/e-bike-tours.ch\/wp-content\/uploads\/2022\/11\/slow-800x500-1-768x480.jpg 768w\" width=\"800\" height=\"500\"><\/a><\/figure><\/div><div class=\"wpex-carousel-slide\"><figure class=\"wpex-carousel-entry-media entry-media wpex-relative\"><a href=\"https:\/\/ebiketours.rokka.io\/ebiketours-full\/d53219880b8070af96e007ea5a980882431e1bcb\/karte-slowenische-riviera-fr.jpg\" class=\"wpex-carousel-entry-img wpex-carousel-lightbox-item\" data-count=\"2\" data-show_title=\"false\" data-caption=\"Votre itin\u00e9raire\" target=\"_blank\" rel=\"noopener\"><img data-no-lazy=\"1\" class=\"wpex-align-middle skip-lazy\" src=\"https:\/\/ebiketours.rokka.io\/ebiketours-full\/d53219880b8070af96e007ea5a980882431e1bcb\/karte-slowenische-riviera-fr.jpg\" alt=\"\" srcset=\"https:\/\/ebiketours.rokka.io\/ebiketours-full\/d53219880b8070af96e007ea5a980882431e1bcb\/karte-slowenische-riviera-fr.jpg 800w, https:\/\/ebiketours.rokka.io\/ebiketours-medium\/d53219880b8070af96e007ea5a980882431e1bcb\/karte-slowenische-riviera-fr-300x188.jpg 300w, https:\/\/ebiketours.rokka.io\/ebiketours-medium_large\/d53219880b8070af96e007ea5a980882431e1bcb\/karte-slowenische-riviera-fr-768x480.jpg 768w\" width=\"800\" height=\"500\"><\/a><\/figure><\/div><div class=\"wpex-carousel-slide\"><figure class=\"wpex-carousel-entry-media entry-media wpex-relative\"><a href=\"https:\/\/e-bike-tours.ch\/wp-content\/uploads\/2022\/11\/ebt_slowenische_riviera_skocjan_800x500.jpg\" class=\"wpex-carousel-entry-img wpex-carousel-lightbox-item\" data-count=\"3\" data-show_title=\"false\" data-caption=\"Grottes de Skocjan\"><img data-no-lazy=\"1\" class=\"wpex-align-middle skip-lazy\" src=\"https:\/\/e-bike-tours.ch\/wp-content\/uploads\/2022\/11\/ebt_slowenische_riviera_skocjan_800x500.jpg\" alt=\"\" srcset=\"https:\/\/e-bike-tours.ch\/wp-content\/uploads\/2022\/11\/ebt_slowenische_riviera_skocjan_800x500.jpg 800w, https:\/\/e-bike-tours.ch\/wp-content\/uploads\/2022\/11\/ebt_slowenische_riviera_skocjan_800x500-300x188.jpg 300w, https:\/\/e-bike-tours.ch\/wp-content\/uploads\/2022\/11\/ebt_slowenische_riviera_skocjan_800x500-768x480.jpg 768w\" width=\"800\" height=\"500\"><\/a><\/figure><\/div><div class=\"wpex-carousel-slide\"><figure class=\"wpex-carousel-entry-media entry-media wpex-relative\"><a href=\"https:\/\/e-bike-tours.ch\/wp-content\/uploads\/2022\/11\/ebt_slowenische_riviera_aussicht_koper_800x500.jpg\" class=\"wpex-carousel-entry-img wpex-carousel-lightbox-item\" data-count=\"4\" data-show_title=\"false\" data-caption=\"Un fantastique coup d\u2019oeoeil sur Muggia\"><img data-no-lazy=\"1\" class=\"wpex-align-middle skip-lazy\" src=\"https:\/\/e-bike-tours.ch\/wp-content\/uploads\/2022\/11\/ebt_slowenische_riviera_aussicht_koper_800x500.jpg\" alt=\"\" srcset=\"https:\/\/e-bike-tours.ch\/wp-content\/uploads\/2022\/11\/ebt_slowenische_riviera_aussicht_koper_800x500.jpg 800w, https:\/\/e-bike-tours.ch\/wp-content\/uploads\/2022\/11\/ebt_slowenische_riviera_aussicht_koper_800x500-300x188.jpg 300w, https:\/\/e-bike-tours.ch\/wp-content\/uploads\/2022\/11\/ebt_slowenische_riviera_aussicht_koper_800x500-768x480.jpg 768w\" width=\"800\" height=\"500\"><\/a><\/figure><\/div><div class=\"wpex-carousel-slide\"><figure class=\"wpex-carousel-entry-media entry-media wpex-relative\"><a href=\"https:\/\/e-bike-tours.ch\/wp-content\/uploads\/2022\/11\/slow-lipica-800x500-1.jpg\" class=\"wpex-carousel-entry-img wpex-carousel-lightbox-item\" data-count=\"5\" data-show_title=\"false\" data-caption=\"Visite du haras de Lipica\"><img data-no-lazy=\"1\" class=\"wpex-align-middle skip-lazy\" src=\"https:\/\/e-bike-tours.ch\/wp-content\/uploads\/2022\/11\/slow-lipica-800x500-1.jpg\" alt=\"\" srcset=\"https:\/\/e-bike-tours.ch\/wp-content\/uploads\/2022\/11\/slow-lipica-800x500-1.jpg 800w, https:\/\/e-bike-tours.ch\/wp-content\/uploads\/2022\/11\/slow-lipica-800x500-1-300x188.jpg 300w, https:\/\/e-bike-tours.ch\/wp-content\/uploads\/2022\/11\/slow-lipica-800x500-1-768x480.jpg 768w\" width=\"800\" height=\"500\"><\/a><\/figure><\/div><div class=\"wpex-carousel-slide\"><figure class=\"wpex-carousel-entry-media entry-media wpex-relative\"><a href=\"https:\/\/e-bike-tours.ch\/wp-content\/uploads\/2022\/11\/slow-velo2-800x500-1.jpg\" class=\"wpex-carousel-entry-img wpex-carousel-lightbox-item\" data-count=\"6\" data-show_title=\"false\" data-caption=\"De superbes excursions \u00e0 v\u00e9lo\"><img data-no-lazy=\"1\" class=\"wpex-align-middle skip-lazy\" src=\"https:\/\/e-bike-tours.ch\/wp-content\/uploads\/2022\/11\/slow-velo2-800x500-1.jpg\" alt=\"\" srcset=\"https:\/\/e-bike-tours.ch\/wp-content\/uploads\/2022\/11\/slow-velo2-800x500-1.jpg 800w, https:\/\/e-bike-tours.ch\/wp-content\/uploads\/2022\/11\/slow-velo2-800x500-1-300x188.jpg 300w, https:\/\/e-bike-tours.ch\/wp-content\/uploads\/2022\/11\/slow-velo2-800x500-1-768x480.jpg 768w\" width=\"800\" height=\"500\"><\/a><\/figure><\/div><\/div>[\/vc_column][\/vc_row][\/vc_section][vc_section el_class=\u00a0\u00bbwk-section\u00a0\u00bb][vc_row][vc_column width=\u00a0\u00bb1\/2&Prime;][vc_column_text css=\u00a0\u00bb\u00a0\u00bb]\n<h3>Votre programme de voyage<\/h3>\n<h4>1er jour \u2013 Trajet jusqu&rsquo;\u00e0 Ankaran<\/h4>\n<p>Trajet en car sp\u00e9cial tout confort jusqu\u2019\u00e0 Ankaran, sur la Riviera slov\u00e8ne, entre Trieste et Piran. Installation \u00e0 notre h\u00f4tel 4 \u00e9toiles et repas du soir.<\/p>\n<p>&nbsp;<\/p>\n<h4>2e jour \u2013 Lipica, Kozina &amp; Muggia<\/h4>\n<p>Apr\u00e8s le petit d\u00e9jeuner, d\u00e9part pour Lipica. Ici, dans l\u2019ancien haras des Habsbourg, on perp\u00e9tue depuis plus de 400 ans l\u2019\u00e9levage des c\u00e9l\u00e8bres Lipizzans. Une visite guid\u00e9e nous permet d\u2019en apprendre davantage sur cette tradition. Nous enfourchons ensuite nos v\u00e9los et roulons jusqu\u2019\u00e0 Kozina, \u00e0 travers vignobles et villages karstiques. A l\u2019heure du repas de midi, arr\u00eat \u00e0 Muggia, bourgade au charme v\u00e9nitien. Temps libre pour se reposer, avant de rentrer \u00e0 l\u2019h\u00f4tel par le bord de mer.<\/p>\n<p><em>Parcours e-bike: env. 50 km<\/em><\/p>\n<p>&nbsp;<\/p>\n<h4>3e jour \u2013 Portoroz &amp; Piran<\/h4>\n<p>Sur l\u2019ancienne voie ferr\u00e9e Parenzana, nous roulons vers les plus beaux sites de la Riviera. Apr\u00e8s Koper et la petite ville de p\u00eacheurs d\u2019Izola, nous faisons tranquillement le tour de la presqu\u2019\u00eele de Forma Viva jusqu\u2019\u00e0 Portoroz. La marina de cette station baln\u00e9aire chic est une invitation \u00e0 s&rsquo;attarder. Nous rejoignons ensuite Piran, la perle du littoral, o\u00f9 nous aurons du temps libre pour une visite. L\u2019apr\u00e8s-midi, retour \u00e0 Ankaran en bateau.<\/p>\n<p><em>Parcours e-bike: env. 50 km<\/em><\/p>\n<p>&nbsp;<\/p>\n<h4>4e jour \u2013 Koper, Korte &amp; Izola<\/h4>\n<p>En v\u00e9lo, nous d\u00e9passons la r\u00e9serve ornithologique de Skocjanski zatok, puis la ville portuaire de Koper, o\u00f9 nous faisons une pause-caf\u00e9 sur la promenade. Par l\u2019arri\u00e8re-pays d\u2019Izola, qui nous d\u00e9voile de magnifiques vues sur la mer, nous parvenons \u00e0 Sared et Korte. Dans une ferme, nous savourons un repas de midi typique, avant de rentrer \u00e0 Ankaran via Izola.<\/p>\n<p><em>Parcours e-bike: env. 55 km<\/em><\/p>\n<p>&nbsp;<\/p>\n<h4>5e jour \u2013 A travers le bel arri\u00e8re-pays<\/h4>\n<p>Au d\u00e9part de l\u2019h\u00f4tel, nous voici rapidement au milieu de villages pittoresques, d\u2019oliveraies et de vignobles. D\u00e9passant les salines, nous rejoignons un domaine ol\u00e9icole, o\u00f9 une d\u00e9gustation accompagn\u00e9e de sp\u00e9cialit\u00e9s m\u00e9diterran\u00e9ennes nous attend. Apr\u00e8s ce moment de convivialit\u00e9, vous avez le choix de rentrer \u00e0 l\u2019h\u00f4tel en e-bike ou en car.<\/p>\n<p><em>Parcours e-bike: env. 45-65 km<\/em><\/p>\n<p>&nbsp;<\/p>\n<h4>6e jour \u2013 Grottes de Skocjan &amp; collation dans la r\u00e9gion du Karst<\/h4>\n<p>D\u00e9part en car pour Skocjan, o\u00f9 les grottes, patrimoine UNESCO, nous d\u00e9voilent un des plus remarquables paysages souterrains du monde. Une randonn\u00e9e nous permet de d\u00e9couvrir, de tout pr\u00e8s, cette merveille naturelle empreinte de mysticisme. Nous p\u00e9dalons ensuite \u00e0 travers la Slov\u00e9nie karstique et m\u00e9diterran\u00e9enne, reprenons des forces dans une ferme le temps d\u2019une collation typique et admirons encore une fois villages idylliques et vignobles.<\/p>\n<p><em>Parcours e-bike: env. 55 km<\/em><\/p>\n<p>&nbsp;<\/p>\n<h4>7e jour \u2013 Retour<\/h4>\n<p>Voyage pour rentrer en Suisse, avec de nombreux souvenirs en m\u00e9moire.<\/p>\n[\/vc_column_text][vc_empty_space][\/vc_column][vc_column width=\u00a0\u00bb1\/2&Prime;]\n    <div class=\"cartours-event-coloured-box\">\n        <div class=\"inner-box \">\n    <div class=\"inner-header\">\n        <h3>Compris dans le prix!<\/h3>\n    <\/div>\n    <div class=\"inner-content\">\n        [vc_column_text css=\u00a0\u00bb\u00a0\u00bb]\n<ul>\n<li>Trajet en car sp\u00e9cial tout confort<\/li>\n<li>Transport des e-bikes dans une remorque professionnelle<\/li>\n<li>6 nuits au Adria Ankaran Resort ****, \u00e0 Ankaran (h\u00e9bergement en suites Olive)<\/li>\n<li>6 x petit d\u00e9jeuner \u00e0 l\u2019h\u00f4tel<\/li>\n<li>5 x repas du soir au restaurant du Resort<\/li>\n<li>1 x repas du soir de gala (4 plats) au restaurant du bord de mer<\/li>\n<li>Entr\u00e9e \u00e0 la piscine couverte d\u2019eau de mer chauff\u00e9e<\/li>\n<li>10% de r\u00e9duction sur le sauna et les massages<\/li>\n<li>Visite du haras de Lipica<\/li>\n<li>Bateau Piran-Ankaran<\/li>\n<li>Repas de midi typiquement istrien dans une ferme<\/li>\n<li>D\u00e9gustation d\u2019huile d\u2019olive avec petite collation<\/li>\n<li>Collation dans la r\u00e9gion du Karst, avec jambon et vin<\/li>\n<li>Entr\u00e9e aux grottes de Skocjan<\/li>\n<li>Tous les parcours e-bike selon programme<\/li>\n<li>Deux guides exp\u00e9riment\u00e9s pour tous les tours en e-bike<\/li>\n<li>Gratuit: chaque participant re\u00e7oit un article de sport e-Bike-tours.ch \u00e0 choix<\/li>\n<\/ul>\n[\/vc_column_text]    <\/div>\n<\/div>\n    <\/div>\n    <div class=\"cartours-event-coloured-box\">\n        <div class=\"inner-box \">\n    <div class=\"inner-header\">\n        <h3>Vos dates de voyage<\/h3>\n    <\/div>\n    <div class=\"inner-content\">\n        \n    <div class=\"cartours-event-reisedaten\">\n        <div class=\"inner-box \">\n    <h3 style=\"color: red;\">This content element can be used ONLY on tour's single page!<\/h3><\/div>\n    <\/div>    <\/div>\n<\/div>\n    <\/div>\n    <div class=\"cartours-event-coloured-box\">\n        <div class=\"inner-box \">\n    <div class=\"inner-header\">\n        <h3>Notre prix sp\u00e9cial pour vous<\/h3>\n    <\/div>\n    <div class=\"inner-content\">\n        \n    <div class=\"cartours-event-hotels_info\">\n        <div class=\"inner-box \">\n    <h3 style=\"color: red;\">This content element can be used ONLY on tour's single page!<\/h3><\/div>\n    <\/div>[vc_column_text css=\u00a0\u00bb\u00a0\u00bb]<strong>Non inclus\/en option:<\/strong><br \/>\nSuppl\u00e9ment saisonnier 30.5: Fr. 70.-<br \/>\nSuppl\u00e9ment chambre individuelle: Fr. 249.-<br \/>\nSur demande: location e-bike: Fr. 36.- par jour<\/p>\n<p><strong>Choisissez votre lieu de d\u00e9part (tous avec possibilit\u00e9 de parking):<\/strong><br \/>\nTavel, Cossonay, Vernier[\/vc_column_text]    <\/div>\n<\/div>\n    <\/div>\n    <div class=\"cartours-event-coloured-box\">\n        <div class=\"inner-box \">\n    <div class=\"inner-header\">\n        <h3>Parcours e-bike:<\/h3>\n    <\/div>\n    <div class=\"inner-content\">\n        [vc_column_text css=\u00a0\u00bb\u00a0\u00bb]Env. 85% de l\u2019itin\u00e9raire s\u2019effectue sur routes goudronn\u00e9es et env. 15% sur des sentiers en terre. Dans la r\u00e9gion du Karst, il y a quelques passages vallonn\u00e9s sur pistes \u00e0 franchir. Nous recommandons l\u2019utilisation d\u2019un e-bike \u00e9quip\u00e9 de pneus trekking ou d\u2019un e-mountainbike.<\/p>\n<p>7 jours<br \/>\n5 tours en e-bike<br \/>\n255 &#8211; 275 km[\/vc_column_text]    <\/div>\n<\/div>\n    <\/div>[vc_empty_space][vc_single_image image=\u00a0\u00bb134178&Prime; alignment=\u00a0\u00bbcenter\u00a0\u00bb css=\u00a0\u00bb\u00a0\u00bb][vc_empty_space]<div class=\"theme-button-wrap textcenter wpex-clr\"><a href=\"https:\/\/e-bike-tours.ch\/fr\/sur-nous\/nos-e-bikes-de-location\/\" class=\"vcex-button theme-button medium align-center inline\"><span class=\"vcex-button-inner theme-button-inner wpex-flex wpex-flex-wrap wpex-items-center wpex-justify-center\">En savoir plus ici!<\/span><\/a><\/div> [\/vc_column][\/vc_row][\/vc_section]\n<\/div>","protected":false},"excerpt":{"rendered":"<p>[vc_section][vc_row][vc_column width=\u00a0\u00bb1\/2&Prime;][vc_acf field_group=\u00a0\u00bb2968&Prime; field_from_2968=\u00a0\u00bbfield_5d7a4a45000c9&Prime;][vc_empty_space][\/vc_column][vc_column width=\u00a0\u00bb1\/2&Prime;][\/vc_column][\/vc_row][\/vc_section][vc_section el_class=\u00a0\u00bbwk-section\u00a0\u00bb][vc_row][vc_column][\/vc_column][\/vc_row][\/vc_section][vc_section el_class=\u00a0\u00bbwk-section\u00a0\u00bb][vc_row][vc_column width=\u00a0\u00bb1\/2&Prime;][vc_column_text css=\u00a0\u00bb\u00a0\u00bb] Votre programme de voyage 1er jour \u2013 Trajet jusqu&rsquo;\u00e0 Ankaran Trajet en car sp\u00e9cial tout confort jusqu\u2019\u00e0 Ankaran, sur la Riviera slov\u00e8ne, entre Trieste et Piran. Installation \u00e0 notre h\u00f4tel 4 \u00e9toiles et repas du soir. &nbsp; 2e jour \u2013 Lipica, Kozina &amp; Muggia Apr\u00e8s le&hellip;<\/p>\n","protected":false},"author":22,"featured_media":124268,"template":"","tags":[],"cartours_category":[501,502,517],"class_list":["post-136303","cartours_event","type-cartours_event","status-publish","has-post-thumbnail","hentry","cartours_category-e-bike-tours-fr","cartours_category-objectifs-de-la-visite","cartours_category-slovenie","entry","no-media"],"acf":[],"_links":{"self":[{"href":"https:\/\/e-bike-tours.ch\/fr\/wp-json\/wp\/v2\/cartours_event\/136303","targetHints":{"allow":["GET"]}}],"collection":[{"href":"https:\/\/e-bike-tours.ch\/fr\/wp-json\/wp\/v2\/cartours_event"}],"about":[{"href":"https:\/\/e-bike-tours.ch\/fr\/wp-json\/wp\/v2\/types\/cartours_event"}],"author":[{"embeddable":true,"href":"https:\/\/e-bike-tours.ch\/fr\/wp-json\/wp\/v2\/users\/22"}],"version-history":[{"count":5,"href":"https:\/\/e-bike-tours.ch\/fr\/wp-json\/wp\/v2\/cartours_event\/136303\/revisions"}],"predecessor-version":[{"id":136564,"href":"https:\/\/e-bike-tours.ch\/fr\/wp-json\/wp\/v2\/cartours_event\/136303\/revisions\/136564"}],"wp:featuredmedia":[{"embeddable":true,"href":"https:\/\/e-bike-tours.ch\/fr\/wp-json\/wp\/v2\/media\/124268"}],"wp:attachment":[{"href":"https:\/\/e-bike-tours.ch\/fr\/wp-json\/wp\/v2\/media?parent=136303"}],"wp:term":[{"taxonomy":"post_tag","embeddable":true,"href":"https:\/\/e-bike-tours.ch\/fr\/wp-json\/wp\/v2\/tags?post=136303"},{"taxonomy":"cartours_category","embeddable":true,"href":"https:\/\/e-bike-tours.ch\/fr\/wp-json\/wp\/v2\/cartours_category?post=136303"}],"curies":[{"name":"wp","href":"https:\/\/api.w.org\/{rel}","templated":true}]}}