{"id":136302,"date":"2025-10-29T15:53:36","date_gmt":"2025-10-29T14:53:36","guid":{"rendered":"https:\/\/e-bike-tours.ch\/?post_type=cartours_event&#038;p=136302"},"modified":"2026-04-30T11:45:05","modified_gmt":"2026-04-30T09:45:05","slug":"sous-le-charme-des-pouilles","status":"publish","type":"cartours_event","link":"https:\/\/e-bike-tours.ch\/fr\/tour\/sous-le-charme-des-pouilles\/","title":{"rendered":"Sous le charme des Pouilles"},"content":{"rendered":"<div class=\"wpb-content-wrapper\">[vc_section][vc_row][vc_column width=\u00a0\u00bb1\/2&Prime;]<div class=\"vcex-page-title vcex-module\"><h1 class=\"vcex-page-title__heading wpex-heading wpex-text-3xl\"><span class=\"vcex-page-title__text\">Sous le charme des Pouilles<\/span><\/h1><\/div>[vc_acf field_group=\u00a0\u00bb2968&Prime; field_from_2968=\u00a0\u00bbfield_5d7a4a45000c9&Prime;][vc_empty_space]\n    <div class=\"vc_btn3-container vc_btn3-inline td-online-booking\">\n        <a class=\"theme-button green\" href=\"https:\/\/booking.e-bike-tours.ch\/HPG_Hotels.aspx?Mand=h2&standardreise=fapuli42&hotel=fapuli&WebTemplate=EBikeTours&Lang=2\" target=\"_self\">R\u00e9servez en ligne<\/a>\n    <\/div>[\/vc_column][vc_column width=\u00a0\u00bb1\/2&Prime;]\n    <div class=\"cartours-event-coloured-box\">\n        <div class=\"inner-box \">\n    <div class=\"inner-header\">\n        <h3>Vos dates de voyage<\/h3>\n    <\/div>\n    <div class=\"inner-content\">\n        \n    <div class=\"cartours-event-reisedaten\">\n        <div class=\"inner-box \">\n    <h3 style=\"color: red;\">This content element can be used ONLY on tour's single page!<\/h3><\/div>\n    <\/div>    <\/div>\n<\/div>\n    <\/div>\n    <div class=\"cartours-event-coloured-box\">\n        <div class=\"inner-box \">\n    <div class=\"inner-header\">\n        <h3>Notre prix sp\u00e9cial pour vous<\/h3>\n    <\/div>\n    <div class=\"inner-content\">\n        \n    <div class=\"cartours-event-hotels_info\">\n        <div class=\"inner-box \">\n    <h3 style=\"color: red;\">This content element can be used ONLY on tour's single page!<\/h3><\/div>\n    <\/div>[vc_column_text css=\u00a0\u00bb\u00a0\u00bb]<strong>Non inclus\/en option:<\/strong><br \/>\nSuppl\u00e9ment chambre individuelle: Fr. 399.-<br \/>\nSuppl\u00e9ment saisonnier d\u00e9part 18.9: Fr. 50.-<br \/>\nSur demande: location e-bike: Fr. 36.- par jour<\/p>\n<p><strong>Choisissez votre lieu de d\u00e9part (tous avec possibilit\u00e9 de parking):<\/strong><br \/>\nTavel, Cossonay, Vernier[\/vc_column_text]    <\/div>\n<\/div>\n    <\/div>[\/vc_column][\/vc_row][\/vc_section][vc_section el_class=\u00a0\u00bbwk-section\u00a0\u00bb][vc_row][vc_column]<style class=\"vcex-carousel-preload-css\">.vcex_69f331ffb0812{--wpex-carousel-gap:6px;}.vcex_69f331ffb0812{--wpex-carousel-columns:1;}.vcex_69f331ffb0812.wpex-carousel:not(.wpex-carousel--loaded) > *:not(:nth-child(1n+2)){display:flex!important;}@media only screen and (min-width: 480px) {.vcex_69f331ffb0812{--wpex-carousel-columns:2;}.vcex_69f331ffb0812.wpex-carousel:not(.wpex-carousel--loaded) > *:not(:nth-child(1n+3)){display:flex!important;}}@media only screen and (min-width: 768px) {.vcex_69f331ffb0812{--wpex-carousel-columns:3;}.vcex_69f331ffb0812.wpex-carousel:not(.wpex-carousel--loaded) > *:not(:nth-child(1n+4)){display:flex!important;}}@media only screen and (min-width: 960px) {.vcex_69f331ffb0812{--wpex-carousel-columns:3;}.vcex_69f331ffb0812.wpex-carousel:not(.wpex-carousel--loaded) > *:not(:nth-child(1n+4)){display:flex!important;}}<\/style><div class=\"vcex-image-carousel wpex-carousel wpex-carousel-images wpex-clr vcex-module owl-carousel wpex-carousel--render-onload vcex_69f331ffb0812 arrwstyle-default arrwpos-abs wpex-carousel-lightbox\" data-wpex-carousel=\"{&quot;autoplay&quot;:&quot;true&quot;,&quot;slideBy&quot;:1,&quot;margin&quot;:6,&quot;items&quot;:3,&quot;responsive&quot;:{&quot;0&quot;:{&quot;items&quot;:&quot;1&quot;},&quot;480&quot;:{&quot;items&quot;:&quot;2&quot;},&quot;768&quot;:{&quot;items&quot;:&quot;3&quot;},&quot;960&quot;:{&quot;items&quot;:3}},&quot;smartSpeed&quot;:150}\"><div class=\"wpex-carousel-slide\"><figure class=\"wpex-carousel-entry-media entry-media wpex-relative\"><a href=\"https:\/\/e-bike-tours.ch\/wp-content\/uploads\/2024\/10\/ebt_apulien_kueste_800x500.jpg\" class=\"wpex-carousel-entry-img wpex-carousel-lightbox-item\" data-count=\"1\" data-show_title=\"false\" data-caption=\"Sous le charme des Pouilles\"><img data-no-lazy=\"1\" class=\"wpex-align-middle skip-lazy\" src=\"https:\/\/e-bike-tours.ch\/wp-content\/uploads\/2024\/10\/ebt_apulien_kueste_800x500.jpg\" alt=\"\" srcset=\"https:\/\/e-bike-tours.ch\/wp-content\/uploads\/2024\/10\/ebt_apulien_kueste_800x500.jpg 800w, https:\/\/e-bike-tours.ch\/wp-content\/uploads\/2024\/10\/ebt_apulien_kueste_800x500-300x188.jpg 300w, https:\/\/e-bike-tours.ch\/wp-content\/uploads\/2024\/10\/ebt_apulien_kueste_800x500-768x480.jpg 768w\" width=\"800\" height=\"500\"><\/a><\/figure><\/div><div class=\"wpex-carousel-slide\"><figure class=\"wpex-carousel-entry-media entry-media wpex-relative\"><a href=\"https:\/\/e-bike-tours.ch\/wp-content\/uploads\/2024\/10\/ebt_apulien_touren_800x500.jpg\" class=\"wpex-carousel-entry-img wpex-carousel-lightbox-item\" data-count=\"2\" data-show_title=\"false\" data-caption=\"Les trulli d\u2019Alberobello\"><img data-no-lazy=\"1\" class=\"wpex-align-middle skip-lazy\" src=\"https:\/\/e-bike-tours.ch\/wp-content\/uploads\/2024\/10\/ebt_apulien_touren_800x500.jpg\" alt=\"\" srcset=\"https:\/\/e-bike-tours.ch\/wp-content\/uploads\/2024\/10\/ebt_apulien_touren_800x500.jpg 800w, https:\/\/e-bike-tours.ch\/wp-content\/uploads\/2024\/10\/ebt_apulien_touren_800x500-300x188.jpg 300w, https:\/\/e-bike-tours.ch\/wp-content\/uploads\/2024\/10\/ebt_apulien_touren_800x500-768x480.jpg 768w\" width=\"800\" height=\"500\"><\/a><\/figure><\/div><div class=\"wpex-carousel-slide\"><figure class=\"wpex-carousel-entry-media entry-media wpex-relative\"><a href=\"https:\/\/ebiketours.rokka.io\/ebiketours-full\/b0f82bea0d363d8563f8a557e06c8693d4a682c7\/karte-apulien-fr.jpg\" class=\"wpex-carousel-entry-img wpex-carousel-lightbox-item\" data-count=\"3\" data-show_title=\"false\" data-caption=\"Votre itin\u00e9raire\" target=\"_blank\" rel=\"noopener\"><img data-no-lazy=\"1\" class=\"wpex-align-middle skip-lazy\" src=\"https:\/\/ebiketours.rokka.io\/ebiketours-full\/b0f82bea0d363d8563f8a557e06c8693d4a682c7\/karte-apulien-fr.jpg\" alt=\"\" srcset=\"https:\/\/ebiketours.rokka.io\/ebiketours-full\/b0f82bea0d363d8563f8a557e06c8693d4a682c7\/karte-apulien-fr.jpg 800w, https:\/\/ebiketours.rokka.io\/ebiketours-medium\/b0f82bea0d363d8563f8a557e06c8693d4a682c7\/karte-apulien-fr-300x188.jpg 300w, https:\/\/ebiketours.rokka.io\/ebiketours-medium_large\/b0f82bea0d363d8563f8a557e06c8693d4a682c7\/karte-apulien-fr-768x480.jpg 768w\" width=\"800\" height=\"500\"><\/a><\/figure><\/div><div class=\"wpex-carousel-slide\"><figure class=\"wpex-carousel-entry-media entry-media wpex-relative\"><a href=\"https:\/\/e-bike-tours.ch\/wp-content\/uploads\/2024\/10\/Apulien7.jpg\" class=\"wpex-carousel-entry-img wpex-carousel-lightbox-item\" data-count=\"4\" data-show_title=\"false\" data-caption=\"Les grottes de Matera\"><img data-no-lazy=\"1\" class=\"wpex-align-middle skip-lazy\" src=\"https:\/\/e-bike-tours.ch\/wp-content\/uploads\/2024\/10\/Apulien7.jpg\" alt=\"\" srcset=\"https:\/\/e-bike-tours.ch\/wp-content\/uploads\/2024\/10\/Apulien7.jpg 800w, https:\/\/e-bike-tours.ch\/wp-content\/uploads\/2024\/10\/Apulien7-300x188.jpg 300w, https:\/\/e-bike-tours.ch\/wp-content\/uploads\/2024\/10\/Apulien7-768x480.jpg 768w\" width=\"800\" height=\"500\"><\/a><\/figure><\/div><div class=\"wpex-carousel-slide\"><figure class=\"wpex-carousel-entry-media entry-media wpex-relative\"><a href=\"https:\/\/e-bike-tours.ch\/wp-content\/uploads\/2024\/10\/ebt_apulien_otranto_800x500.jpg\" class=\"wpex-carousel-entry-img wpex-carousel-lightbox-item\" data-count=\"5\" data-show_title=\"false\" data-caption=\"Otrante, si pittoresque\"><img data-no-lazy=\"1\" class=\"wpex-align-middle skip-lazy\" src=\"https:\/\/e-bike-tours.ch\/wp-content\/uploads\/2024\/10\/ebt_apulien_otranto_800x500.jpg\" alt=\"\" srcset=\"https:\/\/e-bike-tours.ch\/wp-content\/uploads\/2024\/10\/ebt_apulien_otranto_800x500.jpg 800w, https:\/\/e-bike-tours.ch\/wp-content\/uploads\/2024\/10\/ebt_apulien_otranto_800x500-300x188.jpg 300w, https:\/\/e-bike-tours.ch\/wp-content\/uploads\/2024\/10\/ebt_apulien_otranto_800x500-768x480.jpg 768w\" width=\"800\" height=\"500\"><\/a><\/figure><\/div><div class=\"wpex-carousel-slide\"><figure class=\"wpex-carousel-entry-media entry-media wpex-relative\"><a href=\"https:\/\/e-bike-tours.ch\/wp-content\/uploads\/2024\/10\/Apulien6.jpg\" class=\"wpex-carousel-entry-img wpex-carousel-lightbox-item\" data-count=\"6\" data-show_title=\"false\" data-caption=\"Monopoli\"><img data-no-lazy=\"1\" class=\"wpex-align-middle skip-lazy\" src=\"https:\/\/e-bike-tours.ch\/wp-content\/uploads\/2024\/10\/Apulien6.jpg\" alt=\"\" srcset=\"https:\/\/e-bike-tours.ch\/wp-content\/uploads\/2024\/10\/Apulien6.jpg 800w, https:\/\/e-bike-tours.ch\/wp-content\/uploads\/2024\/10\/Apulien6-300x188.jpg 300w, https:\/\/e-bike-tours.ch\/wp-content\/uploads\/2024\/10\/Apulien6-768x480.jpg 768w\" width=\"800\" height=\"500\"><\/a><\/figure><\/div><div class=\"wpex-carousel-slide\"><figure class=\"wpex-carousel-entry-media entry-media wpex-relative\"><a href=\"https:\/\/e-bike-tours.ch\/wp-content\/uploads\/2024\/10\/Apulien8.jpg\" class=\"wpex-carousel-entry-img wpex-carousel-lightbox-item\" data-count=\"7\" data-show_title=\"false\" data-caption=\"Les trulli d\u2019Alberobello\"><img data-no-lazy=\"1\" class=\"wpex-align-middle skip-lazy\" src=\"https:\/\/e-bike-tours.ch\/wp-content\/uploads\/2024\/10\/Apulien8.jpg\" alt=\"\" srcset=\"https:\/\/e-bike-tours.ch\/wp-content\/uploads\/2024\/10\/Apulien8.jpg 800w, https:\/\/e-bike-tours.ch\/wp-content\/uploads\/2024\/10\/Apulien8-300x188.jpg 300w, https:\/\/e-bike-tours.ch\/wp-content\/uploads\/2024\/10\/Apulien8-768x480.jpg 768w\" width=\"800\" height=\"500\"><\/a><\/figure><\/div><\/div>[\/vc_column][\/vc_row][\/vc_section][vc_section el_class=\u00a0\u00bbwk-section\u00a0\u00bb][vc_row][vc_column width=\u00a0\u00bb1\/2&Prime;][vc_column_text css=\u00a0\u00bb\u00a0\u00bb]\n<h3>Votre programme de voyage<\/h3>\n<h4>1er jour \u2013 Trajet jusqu\u2019en Emilie-Romagne<\/h4>\n<p>Trajet en car sp\u00e9cial tout confort jusqu\u2019en Emilie- Romagne, o\u00f9 nous faisons \u00e9tape pour la nuit. Repas du soir \u00e0 l\u2019h\u00f4tel, pour un d\u00e9but de voyage en toute convivialit\u00e9.<\/p>\n<p>&nbsp;<\/p>\n<h4>2e jour \u2013 En route pour les Pouilles \u2013 Bienvenue \u00e0 Cisternino<\/h4>\n<p>Apr\u00e8s une nuit de repos, nous poursuivons notre route vers le sud en direction des Pouilles et prenons nos quartiers dans un h\u00f4tel de Cisternino, un des plus beaux villages d\u2019Italie et le point de d\u00e9part id\u00e9al pour nos prochaines journ\u00e9es d\u2019excursions en e-bike. Repas du soir en commun et premi\u00e8re immersion dans l\u2019ambiance m\u00e9diterran\u00e9enne des Pouilles.<\/p>\n<p>&nbsp;<\/p>\n<h4>3e jour \u2013 Polignano &amp; Monopoli \u2013 R\u00eaves c\u00f4tiers sur deux roues<\/h4>\n<p>Notre premier tour en v\u00e9lo \u00e9lectrique longe la superbe c\u00f4te adriatique. A travers des oliveraies couleur argent, nous roulons jusqu\u2019\u00e0 la vieille ville de Monopoli \u2013 un joyau avec son \u00e9glise baroque et son port anim\u00e9. Nous continuons ensuite vers Polignano a Mare, o\u00f9 les maisons semblent suspendues au-dessus des falaises. Un panorama imprenable sur la mer bleu cristallin! Retour \u00e0 l\u2019h\u00f4tel en car.<\/p>\n<p><em>Parcours e-bike: env. 55 km<\/em><\/p>\n<p>&nbsp;<\/p>\n<h4>4e jour \u2013 Ville troglodytique de Matera &amp; le pain d\u2019Altamura<\/h4>\n<p>Notre car nous conduit ce matin \u00e0 Altamura, c\u00e9l\u00e8bre pour son savoureux pain traditionnel. Apr\u00e8s une courte balade, nous enfourchons nos v\u00e9los en direction de Matera \u2013 la cit\u00e9 des habitations troglodytiques. Depuis le belv\u00e9d\u00e8re, nous profitons d\u2019une vue panoramique sur cette ville sculpt\u00e9e dans la roche, avant d\u2019aller nous balader dans ses ruelles myst\u00e9rieuses. Retour et repas du soir \u00e0 l\u2019h\u00f4tel.<\/p>\n<p><em>Parcours e-bike: env. 30 km<\/em><\/p>\n<p>&nbsp;<\/p>\n<h4>5e jour \u2013 Alberobello, Locorotondo &amp; Martina Franca \u2013 Le coeur de la vall\u00e9e d\u2019Itria<\/h4>\n<p>Aujourd\u2019hui, nous explorons les paysages carte postale si typiques des Pouilles. Nous p\u00e9dalons \u00e0 travers collines douces et murets de pierre s\u00e8che jusqu\u2019aux c\u00e9l\u00e8bres trulli d\u2019Alberobello \u2013 un must pour tout voyage dans les Pouilles! Nous poursuivons vers Locorotondo, aux maisons d\u2019un blanc immacul\u00e9, puis Martina Franca, r\u00e9put\u00e9e pour ses palais baroques. En fin de journ\u00e9e, nous rejoignons Otrante, o\u00f9 se trouve notre h\u00f4tel pour les prochains jours.<\/p>\n<p><em>Parcours e-bike: env. 50 km<\/em><\/p>\n<p>&nbsp;<\/p>\n<h4>6e jour \u2013 Au fil de la c\u00f4te adriatique jusqu\u2019\u00e0 Torre dell\u2019Orso<\/h4>\n<p>Nous suivons la c\u00f4te au nord d\u2019Otrante, entre falaises blanches et c\u00e9l\u00e8bres formations rocheuses de Sant\u2019Andrea. Les plus endurants pourront prolonger la balade jusqu\u2019\u00e0 la r\u00e9serve naturelle Le Cesine \u2013 une oasis de dunes, de lacs et d\u2019oiseaux migrateurs. Apr\u00e8s-midi libre pour l\u00e9zarder au bord de la mer ou \u00e0 l\u2019h\u00f4tel.<\/p>\n<p><em>Parcours e-bike: env. 20-30 km<\/em><\/p>\n<p>&nbsp;<\/p>\n<h4>7e jour \u2013 A travers l\u2019arri\u00e8re-pays &amp; la ville viticole de Galatina<\/h4>\n<p>Notre itin\u00e9raire du jour nous conduit au coeur du Salento. Entre oliviers mill\u00e9naires, murets de pierre et petits villages, nous traversons une r\u00e9gion que l\u2019on surnomme la \u00abGr\u00e8ce des Pouilles\u00bb. Une d\u00e9gustation de vin accompagn\u00e9e d\u2019un l\u00e9ger en-cas nous attend \u00e0 Galatina \u2013 un bel aper\u00e7u de l\u2019\u00e2me gastronomique du sud de l\u2019Italie.<\/p>\n<p><em>Parcours e-bike: env. 40 km<\/em><\/p>\n<p>&nbsp;<\/p>\n<h4>8e jour \u2013 Santa Maria di Leuca &amp; Otrante \u2013 Le sud des Pouilles<\/h4>\n<p>Pour notre derni\u00e8re excursion, cap sur l\u2019extr\u00e9mit\u00e9 m\u00e9ridionale des Pouilles: Santa Maria di Leuca, o\u00f9 la mer Ionienne et la mer Adriatique se rencontrent. Nous longeons la c\u00f4te parsem\u00e9e de falaises blanches et de criques turquoise jusqu\u2019\u00e0 Otrante. Une promenade dans la vieille ville suivie d\u2019un d\u00eener en commun vient cl\u00f4turer ce magnifique voyage.<\/p>\n<p><em>Parcours e-bike: env. 50 km<\/em><\/p>\n<p>&nbsp;<\/p>\n<h4>9e jour \u2013 Nuit interm\u00e9diaire \u00e0 Pesaro<\/h4>\n<p>Nous quittons les Pouilles et reprenons la route vers le nord jusqu\u2019\u00e0 Pesaro. Repas du soir et nuit \u00e0 l\u2019h\u00f4tel.<\/p>\n<p>&nbsp;<\/p>\n<h4>10e jour \u2013 Retour<\/h4>\n<p>Voyage pour rentrer en Suisse apr\u00e8s ces journ\u00e9es riches de belles d\u00e9couvertes et d\u2019impressions.<\/p>\n[\/vc_column_text][vc_empty_space][\/vc_column][vc_column width=\u00a0\u00bb1\/2&Prime;]\n    <div class=\"cartours-event-coloured-box\">\n        <div class=\"inner-box \">\n    <div class=\"inner-header\">\n        <h3>Compris dans le prix!<\/h3>\n    <\/div>\n    <div class=\"inner-content\">\n        [vc_column_text css=\u00a0\u00bb\u00a0\u00bb]\n<ul>\n<li>Trajet en car sp\u00e9cial tout confort<\/li>\n<li>Transport des e-bikes dans une remorque professionnelle<\/li>\n<li>1 nuit dans un bon h\u00f4tel de classe moyenne, dans la r\u00e9gion de Rimini\/Milano Marittima<\/li>\n<li>3 nuits \u00e0 l\u2019h\u00f4tel Lo Smeraldo ****, \u00e0 Cisternino<\/li>\n<li>4 nuits \u00e0 l\u2019h\u00f4tel Basiliani ****, \u00e0 Otrante<\/li>\n<li>1 nuit dans un bon h\u00f4tel de classe moyenne, dans la r\u00e9gion de Pesaro<\/li>\n<li>9 x petit d\u00e9jeuner \u00e0 l\u2019h\u00f4tel<\/li>\n<li>9 x repas du soir \u00e0 l\u2019h\u00f4tel<\/li>\n<li>Visite guid\u00e9e de 2h \u00e0 Matera<\/li>\n<li>D\u00e9gustation de vin et collation<\/li>\n<li>Tous les parcours e-bike selon programme<\/li>\n<li>Deux guides exp\u00e9riment\u00e9s pour tous les tours en e-bike<\/li>\n<li>Gratuit: chaque participant re\u00e7oit un article de sport e-Bike-tours.ch \u00e0 choix<\/li>\n<\/ul>\n[\/vc_column_text]    <\/div>\n<\/div>\n    <\/div>\n    <div class=\"cartours-event-coloured-box\">\n        <div class=\"inner-box \">\n    <div class=\"inner-header\">\n        <h3>Vos dates de voyage<\/h3>\n    <\/div>\n    <div class=\"inner-content\">\n        \n    <div class=\"cartours-event-reisedaten\">\n        <div class=\"inner-box \">\n    <h3 style=\"color: red;\">This content element can be used ONLY on tour's single page!<\/h3><\/div>\n    <\/div>    <\/div>\n<\/div>\n    <\/div>\n    <div class=\"cartours-event-coloured-box\">\n        <div class=\"inner-box \">\n    <div class=\"inner-header\">\n        <h3>Notre prix sp\u00e9cial pour vous<\/h3>\n    <\/div>\n    <div class=\"inner-content\">\n        \n    <div class=\"cartours-event-hotels_info\">\n        <div class=\"inner-box \">\n    <h3 style=\"color: red;\">This content element can be used ONLY on tour's single page!<\/h3><\/div>\n    <\/div>[vc_column_text css=\u00a0\u00bb\u00a0\u00bb]<strong>Non inclus\/en option:<\/strong><br \/>\nSuppl\u00e9ment chambre individuelle: Fr. 399.-<br \/>\nSuppl\u00e9ment saisonnier d\u00e9part 18.9: Fr. 50.-<br \/>\nSur demande: location e-bike: Fr. 36.- par jour<\/p>\n<p><strong>Choisissez votre lieu de d\u00e9part (tous avec possibilit\u00e9 de parking):<\/strong><br \/>\nTavel, Cossonay, Vernier[\/vc_column_text]    <\/div>\n<\/div>\n    <\/div>\n    <div class=\"cartours-event-coloured-box\">\n        <div class=\"inner-box \">\n    <div class=\"inner-header\">\n        <h3>Parcours e-bike:<\/h3>\n    <\/div>\n    <div class=\"inner-content\">\n        [vc_column_text css=\u00a0\u00bb\u00a0\u00bb]Les itin\u00e9raires empruntent des chemins bien am\u00e9nag\u00e9s, des routes de campagne tranquilles et quelques tron\u00e7ons en gravier. Les mont\u00e9es sont ais\u00e9ment ma\u00eetrisables gr\u00e2ce \u00e0 l\u2019assistance \u00e9lectrique. Nous recommandons l\u2019utilisation d\u2019un e-bike \u00e9quip\u00e9 de pneus trekking.<\/p>\n<p>10 jours<br \/>\n6 tours en e-bike<br \/>\n245-255 km[\/vc_column_text]    <\/div>\n<\/div>\n    <\/div>[vc_empty_space][vc_single_image image=\u00a0\u00bb134178&Prime; alignment=\u00a0\u00bbcenter\u00a0\u00bb css=\u00a0\u00bb\u00a0\u00bb][vc_empty_space]<div class=\"theme-button-wrap textcenter wpex-clr\"><a href=\"https:\/\/e-bike-tours.ch\/fr\/sur-nous\/nos-e-bikes-de-location\/\" class=\"vcex-button theme-button medium align-center inline\"><span class=\"vcex-button-inner theme-button-inner wpex-flex wpex-flex-wrap wpex-items-center wpex-justify-center\">En savoir plus ici!<\/span><\/a><\/div> [\/vc_column][\/vc_row][\/vc_section]\n<\/div>","protected":false},"excerpt":{"rendered":"<p>[vc_section][vc_row][vc_column width=\u00a0\u00bb1\/2&Prime;][vc_acf field_group=\u00a0\u00bb2968&Prime; field_from_2968=\u00a0\u00bbfield_5d7a4a45000c9&Prime;][vc_empty_space][\/vc_column][vc_column width=\u00a0\u00bb1\/2&Prime;][\/vc_column][\/vc_row][\/vc_section][vc_section el_class=\u00a0\u00bbwk-section\u00a0\u00bb][vc_row][vc_column][\/vc_column][\/vc_row][\/vc_section][vc_section el_class=\u00a0\u00bbwk-section\u00a0\u00bb][vc_row][vc_column width=\u00a0\u00bb1\/2&Prime;][vc_column_text css=\u00a0\u00bb\u00a0\u00bb] Votre programme de voyage 1er jour \u2013 Trajet jusqu\u2019en Emilie-Romagne Trajet en car sp\u00e9cial tout confort jusqu\u2019en Emilie- Romagne, o\u00f9 nous faisons \u00e9tape pour la nuit. Repas du soir \u00e0 l\u2019h\u00f4tel, pour un d\u00e9but de voyage en toute convivialit\u00e9. &nbsp; 2e jour \u2013 En route pour&hellip;<\/p>\n","protected":false},"author":22,"featured_media":136365,"template":"","tags":[],"cartours_category":[501,503,502],"class_list":["post-136302","cartours_event","type-cartours_event","status-publish","has-post-thumbnail","hentry","cartours_category-e-bike-tours-fr","cartours_category-italie","cartours_category-objectifs-de-la-visite","entry","no-media"],"acf":[],"_links":{"self":[{"href":"https:\/\/e-bike-tours.ch\/fr\/wp-json\/wp\/v2\/cartours_event\/136302","targetHints":{"allow":["GET"]}}],"collection":[{"href":"https:\/\/e-bike-tours.ch\/fr\/wp-json\/wp\/v2\/cartours_event"}],"about":[{"href":"https:\/\/e-bike-tours.ch\/fr\/wp-json\/wp\/v2\/types\/cartours_event"}],"author":[{"embeddable":true,"href":"https:\/\/e-bike-tours.ch\/fr\/wp-json\/wp\/v2\/users\/22"}],"version-history":[{"count":5,"href":"https:\/\/e-bike-tours.ch\/fr\/wp-json\/wp\/v2\/cartours_event\/136302\/revisions"}],"predecessor-version":[{"id":136560,"href":"https:\/\/e-bike-tours.ch\/fr\/wp-json\/wp\/v2\/cartours_event\/136302\/revisions\/136560"}],"wp:featuredmedia":[{"embeddable":true,"href":"https:\/\/e-bike-tours.ch\/fr\/wp-json\/wp\/v2\/media\/136365"}],"wp:attachment":[{"href":"https:\/\/e-bike-tours.ch\/fr\/wp-json\/wp\/v2\/media?parent=136302"}],"wp:term":[{"taxonomy":"post_tag","embeddable":true,"href":"https:\/\/e-bike-tours.ch\/fr\/wp-json\/wp\/v2\/tags?post=136302"},{"taxonomy":"cartours_category","embeddable":true,"href":"https:\/\/e-bike-tours.ch\/fr\/wp-json\/wp\/v2\/cartours_category?post=136302"}],"curies":[{"name":"wp","href":"https:\/\/api.w.org\/{rel}","templated":true}]}}