{"id":136300,"date":"2025-10-30T07:32:13","date_gmt":"2025-10-30T06:32:13","guid":{"rendered":"https:\/\/e-bike-tours.ch\/?post_type=cartours_event&#038;p=136300"},"modified":"2026-02-25T03:57:05","modified_gmt":"2026-02-25T02:57:05","slug":"krk-une-perle-insulaire","status":"publish","type":"cartours_event","link":"https:\/\/e-bike-tours.ch\/fr\/tour\/krk-une-perle-insulaire\/","title":{"rendered":"Krk, une perle insulaire"},"content":{"rendered":"<div class=\"wpb-content-wrapper\">[vc_section][vc_row][vc_column width=\u00a0\u00bb1\/2&Prime;]<div class=\"vcex-page-title vcex-module\"><h1 class=\"vcex-page-title__heading wpex-heading wpex-text-3xl\"><span class=\"vcex-page-title__text\">Krk, une perle insulaire<\/span><\/h1><\/div>[vc_acf field_group=\u00a0\u00bb2968&Prime; field_from_2968=\u00a0\u00bbfield_5d7a4a45000c9&Prime;][vc_empty_space]\n    <div class=\"vc_btn3-container vc_btn3-inline td-online-booking\">\n        <a class=\"theme-button red\" href=\"https:\/\/e-bike-tours.ch\/fr\/offres\/\" target=\"_self\">Plus d'id\u00e9es de voyage<\/a>\n    <\/div>[\/vc_column][vc_column width=\u00a0\u00bb1\/2&Prime;]\n    <div class=\"cartours-event-coloured-box\">\n        <div class=\"inner-box \">\n    <div class=\"inner-header\">\n        <h3>Votre date de voyage<\/h3>\n    <\/div>\n    <div class=\"inner-content\">\n        \n    <div class=\"cartours-event-reisedaten\">\n        <div class=\"inner-box \">\n    <h3 style=\"color: red;\">This content element can be used ONLY on tour's single page!<\/h3><\/div>\n    <\/div>    <\/div>\n<\/div>\n    <\/div>\n    <div class=\"cartours-event-coloured-box\">\n        <div class=\"inner-box \">\n    <div class=\"inner-header\">\n        <h3>Notre prix sp\u00e9cial pour vous<\/h3>\n    <\/div>\n    <div class=\"inner-content\">\n        \n    <div class=\"cartours-event-hotels_info\">\n        <div class=\"inner-box \">\n    <h3 style=\"color: red;\">This content element can be used ONLY on tour's single page!<\/h3><\/div>\n    <\/div>[vc_column_text css=\u00a0\u00bb\u00a0\u00bb]<strong>Non inclus\/en option:<\/strong><br \/>\nSuppl\u00e9ment chambre individuelle: Fr. 200.-<br \/>\nSur demande: location e-bike: Fr. 36.- par jour<\/p>\n<p><strong>Choisissez votre lieu de d\u00e9part (tous avec possibilit\u00e9 de parking):<\/strong><br \/>\nTavel, Cossonay, Vernier[\/vc_column_text]    <\/div>\n<\/div>\n    <\/div>[\/vc_column][\/vc_row][\/vc_section][vc_section el_class=\u00a0\u00bbwk-section\u00a0\u00bb][vc_row][vc_column]<style class=\"vcex-carousel-preload-css\">.vcex_69f39e3683b7c{--wpex-carousel-gap:6px;}.vcex_69f39e3683b7c{--wpex-carousel-columns:1;}.vcex_69f39e3683b7c.wpex-carousel:not(.wpex-carousel--loaded) > *:not(:nth-child(1n+2)){display:flex!important;}@media only screen and (min-width: 480px) {.vcex_69f39e3683b7c{--wpex-carousel-columns:2;}.vcex_69f39e3683b7c.wpex-carousel:not(.wpex-carousel--loaded) > *:not(:nth-child(1n+3)){display:flex!important;}}@media only screen and (min-width: 768px) {.vcex_69f39e3683b7c{--wpex-carousel-columns:3;}.vcex_69f39e3683b7c.wpex-carousel:not(.wpex-carousel--loaded) > *:not(:nth-child(1n+4)){display:flex!important;}}@media only screen and (min-width: 960px) {.vcex_69f39e3683b7c{--wpex-carousel-columns:3;}.vcex_69f39e3683b7c.wpex-carousel:not(.wpex-carousel--loaded) > *:not(:nth-child(1n+4)){display:flex!important;}}<\/style><div class=\"vcex-image-carousel wpex-carousel wpex-carousel-images wpex-clr vcex-module owl-carousel wpex-carousel--render-onload vcex_69f39e3683b7c arrwstyle-default arrwpos-abs wpex-carousel-lightbox\" data-wpex-carousel=\"{&quot;autoplay&quot;:&quot;true&quot;,&quot;slideBy&quot;:1,&quot;margin&quot;:6,&quot;items&quot;:3,&quot;responsive&quot;:{&quot;0&quot;:{&quot;items&quot;:&quot;1&quot;},&quot;480&quot;:{&quot;items&quot;:&quot;2&quot;},&quot;768&quot;:{&quot;items&quot;:&quot;3&quot;},&quot;960&quot;:{&quot;items&quot;:3}},&quot;smartSpeed&quot;:150}\"><div class=\"wpex-carousel-slide\"><figure class=\"wpex-carousel-entry-media entry-media wpex-relative\"><a href=\"https:\/\/e-bike-tours.ch\/wp-content\/uploads\/2025\/10\/ebt_krk_800x500.jpg\" class=\"wpex-carousel-entry-img wpex-carousel-lightbox-item\" data-count=\"1\" data-show_title=\"false\" data-caption=\"e-bike, soleil &amp; d\u00e9tente dans la baie de Kvarner\"><img data-no-lazy=\"1\" class=\"wpex-align-middle skip-lazy\" src=\"https:\/\/e-bike-tours.ch\/wp-content\/uploads\/2025\/10\/ebt_krk_800x500.jpg\" alt=\"\" srcset=\"https:\/\/e-bike-tours.ch\/wp-content\/uploads\/2025\/10\/ebt_krk_800x500.jpg 800w, https:\/\/e-bike-tours.ch\/wp-content\/uploads\/2025\/10\/ebt_krk_800x500-300x188.jpg 300w, https:\/\/e-bike-tours.ch\/wp-content\/uploads\/2025\/10\/ebt_krk_800x500-768x480.jpg 768w\" width=\"800\" height=\"500\"><\/a><\/figure><\/div><div class=\"wpex-carousel-slide\"><figure class=\"wpex-carousel-entry-media entry-media wpex-relative\"><a href=\"https:\/\/ebiketours.rokka.io\/ebiketours-full\/13cb8825b3dc93c315a6f7d9048fae95be38888e\/karte-krk-fr.jpg\" class=\"wpex-carousel-entry-img wpex-carousel-lightbox-item\" data-count=\"2\" data-show_title=\"false\" data-caption=\"Votre itin\u00e9raire\" target=\"_blank\" rel=\"noopener\"><img data-no-lazy=\"1\" class=\"wpex-align-middle skip-lazy\" src=\"https:\/\/ebiketours.rokka.io\/ebiketours-full\/13cb8825b3dc93c315a6f7d9048fae95be38888e\/karte-krk-fr.jpg\" alt=\"\" srcset=\"https:\/\/ebiketours.rokka.io\/ebiketours-full\/13cb8825b3dc93c315a6f7d9048fae95be38888e\/karte-krk-fr.jpg 800w, https:\/\/ebiketours.rokka.io\/ebiketours-medium\/13cb8825b3dc93c315a6f7d9048fae95be38888e\/karte-krk-fr-300x188.jpg 300w, https:\/\/ebiketours.rokka.io\/ebiketours-medium_large\/13cb8825b3dc93c315a6f7d9048fae95be38888e\/karte-krk-fr-768x480.jpg 768w\" width=\"800\" height=\"500\"><\/a><\/figure><\/div><div class=\"wpex-carousel-slide\"><figure class=\"wpex-carousel-entry-media entry-media wpex-relative\"><a href=\"https:\/\/e-bike-tours.ch\/wp-content\/uploads\/2025\/10\/ebt_krk_hotel1_800x500.jpg\" class=\"wpex-carousel-entry-img wpex-carousel-lightbox-item\" data-count=\"3\" data-show_title=\"false\" data-caption=\"Notre h\u00f4tel: le Falkensteiner\nHotel Park Punat ****\"><img data-no-lazy=\"1\" class=\"wpex-align-middle skip-lazy\" src=\"https:\/\/e-bike-tours.ch\/wp-content\/uploads\/2025\/10\/ebt_krk_hotel1_800x500.jpg\" alt=\"\" srcset=\"https:\/\/e-bike-tours.ch\/wp-content\/uploads\/2025\/10\/ebt_krk_hotel1_800x500.jpg 800w, https:\/\/e-bike-tours.ch\/wp-content\/uploads\/2025\/10\/ebt_krk_hotel1_800x500-300x188.jpg 300w, https:\/\/e-bike-tours.ch\/wp-content\/uploads\/2025\/10\/ebt_krk_hotel1_800x500-768x480.jpg 768w\" width=\"800\" height=\"500\"><\/a><\/figure><\/div><div class=\"wpex-carousel-slide\"><figure class=\"wpex-carousel-entry-media entry-media wpex-relative\"><a href=\"https:\/\/e-bike-tours.ch\/wp-content\/uploads\/2025\/10\/ebt_krk_ucka_800x500.jpg\" class=\"wpex-carousel-entry-img wpex-carousel-lightbox-item\" data-count=\"4\" data-show_title=\"false\" data-caption=\"Le parc naturel d\u2019U\u010dka\"><img data-no-lazy=\"1\" class=\"wpex-align-middle skip-lazy\" src=\"https:\/\/e-bike-tours.ch\/wp-content\/uploads\/2025\/10\/ebt_krk_ucka_800x500.jpg\" alt=\"\" srcset=\"https:\/\/e-bike-tours.ch\/wp-content\/uploads\/2025\/10\/ebt_krk_ucka_800x500.jpg 800w, https:\/\/e-bike-tours.ch\/wp-content\/uploads\/2025\/10\/ebt_krk_ucka_800x500-300x188.jpg 300w, https:\/\/e-bike-tours.ch\/wp-content\/uploads\/2025\/10\/ebt_krk_ucka_800x500-768x480.jpg 768w\" width=\"800\" height=\"500\"><\/a><\/figure><\/div><div class=\"wpex-carousel-slide\"><figure class=\"wpex-carousel-entry-media entry-media wpex-relative\"><a href=\"https:\/\/e-bike-tours.ch\/wp-content\/uploads\/2025\/10\/ebt_krk_vrbnik_800x500.jpg\" class=\"wpex-carousel-entry-img wpex-carousel-lightbox-item\" data-count=\"5\" data-show_title=\"false\" data-caption=\"Vrbnik, un village pittoresque\"><img data-no-lazy=\"1\" class=\"wpex-align-middle skip-lazy\" src=\"https:\/\/e-bike-tours.ch\/wp-content\/uploads\/2025\/10\/ebt_krk_vrbnik_800x500.jpg\" alt=\"\" srcset=\"https:\/\/e-bike-tours.ch\/wp-content\/uploads\/2025\/10\/ebt_krk_vrbnik_800x500.jpg 800w, https:\/\/e-bike-tours.ch\/wp-content\/uploads\/2025\/10\/ebt_krk_vrbnik_800x500-300x188.jpg 300w, https:\/\/e-bike-tours.ch\/wp-content\/uploads\/2025\/10\/ebt_krk_vrbnik_800x500-768x480.jpg 768w\" width=\"800\" height=\"500\"><\/a><\/figure><\/div><\/div>[\/vc_column][\/vc_row][\/vc_section][vc_section el_class=\u00a0\u00bbwk-section\u00a0\u00bb][vc_row][vc_column width=\u00a0\u00bb1\/2&Prime;][vc_column_text css=\u00a0\u00bb\u00a0\u00bb]\n<h3>Votre programme de voyage<\/h3>\n<h4>1er jour \u2013 Trajet jusqu\u2019\u00e0 la baie de Kvarner<\/h4>\n<p>Trajet en car sp\u00e9cial tout confort jusqu\u2019\u00e0 la baie de Kvarner. A Punat, sur l\u2019\u00eele de Krk, nous sommes chaleureusement accueillis au Falkensteiner Hotel. Apr\u00e8s le check-in, temps libre pour profiter de l\u2019environnement m\u00e9diterran\u00e9en, se promener au bord de la mer ou se relaxer \u00e0 la piscine. Repas du soir de bienvenue en commun.<\/p>\n<p>&nbsp;<\/p>\n<h4>2e jour \u2013 \u00cele de Krk &amp; village viticole de Vrbnik<\/h4>\n<p>D\u00e9marrage en douceur avec une agr\u00e9able premi\u00e8re boucle \u00e0 travers l\u2019\u00eele. Point fort de la journ\u00e9e, la visite de Vrbnik, un village pittoresque perch\u00e9 au-dessus de la mer, o\u00f9 une d\u00e9gustation de vins locaux nous attend. Sur le chemin du retour, de superbes panoramas sur la c\u00f4te et la mer scintillante nous accompagnent.<\/p>\n<p><em>Parcours e-bike: env. 42 km<\/em><\/p>\n<p>&nbsp;<\/p>\n<h4>3e jour \u2013 \u00cele de Cres &amp; village perch\u00e9 de Lubenice<\/h4>\n<p>D\u00e9couverte aujourd\u2019hui de l\u2019\u00eele voisine de Cres. Au d\u00e9part de la ville du m\u00eame nom, notre itin\u00e9raire conduit au myst\u00e9rieux lac Vrana, avant de rejoindre, par des chemins en macadam, le village de montagne de Lubenice, qui offre une vue spectaculaire sur l\u2019Adriatique. Apr\u00e8s la pause, retour tranquille vers Cres.<\/p>\n<p><em>Parcours e-bike: env. 55 km<\/em><\/p>\n<p>&nbsp;<\/p>\n<h4>4e jour \u2013 Gorski Kotar \u2013 Les sommets verdoyants de la Croatie<\/h4>\n<p>Une journ\u00e9e tout en contrastes: nous quittons la c\u00f4te pour la qui\u00e9tude verdoyante de la r\u00e9gion du Gorski Kotar. L\u2019itin\u00e9raire traverse des for\u00eats, suit de vieux chemins charretiers et passe par des villages encore pr\u00e9serv\u00e9s, jusqu\u2019\u00e0 une halte conviviale au refuge Vagabundo. Une \u00e9tape sauvage et romantique, o\u00f9 la Croatie s\u2019affiche dans toute son authenticit\u00e9.<\/p>\n<p><em>Parcours e-bike: env. 53 km<\/em><\/p>\n<p>&nbsp;<\/p>\n<h4>5e jour \u2013 Parc naturel d\u2019U\u010dka &amp; panorama sur la baie de Kvarner<\/h4>\n<p>Notre derni\u00e8re excursion nous emm\u00e8ne dans le parc naturel d\u2019U\u010dka. Depuis Medveja, nous p\u00e9dalons via Mo\u0161\u0107eni\u010dka Draga jusqu\u2019au sommet du mont Vojak \u2013 o\u00f9 une vue \u00e0 couper le souffle sur toute la baie de Kvarner et les \u00eeles environnantes s\u2019offre \u00e0 nous. Apr\u00e8s une pause, nous redescendons vers Lovran par le col de Poklon, avant de retrouver la c\u00f4te.<\/p>\n<p><em>Parcours e-bike: env. 58 km<\/em><\/p>\n<p>&nbsp;<\/p>\n<h4>6e jour \u2013 Retour<\/h4>\n<p>Nous savourons un dernier petit d\u00e9jeuner avec vue sur l\u2019Adriatique, puis prenons cong\u00e9 de l\u2019\u00e9quipe chaleureuse du Falkensteiner Park Punat. Retour en Suisse, la t\u00eate pleine de souvenirs de soleil, de mer et de joie de vivre croate.<\/p>\n[\/vc_column_text][vc_empty_space][\/vc_column][vc_column width=\u00a0\u00bb1\/2&Prime;]\n    <div class=\"cartours-event-coloured-box\">\n        <div class=\"inner-box \">\n    <div class=\"inner-header\">\n        <h3>Compris dans le prix!<\/h3>\n    <\/div>\n    <div class=\"inner-content\">\n        [vc_column_text css=\u00a0\u00bb\u00a0\u00bb]\n<ul>\n<li>Trajet en car sp\u00e9cial tout confort<\/li>\n<li>Transport des e-bikes dans une remorque professionnelle<\/li>\n<li>5 nuits au Falkensteiner Hotel Park Punat ****, sur l\u2019\u00eele de Krk<\/li>\n<li>5 x petit d\u00e9jeuner \u00e0 l\u2019h\u00f4tel<\/li>\n<li>5 x repas du soir \u00e0 l\u2019h\u00f4tel<\/li>\n<li>Boissons comprises au cours des repas servis en buffet (vin, eau min\u00e9rale, jus)<\/li>\n<li>D\u00e9gustation de vin le 2e jour<\/li>\n<li>Tous les parcours e-bike selon programme<\/li>\n<li>Deux guides exp\u00e9riment\u00e9s pour tous les tours en e-bike<\/li>\n<li>Gratuit: chaque participant re\u00e7oit un article de sport e-Bike-tours.ch \u00e0 choix<\/li>\n<\/ul>\n[\/vc_column_text]    <\/div>\n<\/div>\n    <\/div>\n    <div class=\"cartours-event-coloured-box\">\n        <div class=\"inner-box \">\n    <div class=\"inner-header\">\n        <h3>Votre date de voyage<\/h3>\n    <\/div>\n    <div class=\"inner-content\">\n        \n    <div class=\"cartours-event-reisedaten\">\n        <div class=\"inner-box \">\n    <h3 style=\"color: red;\">This content element can be used ONLY on tour's single page!<\/h3><\/div>\n    <\/div>    <\/div>\n<\/div>\n    <\/div>\n    <div class=\"cartours-event-coloured-box\">\n        <div class=\"inner-box \">\n    <div class=\"inner-header\">\n        <h3>Notre prix sp\u00e9cial pour vous<\/h3>\n    <\/div>\n    <div class=\"inner-content\">\n        \n    <div class=\"cartours-event-hotels_info\">\n        <div class=\"inner-box \">\n    <h3 style=\"color: red;\">This content element can be used ONLY on tour's single page!<\/h3><\/div>\n    <\/div>[vc_column_text css=\u00a0\u00bb\u00a0\u00bb]<strong>Non inclus\/en option:<\/strong><br \/>\nSuppl\u00e9ment chambre individuelle: Fr. 200.-<br \/>\nSur demande: location e-bike: Fr. 36.- par jour<\/p>\n<p><strong>Choisissez votre lieu de d\u00e9part (tous avec possibilit\u00e9 de parking):<\/strong><br \/>\nTavel, Cossonay, Vernier[\/vc_column_text]    <\/div>\n<\/div>\n    <\/div>\n    <div class=\"cartours-event-coloured-box\">\n        <div class=\"inner-box \">\n    <div class=\"inner-header\">\n        <h3>Parcours e-bike:<\/h3>\n    <\/div>\n    <div class=\"inner-content\">\n        [vc_column_text css=\u00a0\u00bb\u00a0\u00bb]Les parcours sont contrast\u00e9s \u2013 tours faciles sur la c\u00f4te, chemins vallonn\u00e9s dans les \u00eeles, \u00e9tapes plus sportives dans l\u2019arri\u00e8re-pays. Les itin\u00e9raires empruntent des routes calmes, des sentiers forestiers et des pistes bien praticables. Gr\u00e2ce \u00e0 l\u2019assistance \u00e9lectrique, les mont\u00e9es les plus raides sont ais\u00e9ment ma\u00eetris\u00e9es.<\/p>\n<p>6 jours<br \/>\n4 tours en e-bike<br \/>\n208 km[\/vc_column_text]    <\/div>\n<\/div>\n    <\/div>\n    <div class=\"cartours-event-coloured-box\">\n        <div class=\"inner-box \">\n    <div class=\"inner-header\">\n        <h3>Notre h\u00f4tel: le Falkensteiner Hotel Park Punat ****<\/h3>\n    <\/div>\n    <div class=\"inner-content\">\n        [vc_column_text css=\u00a0\u00bb\u00a0\u00bb]A l\u2019Acquapura Spa, espace bien-\u00eatre g\u00e9n\u00e9reux dot\u00e9 de piscines int\u00e9rieure et ext\u00e9rieure, sauna, salle de fitness et oasis de repos, vous profitez de moments de d\u00e9tente absolue. C\u00f4t\u00e9 gastronomie, l\u2019h\u00f4tel r\u00e9gale ses h\u00f4tes avec une cuisine m\u00e9diterran\u00e9enne, du poisson frais, des sp\u00e9cialit\u00e9s r\u00e9gionales et des mets internationaux.[\/vc_column_text]    <\/div>\n<\/div>\n    <\/div>[vc_gallery interval=\u00a0\u00bb5&Prime; images=\u00a0\u00bb136120&Prime; img_size=\u00a0\u00bbfull\u00a0\u00bb css=\u00a0\u00bb\u00a0\u00bb][vc_empty_space][vc_single_image image=\u00a0\u00bb134178&Prime; alignment=\u00a0\u00bbcenter\u00a0\u00bb css=\u00a0\u00bb\u00a0\u00bb][vc_empty_space]<div class=\"theme-button-wrap textcenter wpex-clr\"><a href=\"https:\/\/e-bike-tours.ch\/fr\/sur-nous\/nos-e-bikes-de-location\/\" class=\"vcex-button theme-button medium align-center inline\"><span class=\"vcex-button-inner theme-button-inner wpex-flex wpex-flex-wrap wpex-items-center wpex-justify-center\">En savoir plus ici!<\/span><\/a><\/div> [\/vc_column][\/vc_row][\/vc_section]\n<\/div>","protected":false},"excerpt":{"rendered":"<p>[vc_section][vc_row][vc_column width=\u00a0\u00bb1\/2&Prime;][vc_acf field_group=\u00a0\u00bb2968&Prime; field_from_2968=\u00a0\u00bbfield_5d7a4a45000c9&Prime;][vc_empty_space][\/vc_column][vc_column width=\u00a0\u00bb1\/2&Prime;][\/vc_column][\/vc_row][\/vc_section][vc_section el_class=\u00a0\u00bbwk-section\u00a0\u00bb][vc_row][vc_column][\/vc_column][\/vc_row][\/vc_section][vc_section el_class=\u00a0\u00bbwk-section\u00a0\u00bb][vc_row][vc_column width=\u00a0\u00bb1\/2&Prime;][vc_column_text css=\u00a0\u00bb\u00a0\u00bb] Votre programme de voyage 1er jour \u2013 Trajet jusqu\u2019\u00e0 la baie de Kvarner Trajet en car sp\u00e9cial tout confort jusqu\u2019\u00e0 la baie de Kvarner. A Punat, sur l\u2019\u00eele de Krk, nous sommes chaleureusement accueillis au Falkensteiner Hotel. Apr\u00e8s le check-in, temps libre pour profiter de l\u2019environnement&hellip;<\/p>\n","protected":false},"author":22,"featured_media":136126,"template":"","tags":[],"cartours_category":[506,501,502],"class_list":["post-136300","cartours_event","type-cartours_event","status-publish","has-post-thumbnail","hentry","cartours_category-croatie","cartours_category-e-bike-tours-fr","cartours_category-objectifs-de-la-visite","entry","no-media"],"acf":[],"_links":{"self":[{"href":"https:\/\/e-bike-tours.ch\/fr\/wp-json\/wp\/v2\/cartours_event\/136300","targetHints":{"allow":["GET"]}}],"collection":[{"href":"https:\/\/e-bike-tours.ch\/fr\/wp-json\/wp\/v2\/cartours_event"}],"about":[{"href":"https:\/\/e-bike-tours.ch\/fr\/wp-json\/wp\/v2\/types\/cartours_event"}],"author":[{"embeddable":true,"href":"https:\/\/e-bike-tours.ch\/fr\/wp-json\/wp\/v2\/users\/22"}],"version-history":[{"count":4,"href":"https:\/\/e-bike-tours.ch\/fr\/wp-json\/wp\/v2\/cartours_event\/136300\/revisions"}],"predecessor-version":[{"id":136594,"href":"https:\/\/e-bike-tours.ch\/fr\/wp-json\/wp\/v2\/cartours_event\/136300\/revisions\/136594"}],"wp:featuredmedia":[{"embeddable":true,"href":"https:\/\/e-bike-tours.ch\/fr\/wp-json\/wp\/v2\/media\/136126"}],"wp:attachment":[{"href":"https:\/\/e-bike-tours.ch\/fr\/wp-json\/wp\/v2\/media?parent=136300"}],"wp:term":[{"taxonomy":"post_tag","embeddable":true,"href":"https:\/\/e-bike-tours.ch\/fr\/wp-json\/wp\/v2\/tags?post=136300"},{"taxonomy":"cartours_category","embeddable":true,"href":"https:\/\/e-bike-tours.ch\/fr\/wp-json\/wp\/v2\/cartours_category?post=136300"}],"curies":[{"name":"wp","href":"https:\/\/api.w.org\/{rel}","templated":true}]}}