{"id":136298,"date":"2025-10-30T07:36:46","date_gmt":"2025-10-30T06:36:46","guid":{"rendered":"https:\/\/e-bike-tours.ch\/?post_type=cartours_event&#038;p=136298"},"modified":"2026-01-22T10:30:07","modified_gmt":"2026-01-22T09:30:07","slug":"la-fascination-de-lalbanie","status":"publish","type":"cartours_event","link":"https:\/\/e-bike-tours.ch\/fr\/tour\/la-fascination-de-lalbanie\/","title":{"rendered":"La fascination de l&rsquo;Albanie"},"content":{"rendered":"<div class=\"wpb-content-wrapper\">[vc_section][vc_row][vc_column width=\u00a0\u00bb1\/2&Prime;]<div class=\"vcex-page-title vcex-module\"><h1 class=\"vcex-page-title__heading wpex-heading wpex-text-3xl\"><span class=\"vcex-page-title__text\">La fascination de l&rsquo;Albanie<\/span><\/h1><\/div>[vc_acf field_group=\u00a0\u00bb2968&Prime; field_from_2968=\u00a0\u00bbfield_5d7a4a45000c9&Prime;][vc_empty_space]\n    <div class=\"vc_btn3-container vc_btn3-inline td-online-booking\">\n        <a class=\"theme-button red\" href=\"https:\/\/e-bike-tours.ch\/fr\/offres\/\" target=\"_self\">Plus d'id\u00e9es de voyage<\/a>\n    <\/div>[\/vc_column][vc_column width=\u00a0\u00bb1\/2&Prime;]\n    <div class=\"cartours-event-coloured-box\">\n        <div class=\"inner-box \">\n    <div class=\"inner-header\">\n        <h3>Votre date de voyage exlusive<\/h3>\n    <\/div>\n    <div class=\"inner-content\">\n        \n    <div class=\"cartours-event-reisedaten\">\n        <div class=\"inner-box \">\n    <h3 style=\"color: red;\">This content element can be used ONLY on tour's single page!<\/h3><\/div>\n    <\/div>    <\/div>\n<\/div>\n    <\/div>\n    <div class=\"cartours-event-coloured-box\">\n        <div class=\"inner-box \">\n    <div class=\"inner-header\">\n        <h3>Notre prix sp\u00e9cial pour vous<\/h3>\n    <\/div>\n    <div class=\"inner-content\">\n        \n    <div class=\"cartours-event-hotels_info\">\n        <div class=\"inner-box \">\n    <h3 style=\"color: red;\">This content element can be used ONLY on tour's single page!<\/h3><\/div>\n    <\/div>[vc_column_text css=\u00a0\u00bb\u00a0\u00bb]<strong>Non inclus\/en option:<\/strong><br \/>\nSuppl\u00e9ment chambre individuelle: Fr. 249.-<\/p>\n<p><strong>Vols:<\/strong> de\/\u00e0 Gen\u00e8ve[\/vc_column_text]    <\/div>\n<\/div>\n    <\/div>[\/vc_column][\/vc_row][\/vc_section][vc_section el_class=\u00a0\u00bbwk-section\u00a0\u00bb][vc_row][vc_column]<style class=\"vcex-carousel-preload-css\">.vcex_69f3c1a971ba6{--wpex-carousel-gap:6px;}.vcex_69f3c1a971ba6{--wpex-carousel-columns:1;}.vcex_69f3c1a971ba6.wpex-carousel:not(.wpex-carousel--loaded) > *:not(:nth-child(1n+2)){display:flex!important;}@media only screen and (min-width: 480px) {.vcex_69f3c1a971ba6{--wpex-carousel-columns:2;}.vcex_69f3c1a971ba6.wpex-carousel:not(.wpex-carousel--loaded) > *:not(:nth-child(1n+3)){display:flex!important;}}@media only screen and (min-width: 768px) {.vcex_69f3c1a971ba6{--wpex-carousel-columns:3;}.vcex_69f3c1a971ba6.wpex-carousel:not(.wpex-carousel--loaded) > *:not(:nth-child(1n+4)){display:flex!important;}}@media only screen and (min-width: 960px) {.vcex_69f3c1a971ba6{--wpex-carousel-columns:3;}.vcex_69f3c1a971ba6.wpex-carousel:not(.wpex-carousel--loaded) > *:not(:nth-child(1n+4)){display:flex!important;}}<\/style><div class=\"vcex-image-carousel wpex-carousel wpex-carousel-images wpex-clr vcex-module owl-carousel wpex-carousel--render-onload vcex_69f3c1a971ba6 arrwstyle-default arrwpos-abs wpex-carousel-lightbox\" data-wpex-carousel=\"{&quot;autoplay&quot;:&quot;true&quot;,&quot;slideBy&quot;:1,&quot;margin&quot;:6,&quot;items&quot;:3,&quot;responsive&quot;:{&quot;0&quot;:{&quot;items&quot;:&quot;1&quot;},&quot;480&quot;:{&quot;items&quot;:&quot;2&quot;},&quot;768&quot;:{&quot;items&quot;:&quot;3&quot;},&quot;960&quot;:{&quot;items&quot;:3}},&quot;smartSpeed&quot;:150}\"><div class=\"wpex-carousel-slide\"><figure class=\"wpex-carousel-entry-media entry-media wpex-relative\"><a href=\"https:\/\/e-bike-tours.ch\/wp-content\/uploads\/2025\/10\/Albanien_Bucht_800x500.jpg\" title=\"Traumhafte K\u00fcsten\" class=\"wpex-carousel-entry-img wpex-carousel-lightbox-item\" data-title=\"Traumhafte K\u00fcsten\" data-count=\"1\" data-show_title=\"false\" data-caption=\"La fascination de l\u2019Albanie\"><img data-no-lazy=\"1\" class=\"wpex-align-middle skip-lazy\" alt=\"Traumhafte K\u00fcsten\" src=\"https:\/\/e-bike-tours.ch\/wp-content\/uploads\/2025\/10\/Albanien_Bucht_800x500.jpg\" srcset=\"https:\/\/e-bike-tours.ch\/wp-content\/uploads\/2025\/10\/Albanien_Bucht_800x500.jpg 800w, https:\/\/e-bike-tours.ch\/wp-content\/uploads\/2025\/10\/Albanien_Bucht_800x500-300x188.jpg 300w, https:\/\/e-bike-tours.ch\/wp-content\/uploads\/2025\/10\/Albanien_Bucht_800x500-768x480.jpg 768w\" width=\"800\" height=\"500\"><\/a><\/figure><\/div><div class=\"wpex-carousel-slide\"><figure class=\"wpex-carousel-entry-media entry-media wpex-relative\"><a href=\"https:\/\/ebiketours.rokka.io\/ebiketours-full\/af33b3d97d194d614972c8e6fb734f9279c388c2\/karte-albanien-fr.jpg\" class=\"wpex-carousel-entry-img wpex-carousel-lightbox-item\" data-count=\"2\" data-show_title=\"false\" data-caption=\"Votre itin\u00e9raire\" target=\"_blank\" rel=\"noopener\"><img data-no-lazy=\"1\" class=\"wpex-align-middle skip-lazy\" src=\"https:\/\/ebiketours.rokka.io\/ebiketours-full\/af33b3d97d194d614972c8e6fb734f9279c388c2\/karte-albanien-fr.jpg\" alt=\"\" srcset=\"https:\/\/ebiketours.rokka.io\/ebiketours-full\/af33b3d97d194d614972c8e6fb734f9279c388c2\/karte-albanien-fr.jpg 800w, https:\/\/ebiketours.rokka.io\/ebiketours-medium\/af33b3d97d194d614972c8e6fb734f9279c388c2\/karte-albanien-fr-300x188.jpg 300w, https:\/\/ebiketours.rokka.io\/ebiketours-medium_large\/af33b3d97d194d614972c8e6fb734f9279c388c2\/karte-albanien-fr-768x480.jpg 768w\" width=\"800\" height=\"500\"><\/a><\/figure><\/div><div class=\"wpex-carousel-slide\"><figure class=\"wpex-carousel-entry-media entry-media wpex-relative\"><a href=\"https:\/\/e-bike-tours.ch\/wp-content\/uploads\/2025\/10\/Albanien_Tour_800x500.jpg\" title=\"Albanien mit dem e-Bike entdecken\" class=\"wpex-carousel-entry-img wpex-carousel-lightbox-item\" data-title=\"Albanien mit dem e-Bike entdecken\" data-count=\"3\" data-show_title=\"false\" data-caption=\"Albanien mit dem e-Bike entdecken\" data-><img data-no-lazy=\"1\" class=\"wpex-align-middle skip-lazy\" alt=\"Albanien mit dem e-Bike entdecken\" src=\"https:\/\/e-bike-tours.ch\/wp-content\/uploads\/2025\/10\/Albanien_Tour_800x500.jpg\" srcset=\"https:\/\/e-bike-tours.ch\/wp-content\/uploads\/2025\/10\/Albanien_Tour_800x500.jpg 800w, https:\/\/e-bike-tours.ch\/wp-content\/uploads\/2025\/10\/Albanien_Tour_800x500-300x188.jpg 300w, https:\/\/e-bike-tours.ch\/wp-content\/uploads\/2025\/10\/Albanien_Tour_800x500-768x480.jpg 768w\" width=\"800\" height=\"500\"><\/a><\/figure><\/div><div class=\"wpex-carousel-slide\"><figure class=\"wpex-carousel-entry-media entry-media wpex-relative\"><a href=\"https:\/\/e-bike-tours.ch\/wp-content\/uploads\/2025\/10\/Albanien_Tirana_800x500.jpg\" title=\"Tirana\" class=\"wpex-carousel-entry-img wpex-carousel-lightbox-item\" data-title=\"Tirana\" data-count=\"4\" data-show_title=\"false\" data-caption=\"Tirana\" data-><img data-no-lazy=\"1\" class=\"wpex-align-middle skip-lazy\" alt=\"Tirana\" src=\"https:\/\/e-bike-tours.ch\/wp-content\/uploads\/2025\/10\/Albanien_Tirana_800x500.jpg\" srcset=\"https:\/\/e-bike-tours.ch\/wp-content\/uploads\/2025\/10\/Albanien_Tirana_800x500.jpg 800w, https:\/\/e-bike-tours.ch\/wp-content\/uploads\/2025\/10\/Albanien_Tirana_800x500-300x188.jpg 300w, https:\/\/e-bike-tours.ch\/wp-content\/uploads\/2025\/10\/Albanien_Tirana_800x500-768x480.jpg 768w\" width=\"800\" height=\"500\"><\/a><\/figure><\/div><div class=\"wpex-carousel-slide\"><figure class=\"wpex-carousel-entry-media entry-media wpex-relative\"><a href=\"https:\/\/e-bike-tours.ch\/wp-content\/uploads\/2025\/10\/Albanien_Saranda_800x500.jpg\" title=\"Saranda\" class=\"wpex-carousel-entry-img wpex-carousel-lightbox-item\" data-title=\"Saranda\" data-count=\"5\" data-show_title=\"false\" data-caption=\"Saranda\" data-><img data-no-lazy=\"1\" class=\"wpex-align-middle skip-lazy\" alt=\"Saranda\" src=\"https:\/\/e-bike-tours.ch\/wp-content\/uploads\/2025\/10\/Albanien_Saranda_800x500.jpg\" srcset=\"https:\/\/e-bike-tours.ch\/wp-content\/uploads\/2025\/10\/Albanien_Saranda_800x500.jpg 800w, https:\/\/e-bike-tours.ch\/wp-content\/uploads\/2025\/10\/Albanien_Saranda_800x500-300x188.jpg 300w, https:\/\/e-bike-tours.ch\/wp-content\/uploads\/2025\/10\/Albanien_Saranda_800x500-768x480.jpg 768w\" width=\"800\" height=\"500\"><\/a><\/figure><\/div><div class=\"wpex-carousel-slide\"><figure class=\"wpex-carousel-entry-media entry-media wpex-relative\"><a href=\"https:\/\/e-bike-tours.ch\/wp-content\/uploads\/2025\/10\/Albanien_Gjirokastra_800x500.jpg\" title=\"Stadt der Steine Gjirokastra\" class=\"wpex-carousel-entry-img wpex-carousel-lightbox-item\" data-title=\"Stadt der Steine Gjirokastra\" data-count=\"6\" data-show_title=\"false\" data-caption=\"Gjirokastra, la ville de pierre\" data-><img data-no-lazy=\"1\" class=\"wpex-align-middle skip-lazy\" alt=\"Stadt der Steine Gjirokastra\" src=\"https:\/\/e-bike-tours.ch\/wp-content\/uploads\/2025\/10\/Albanien_Gjirokastra_800x500.jpg\" srcset=\"https:\/\/e-bike-tours.ch\/wp-content\/uploads\/2025\/10\/Albanien_Gjirokastra_800x500.jpg 800w, https:\/\/e-bike-tours.ch\/wp-content\/uploads\/2025\/10\/Albanien_Gjirokastra_800x500-300x188.jpg 300w, https:\/\/e-bike-tours.ch\/wp-content\/uploads\/2025\/10\/Albanien_Gjirokastra_800x500-768x480.jpg 768w\" width=\"800\" height=\"500\"><\/a><\/figure><\/div><div class=\"wpex-carousel-slide\"><figure class=\"wpex-carousel-entry-media entry-media wpex-relative\"><a href=\"https:\/\/e-bike-tours.ch\/wp-content\/uploads\/2025\/10\/Albanien_Butrint_800x500.jpg\" title=\"Antike St\u00e4tte Butrint\" class=\"wpex-carousel-entry-img wpex-carousel-lightbox-item\" data-title=\"Antike St\u00e4tte Butrint\" data-count=\"7\" data-show_title=\"false\" data-caption=\"Site antique de Butrint\" data-><img data-no-lazy=\"1\" class=\"wpex-align-middle skip-lazy\" alt=\"Antike St\u00e4tte Butrint\" src=\"https:\/\/e-bike-tours.ch\/wp-content\/uploads\/2025\/10\/Albanien_Butrint_800x500.jpg\" srcset=\"https:\/\/e-bike-tours.ch\/wp-content\/uploads\/2025\/10\/Albanien_Butrint_800x500.jpg 800w, https:\/\/e-bike-tours.ch\/wp-content\/uploads\/2025\/10\/Albanien_Butrint_800x500-300x188.jpg 300w, https:\/\/e-bike-tours.ch\/wp-content\/uploads\/2025\/10\/Albanien_Butrint_800x500-768x480.jpg 768w\" width=\"800\" height=\"500\"><\/a><\/figure><\/div><div class=\"wpex-carousel-slide\"><figure class=\"wpex-carousel-entry-media entry-media wpex-relative\"><a href=\"https:\/\/e-bike-tours.ch\/wp-content\/uploads\/2025\/10\/Albanien_Berat_800x500.jpg\" title=\"Stadt der tausend Fenster Berat\" class=\"wpex-carousel-entry-img wpex-carousel-lightbox-item\" data-title=\"Stadt der tausend Fenster Berat\" data-count=\"8\" data-show_title=\"false\" data-caption=\"Berat, ville aux mille fen\u00eatres\" data-><img data-no-lazy=\"1\" class=\"wpex-align-middle skip-lazy\" alt=\"Stadt der tausend Fenster Berat\" src=\"https:\/\/e-bike-tours.ch\/wp-content\/uploads\/2025\/10\/Albanien_Berat_800x500.jpg\" srcset=\"https:\/\/e-bike-tours.ch\/wp-content\/uploads\/2025\/10\/Albanien_Berat_800x500.jpg 800w, https:\/\/e-bike-tours.ch\/wp-content\/uploads\/2025\/10\/Albanien_Berat_800x500-300x188.jpg 300w, https:\/\/e-bike-tours.ch\/wp-content\/uploads\/2025\/10\/Albanien_Berat_800x500-768x480.jpg 768w\" width=\"800\" height=\"500\"><\/a><\/figure><\/div><\/div>[\/vc_column][\/vc_row][\/vc_section][vc_section el_class=\u00a0\u00bbwk-section\u00a0\u00bb][vc_row][vc_column width=\u00a0\u00bb1\/2&Prime;][vc_column_text css=\u00a0\u00bb\u00a0\u00bb]\n<h3>Votre programme de voyage<\/h3>\n<h4>1er jour, mardi 12 mai 2026 \u2013 Vol pour Tirana<\/h4>\n<p>Vol avec correspondance \u00e0 Tirana. A la faveur d\u2019une visite guid\u00e9e, nous d\u00e9couvrons les multiples facettes de cette capitale en plein essor \u2013 de la place Skanderbeg aux quartiers color\u00e9s de Blloku et Pazari i Ri. Temps libre pour une d\u00e9couverte individuelle. Repas du soir en commun \u00e0 l\u2019h\u00f4tel.<\/p>\n<p>&nbsp;<\/p>\n<h4>2e jour, mercredi 13 mai 2026 \u2013 Tirana \u2013 Lac d\u2019Ohrid \u2013 Pogradec<\/h4>\n<p>En car, trajet \u00e0 travers cols et vall\u00e9es par l\u2019ancienne Via Egnatia jusqu\u2019au col Qaf\u00eb-Than\u00eb, \u00e0 1000 m d\u2019altitude. C\u2019est l\u00e0 que d\u00e9bute notre premi\u00e8re randonn\u00e9e en e-bike, le long de la rive ouest du lac d\u2019Ohrid. Nous p\u00e9dalons \u00e0 travers de petits villages et profitons de coups d\u2019oeil splendides sur le lac et les montagnes. Notre destination est Pogradec \u2013 notre h\u00f4tel se trouve au bord du lac.<\/p>\n<p><em>Parcours e-bike: env. 40 km<\/em><\/p>\n<p>&nbsp;<\/p>\n<h4>3e jour, jeudi 14 mai 2026 \u2013 Pogradec \u2013 Kor\u00e7a \u2013 Vall\u00e9e de la Vjosa \u2013 P\u00ebrmet<\/h4>\n<p>Apr\u00e8s le petit d\u00e9jeuner, transfert en car \u00e0 Kor\u00e7a pour une rapide visite de la ville. Notre itin\u00e9raire nous conduit ensuite au col de Barmash, \u00e0 travers les magnifiques paysages montagneux du sud de l\u2019Albanie. Apr\u00e8s la pause de midi \u00e0 G\u00ebrmenj\u00eb, nous poursuivons par Leskovik et le parc national de la vall\u00e9e de la Vjosa jusqu\u2019\u00e0 la charmante bourgade de P\u00ebrmet.<\/p>\n<p><em>Parcours e-bike: env. 60 km<\/em><\/p>\n<p>&nbsp;<\/p>\n<h4>4e jour, vendredi 15 mai 2026 \u2013 P\u00ebrmet \u2013 Gjirokastra \u2013 Saranda<\/h4>\n<p>De P\u00ebrmet, nous p\u00e9dalons \u00e0 travers la spectaculaire vall\u00e9e de la Vjosa, jusqu\u2019\u00e0 K\u00eblcyra, puis en direction de Gjirokastra, patrimoine culturel mondial UNESCO et surnomm\u00e9e la \u00abville de pierre\u00bb. Apr\u00e8s la visite guid\u00e9e du centre historique et de sa puissante citadelle, nous repartons l\u2019apr\u00e8s-midi vers la c\u00f4te, jusqu\u2019\u00e0 Saranda \u2013 face \u00e0 l\u2019\u00eele grecque de Corfou.<\/p>\n<p><em>Parcours e-bike: env. 70 km<\/em><\/p>\n<p>&nbsp;<\/p>\n<h4>5e jour, samedi 16 mai 2026 \u2013 Saranda \u2013 Butrint \u2013 Himara<\/h4>\n<p>D\u00e9part ce matin pour la ville antique de Butrint, patrimoine UNESCO et l\u2019un des sites arch\u00e9ologiques majeurs du pays. Entre colonnes, amphith\u00e9\u00e2tre et vieilles murailles, nous marchons sur les traces des civilisations grecque, romaine, byzantine et v\u00e9nitienne. Au fil de la spectaculaire route c\u00f4ti\u00e8re qui nous d\u00e9voile de merveilleux panoramas sur la mer et les montagnes, nous roulons jusqu\u2019\u00e0 Himara.<\/p>\n<p><em>Parcours e-bike: env. 55 km<\/em><\/p>\n<p>&nbsp;<\/p>\n<h4>6e jour, dimanche 17 mai 2026 \u2013 Himara \u2013 Col de Llogara \u2013 Vlora<\/h4>\n<p>L\u2019une des plus belles, mais aussi des plus exigeantes \u00e9tapes du circuit: nous gravissons le l\u00e9gendaire col de Llogara \u2013 \u00e9galement appel\u00e9 \u00abCol de C\u00e9sar\u00bb \u2013 et traversons le parc national, connu pour ses pins noirs et ses aigles royaux. Au sommet, nous savourons un panorama spectaculaire sur la c\u00f4te ionienne, avant d\u2019aborder la longue descente panoramique vers Vlora.<\/p>\n<p><em>Parcours e-bike: env. 65 km<\/em><\/p>\n<p>&nbsp;<\/p>\n<h4>7e jour, lundi 18 mai 2026 \u2013 Vlora \u2013 Lagune de Zvernec \u2013 Berat \u2013 Tirana<\/h4>\n<p>A travers des for\u00eats de pins, nous cheminons aujourd\u2019hui le long de la baie de Vlora jusqu\u2019\u00e0 la paisible lagune de Zvernec. Continuation ensuite vers Berat, la \u00abville aux mille fen\u00eatres\u00bb. Apr\u00e8s une courte visite du ch\u00e2teau et du quartier historique de Mangalem, nous retrouvons Tirana.<\/p>\n<p><em>Parcours e-bike: env. 44 km<\/em><\/p>\n<p>&nbsp;<\/p>\n<h4>8e jour, mardi 19 mai 2026 \u2013 Retour<\/h4>\n<p>Apr\u00e8s cette semaine sous le signe de la nature, de la culture et de l\u2019hospitalit\u00e9 albanaise, il est temps de rejoindre l\u2019a\u00e9roport de Tirana pour notre vol retour SWISS \u00e0 destination de Gen\u00e8ve.<\/p>\n[\/vc_column_text][vc_empty_space][\/vc_column][vc_column width=\u00a0\u00bb1\/2&Prime;]\n    <div class=\"cartours-event-coloured-box\">\n        <div class=\"inner-box \">\n    <div class=\"inner-header\">\n        <h3>Compris dans le prix!<\/h3>\n    <\/div>\n    <div class=\"inner-content\">\n        [vc_column_text css=\u00a0\u00bb\u00a0\u00bb]\n<ul>\n<li>Vols avec correspondance Gen\u00e8ve\u2013Tirana et Tirana\u2013 Gen\u00e8ve en classe \u00c9conomique<\/li>\n<li>Toutes les taxes a\u00e9roportuaires, frais &amp; suppl\u00e9ment carburant<\/li>\n<li>Tous les transferts n\u00e9cessaires<\/li>\n<li>7 nuits en h\u00f4tels de bonne classe moyenne<\/li>\n<li>7 x petit d\u00e9jeuner \u00e0 l\u2019h\u00f4tel<\/li>\n<li>7 x repas du soir<\/li>\n<li>Visite guid\u00e9e de Tirana<\/li>\n<li>Visite guid\u00e9e de Gjirokastra<\/li>\n<li>Visite guid\u00e9e de Saranda<\/li>\n<li>Visite du site arch\u00e9ologique UNESCO de Butrint<\/li>\n<li>Location d\u2019un e-bike<\/li>\n<li>Tous les parcours e-bike selon programme<\/li>\n<li>Deux guides exp\u00e9riment\u00e9s pour tous les tours en e-bike<\/li>\n<li>Gratuit: chaque participant re\u00e7oit un article de sport e-Bike-tours.ch \u00e0 choix<\/li>\n<\/ul>\n[\/vc_column_text]    <\/div>\n<\/div>\n    <\/div>\n    <div class=\"cartours-event-coloured-box\">\n        <div class=\"inner-box \">\n    <div class=\"inner-header\">\n        <h3>Votre date de voyage exlusive<\/h3>\n    <\/div>\n    <div class=\"inner-content\">\n        \n    <div class=\"cartours-event-reisedaten\">\n        <div class=\"inner-box \">\n    <h3 style=\"color: red;\">This content element can be used ONLY on tour's single page!<\/h3><\/div>\n    <\/div>    <\/div>\n<\/div>\n    <\/div>\n    <div class=\"cartours-event-coloured-box\">\n        <div class=\"inner-box \">\n    <div class=\"inner-header\">\n        <h3>Notre prix sp\u00e9cial pour vous<\/h3>\n    <\/div>\n    <div class=\"inner-content\">\n        \n    <div class=\"cartours-event-hotels_info\">\n        <div class=\"inner-box \">\n    <h3 style=\"color: red;\">This content element can be used ONLY on tour's single page!<\/h3><\/div>\n    <\/div>[vc_column_text css=\u00a0\u00bb\u00a0\u00bb]<strong>Non inclus\/en option:<\/strong><br \/>\nSuppl\u00e9ment chambre individuelle: Fr. 249.-<\/p>\n<p><strong>Vols:<\/strong> de\/\u00e0 Gen\u00e8ve[\/vc_column_text]    <\/div>\n<\/div>\n    <\/div>\n    <div class=\"cartours-event-coloured-box\">\n        <div class=\"inner-box \">\n    <div class=\"inner-header\">\n        <h3>Parcours e-bike:<\/h3>\n    <\/div>\n    <div class=\"inner-content\">\n        [vc_column_text css=\u00a0\u00bb\u00a0\u00bb]Nous roulons sur des routes goudronn\u00e9es, des chemins secondaires et des tron\u00e7ons parfois non asphalt\u00e9s, avec des mont\u00e9es mod\u00e9r\u00e9es \u00e0 sportives. Gr\u00e2ce \u00e0 l\u2019assistance \u00e9lectrique, les \u00e9tapes sont tout \u00e0 fait accessibles. C\u2019est un circuit id\u00e9al pour les cyclistes amateurs exp\u00e9riment\u00e9s souhaitant d\u00e9couvrir l\u2019Albanie de mani\u00e8re active et authentique.<\/p>\n<p>8 jours<br \/>\n6 tours en e-bike<br \/>\n334 km[\/vc_column_text]    <\/div>\n<\/div>\n    <\/div>[\/vc_column][\/vc_row][\/vc_section]\n<\/div>","protected":false},"excerpt":{"rendered":"<p>[vc_section][vc_row][vc_column width=\u00a0\u00bb1\/2&Prime;][vc_acf field_group=\u00a0\u00bb2968&Prime; field_from_2968=\u00a0\u00bbfield_5d7a4a45000c9&Prime;][vc_empty_space][\/vc_column][vc_column width=\u00a0\u00bb1\/2&Prime;][\/vc_column][\/vc_row][\/vc_section][vc_section el_class=\u00a0\u00bbwk-section\u00a0\u00bb][vc_row][vc_column][\/vc_column][\/vc_row][\/vc_section][vc_section el_class=\u00a0\u00bbwk-section\u00a0\u00bb][vc_row][vc_column width=\u00a0\u00bb1\/2&Prime;][vc_column_text css=\u00a0\u00bb\u00a0\u00bb] Votre programme de voyage 1er jour, mardi 12 mai 2026 \u2013 Vol pour Tirana Vol avec correspondance \u00e0 Tirana. A la faveur d\u2019une visite guid\u00e9e, nous d\u00e9couvrons les multiples facettes de cette capitale en plein essor \u2013 de la place Skanderbeg aux quartiers color\u00e9s de Blloku&hellip;<\/p>\n","protected":false},"author":22,"featured_media":135788,"template":"","tags":[],"cartours_category":[516,501,502],"class_list":["post-136298","cartours_event","type-cartours_event","status-publish","has-post-thumbnail","hentry","cartours_category-albanie","cartours_category-e-bike-tours-fr","cartours_category-objectifs-de-la-visite","entry","no-media"],"acf":[],"_links":{"self":[{"href":"https:\/\/e-bike-tours.ch\/fr\/wp-json\/wp\/v2\/cartours_event\/136298","targetHints":{"allow":["GET"]}}],"collection":[{"href":"https:\/\/e-bike-tours.ch\/fr\/wp-json\/wp\/v2\/cartours_event"}],"about":[{"href":"https:\/\/e-bike-tours.ch\/fr\/wp-json\/wp\/v2\/types\/cartours_event"}],"author":[{"embeddable":true,"href":"https:\/\/e-bike-tours.ch\/fr\/wp-json\/wp\/v2\/users\/22"}],"version-history":[{"count":6,"href":"https:\/\/e-bike-tours.ch\/fr\/wp-json\/wp\/v2\/cartours_event\/136298\/revisions"}],"predecessor-version":[{"id":136628,"href":"https:\/\/e-bike-tours.ch\/fr\/wp-json\/wp\/v2\/cartours_event\/136298\/revisions\/136628"}],"wp:featuredmedia":[{"embeddable":true,"href":"https:\/\/e-bike-tours.ch\/fr\/wp-json\/wp\/v2\/media\/135788"}],"wp:attachment":[{"href":"https:\/\/e-bike-tours.ch\/fr\/wp-json\/wp\/v2\/media?parent=136298"}],"wp:term":[{"taxonomy":"post_tag","embeddable":true,"href":"https:\/\/e-bike-tours.ch\/fr\/wp-json\/wp\/v2\/tags?post=136298"},{"taxonomy":"cartours_category","embeddable":true,"href":"https:\/\/e-bike-tours.ch\/fr\/wp-json\/wp\/v2\/cartours_category?post=136298"}],"curies":[{"name":"wp","href":"https:\/\/api.w.org\/{rel}","templated":true}]}}