{"id":136226,"date":"2025-10-29T14:51:40","date_gmt":"2025-10-29T13:51:40","guid":{"rendered":"https:\/\/e-bike-tours.ch\/?post_type=cartours_event&#038;p=136226"},"modified":"2026-04-02T10:27:04","modified_gmt":"2026-04-02T08:27:04","slug":"la-lagune-venitienne-entre-terre-mer","status":"publish","type":"cartours_event","link":"https:\/\/e-bike-tours.ch\/fr\/tour\/la-lagune-venitienne-entre-terre-mer\/","title":{"rendered":"La lagune v\u00e9nitienne, entre terre &amp; mer"},"content":{"rendered":"<div class=\"wpb-content-wrapper\">[vc_section][vc_row][vc_column width=\u00a0\u00bb1\/2&Prime;]<div class=\"vcex-page-title vcex-module\"><h1 class=\"vcex-page-title__heading wpex-heading wpex-text-3xl\"><span class=\"vcex-page-title__text\">La lagune v\u00e9nitienne, entre terre &amp; mer<\/span><\/h1><\/div>[vc_acf field_group=\u00a0\u00bb2968&Prime; field_from_2968=\u00a0\u00bbfield_5d7a4a45000c9&Prime;][vc_empty_space]\n    <div class=\"vc_btn3-container vc_btn3-inline td-online-booking\">\n        <a class=\"theme-button red\" href=\"https:\/\/e-bike-tours.ch\/fr\/offres\/\" target=\"_self\">Plus d'id\u00e9es de voyage<\/a>\n    <\/div>[\/vc_column][vc_column width=\u00a0\u00bb1\/2&Prime;]\n    <div class=\"cartours-event-coloured-box\">\n        <div class=\"inner-box \">\n    <div class=\"inner-header\">\n        <h3>Votre date de voyage exlusive<\/h3>\n    <\/div>\n    <div class=\"inner-content\">\n        \n    <div class=\"cartours-event-reisedaten\">\n        <div class=\"inner-box \">\n    <h3 style=\"color: red;\">This content element can be used ONLY on tour's single page!<\/h3><\/div>\n    <\/div>    <\/div>\n<\/div>\n    <\/div>\n    <div class=\"cartours-event-coloured-box\">\n        <div class=\"inner-box \">\n    <div class=\"inner-header\">\n        <h3>Notre prix sp\u00e9cial pour vous<\/h3>\n    <\/div>\n    <div class=\"inner-content\">\n        \n    <div class=\"cartours-event-hotels_info\">\n        <div class=\"inner-box \">\n    <h3 style=\"color: red;\">This content element can be used ONLY on tour's single page!<\/h3><\/div>\n    <\/div>[vc_column_text css=\u00a0\u00bb\u00a0\u00bb]<strong>Non inclus\/en option:<\/strong><br \/>\nSuppl\u00e9ment chambre individuelle: Fr. 155.-<br \/>\nSur demande: location e-bike: Fr. 36.- par jour<\/p>\n<p><strong>Choisissez votre lieu de d\u00e9part (tous avec possibilit\u00e9 de parking):<\/strong><br \/>\nTavel, Cossonay, Vernier[\/vc_column_text]    <\/div>\n<\/div>\n    <\/div>[\/vc_column][\/vc_row][\/vc_section][vc_section el_class=\u00a0\u00bbwk-section\u00a0\u00bb][vc_row][vc_column]<style class=\"vcex-carousel-preload-css\">.vcex_69f3452b7e7f3{--wpex-carousel-gap:6px;}.vcex_69f3452b7e7f3{--wpex-carousel-columns:1;}.vcex_69f3452b7e7f3.wpex-carousel:not(.wpex-carousel--loaded) > *:not(:nth-child(1n+2)){display:flex!important;}@media only screen and (min-width: 480px) {.vcex_69f3452b7e7f3{--wpex-carousel-columns:2;}.vcex_69f3452b7e7f3.wpex-carousel:not(.wpex-carousel--loaded) > *:not(:nth-child(1n+3)){display:flex!important;}}@media only screen and (min-width: 768px) {.vcex_69f3452b7e7f3{--wpex-carousel-columns:3;}.vcex_69f3452b7e7f3.wpex-carousel:not(.wpex-carousel--loaded) > *:not(:nth-child(1n+4)){display:flex!important;}}@media only screen and (min-width: 960px) {.vcex_69f3452b7e7f3{--wpex-carousel-columns:3;}.vcex_69f3452b7e7f3.wpex-carousel:not(.wpex-carousel--loaded) > *:not(:nth-child(1n+4)){display:flex!important;}}<\/style><div class=\"vcex-image-carousel wpex-carousel wpex-carousel-images wpex-clr vcex-module owl-carousel wpex-carousel--render-onload vcex_69f3452b7e7f3 arrwstyle-default arrwpos-abs wpex-carousel-lightbox\" data-wpex-carousel=\"{&quot;autoplay&quot;:&quot;true&quot;,&quot;slideBy&quot;:1,&quot;margin&quot;:6,&quot;items&quot;:3,&quot;responsive&quot;:{&quot;0&quot;:{&quot;items&quot;:&quot;1&quot;},&quot;480&quot;:{&quot;items&quot;:&quot;2&quot;},&quot;768&quot;:{&quot;items&quot;:&quot;3&quot;},&quot;960&quot;:{&quot;items&quot;:3}},&quot;smartSpeed&quot;:150}\"><div class=\"wpex-carousel-slide\"><figure class=\"wpex-carousel-entry-media entry-media wpex-relative\"><a href=\"https:\/\/e-bike-tours.ch\/wp-content\/uploads\/2025\/10\/ebt_lagune_venedig_800x500.jpg\" class=\"wpex-carousel-entry-img wpex-carousel-lightbox-item\" data-count=\"1\" data-show_title=\"false\" data-caption=\"e-bike, soleil &amp; univers aquatiques aux portes de Venise\"><img data-no-lazy=\"1\" class=\"wpex-align-middle skip-lazy\" src=\"https:\/\/e-bike-tours.ch\/wp-content\/uploads\/2025\/10\/ebt_lagune_venedig_800x500.jpg\" alt=\"\" srcset=\"https:\/\/e-bike-tours.ch\/wp-content\/uploads\/2025\/10\/ebt_lagune_venedig_800x500.jpg 800w, https:\/\/e-bike-tours.ch\/wp-content\/uploads\/2025\/10\/ebt_lagune_venedig_800x500-300x188.jpg 300w, https:\/\/e-bike-tours.ch\/wp-content\/uploads\/2025\/10\/ebt_lagune_venedig_800x500-768x480.jpg 768w\" width=\"800\" height=\"500\"><\/a><\/figure><\/div><div class=\"wpex-carousel-slide\"><figure class=\"wpex-carousel-entry-media entry-media wpex-relative\"><a href=\"https:\/\/ebiketours.rokka.io\/ebiketours-full\/d39d3ddbbfc52364f8d1d1598f8e4cdbfa0636a4\/karte-venezianische-lagune-fr.jpg\" class=\"wpex-carousel-entry-img wpex-carousel-lightbox-item\" data-count=\"2\" data-show_title=\"false\" data-caption=\"Votre itin\u00e9raire\" target=\"_blank\" rel=\"noopener\"><img data-no-lazy=\"1\" class=\"wpex-align-middle skip-lazy\" src=\"https:\/\/ebiketours.rokka.io\/ebiketours-full\/d39d3ddbbfc52364f8d1d1598f8e4cdbfa0636a4\/karte-venezianische-lagune-fr.jpg\" alt=\"\" srcset=\"https:\/\/ebiketours.rokka.io\/ebiketours-full\/d39d3ddbbfc52364f8d1d1598f8e4cdbfa0636a4\/karte-venezianische-lagune-fr.jpg 800w, https:\/\/ebiketours.rokka.io\/ebiketours-medium\/d39d3ddbbfc52364f8d1d1598f8e4cdbfa0636a4\/karte-venezianische-lagune-fr-300x188.jpg 300w, https:\/\/ebiketours.rokka.io\/ebiketours-medium_large\/d39d3ddbbfc52364f8d1d1598f8e4cdbfa0636a4\/karte-venezianische-lagune-fr-768x480.jpg 768w\" width=\"800\" height=\"500\"><\/a><\/figure><\/div><div class=\"wpex-carousel-slide\"><figure class=\"wpex-carousel-entry-media entry-media wpex-relative\"><a href=\"https:\/\/e-bike-tours.ch\/wp-content\/uploads\/2025\/10\/ebt_lagune_portogruaro_800x500.jpg\" class=\"wpex-carousel-entry-img wpex-carousel-lightbox-item\" data-count=\"3\" data-show_title=\"false\" data-caption=\"Portogruaro\"><img data-no-lazy=\"1\" class=\"wpex-align-middle skip-lazy\" src=\"https:\/\/e-bike-tours.ch\/wp-content\/uploads\/2025\/10\/ebt_lagune_portogruaro_800x500.jpg\" alt=\"\" srcset=\"https:\/\/e-bike-tours.ch\/wp-content\/uploads\/2025\/10\/ebt_lagune_portogruaro_800x500.jpg 800w, https:\/\/e-bike-tours.ch\/wp-content\/uploads\/2025\/10\/ebt_lagune_portogruaro_800x500-300x188.jpg 300w, https:\/\/e-bike-tours.ch\/wp-content\/uploads\/2025\/10\/ebt_lagune_portogruaro_800x500-768x480.jpg 768w\" width=\"800\" height=\"500\"><\/a><\/figure><\/div><div class=\"wpex-carousel-slide\"><figure class=\"wpex-carousel-entry-media entry-media wpex-relative\"><a href=\"https:\/\/e-bike-tours.ch\/wp-content\/uploads\/2025\/10\/ebt_lagune_jesolo_800x500.jpg\" class=\"wpex-carousel-entry-img wpex-carousel-lightbox-item\" data-count=\"4\" data-show_title=\"false\" data-caption=\"Lido di Jesolo, un lieu de vill\u00e9giature appr\u00e9ci\u00e9\"><img data-no-lazy=\"1\" class=\"wpex-align-middle skip-lazy\" src=\"https:\/\/e-bike-tours.ch\/wp-content\/uploads\/2025\/10\/ebt_lagune_jesolo_800x500.jpg\" alt=\"\" srcset=\"https:\/\/e-bike-tours.ch\/wp-content\/uploads\/2025\/10\/ebt_lagune_jesolo_800x500.jpg 800w, https:\/\/e-bike-tours.ch\/wp-content\/uploads\/2025\/10\/ebt_lagune_jesolo_800x500-300x188.jpg 300w, https:\/\/e-bike-tours.ch\/wp-content\/uploads\/2025\/10\/ebt_lagune_jesolo_800x500-768x480.jpg 768w\" width=\"800\" height=\"500\"><\/a><\/figure><\/div><div class=\"wpex-carousel-slide\"><figure class=\"wpex-carousel-entry-media entry-media wpex-relative\"><a href=\"https:\/\/e-bike-tours.ch\/wp-content\/uploads\/2025\/10\/ebt_lagune_treviso_800x500.jpg\" class=\"wpex-carousel-entry-img wpex-carousel-lightbox-item\" data-count=\"5\" data-show_title=\"false\" data-caption=\"Tr\u00e9vise, un pur joyau\"><img data-no-lazy=\"1\" class=\"wpex-align-middle skip-lazy\" src=\"https:\/\/e-bike-tours.ch\/wp-content\/uploads\/2025\/10\/ebt_lagune_treviso_800x500.jpg\" alt=\"\" srcset=\"https:\/\/e-bike-tours.ch\/wp-content\/uploads\/2025\/10\/ebt_lagune_treviso_800x500.jpg 800w, https:\/\/e-bike-tours.ch\/wp-content\/uploads\/2025\/10\/ebt_lagune_treviso_800x500-300x188.jpg 300w, https:\/\/e-bike-tours.ch\/wp-content\/uploads\/2025\/10\/ebt_lagune_treviso_800x500-768x480.jpg 768w\" width=\"800\" height=\"500\"><\/a><\/figure><\/div><\/div>[\/vc_column][\/vc_row][\/vc_section][vc_section el_class=\u00a0\u00bbwk-section\u00a0\u00bb][vc_row][vc_column width=\u00a0\u00bb1\/2&Prime;][vc_column_text css=\u00a0\u00bb\u00a0\u00bb]\n<h3>Votre programme de voyage<\/h3>\n<h4>1er jour \u2013 Trajet jusqu\u2019\u00e0 Lido di Jesolo<\/h4>\n<p>Trajet en car sp\u00e9cial tout confort jusqu\u2019\u00e0 Lido di Jesolo. Accueil chaleureux \u00e0 notre confortable h\u00f4tel 4 \u00e9toiles situ\u00e9 \u00e0 m\u00eame la plage et bon repas du soir.<\/p>\n<p>&nbsp;<\/p>\n<h4>2e jour \u2013 Tour de la lagune &amp; voies d\u2019eau paisibles<\/h4>\n<p>Une premi\u00e8re excursion inoubliable nous attend dans la partie nord de la lagune v\u00e9nitienne. En longeant les digues du fleuve Sile, nous p\u00e9dalons \u00e0 travers l\u2019histoire de la R\u00e9publique S\u00e9r\u00e9nissime, jusqu\u2019\u00e0 Lio Maggiore, et profitons de la qui\u00e9tude et de la beaut\u00e9 des paysages lagunaires. En bateau, nous rejoignons ensuite Cavallino. De l\u00e0, retour tranquille \u00e0 v\u00e9lo le long des plages dor\u00e9es de Jesolo.<\/p>\n<p><em>Parcours e-bike: env. 45 km<\/em><\/p>\n<p>&nbsp;<\/p>\n<h4>3e jour \u2013 Au fil du Sile jusqu\u2019\u00e0 Tr\u00e9vise<\/h4>\n<p>Nous suivons le cours du Sile \u00e0 travers le parc r\u00e9gional du m\u00eame nom \u2013 l\u2019un des plus beaux espaces naturels de V\u00e9n\u00e9tie. Sur les digues du fleuve, nous roulons paisiblement jusqu\u2019\u00e0 la charmante ville de Tr\u00e9vise. Apr\u00e8s une passionnante visite guid\u00e9e de son centre historique sillonn\u00e9 de canaux, nous terminons la journ\u00e9e par une d\u00e9gustation de Prosecco accompagn\u00e9e de sp\u00e9cialit\u00e9s r\u00e9gionales.<\/p>\n<p><em>Parcours e-bike: env. 60 km<\/em><\/p>\n<p>&nbsp;<\/p>\n<h4>4e jour \u2013 Saveurs &amp; traditions le long du fleuve Piave<\/h4>\n<p>Partant directement de l\u2019h\u00f4tel en v\u00e9lo, nous nous dirigeons vers l\u2019est pour rejoindre la r\u00e9gion d\u2019Eraclea, en empruntant l\u2019ancienne route c\u00f4ti\u00e8re v\u00e9nitienne. Nous traversons le Piave sur un pont flottant caract\u00e9ristique et d\u00e9couvrons un paysage charg\u00e9 d\u2019histoire, comme en t\u00e9moignent d\u2019anciens canaux, ouvrages hydrauliques et pold\u00e9risations. Dans l\u2019une des derni\u00e8res rizi\u00e8res traditionnelles de la r\u00e9gion, une collation typique nous attend, avant que nous ne poursuivions \u00e0 travers la plaine fertile jusqu\u2019\u00e0 la pittoresque bourgade de Portogruaro.<\/p>\n<p><em>Parcours e-bike: env. 60 km<\/em><\/p>\n<p>&nbsp;<\/p>\n<h4>5e jour \u2013 Venise: la ville des ponts &amp; des palais<\/h4>\n<p>En bateau, nous traversons la lagune scintillante jusqu\u2019au coeur de Venise, la ville des gondoles et des canaux. Une visite guid\u00e9e nous fait d\u00e9couvrir ses ruelles secr\u00e8tes, ses places majestueuses et ses coins paisibles. Nous d\u00e9couvrons l\u2019histoire fascinante de la R\u00e9publique maritime, admirons la place Saint-Marc et nous laissons tout simplement envo\u00fbter par le charme de cette ville exceptionnelle.<\/p>\n<p>&nbsp;<\/p>\n<h4>6e jour \u2013 Retour<\/h4>\n<p>Apr\u00e8s ces journ\u00e9es riches en d\u00e9couvertes, entre eau, culture et nature, nous reprenons la route du retour avec de magnifiques souvenirs plein la t\u00eate.<\/p>\n[\/vc_column_text][vc_empty_space][\/vc_column][vc_column width=\u00a0\u00bb1\/2&Prime;]\n    <div class=\"cartours-event-coloured-box\">\n        <div class=\"inner-box \">\n    <div class=\"inner-header\">\n        <h3>Compris dans le prix!<\/h3>\n    <\/div>\n    <div class=\"inner-content\">\n        [vc_column_text css=\u00a0\u00bb\u00a0\u00bb]\n<ul>\n<li>Trajet en car sp\u00e9cial tout confort<\/li>\n<li>Transport des e-bikes dans une remorque professionnelle<\/li>\n<li>5 nuits \u00e0 l\u2019h\u00f4tel Le Soleil ****, \u00e0 Lido di Jesolo<\/li>\n<li>5 x petit d\u00e9jeuner \u00e0 l\u2019h\u00f4tel<\/li>\n<li>5 x repas du soir \u00e0 l\u2019h\u00f4tel<\/li>\n<li>Joli tour en bateau \u00e0 travers la lagune<\/li>\n<li>D\u00e9gustation de Prosecco avec amuse-bouche \u00e0 Tr\u00e9vise<\/li>\n<li>Visite d\u2019une rizi\u00e8re, avec collation \u00e0 base de produits typiques<\/li>\n<li>Tour en bateau jusqu\u2019\u00e0 Venise et retour<\/li>\n<li>Visite guid\u00e9e de Venise<\/li>\n<li>Tous les parcours e-bike selon programme<\/li>\n<li>Deux guides exp\u00e9riment\u00e9s pour tous les tours en e-bike<\/li>\n<li>Gratuit: chaque participant re\u00e7oit un article de sport e-Bike-tours.ch \u00e0 choix<\/li>\n<\/ul>\n[\/vc_column_text]    <\/div>\n<\/div>\n    <\/div>\n    <div class=\"cartours-event-coloured-box\">\n        <div class=\"inner-box \">\n    <div class=\"inner-header\">\n        <h3>Votre date de voyage exlusive<\/h3>\n    <\/div>\n    <div class=\"inner-content\">\n        \n    <div class=\"cartours-event-reisedaten\">\n        <div class=\"inner-box \">\n    <h3 style=\"color: red;\">This content element can be used ONLY on tour's single page!<\/h3><\/div>\n    <\/div>    <\/div>\n<\/div>\n    <\/div>\n    <div class=\"cartours-event-coloured-box\">\n        <div class=\"inner-box \">\n    <div class=\"inner-header\">\n        <h3>Notre prix sp\u00e9cial pour vous<\/h3>\n    <\/div>\n    <div class=\"inner-content\">\n        \n    <div class=\"cartours-event-hotels_info\">\n        <div class=\"inner-box \">\n    <h3 style=\"color: red;\">This content element can be used ONLY on tour's single page!<\/h3><\/div>\n    <\/div>[vc_column_text css=\u00a0\u00bb\u00a0\u00bb]<strong>Non inclus\/en option:<\/strong><br \/>\nSuppl\u00e9ment chambre individuelle: Fr. 155.-<br \/>\nSur demande: location e-bike: Fr. 36.- par jour<\/p>\n<p><strong>Choisissez votre lieu de d\u00e9part (tous avec possibilit\u00e9 de parking):<\/strong><br \/>\nTavel, Cossonay, Vernier[\/vc_column_text]    <\/div>\n<\/div>\n    <\/div>\n    <div class=\"cartours-event-coloured-box\">\n        <div class=\"inner-box \">\n    <div class=\"inner-header\">\n        <h3>Parcours e-bike:<\/h3>\n    <\/div>\n    <div class=\"inner-content\">\n        [vc_column_text css=\u00a0\u00bb\u00a0\u00bb]Les itin\u00e9raires sont pour la plupart \u00e0 plat, empruntant des pistes cyclables bien am\u00e9nag\u00e9es et des digues longeant rivi\u00e8res, canaux et lagune v\u00e9nitienne. Nous roulons sur des routes goudronn\u00e9es, des chemins naturels et quelques chemins de terre \u2013 toujours \u00e0 travers de magnifiques paysages et sans grandes mont\u00e9es.<\/p>\n<p>6 jours<br \/>\n3 tours en e-bike<br \/>\n165 km[\/vc_column_text]    <\/div>\n<\/div>\n    <\/div>[vc_empty_space][vc_single_image image=\u00a0\u00bb134178&Prime; alignment=\u00a0\u00bbcenter\u00a0\u00bb css=\u00a0\u00bb\u00a0\u00bb][vc_empty_space]<div class=\"theme-button-wrap textcenter wpex-clr\"><a href=\"https:\/\/e-bike-tours.ch\/fr\/sur-nous\/nos-e-bikes-de-location\/\" class=\"vcex-button theme-button medium align-center inline\"><span class=\"vcex-button-inner theme-button-inner wpex-flex wpex-flex-wrap wpex-items-center wpex-justify-center\">En savoir plus ici!<\/span><\/a><\/div> [\/vc_column][\/vc_row][\/vc_section]\n<\/div>","protected":false},"excerpt":{"rendered":"<p>[vc_section][vc_row][vc_column width=\u00a0\u00bb1\/2&Prime;][vc_acf field_group=\u00a0\u00bb2968&Prime; field_from_2968=\u00a0\u00bbfield_5d7a4a45000c9&Prime;][vc_empty_space][\/vc_column][vc_column width=\u00a0\u00bb1\/2&Prime;][\/vc_column][\/vc_row][\/vc_section][vc_section el_class=\u00a0\u00bbwk-section\u00a0\u00bb][vc_row][vc_column][\/vc_column][\/vc_row][\/vc_section][vc_section el_class=\u00a0\u00bbwk-section\u00a0\u00bb][vc_row][vc_column width=\u00a0\u00bb1\/2&Prime;][vc_column_text css=\u00a0\u00bb\u00a0\u00bb] Votre programme de voyage 1er jour \u2013 Trajet jusqu\u2019\u00e0 Lido di Jesolo Trajet en car sp\u00e9cial tout confort jusqu\u2019\u00e0 Lido di Jesolo. Accueil chaleureux \u00e0 notre confortable h\u00f4tel 4 \u00e9toiles situ\u00e9 \u00e0 m\u00eame la plage et bon repas du soir. &nbsp; 2e jour \u2013 Tour de&hellip;<\/p>\n","protected":false},"author":22,"featured_media":135972,"template":"","tags":[],"cartours_category":[501,503,502],"class_list":["post-136226","cartours_event","type-cartours_event","status-publish","has-post-thumbnail","hentry","cartours_category-e-bike-tours-fr","cartours_category-italie","cartours_category-objectifs-de-la-visite","entry","no-media"],"acf":[],"_links":{"self":[{"href":"https:\/\/e-bike-tours.ch\/fr\/wp-json\/wp\/v2\/cartours_event\/136226","targetHints":{"allow":["GET"]}}],"collection":[{"href":"https:\/\/e-bike-tours.ch\/fr\/wp-json\/wp\/v2\/cartours_event"}],"about":[{"href":"https:\/\/e-bike-tours.ch\/fr\/wp-json\/wp\/v2\/types\/cartours_event"}],"author":[{"embeddable":true,"href":"https:\/\/e-bike-tours.ch\/fr\/wp-json\/wp\/v2\/users\/22"}],"version-history":[{"count":10,"href":"https:\/\/e-bike-tours.ch\/fr\/wp-json\/wp\/v2\/cartours_event\/136226\/revisions"}],"predecessor-version":[{"id":136556,"href":"https:\/\/e-bike-tours.ch\/fr\/wp-json\/wp\/v2\/cartours_event\/136226\/revisions\/136556"}],"wp:featuredmedia":[{"embeddable":true,"href":"https:\/\/e-bike-tours.ch\/fr\/wp-json\/wp\/v2\/media\/135972"}],"wp:attachment":[{"href":"https:\/\/e-bike-tours.ch\/fr\/wp-json\/wp\/v2\/media?parent=136226"}],"wp:term":[{"taxonomy":"post_tag","embeddable":true,"href":"https:\/\/e-bike-tours.ch\/fr\/wp-json\/wp\/v2\/tags?post=136226"},{"taxonomy":"cartours_category","embeddable":true,"href":"https:\/\/e-bike-tours.ch\/fr\/wp-json\/wp\/v2\/cartours_category?post=136226"}],"curies":[{"name":"wp","href":"https:\/\/api.w.org\/{rel}","templated":true}]}}