{"id":136224,"date":"2025-10-29T14:28:37","date_gmt":"2025-10-29T13:28:37","guid":{"rendered":"https:\/\/e-bike-tours.ch\/?post_type=cartours_event&#038;p=136224"},"modified":"2026-02-06T09:27:04","modified_gmt":"2026-02-06T08:27:04","slug":"entre-lacs-delices-au-schlosshotel-velden","status":"publish","type":"cartours_event","link":"https:\/\/e-bike-tours.ch\/fr\/tour\/entre-lacs-delices-au-schlosshotel-velden\/","title":{"rendered":"Entre lacs &amp; d\u00e9lices au Schlosshotel Velden"},"content":{"rendered":"<div class=\"wpb-content-wrapper\">[vc_section][vc_row][vc_column width=\u00a0\u00bb1\/2&Prime;]<div class=\"vcex-page-title vcex-module\"><h1 class=\"vcex-page-title__heading wpex-heading wpex-text-3xl\"><span class=\"vcex-page-title__text\">Entre lacs &amp; d\u00e9lices au Schlosshotel Velden<\/span><\/h1><\/div>[vc_acf field_group=\u00a0\u00bb2968&Prime; field_from_2968=\u00a0\u00bbfield_5d7a4a45000c9&Prime;][vc_empty_space]\n    <div class=\"vc_btn3-container vc_btn3-inline td-online-booking\">\n        <a class=\"theme-button red\" href=\"https:\/\/e-bike-tours.ch\/fr\/offres\/\" target=\"_self\">Plus d'id\u00e9es de voyage<\/a>\n    <\/div>[\/vc_column][vc_column width=\u00a0\u00bb1\/2&Prime;]\n    <div class=\"cartours-event-coloured-box\">\n        <div class=\"inner-box \">\n    <div class=\"inner-header\">\n        <h3>Vos dates de voyage<\/h3>\n    <\/div>\n    <div class=\"inner-content\">\n        \n    <div class=\"cartours-event-reisedaten\">\n        <div class=\"inner-box \">\n    <h3 style=\"color: red;\">This content element can be used ONLY on tour's single page!<\/h3><\/div>\n    <\/div>    <\/div>\n<\/div>\n    <\/div>\n    <div class=\"cartours-event-coloured-box\">\n        <div class=\"inner-box \">\n    <div class=\"inner-header\">\n        <h3>Notre prix sp\u00e9cial pour vous<\/h3>\n    <\/div>\n    <div class=\"inner-content\">\n        \n    <div class=\"cartours-event-hotels_info\">\n        <div class=\"inner-box \">\n    <h3 style=\"color: red;\">This content element can be used ONLY on tour's single page!<\/h3><\/div>\n    <\/div>[vc_column_text css=\u00a0\u00bb\u00a0\u00bb]<strong>Non inclus\/en option:<\/strong><br \/>\nSuppl\u00e9ment chambre individuelle: Fr. 899.-<br \/>\nSur demande: location e-bike: Fr. 36.- par jour<\/p>\n<p><strong>Choisissez votre lieu de d\u00e9part (tous avec possibilit\u00e9 de parking):<\/strong><br \/>\nTavel, Cossonay, Vernier[\/vc_column_text]    <\/div>\n<\/div>\n    <\/div>[\/vc_column][\/vc_row][\/vc_section][vc_section el_class=\u00a0\u00bbwk-section\u00a0\u00bb][vc_row][vc_column]<style class=\"vcex-carousel-preload-css\">.vcex_69f35aca75ff3{--wpex-carousel-gap:6px;}.vcex_69f35aca75ff3{--wpex-carousel-columns:1;}.vcex_69f35aca75ff3.wpex-carousel:not(.wpex-carousel--loaded) > *:not(:nth-child(1n+2)){display:flex!important;}@media only screen and (min-width: 480px) {.vcex_69f35aca75ff3{--wpex-carousel-columns:2;}.vcex_69f35aca75ff3.wpex-carousel:not(.wpex-carousel--loaded) > *:not(:nth-child(1n+3)){display:flex!important;}}@media only screen and (min-width: 768px) {.vcex_69f35aca75ff3{--wpex-carousel-columns:3;}.vcex_69f35aca75ff3.wpex-carousel:not(.wpex-carousel--loaded) > *:not(:nth-child(1n+4)){display:flex!important;}}@media only screen and (min-width: 960px) {.vcex_69f35aca75ff3{--wpex-carousel-columns:3;}.vcex_69f35aca75ff3.wpex-carousel:not(.wpex-carousel--loaded) > *:not(:nth-child(1n+4)){display:flex!important;}}<\/style><div class=\"vcex-image-carousel wpex-carousel wpex-carousel-images wpex-clr vcex-module owl-carousel wpex-carousel--render-onload vcex_69f35aca75ff3 arrwstyle-default arrwpos-abs wpex-carousel-lightbox\" data-wpex-carousel=\"{&quot;autoplay&quot;:&quot;true&quot;,&quot;slideBy&quot;:1,&quot;margin&quot;:6,&quot;items&quot;:3,&quot;responsive&quot;:{&quot;0&quot;:{&quot;items&quot;:&quot;1&quot;},&quot;480&quot;:{&quot;items&quot;:&quot;2&quot;},&quot;768&quot;:{&quot;items&quot;:&quot;3&quot;},&quot;960&quot;:{&quot;items&quot;:3}},&quot;smartSpeed&quot;:150}\"><div class=\"wpex-carousel-slide\"><figure class=\"wpex-carousel-entry-media entry-media wpex-relative\"><a href=\"https:\/\/e-bike-tours.ch\/wp-content\/uploads\/2025\/10\/ebt_velden_schlosshotel_800x500.jpg\" class=\"wpex-carousel-entry-img wpex-carousel-lightbox-item\" data-count=\"1\" data-show_title=\"false\" data-caption=\"Falkensteiner Schlosshotel Velden *****\"><img data-no-lazy=\"1\" class=\"wpex-align-middle skip-lazy\" src=\"https:\/\/e-bike-tours.ch\/wp-content\/uploads\/2025\/10\/ebt_velden_schlosshotel_800x500.jpg\" alt=\"\" srcset=\"https:\/\/e-bike-tours.ch\/wp-content\/uploads\/2025\/10\/ebt_velden_schlosshotel_800x500.jpg 800w, https:\/\/e-bike-tours.ch\/wp-content\/uploads\/2025\/10\/ebt_velden_schlosshotel_800x500-300x188.jpg 300w, https:\/\/e-bike-tours.ch\/wp-content\/uploads\/2025\/10\/ebt_velden_schlosshotel_800x500-768x480.jpg 768w\" width=\"800\" height=\"500\"><\/a><\/figure><\/div><div class=\"wpex-carousel-slide\"><figure class=\"wpex-carousel-entry-media entry-media wpex-relative\"><a href=\"https:\/\/ebiketours.rokka.io\/ebiketours-full\/d2edb489edac78dea46b688e248f18b8bbe028c9\/karte-schlosshotel-velden-fr.jpg\" class=\"wpex-carousel-entry-img wpex-carousel-lightbox-item\" data-count=\"2\" data-show_title=\"false\" data-caption=\"Votre itin\u00e9raire\" target=\"_blank\" rel=\"noopener\"><img data-no-lazy=\"1\" class=\"wpex-align-middle skip-lazy\" src=\"https:\/\/ebiketours.rokka.io\/ebiketours-full\/d2edb489edac78dea46b688e248f18b8bbe028c9\/karte-schlosshotel-velden-fr.jpg\" alt=\"\" srcset=\"https:\/\/ebiketours.rokka.io\/ebiketours-full\/d2edb489edac78dea46b688e248f18b8bbe028c9\/karte-schlosshotel-velden-fr.jpg 800w, https:\/\/ebiketours.rokka.io\/ebiketours-medium\/d2edb489edac78dea46b688e248f18b8bbe028c9\/karte-schlosshotel-velden-fr-300x188.jpg 300w, https:\/\/ebiketours.rokka.io\/ebiketours-medium_large\/d2edb489edac78dea46b688e248f18b8bbe028c9\/karte-schlosshotel-velden-fr-768x480.jpg 768w\" width=\"800\" height=\"500\"><\/a><\/figure><\/div><div class=\"wpex-carousel-slide\"><figure class=\"wpex-carousel-entry-media entry-media wpex-relative\"><a href=\"https:\/\/e-bike-tours.ch\/wp-content\/uploads\/2025\/10\/ebt_velden_tour_800x500.jpg\" class=\"wpex-carousel-entry-img wpex-carousel-lightbox-item\" data-count=\"3\" data-show_title=\"false\" data-caption=\"En route pour de superbes tours\"><img data-no-lazy=\"1\" class=\"wpex-align-middle skip-lazy\" src=\"https:\/\/e-bike-tours.ch\/wp-content\/uploads\/2025\/10\/ebt_velden_tour_800x500.jpg\" alt=\"\" srcset=\"https:\/\/e-bike-tours.ch\/wp-content\/uploads\/2025\/10\/ebt_velden_tour_800x500.jpg 800w, https:\/\/e-bike-tours.ch\/wp-content\/uploads\/2025\/10\/ebt_velden_tour_800x500-300x188.jpg 300w, https:\/\/e-bike-tours.ch\/wp-content\/uploads\/2025\/10\/ebt_velden_tour_800x500-768x480.jpg 768w\" width=\"800\" height=\"500\"><\/a><\/figure><\/div><div class=\"wpex-carousel-slide\"><figure class=\"wpex-carousel-entry-media entry-media wpex-relative\"><a href=\"https:\/\/e-bike-tours.ch\/wp-content\/uploads\/2025\/10\/ebt_velden_lindwurmbrunnen_800x500.jpg\" class=\"wpex-carousel-entry-img wpex-carousel-lightbox-item\" data-count=\"4\" data-show_title=\"false\" data-caption=\"La fontaine Lindwurm \u00e0 Klagenfurt\"><img data-no-lazy=\"1\" class=\"wpex-align-middle skip-lazy\" src=\"https:\/\/e-bike-tours.ch\/wp-content\/uploads\/2025\/10\/ebt_velden_lindwurmbrunnen_800x500.jpg\" alt=\"\" srcset=\"https:\/\/e-bike-tours.ch\/wp-content\/uploads\/2025\/10\/ebt_velden_lindwurmbrunnen_800x500.jpg 800w, https:\/\/e-bike-tours.ch\/wp-content\/uploads\/2025\/10\/ebt_velden_lindwurmbrunnen_800x500-300x188.jpg 300w, https:\/\/e-bike-tours.ch\/wp-content\/uploads\/2025\/10\/ebt_velden_lindwurmbrunnen_800x500-768x480.jpg 768w\" width=\"800\" height=\"500\"><\/a><\/figure><\/div><div class=\"wpex-carousel-slide\"><figure class=\"wpex-carousel-entry-media entry-media wpex-relative\"><a href=\"https:\/\/e-bike-tours.ch\/wp-content\/uploads\/2025\/10\/ebt_velden_800x500.jpg\" class=\"wpex-carousel-entry-img wpex-carousel-lightbox-item\" data-count=\"5\" data-show_title=\"false\" data-caption=\"Entre lacs &amp; d\u00e9lices au Schlosshotel Velden\"><img data-no-lazy=\"1\" class=\"wpex-align-middle skip-lazy\" src=\"https:\/\/e-bike-tours.ch\/wp-content\/uploads\/2025\/10\/ebt_velden_800x500.jpg\" alt=\"\" srcset=\"https:\/\/e-bike-tours.ch\/wp-content\/uploads\/2025\/10\/ebt_velden_800x500.jpg 800w, https:\/\/e-bike-tours.ch\/wp-content\/uploads\/2025\/10\/ebt_velden_800x500-300x188.jpg 300w, https:\/\/e-bike-tours.ch\/wp-content\/uploads\/2025\/10\/ebt_velden_800x500-768x480.jpg 768w\" width=\"800\" height=\"500\"><\/a><\/figure><\/div><\/div>[\/vc_column][\/vc_row][\/vc_section][vc_section el_class=\u00a0\u00bbwk-section\u00a0\u00bb][vc_row][vc_column width=\u00a0\u00bb1\/2&Prime;][vc_column_text css=\u00a0\u00bb\u00a0\u00bb]\n<h3>Votre programme de voyage<\/h3>\n<h4>1er jour \u2013 Trajet jusqu\u2019\u00e0 Velden<\/h4>\n<p>Trajet en car sp\u00e9cial tout confort jusqu\u2019\u00e0 Velden, o\u00f9 nous sommes chaleureusement accueillis au superbe Schlosshotel Velden. Check-in et temps libre pour fl\u00e2ner le long de la promenade du lac, admirer le ch\u00e2teau ou se d\u00e9tendre dans le luxueux spa. Repas du soir de bienvenue avec vue sur le lac.<\/p>\n<p>&nbsp;<\/p>\n<h4>2e jour \u2013 Autour du lac Millst\u00e4tter See<\/h4>\n<p>Notre premi\u00e8re excursion nous conduit autour du pittoresque lac Millst\u00e4tter See. Nous d\u00e9passons le ch\u00e2teau de Sommeregg, qui offre une vue splendide sur le lac et les monts Nockberge, puis visitons l\u2019abbaye b\u00e9n\u00e9dictine de Millstatt. En chemin, nous avons tout loisir d\u2019appr\u00e9cier la beaut\u00e9 des paysages et la joie de vivre caract\u00e9ristique de la Carinthie. L\u2019apr\u00e8s-midi, temps libre pour une balade dans le parc du ch\u00e2teau ou pour se baigner dans le lac.<\/p>\n<p><em>Parcours e-bike: env. 34 km<\/em><\/p>\n<p>&nbsp;<\/p>\n<h4>3e jour \u2013 Lac W\u00f6rthersee &amp; vall\u00e9e des lacs de Keutschach<\/h4>\n<p>Apr\u00e8s un savoureux petit d\u00e9jeuner, d\u00e9part pour une excursion \u00e0 travers la ravissante vall\u00e9e de Keutschach \u2013 dans un paysage de carte postale. Tout du long, l\u2019itin\u00e9raire d\u00e9voile de magnifiques panoramas sur les eaux turquoise du W\u00f6rthersee, jusqu\u2019\u00e0 ce que nous rentrions \u00e0 Velden via P\u00f6rtschach. Une des plus belles r\u00e9gions de Carinthie!<\/p>\n<p><em>Parcours e-bike: env. 60 km<\/em><\/p>\n<p>&nbsp;<\/p>\n<h4>4e jour \u2013 Piste cyclable de la Drau &amp; lac Ossiacher See<\/h4>\n<p>Nous suivons la piste cyclable de la Drau de Spittal an der Drau \u00e0 Villach, o\u00f9 une visite guid\u00e9e int\u00e9ressante nous attend. Puis d\u00e9part pour le lac Ossiacher See et visite de l\u2019abbaye d\u2019Ossiach, fond\u00e9e en 1024. Retour \u00e0 Velden et temps libre pour se relaxer au Schlosshotel.<\/p>\n<p><em>Parcours e-bike: env. 56 km<\/em><\/p>\n<p>&nbsp;<\/p>\n<h4>5e jour \u2013 Piste cyclable de la Drau ou route culturelle du W\u00f6rthersee<\/h4>\n<p>De Velden, nous traversons la vall\u00e9e des lacs de Keutschach jusqu\u2019\u00e0 Klagenfurt, o\u00f9 une visite guid\u00e9e de la jolie vieille ville est pr\u00e9vue. Direction ensuite l\u2019\u00e9glise de Maria W\u00f6rth, joliment situ\u00e9e au bord du lac, avant de rentrer tranquillement \u00e0 Velden par les rives du lac.<\/p>\n<p><em>Parcours e-bike: env. 52 km<\/em><\/p>\n<p>&nbsp;<\/p>\n<h4>6e jour \u2013 Retour<\/h4>\n<p>Apr\u00e8s un dernier copieux petit d\u00e9jeuner, il est temps pour nous de prendre cong\u00e9 de la chaleureuse \u00e9quipe du Schlosshotel Velden. La t\u00eate et le coeur remplis de beaux souvenirs du soleil, du lac et de l\u2019hospitalit\u00e9 carinthienne, nous reprenons le chemin de la Suisse.<\/p>\n[\/vc_column_text][vc_empty_space][\/vc_column][vc_column width=\u00a0\u00bb1\/2&Prime;]\n    <div class=\"cartours-event-coloured-box\">\n        <div class=\"inner-box \">\n    <div class=\"inner-header\">\n        <h3>Compris dans le prix!<\/h3>\n    <\/div>\n    <div class=\"inner-content\">\n        [vc_column_text css=\u00a0\u00bb\u00a0\u00bb]\n<ul>\n<li>Trajet en car sp\u00e9cial tout confort<\/li>\n<li>Transport des e-bikes dans une remorque professionnelle<\/li>\n<li>5 nuits au Falkensteiner Schlosshotel Velden *****, \u00e0 Velden<\/li>\n<li>5 x petit d\u00e9jeuner \u00e0 l\u2019h\u00f4tel<\/li>\n<li>5 x repas du soir \u00e0 l\u2019h\u00f4tel<\/li>\n<li>D\u00e9tente \u00e0 l\u2019Acquapura Lake SPA, vaste espace bien-\u00eatre de 3\u2019600 m\u00b2, avec piscine couverte, sauna, bain de vapeur, Vitality Pools, piscine panoramique ext\u00e9rieure, etc.<\/li>\n<li>Tous les parcours e-bike selon programme<\/li>\n<li>Deux guides exp\u00e9riment\u00e9s pour tous les tours en e-bike<\/li>\n<li>Gratuit: chaque participant re\u00e7oit un article de sport e-Bike-tours.ch \u00e0 choix<\/li>\n<\/ul>\n[\/vc_column_text]    <\/div>\n<\/div>\n    <\/div>\n    <div class=\"cartours-event-coloured-box\">\n        <div class=\"inner-box \">\n    <div class=\"inner-header\">\n        <h3>Vos dates de voyage<\/h3>\n    <\/div>\n    <div class=\"inner-content\">\n        \n    <div class=\"cartours-event-reisedaten\">\n        <div class=\"inner-box \">\n    <h3 style=\"color: red;\">This content element can be used ONLY on tour's single page!<\/h3><\/div>\n    <\/div>    <\/div>\n<\/div>\n    <\/div>\n    <div class=\"cartours-event-coloured-box\">\n        <div class=\"inner-box \">\n    <div class=\"inner-header\">\n        <h3>Notre prix sp\u00e9cial pour vous<\/h3>\n    <\/div>\n    <div class=\"inner-content\">\n        \n    <div class=\"cartours-event-hotels_info\">\n        <div class=\"inner-box \">\n    <h3 style=\"color: red;\">This content element can be used ONLY on tour's single page!<\/h3><\/div>\n    <\/div>[vc_column_text css=\u00a0\u00bb\u00a0\u00bb]<strong>Non inclus\/en option:<\/strong><br \/>\nSuppl\u00e9ment chambre individuelle: Fr. 899.-<br \/>\nSur demande: location e-bike: Fr. 36.- par jour<\/p>\n<p><strong>Choisissez votre lieu de d\u00e9part (tous avec possibilit\u00e9 de parking):<\/strong><br \/>\nTavel, Cossonay, Vernier[\/vc_column_text]    <\/div>\n<\/div>\n    <\/div>\n    <div class=\"cartours-event-coloured-box\">\n        <div class=\"inner-box \">\n    <div class=\"inner-header\">\n        <h3>Parcours e-bike:<\/h3>\n    <\/div>\n    <div class=\"inner-content\">\n        [vc_column_text css=\u00a0\u00bb\u00a0\u00bb]Un programme centr\u00e9 sur le plaisir du v\u00e9lo. Certains tron\u00e7ons pr\u00e9sentent des mont\u00e9es mod\u00e9r\u00e9es, facilement ma\u00eetrisables gr\u00e2ce \u00e0 l\u2019assistance \u00e9lectrique. Les itin\u00e9raires traversent prairies et for\u00eats, longent des lacs miroitants et de paisibles vall\u00e9es \u2013 un circuit id\u00e9al pour celles et ceux qui souhaitent combiner nature, culture et bien-\u00eatre.<\/p>\n<p>6 jours<br \/>\n4 tours en e-bike<br \/>\n202 km[\/vc_column_text]    <\/div>\n<\/div>\n    <\/div>\n    <div class=\"cartours-event-coloured-box\">\n        <div class=\"inner-box \">\n    <div class=\"inner-header\">\n        <h3>Notre h\u00f4tel: le Falkensteiner Schlosshotel Velden *****<\/h3>\n    <\/div>\n    <div class=\"inner-content\">\n        [vc_column_text css=\u00a0\u00bb\u00a0\u00bb]Un endroit associant luxe et l\u00e9g\u00e8ret\u00e9: le Falkensteiner Schlosshotel Velden s\u00e9duit par son emplacement de r\u00eave au bord du lac W\u00f6rthersee, par son architecture \u00e9l\u00e9gante et son atmosph\u00e8re propice \u00e0 la r\u00eaverie. Son vaste espace spa, sa gastronomie d\u2019exception et sa vue imprenable sur les eaux scintillantes du lac font de chaque s\u00e9jour une exp\u00e9rience inoubliable.[\/vc_column_text]    <\/div>\n<\/div>\n    <\/div>[vc_gallery interval=\u00a0\u00bb5&Prime; images=\u00a0\u00bb136006&Prime; img_size=\u00a0\u00bbfull\u00a0\u00bb css=\u00a0\u00bb\u00a0\u00bb][vc_empty_space][vc_single_image image=\u00a0\u00bb134178&Prime; alignment=\u00a0\u00bbcenter\u00a0\u00bb css=\u00a0\u00bb\u00a0\u00bb][vc_empty_space]<div class=\"theme-button-wrap textcenter wpex-clr\"><a href=\"https:\/\/e-bike-tours.ch\/fr\/sur-nous\/nos-e-bikes-de-location\/\" class=\"vcex-button theme-button medium align-center inline\"><span class=\"vcex-button-inner theme-button-inner wpex-flex wpex-flex-wrap wpex-items-center wpex-justify-center\">En savoir plus ici!<\/span><\/a><\/div> [\/vc_column][\/vc_row][\/vc_section]\n<\/div>","protected":false},"excerpt":{"rendered":"<p>[vc_section][vc_row][vc_column width=\u00a0\u00bb1\/2&Prime;][vc_acf field_group=\u00a0\u00bb2968&Prime; field_from_2968=\u00a0\u00bbfield_5d7a4a45000c9&Prime;][vc_empty_space][\/vc_column][vc_column width=\u00a0\u00bb1\/2&Prime;][\/vc_column][\/vc_row][\/vc_section][vc_section el_class=\u00a0\u00bbwk-section\u00a0\u00bb][vc_row][vc_column][\/vc_column][\/vc_row][\/vc_section][vc_section el_class=\u00a0\u00bbwk-section\u00a0\u00bb][vc_row][vc_column width=\u00a0\u00bb1\/2&Prime;][vc_column_text css=\u00a0\u00bb\u00a0\u00bb] Votre programme de voyage 1er jour \u2013 Trajet jusqu\u2019\u00e0 Velden Trajet en car sp\u00e9cial tout confort jusqu\u2019\u00e0 Velden, o\u00f9 nous sommes chaleureusement accueillis au superbe Schlosshotel Velden. Check-in et temps libre pour fl\u00e2ner le long de la promenade du lac, admirer le ch\u00e2teau ou se d\u00e9tendre&hellip;<\/p>\n","protected":false},"author":22,"featured_media":136010,"template":"","tags":[],"cartours_category":[505,501,502],"class_list":["post-136224","cartours_event","type-cartours_event","status-publish","has-post-thumbnail","hentry","cartours_category-autriche","cartours_category-e-bike-tours-fr","cartours_category-objectifs-de-la-visite","entry","no-media"],"acf":[],"_links":{"self":[{"href":"https:\/\/e-bike-tours.ch\/fr\/wp-json\/wp\/v2\/cartours_event\/136224","targetHints":{"allow":["GET"]}}],"collection":[{"href":"https:\/\/e-bike-tours.ch\/fr\/wp-json\/wp\/v2\/cartours_event"}],"about":[{"href":"https:\/\/e-bike-tours.ch\/fr\/wp-json\/wp\/v2\/types\/cartours_event"}],"author":[{"embeddable":true,"href":"https:\/\/e-bike-tours.ch\/fr\/wp-json\/wp\/v2\/users\/22"}],"version-history":[{"count":7,"href":"https:\/\/e-bike-tours.ch\/fr\/wp-json\/wp\/v2\/cartours_event\/136224\/revisions"}],"predecessor-version":[{"id":136567,"href":"https:\/\/e-bike-tours.ch\/fr\/wp-json\/wp\/v2\/cartours_event\/136224\/revisions\/136567"}],"wp:featuredmedia":[{"embeddable":true,"href":"https:\/\/e-bike-tours.ch\/fr\/wp-json\/wp\/v2\/media\/136010"}],"wp:attachment":[{"href":"https:\/\/e-bike-tours.ch\/fr\/wp-json\/wp\/v2\/media?parent=136224"}],"wp:term":[{"taxonomy":"post_tag","embeddable":true,"href":"https:\/\/e-bike-tours.ch\/fr\/wp-json\/wp\/v2\/tags?post=136224"},{"taxonomy":"cartours_category","embeddable":true,"href":"https:\/\/e-bike-tours.ch\/fr\/wp-json\/wp\/v2\/cartours_category?post=136224"}],"curies":[{"name":"wp","href":"https:\/\/api.w.org\/{rel}","templated":true}]}}