{"id":134031,"date":"2024-11-18T15:45:15","date_gmt":"2024-11-18T14:45:15","guid":{"rendered":"https:\/\/e-bike-tours.ch\/?post_type=cartours_event&#038;p=134031"},"modified":"2026-04-30T15:12:04","modified_gmt":"2026-04-30T13:12:04","slug":"magie-de-lile-delbe","status":"publish","type":"cartours_event","link":"https:\/\/e-bike-tours.ch\/fr\/tour\/magie-de-lile-delbe\/","title":{"rendered":"Magie de l&rsquo;\u00eele d&rsquo;Elbe"},"content":{"rendered":"<div class=\"wpb-content-wrapper\">[vc_section][vc_row][vc_column width=\u00a0\u00bb1\/2&Prime;]<div class=\"vcex-page-title vcex-module\"><h1 class=\"vcex-page-title__heading wpex-heading wpex-text-3xl\"><span class=\"vcex-page-title__text\">Magie de l&rsquo;\u00eele d&rsquo;Elbe<\/span><\/h1><\/div>[vc_acf field_group=\u00a0\u00bb2968&Prime; field_from_2968=\u00a0\u00bbfield_5d7a4a45000c9&Prime;][vc_empty_space]\n    <div class=\"vc_btn3-container vc_btn3-inline td-online-booking\">\n        <a class=\"theme-button green\" href=\"https:\/\/booking.e-bike-tours.ch\/HPG_Hotels.aspx?Mand=h2&standardreise=felba69&hotel=felba&WebTemplate=EBikeTours&Lang=2\" target=\"_self\">R\u00e9servez en ligne<\/a>\n    <\/div>[\/vc_column][vc_column width=\u00a0\u00bb1\/2&Prime;]\n    <div class=\"cartours-event-coloured-box\">\n        <div class=\"inner-box \">\n    <div class=\"inner-header\">\n        <h3>Vos dates de voyage<\/h3>\n    <\/div>\n    <div class=\"inner-content\">\n        \n    <div class=\"cartours-event-reisedaten\">\n        <div class=\"inner-box \">\n    <h3 style=\"color: red;\">This content element can be used ONLY on tour's single page!<\/h3><\/div>\n    <\/div>    <\/div>\n<\/div>\n    <\/div>\n    <div class=\"cartours-event-coloured-box\">\n        <div class=\"inner-box \">\n    <div class=\"inner-header\">\n        <h3>Notre prix sp\u00e9cial pour vous<\/h3>\n    <\/div>\n    <div class=\"inner-content\">\n        \n    <div class=\"cartours-event-hotels_info\">\n        <div class=\"inner-box \">\n    <h3 style=\"color: red;\">This content element can be used ONLY on tour's single page!<\/h3><\/div>\n    <\/div>[vc_column_text css=\u00a0\u00bb\u00a0\u00bb]<strong>Non inclus\/en option:<\/strong><br \/>\nSuppl\u00e9ment chambre individuelle: Fr. 339.-<br \/>\nSur demande: location e-bike: Fr. 36.- par jour<\/p>\n<p><strong>Choisissez votre lieu de d\u00e9part (tous avec possibilit\u00e9 de parking):<\/strong><br \/>\nTavel, Cossonay, Vernier[\/vc_column_text]    <\/div>\n<\/div>\n    <\/div>[\/vc_column][\/vc_row][\/vc_section][vc_section el_class=\u00a0\u00bbwk-section\u00a0\u00bb][vc_row][vc_column]<style class=\"vcex-carousel-preload-css\">.vcex_69f3bab7e5c8d{--wpex-carousel-gap:6px;}.vcex_69f3bab7e5c8d{--wpex-carousel-columns:1;}.vcex_69f3bab7e5c8d.wpex-carousel:not(.wpex-carousel--loaded) > *:not(:nth-child(1n+2)){display:flex!important;}@media only screen and (min-width: 480px) {.vcex_69f3bab7e5c8d{--wpex-carousel-columns:2;}.vcex_69f3bab7e5c8d.wpex-carousel:not(.wpex-carousel--loaded) > *:not(:nth-child(1n+3)){display:flex!important;}}@media only screen and (min-width: 768px) {.vcex_69f3bab7e5c8d{--wpex-carousel-columns:3;}.vcex_69f3bab7e5c8d.wpex-carousel:not(.wpex-carousel--loaded) > *:not(:nth-child(1n+4)){display:flex!important;}}@media only screen and (min-width: 960px) {.vcex_69f3bab7e5c8d{--wpex-carousel-columns:3;}.vcex_69f3bab7e5c8d.wpex-carousel:not(.wpex-carousel--loaded) > *:not(:nth-child(1n+4)){display:flex!important;}}<\/style><div class=\"vcex-image-carousel wpex-carousel wpex-carousel-images wpex-clr vcex-module owl-carousel wpex-carousel--render-onload vcex_69f3bab7e5c8d arrwstyle-default arrwpos-abs wpex-carousel-lightbox\" data-wpex-carousel=\"{&quot;autoplay&quot;:&quot;true&quot;,&quot;slideBy&quot;:1,&quot;margin&quot;:6,&quot;items&quot;:3,&quot;responsive&quot;:{&quot;0&quot;:{&quot;items&quot;:&quot;1&quot;},&quot;480&quot;:{&quot;items&quot;:&quot;2&quot;},&quot;768&quot;:{&quot;items&quot;:&quot;3&quot;},&quot;960&quot;:{&quot;items&quot;:3}},&quot;smartSpeed&quot;:150}\"><div class=\"wpex-carousel-slide\"><figure class=\"wpex-carousel-entry-media entry-media wpex-relative\"><a href=\"https:\/\/e-bike-tours.ch\/wp-content\/uploads\/2023\/11\/RH_69_Zauberhafte-Insel-Elba_04.jpg\" class=\"wpex-carousel-entry-img wpex-carousel-lightbox-item\" data-count=\"1\" data-show_title=\"false\" data-caption=\"Parcours e-bike\"><img data-no-lazy=\"1\" class=\"wpex-align-middle skip-lazy\" src=\"https:\/\/e-bike-tours.ch\/wp-content\/uploads\/2023\/11\/RH_69_Zauberhafte-Insel-Elba_04.jpg\" alt=\"\" srcset=\"https:\/\/e-bike-tours.ch\/wp-content\/uploads\/2023\/11\/RH_69_Zauberhafte-Insel-Elba_04.jpg 800w, https:\/\/e-bike-tours.ch\/wp-content\/uploads\/2023\/11\/RH_69_Zauberhafte-Insel-Elba_04-300x188.jpg 300w, https:\/\/e-bike-tours.ch\/wp-content\/uploads\/2023\/11\/RH_69_Zauberhafte-Insel-Elba_04-768x480.jpg 768w\" width=\"800\" height=\"500\"><\/a><\/figure><\/div><div class=\"wpex-carousel-slide\"><figure class=\"wpex-carousel-entry-media entry-media wpex-relative\"><a href=\"https:\/\/e-bike-tours.ch\/wp-content\/uploads\/2023\/11\/RH_69_Zauberhafte-Insel-Elba_Bucht-von-Procchio.jpg\" class=\"wpex-carousel-entry-img wpex-carousel-lightbox-item\" data-count=\"2\" data-show_title=\"false\" data-caption=\"La baie de Procchio\"><img data-no-lazy=\"1\" class=\"wpex-align-middle skip-lazy\" src=\"https:\/\/e-bike-tours.ch\/wp-content\/uploads\/2023\/11\/RH_69_Zauberhafte-Insel-Elba_Bucht-von-Procchio.jpg\" alt=\"\" srcset=\"https:\/\/e-bike-tours.ch\/wp-content\/uploads\/2023\/11\/RH_69_Zauberhafte-Insel-Elba_Bucht-von-Procchio.jpg 800w, https:\/\/e-bike-tours.ch\/wp-content\/uploads\/2023\/11\/RH_69_Zauberhafte-Insel-Elba_Bucht-von-Procchio-300x188.jpg 300w, https:\/\/e-bike-tours.ch\/wp-content\/uploads\/2023\/11\/RH_69_Zauberhafte-Insel-Elba_Bucht-von-Procchio-768x480.jpg 768w\" width=\"800\" height=\"500\"><\/a><\/figure><\/div><div class=\"wpex-carousel-slide\"><figure class=\"wpex-carousel-entry-media entry-media wpex-relative\"><a href=\"https:\/\/ebiketours.rokka.io\/ebiketours-full\/3e6832aa7272a42c83a2985ca5fa9140c5c4553d\/karte-elba-fr.jpg\" class=\"wpex-carousel-entry-img wpex-carousel-lightbox-item\" data-count=\"3\" data-show_title=\"false\" data-caption=\"Votre itin\u00e9raire\" target=\"_blank\" rel=\"noopener\"><img data-no-lazy=\"1\" class=\"wpex-align-middle skip-lazy\" src=\"https:\/\/ebiketours.rokka.io\/ebiketours-full\/3e6832aa7272a42c83a2985ca5fa9140c5c4553d\/karte-elba-fr.jpg\" alt=\"\" srcset=\"https:\/\/ebiketours.rokka.io\/ebiketours-full\/3e6832aa7272a42c83a2985ca5fa9140c5c4553d\/karte-elba-fr.jpg 800w, https:\/\/ebiketours.rokka.io\/ebiketours-medium\/3e6832aa7272a42c83a2985ca5fa9140c5c4553d\/karte-elba-fr-300x188.jpg 300w, https:\/\/ebiketours.rokka.io\/ebiketours-medium_large\/3e6832aa7272a42c83a2985ca5fa9140c5c4553d\/karte-elba-fr-768x480.jpg 768w\" width=\"800\" height=\"500\"><\/a><\/figure><\/div><div class=\"wpex-carousel-slide\"><figure class=\"wpex-carousel-entry-media entry-media wpex-relative\"><a href=\"https:\/\/e-bike-tours.ch\/wp-content\/uploads\/2023\/11\/Zauberhafte-Insel-Elba_.jpg\" class=\"wpex-carousel-entry-img wpex-carousel-lightbox-item\" data-count=\"4\" data-show_title=\"false\" data-caption=\"De superbes tours en e-bike\"><img data-no-lazy=\"1\" class=\"wpex-align-middle skip-lazy\" src=\"https:\/\/e-bike-tours.ch\/wp-content\/uploads\/2023\/11\/Zauberhafte-Insel-Elba_.jpg\" alt=\"\" srcset=\"https:\/\/e-bike-tours.ch\/wp-content\/uploads\/2023\/11\/Zauberhafte-Insel-Elba_.jpg 800w, https:\/\/e-bike-tours.ch\/wp-content\/uploads\/2023\/11\/Zauberhafte-Insel-Elba_-300x188.jpg 300w, https:\/\/e-bike-tours.ch\/wp-content\/uploads\/2023\/11\/Zauberhafte-Insel-Elba_-768x480.jpg 768w\" width=\"800\" height=\"500\"><\/a><\/figure><\/div><div class=\"wpex-carousel-slide\"><figure class=\"wpex-carousel-entry-media entry-media wpex-relative\"><a href=\"https:\/\/e-bike-tours.ch\/wp-content\/uploads\/2023\/11\/Zauberhafte-Insel-Elba_2.jpg\" class=\"wpex-carousel-entry-img wpex-carousel-lightbox-item\" data-count=\"5\" data-show_title=\"false\" data-caption=\"Portoferraio\"><img data-no-lazy=\"1\" class=\"wpex-align-middle skip-lazy\" src=\"https:\/\/e-bike-tours.ch\/wp-content\/uploads\/2023\/11\/Zauberhafte-Insel-Elba_2.jpg\" alt=\"\" srcset=\"https:\/\/e-bike-tours.ch\/wp-content\/uploads\/2023\/11\/Zauberhafte-Insel-Elba_2.jpg 800w, https:\/\/e-bike-tours.ch\/wp-content\/uploads\/2023\/11\/Zauberhafte-Insel-Elba_2-300x188.jpg 300w, https:\/\/e-bike-tours.ch\/wp-content\/uploads\/2023\/11\/Zauberhafte-Insel-Elba_2-768x480.jpg 768w\" width=\"800\" height=\"500\"><\/a><\/figure><\/div><div class=\"wpex-carousel-slide\"><figure class=\"wpex-carousel-entry-media entry-media wpex-relative\"><a href=\"https:\/\/e-bike-tours.ch\/wp-content\/uploads\/2023\/11\/RH_69_Zauberhafte-Insel-Elba_Capoliveri.jpg\" class=\"wpex-carousel-entry-img wpex-carousel-lightbox-item\" data-count=\"6\" data-show_title=\"false\" data-caption=\"Capoliveri\"><img data-no-lazy=\"1\" class=\"wpex-align-middle skip-lazy\" src=\"https:\/\/e-bike-tours.ch\/wp-content\/uploads\/2023\/11\/RH_69_Zauberhafte-Insel-Elba_Capoliveri.jpg\" alt=\"\" srcset=\"https:\/\/e-bike-tours.ch\/wp-content\/uploads\/2023\/11\/RH_69_Zauberhafte-Insel-Elba_Capoliveri.jpg 800w, https:\/\/e-bike-tours.ch\/wp-content\/uploads\/2023\/11\/RH_69_Zauberhafte-Insel-Elba_Capoliveri-300x188.jpg 300w, https:\/\/e-bike-tours.ch\/wp-content\/uploads\/2023\/11\/RH_69_Zauberhafte-Insel-Elba_Capoliveri-768x480.jpg 768w\" width=\"800\" height=\"500\"><\/a><\/figure><\/div><\/div>[\/vc_column][\/vc_row][\/vc_section][vc_section el_class=\u00a0\u00bbwk-section\u00a0\u00bb][vc_row][vc_column width=\u00a0\u00bb1\/2&Prime;][vc_column_text css=\u00a0\u00bb\u00a0\u00bb]\n<h3>Votre programme de voyage<\/h3>\n<h4>1er jour \u2013 Trajet jusqu\u2019\u00e0 Marina di Campo<\/h4>\n<p>Trajet en car sp\u00e9cial tout confort (d\u00e9part t\u00f4t le matin) jusqu\u2019\u00e0 Piombino et travers\u00e9e en ferry vers l\u2019\u00eele d\u2019Elbe. Puis continuation jusqu\u2019\u00e0 notre h\u00f4tel, dans la station baln\u00e9aire de Marino di Campo, aux \u00e9troites ruelles, boutiques, restaurants, bars et glaciers. Installation dans nos chambres et repas du soir.<\/p>\n<p>&nbsp;<\/p>\n<h4>2e jour \u2013 Le sud-ouest de l\u2019\u00eele<\/h4>\n<p>Notre premi\u00e8re vir\u00e9e en e-bike nous conduit le long de la c\u00f4te jusqu\u2019\u00e0 la baie de Procchio, puis vers Sant\u2019Ilario, village m\u00e9di\u00e9val dans les montagnes qui pla\u00eet pour ses \u00e9troites ruelles de granit et sa vue sur la baie de Marina di Campo et l\u2019\u00eele de Monte Cristo. Retour via la vall\u00e9e de Marina di Campo \u2013 timing parfait pour profiter d\u2019une promenade sur la plage avant le repas du soir.<\/p>\n<p><em>Parcours e-bike: env. 40 km<\/em><\/p>\n<p>&nbsp;<\/p>\n<h4>3e jour \u2013 Autour du Mont Capanne<\/h4>\n<p>Aujourd\u2019hui, nous d\u00e9couvrons la c\u00f4te ouest, domin\u00e9e par l\u2019imposant Mont Capanne, principal sommet de l\u2019\u00eele d\u2019Elbe. De l\u2019h\u00f4tel, nous p\u00e9dalons jusqu\u2019\u00e0 Marciana Marina, puis montons vers Marciana Alta, un village m\u00e9di\u00e9val id\u00e9alement situ\u00e9, avant de rentrer \u00e0 Marina di Campo via les plages bordant les villages de p\u00eacheurs de Chiessi et Cavoli.<\/p>\n<p><em>Parcours e-bike: env. 50 km<\/em><\/p>\n<p>&nbsp;<\/p>\n<h4>4e jour \u2013 Visite du march\u00e9 &amp; temps libre<\/h4>\n<p>Ce matin, nous avons tout loisir de fl\u00e2ner \u00e0 travers le march\u00e9 de Marina di Campo. Le reste de la journ\u00e9e est \u00e0 votre enti\u00e8re disposition \u2013 par exemple pour un petit d\u00e9tour par Portoferraio ou pour un tour individuel \u00e0 v\u00e9lo. Repas du soir \u00e0 l\u2019h\u00f4tel.<\/p>\n<p>&nbsp;<\/p>\n<h4>5e jour \u2013 Travers\u00e9e de l\u2019\u00eele jusqu\u2019\u00e0 Portoferraio<\/h4>\n<p>Via Lacona et le Colle Reciso, nous traversons toute l\u2019\u00eele pour rejoindre Portoferraio. Le chef-lieu de l\u2019\u00eele d\u2019Elbe impressionne par ses forteresses, ses mus\u00e9es et son superbe coup d\u2019oeil sur la baie et la M\u00e9diterran\u00e9e. L\u2019apr\u00e8s-midi, retour \u00e0 Marina di Campo en longeant la c\u00f4te nord.<\/p>\n<p><em>Parcours e-bike: env. 45 km<\/em><\/p>\n<p>&nbsp;<\/p>\n<h4>6e jour \u2013 Capoliveri, Porto Azzurro &amp; Rio nell\u2019Elba<\/h4>\n<p>De Capoliveri, d\u00e9part pour Porto Azzurro, o\u00f9 nous faisons une pause dans le port. Continuation ensuite jusqu\u2019au village de montagne Rio nell\u2019Elba, jadis un important centre minier. Au fil de la route c\u00f4ti\u00e8re, nous rejoignons ensuite Rio Marina et Porto Azzurro, d\u2019o\u00f9 nous rentrons \u00e0 l\u2019h\u00f4tel en car.<\/p>\n<p><em>Parcours e-bike: env. 50 km<\/em><\/p>\n<p>&nbsp;<\/p>\n<h4>7e jour \u2013 Retour<\/h4>\n<p>Petit d\u00e9jeuner, puis retour en Suisse, la t\u00eate et les bagages remplis de souvenirs inoubliables.<\/p>\n[\/vc_column_text][vc_empty_space][\/vc_column][vc_column width=\u00a0\u00bb1\/2&Prime;]\n    <div class=\"cartours-event-coloured-box\">\n        <div class=\"inner-box \">\n    <div class=\"inner-header\">\n        <h3>Compris dans le prix!<\/h3>\n    <\/div>\n    <div class=\"inner-content\">\n        [vc_column_text css=\u00a0\u00bb\u00a0\u00bb]\n<ul>\n<li>Trajet en car sp\u00e9cial tout confort<\/li>\n<li>Transport des e-bikes dans une remorque professionnelle<\/li>\n<li>Travers\u00e9e en ferry Piombino-Portoferraio &amp; Portoferraio-Piombino<\/li>\n<li>6 nuits \u00e0 l\u2019h\u00f4tel Barracuda ****, \u00e0 Marina di Campo<\/li>\n<li>6 x petit d\u00e9jeuner \u00e0 l\u2019h\u00f4tel<\/li>\n<li>6 x repas du soir \u00e0 l\u2019h\u00f4tel<\/li>\n<li>Tous les parcours e-bike selon programme<\/li>\n<li>Deux guides exp\u00e9riment\u00e9s pour tous les tours en e-bike<\/li>\n<li>Gratuit: chaque participant re\u00e7oit un article de sport e-Bike-tours.ch \u00e0 choix<\/li>\n<\/ul>\n[\/vc_column_text]    <\/div>\n<\/div>\n    <\/div>\n    <div class=\"cartours-event-coloured-box\">\n        <div class=\"inner-box \">\n    <div class=\"inner-header\">\n        <h3>Vos dates de voyage<\/h3>\n    <\/div>\n    <div class=\"inner-content\">\n        \n    <div class=\"cartours-event-reisedaten\">\n        <div class=\"inner-box \">\n    <h3 style=\"color: red;\">This content element can be used ONLY on tour's single page!<\/h3><\/div>\n    <\/div>    <\/div>\n<\/div>\n    <\/div>\n    <div class=\"cartours-event-coloured-box\">\n        <div class=\"inner-box \">\n    <div class=\"inner-header\">\n        <h3>Notre prix sp\u00e9cial pour vous<\/h3>\n    <\/div>\n    <div class=\"inner-content\">\n        \n    <div class=\"cartours-event-hotels_info\">\n        <div class=\"inner-box \">\n    <h3 style=\"color: red;\">This content element can be used ONLY on tour's single page!<\/h3><\/div>\n    <\/div>[vc_column_text css=\u00a0\u00bb\u00a0\u00bb]<strong>Non inclus\/en option:<\/strong><br \/>\nSuppl\u00e9ment chambre individuelle: Fr. 339.-<br \/>\nSur demande: location e-bike: Fr. 36.- par jour<\/p>\n<p><strong>Choisissez votre lieu de d\u00e9part (tous avec possibilit\u00e9 de parking):<\/strong><br \/>\nTavel, Cossonay, Vernier[\/vc_column_text]    <\/div>\n<\/div>\n    <\/div>\n    <div class=\"cartours-event-coloured-box\">\n        <div class=\"inner-box \">\n    <div class=\"inner-header\">\n        <h3>Parcours e-bike:<\/h3>\n    <\/div>\n    <div class=\"inner-content\">\n        [vc_column_text css=\u00a0\u00bb\u00a0\u00bb]Nous p\u00e9dalons principalement en terrain l\u00e9g\u00e8rement vallonn\u00e9. Dans l\u2019arri\u00e8re-pays, nous effectuons sans probl\u00e8me deux longues mont\u00e9es gr\u00e2ce \u00e0 l\u2019assistance du moteur \u00e9lectrique. Les chemins sont en grande partie goudronn\u00e9s, au bord de la mer, ils passent par des sentiers naturels bien praticables. Nous recommandons l\u2019utilisation d\u2019un e-bike \u00e9quip\u00e9 de pneus trekking.<\/p>\n<p>7 jours<br \/>\n4 tours en e-bike<br \/>\n185 km[\/vc_column_text]    <\/div>\n<\/div>\n    <\/div>[vc_empty_space][vc_single_image image=\u00a0\u00bb134178&Prime; alignment=\u00a0\u00bbcenter\u00a0\u00bb css=\u00a0\u00bb\u00a0\u00bb][vc_empty_space]<div class=\"theme-button-wrap textcenter wpex-clr\"><a href=\"https:\/\/e-bike-tours.ch\/fr\/sur-nous\/nos-e-bikes-de-location\/\" class=\"vcex-button theme-button medium align-center inline\"><span class=\"vcex-button-inner theme-button-inner wpex-flex wpex-flex-wrap wpex-items-center wpex-justify-center\">En savoir plus ici!<\/span><\/a><\/div> [\/vc_column][\/vc_row][\/vc_section]\n<\/div>","protected":false},"excerpt":{"rendered":"<p>[vc_section][vc_row][vc_column width=\u00a0\u00bb1\/2&Prime;][vc_acf field_group=\u00a0\u00bb2968&Prime; field_from_2968=\u00a0\u00bbfield_5d7a4a45000c9&Prime;][vc_empty_space][\/vc_column][vc_column width=\u00a0\u00bb1\/2&Prime;][\/vc_column][\/vc_row][\/vc_section][vc_section el_class=\u00a0\u00bbwk-section\u00a0\u00bb][vc_row][vc_column][\/vc_column][\/vc_row][\/vc_section][vc_section el_class=\u00a0\u00bbwk-section\u00a0\u00bb][vc_row][vc_column width=\u00a0\u00bb1\/2&Prime;][vc_column_text css=\u00a0\u00bb\u00a0\u00bb] Votre programme de voyage 1er jour \u2013 Trajet jusqu\u2019\u00e0 Marina di Campo Trajet en car sp\u00e9cial tout confort (d\u00e9part t\u00f4t le matin) jusqu\u2019\u00e0 Piombino et travers\u00e9e en ferry vers l\u2019\u00eele d\u2019Elbe. Puis continuation jusqu\u2019\u00e0 notre h\u00f4tel, dans la station baln\u00e9aire de Marino di Campo, aux \u00e9troites&hellip;<\/p>\n","protected":false},"author":15,"featured_media":136284,"template":"","tags":[],"cartours_category":[501,503,502],"class_list":["post-134031","cartours_event","type-cartours_event","status-publish","has-post-thumbnail","hentry","cartours_category-e-bike-tours-fr","cartours_category-italie","cartours_category-objectifs-de-la-visite","entry","no-media"],"acf":[],"_links":{"self":[{"href":"https:\/\/e-bike-tours.ch\/fr\/wp-json\/wp\/v2\/cartours_event\/134031","targetHints":{"allow":["GET"]}}],"collection":[{"href":"https:\/\/e-bike-tours.ch\/fr\/wp-json\/wp\/v2\/cartours_event"}],"about":[{"href":"https:\/\/e-bike-tours.ch\/fr\/wp-json\/wp\/v2\/types\/cartours_event"}],"author":[{"embeddable":true,"href":"https:\/\/e-bike-tours.ch\/fr\/wp-json\/wp\/v2\/users\/15"}],"version-history":[{"count":12,"href":"https:\/\/e-bike-tours.ch\/fr\/wp-json\/wp\/v2\/cartours_event\/134031\/revisions"}],"predecessor-version":[{"id":137032,"href":"https:\/\/e-bike-tours.ch\/fr\/wp-json\/wp\/v2\/cartours_event\/134031\/revisions\/137032"}],"wp:featuredmedia":[{"embeddable":true,"href":"https:\/\/e-bike-tours.ch\/fr\/wp-json\/wp\/v2\/media\/136284"}],"wp:attachment":[{"href":"https:\/\/e-bike-tours.ch\/fr\/wp-json\/wp\/v2\/media?parent=134031"}],"wp:term":[{"taxonomy":"post_tag","embeddable":true,"href":"https:\/\/e-bike-tours.ch\/fr\/wp-json\/wp\/v2\/tags?post=134031"},{"taxonomy":"cartours_category","embeddable":true,"href":"https:\/\/e-bike-tours.ch\/fr\/wp-json\/wp\/v2\/cartours_category?post=134031"}],"curies":[{"name":"wp","href":"https:\/\/api.w.org\/{rel}","templated":true}]}}