{"id":134029,"date":"2024-11-18T13:42:07","date_gmt":"2024-11-18T12:42:07","guid":{"rendered":"https:\/\/e-bike-tours.ch\/?post_type=cartours_event&#038;p=134029"},"modified":"2025-07-29T04:57:03","modified_gmt":"2025-07-29T02:57:03","slug":"la-legendaire-piste-cyclable-du-danube","status":"publish","type":"cartours_event","link":"https:\/\/e-bike-tours.ch\/fr\/tour\/la-legendaire-piste-cyclable-du-danube\/","title":{"rendered":"La L\u00e9gendaire piste cyclable du Danube"},"content":{"rendered":"<div class=\"wpb-content-wrapper\">[vc_section][vc_row][vc_column width=\u00a0\u00bb1\/2&Prime;]<div class=\"vcex-page-title vcex-module\"><h1 class=\"vcex-page-title__heading wpex-heading wpex-text-3xl\"><span class=\"vcex-page-title__text\">La L\u00e9gendaire piste cyclable du Danube<\/span><\/h1><\/div>[vc_acf field_group=\u00a0\u00bb2968&Prime; field_from_2968=\u00a0\u00bbfield_5d7a4a45000c9&Prime;][vc_empty_space]\n    <div class=\"vc_btn3-container vc_btn3-inline td-online-booking\">\n        <a class=\"theme-button red\" href=\"https:\/\/e-bike-tours.ch\/fr\/offres\/\" target=\"_self\">Plus d'id\u00e9es de voyage<\/a>\n    <\/div>[\/vc_column][vc_column width=\u00a0\u00bb1\/2&Prime;]\n    <div class=\"cartours-event-coloured-box\">\n        <div class=\"inner-box \">\n    <div class=\"inner-header\">\n        <h3>Vos dates de voyage<\/h3>\n    <\/div>\n    <div class=\"inner-content\">\n        \n    <div class=\"cartours-event-reisedaten\">\n        <div class=\"inner-box \">\n    <h3 style=\"color: red;\">This content element can be used ONLY on tour's single page!<\/h3><\/div>\n    <\/div>    <\/div>\n<\/div>\n    <\/div>\n    <div class=\"cartours-event-coloured-box\">\n        <div class=\"inner-box \">\n    <div class=\"inner-header\">\n        <h3>Notre prix sp\u00e9cial pour vous<\/h3>\n    <\/div>\n    <div class=\"inner-content\">\n        \n    <div class=\"cartours-event-hotels_info\">\n        <div class=\"inner-box \">\n    <h3 style=\"color: red;\">This content element can be used ONLY on tour's single page!<\/h3><\/div>\n    <\/div>[vc_column_text css=\u00a0\u00bb\u00a0\u00bb]<strong>Non inclus\/en option:<\/strong><br \/>\nSuppl\u00e9ment chambre individuelle: Fr. 280.-<br \/>\nSur demande: location e-bike: Fr. 36.- par jour<\/p>\n<p><strong>Choisissez votre lieu de d\u00e9part (tous avec possibilit\u00e9 de parking):<\/strong><br \/>\nTavel, Cossonay, Vernier[\/vc_column_text]    <\/div>\n<\/div>\n    <\/div>[\/vc_column][\/vc_row][\/vc_section][vc_section el_class=\u00a0\u00bbwk-section\u00a0\u00bb][vc_row][vc_column]<style class=\"vcex-carousel-preload-css\">.vcex_69f26b0850fec{--wpex-carousel-gap:6px;}.vcex_69f26b0850fec{--wpex-carousel-columns:1;}.vcex_69f26b0850fec.wpex-carousel:not(.wpex-carousel--loaded) > *:not(:nth-child(1n+2)){display:flex!important;}@media only screen and (min-width: 480px) {.vcex_69f26b0850fec{--wpex-carousel-columns:2;}.vcex_69f26b0850fec.wpex-carousel:not(.wpex-carousel--loaded) > *:not(:nth-child(1n+3)){display:flex!important;}}@media only screen and (min-width: 768px) {.vcex_69f26b0850fec{--wpex-carousel-columns:3;}.vcex_69f26b0850fec.wpex-carousel:not(.wpex-carousel--loaded) > *:not(:nth-child(1n+4)){display:flex!important;}}@media only screen and (min-width: 960px) {.vcex_69f26b0850fec{--wpex-carousel-columns:3;}.vcex_69f26b0850fec.wpex-carousel:not(.wpex-carousel--loaded) > *:not(:nth-child(1n+4)){display:flex!important;}}<\/style><div class=\"vcex-image-carousel wpex-carousel wpex-carousel-images wpex-clr vcex-module owl-carousel wpex-carousel--render-onload vcex_69f26b0850fec arrwstyle-default arrwpos-abs wpex-carousel-lightbox\" data-wpex-carousel=\"{&quot;autoplay&quot;:&quot;true&quot;,&quot;slideBy&quot;:1,&quot;margin&quot;:6,&quot;items&quot;:3,&quot;responsive&quot;:{&quot;0&quot;:{&quot;items&quot;:&quot;1&quot;},&quot;480&quot;:{&quot;items&quot;:&quot;2&quot;},&quot;768&quot;:{&quot;items&quot;:&quot;3&quot;},&quot;960&quot;:{&quot;items&quot;:3}},&quot;smartSpeed&quot;:150}\"><div class=\"wpex-carousel-slide\"><figure class=\"wpex-carousel-entry-media entry-media wpex-relative\"><a href=\"https:\/\/e-bike-tours.ch\/wp-content\/uploads\/2020\/12\/RH_18_Legendaerer-Donau-Radweg_Die-wunderbare-Wachau.jpg\" class=\"wpex-carousel-entry-img wpex-carousel-lightbox-item\" data-count=\"1\" data-show_title=\"false\" data-caption=\"Fantastique panorama sur le Danube\"><img data-no-lazy=\"1\" class=\"wpex-align-middle skip-lazy\" src=\"https:\/\/e-bike-tours.ch\/wp-content\/uploads\/2020\/12\/RH_18_Legendaerer-Donau-Radweg_Die-wunderbare-Wachau.jpg\" alt=\"\" srcset=\"https:\/\/e-bike-tours.ch\/wp-content\/uploads\/2020\/12\/RH_18_Legendaerer-Donau-Radweg_Die-wunderbare-Wachau.jpg 800w, https:\/\/e-bike-tours.ch\/wp-content\/uploads\/2020\/12\/RH_18_Legendaerer-Donau-Radweg_Die-wunderbare-Wachau-300x188.jpg 300w, https:\/\/e-bike-tours.ch\/wp-content\/uploads\/2020\/12\/RH_18_Legendaerer-Donau-Radweg_Die-wunderbare-Wachau-768x480.jpg 768w\" width=\"800\" height=\"500\"><\/a><\/figure><\/div><div class=\"wpex-carousel-slide\"><figure class=\"wpex-carousel-entry-media entry-media wpex-relative\"><a href=\"https:\/\/e-bike-tours.ch\/wp-content\/uploads\/2022\/11\/donau-landschaft-800x500-1.jpg\" class=\"wpex-carousel-entry-img wpex-carousel-lightbox-item\" data-count=\"2\" data-show_title=\"false\" data-caption=\"Fantastique panorama sur le Danube\"><img data-no-lazy=\"1\" class=\"wpex-align-middle skip-lazy\" src=\"https:\/\/e-bike-tours.ch\/wp-content\/uploads\/2022\/11\/donau-landschaft-800x500-1.jpg\" alt=\"\" srcset=\"https:\/\/e-bike-tours.ch\/wp-content\/uploads\/2022\/11\/donau-landschaft-800x500-1.jpg 800w, https:\/\/e-bike-tours.ch\/wp-content\/uploads\/2022\/11\/donau-landschaft-800x500-1-300x188.jpg 300w, https:\/\/e-bike-tours.ch\/wp-content\/uploads\/2022\/11\/donau-landschaft-800x500-1-768x480.jpg 768w\" width=\"800\" height=\"500\"><\/a><\/figure><\/div><div class=\"wpex-carousel-slide\"><figure class=\"wpex-carousel-entry-media entry-media wpex-relative\"><a href=\"https:\/\/e-bike-tours.ch\/wp-content\/uploads\/2020\/12\/Unterwegs-an-der-Donau-800x500-1.jpg\" class=\"wpex-carousel-entry-img wpex-carousel-lightbox-item\" data-count=\"3\" data-show_title=\"false\" data-caption=\"Danube\"><img data-no-lazy=\"1\" class=\"wpex-align-middle skip-lazy\" src=\"https:\/\/e-bike-tours.ch\/wp-content\/uploads\/2020\/12\/Unterwegs-an-der-Donau-800x500-1.jpg\" alt=\"\" srcset=\"https:\/\/e-bike-tours.ch\/wp-content\/uploads\/2020\/12\/Unterwegs-an-der-Donau-800x500-1.jpg 800w, https:\/\/e-bike-tours.ch\/wp-content\/uploads\/2020\/12\/Unterwegs-an-der-Donau-800x500-1-300x188.jpg 300w, https:\/\/e-bike-tours.ch\/wp-content\/uploads\/2020\/12\/Unterwegs-an-der-Donau-800x500-1-768x480.jpg 768w\" width=\"800\" height=\"500\"><\/a><\/figure><\/div><div class=\"wpex-carousel-slide\"><figure class=\"wpex-carousel-entry-media entry-media wpex-relative\"><a href=\"https:\/\/e-bike-tours.ch\/wp-content\/uploads\/2020\/12\/Donau_800x500_4.jpg\" class=\"wpex-carousel-entry-img wpex-carousel-lightbox-item\" data-count=\"4\" data-show_title=\"false\" data-caption=\"Piste cyclable du Danube\"><img data-no-lazy=\"1\" class=\"wpex-align-middle skip-lazy\" src=\"https:\/\/e-bike-tours.ch\/wp-content\/uploads\/2020\/12\/Donau_800x500_4.jpg\" alt=\"\" srcset=\"https:\/\/e-bike-tours.ch\/wp-content\/uploads\/2020\/12\/Donau_800x500_4.jpg 800w, https:\/\/e-bike-tours.ch\/wp-content\/uploads\/2020\/12\/Donau_800x500_4-300x188.jpg 300w, https:\/\/e-bike-tours.ch\/wp-content\/uploads\/2020\/12\/Donau_800x500_4-768x480.jpg 768w\" width=\"800\" height=\"500\"><\/a><\/figure><\/div><div class=\"wpex-carousel-slide\"><figure class=\"wpex-carousel-entry-media entry-media wpex-relative\"><a href=\"https:\/\/e-bike-tours.ch\/wp-content\/uploads\/2020\/12\/Donau_800x500_6.jpg\" class=\"wpex-carousel-entry-img wpex-carousel-lightbox-item\" data-count=\"5\" data-show_title=\"false\" data-caption=\"Au fil du Danube en e-bike\"><img data-no-lazy=\"1\" class=\"wpex-align-middle skip-lazy\" src=\"https:\/\/e-bike-tours.ch\/wp-content\/uploads\/2020\/12\/Donau_800x500_6.jpg\" alt=\"\" srcset=\"https:\/\/e-bike-tours.ch\/wp-content\/uploads\/2020\/12\/Donau_800x500_6.jpg 800w, https:\/\/e-bike-tours.ch\/wp-content\/uploads\/2020\/12\/Donau_800x500_6-300x188.jpg 300w, https:\/\/e-bike-tours.ch\/wp-content\/uploads\/2020\/12\/Donau_800x500_6-768x480.jpg 768w\" width=\"800\" height=\"500\"><\/a><\/figure><\/div><div class=\"wpex-carousel-slide\"><figure class=\"wpex-carousel-entry-media entry-media wpex-relative\"><a href=\"https:\/\/ebiketours.rokka.io\/ebiketours-full\/59e2c118e43d02411d03bf0f3d0b23b792ac17d6\/ebt-la-legendaire-piste-cyclable-du-danube-karte-fr.jpg\" class=\"wpex-carousel-entry-img wpex-carousel-lightbox-item\" data-count=\"6\" data-show_title=\"false\" target=\"_blank\" rel=\"noopener\"><img data-no-lazy=\"1\" class=\"wpex-align-middle skip-lazy\" src=\"https:\/\/ebiketours.rokka.io\/ebiketours-full\/59e2c118e43d02411d03bf0f3d0b23b792ac17d6\/ebt-la-legendaire-piste-cyclable-du-danube-karte-fr.jpg\" alt=\"\" srcset=\"https:\/\/ebiketours.rokka.io\/ebiketours-full\/59e2c118e43d02411d03bf0f3d0b23b792ac17d6\/ebt-la-legendaire-piste-cyclable-du-danube-karte-fr.jpg 800w, https:\/\/ebiketours.rokka.io\/ebiketours-medium\/59e2c118e43d02411d03bf0f3d0b23b792ac17d6\/ebt-la-legendaire-piste-cyclable-du-danube-karte-fr-300x188.jpg 300w, https:\/\/ebiketours.rokka.io\/ebiketours-medium_large\/59e2c118e43d02411d03bf0f3d0b23b792ac17d6\/ebt-la-legendaire-piste-cyclable-du-danube-karte-fr-768x480.jpg 768w\" width=\"800\" height=\"500\"><\/a><\/figure><\/div><\/div>[\/vc_column][\/vc_row][\/vc_section][vc_section el_class=\u00a0\u00bbwk-section\u00a0\u00bb][vc_row][vc_column width=\u00a0\u00bb1\/2&Prime;][vc_column_text css=\u00a0\u00bb\u00a0\u00bb]\n<h3>Votre programme de voyage<\/h3>\n<h4>1er jour \u2013 Trajet jusqu\u2019\u00e0 Linz<\/h4>\n<p>Trajet en car sp\u00e9cial tout confort jusqu\u2019\u00e0 Linz. Repas du soir \u00e0 l\u2019h\u00f4tel.<\/p>\n<p>&nbsp;<\/p>\n<h4>2e jour \u2013 Linz \u2013 Steyr \u2013 Enns<\/h4>\n<p>De Linz, nous p\u00e9dalons tranquillement jusqu\u2019\u00e0 Steyr et sa magnifique vieille ville. Apr\u00e8s la pause de midi, nous suivons la rivi\u00e8re Enns jusqu\u2019\u00e0 la ville du m\u00eame nom. Enns, qui est l\u2019une des plus anciennes localit\u00e9s d\u2019Autriche, vous plaira \u00e0 coup s\u00fbr. Puis retour en car \u00e0 Linz et soir\u00e9e libre.<\/p>\n<p><em>Parcours e-bike: 56 km<\/em><\/p>\n<p>&nbsp;<\/p>\n<h4>3e jour \u2013 de Au \u00e0 Melk<\/h4>\n<p>En car, nous rejoignons Au, au bord du Danube, o\u00f9 nous enfourchons nos e-bikes. En route pour Melk, notre destination du jour dans la Wachau, nous longeons le Danube, \u00e0 travers les r\u00e9gions romantiques du Strudengau et du Nibelungengau. Repas du soir \u00e0 l\u2019h\u00f4tel.<\/p>\n<p><em>Parcours e-bike: 71 km<\/em><\/p>\n<p>&nbsp;<\/p>\n<h4>4e jour \u2013 Melk \u2013 Krems \u2013 D\u00fcrnstein<\/h4>\n<p>Au passage de la c\u00e9l\u00e8bre forteresse d\u2019Aggstein en ruine, nous descendons la rivi\u00e8re jusqu\u2019\u00e0 Krems, o\u00f9 nous visitons une manufacture de vinaigre balsamique bio et d\u00e9couvrons les secrets de fabrication du fameux condiment. Puis poursuite de l\u2019excursion vers la belle bourgade de D\u00fcrnstein, o\u00f9 nous aurons le temps de fl\u00e2ner. Que diriez-vous de rapporter en souvenir de votre voyage une bouteille du vin de la Wachau, d\u2019eau-de-vie d\u2019abricot ou un pot de confiture d\u2019abricot? Nous rejoignons ensuite l\u2019Abbaye de D\u00fcrnstein, \u00e0 courte distance. De l\u00e0, notre car nous ram\u00e8ne \u00e0 Melk. Repas du soir \u00e0 l\u2019h\u00f4tel.<\/p>\n<p><em>Parcours e-bike: 51 km<\/em><\/p>\n<p>&nbsp;<\/p>\n<h4>5e jour \u2013 Melk \u2013 Tulln \u2013 Vienne<\/h4>\n<p>La journ\u00e9e d\u2019aujourd\u2019hui d\u00e9bute par la visite de la c\u00e9l\u00e8bre abbaye de Melk, le plus grand monast\u00e8re baroque d\u2019Autriche. En car, nous poursuivons jusqu\u2019\u00e0 Zwentendorf, point de d\u00e9part de notre \u00e9tape \u00e0 v\u00e9lo. Au fil du Danube, nous roulons jusqu\u2019\u00e0 Tulln, connue pour ses remarquables jardins. Apr\u00e8s la pause de midi, nous traversons le Danube et p\u00e9dalons jusqu\u2019\u00e0 la capitale, Vienne. Repas du soir \u00e0 l\u2019h\u00f4tel.<\/p>\n<p><em>Parcours e-bike: 53 km<\/em><\/p>\n<p>&nbsp;<\/p>\n<h4>6e jour \u2013 Vienne &amp; alentours<\/h4>\n<p>Une visite guid\u00e9e en car nous permet de d\u00e9couvrir ce matin les principales curiosit\u00e9s de Vienne. La visite se termine \u00e0 Grinzing, o\u00f9 nous entamons notre dernier tour \u00e0 v\u00e9lo. Via Nussdorf, nous parvenons au magnifique point de vue du Kahlenberg, puis continuons \u00e0 p\u00e9daler en direction de Klosterneuburg, avant de rentrer \u00e0 notre h\u00f4tel par la rive gauche du Danube. Notre d\u00eener d\u2019adieu aura lieu au Brandauers Schlossbr\u00e4u.<\/p>\n<p><em>Parcours e-bike: 21 km<\/em><\/p>\n<p>&nbsp;<\/p>\n<h4>7e jour \u2013 Retour<\/h4>\n<p>Petit d\u00e9jeuner, puis voyage pour rentrer en Suisse.<\/p>\n[\/vc_column_text][vc_empty_space][\/vc_column][vc_column width=\u00a0\u00bb1\/2&Prime;]\n    <div class=\"cartours-event-coloured-box\">\n        <div class=\"inner-box \">\n    <div class=\"inner-header\">\n        <h3>Compris dans le prix!<\/h3>\n    <\/div>\n    <div class=\"inner-content\">\n        [vc_column_text css=\u00a0\u00bb\u00a0\u00bb]\n<ul>\n<li>Trajet en car sp\u00e9cial tout confort<\/li>\n<li>Transport des e-bikes dans une remorque professionnelle<\/li>\n<li>2 nuits \u00e0 l\u2019h\u00f4tel Courtyard By Marriott ****S, \u00e0 Linz<\/li>\n<li>2 nuits \u00e0 l\u2019h\u00f4tel Wachauerhof ***, \u00e0 Melk<\/li>\n<li>2 nuits \u00e0 l\u2019h\u00f4tel Austria Trend Ananas ****, \u00e0 Vienne<\/li>\n<li>6 x petit d\u00e9jeuner \u00e0 l\u2019h\u00f4tel<\/li>\n<li>4 x repas du soir \u00e0 l\u2019h\u00f4tel<\/li>\n<li>1 x repas du soir dans un restaurant de Vienne<\/li>\n<li>Entr\u00e9e &amp; visite de l\u2019Abbaye de Melk<\/li>\n<li>Visite d\u2019une manufacture de vinaigre balsamique, avec d\u00e9gustation<\/li>\n<li>Visite guid\u00e9e de Vienne<\/li>\n<li>Tous les parcours e-bike selon programme<\/li>\n<li>Deux guides exp\u00e9riment\u00e9s pour tous les tours en e-bike<\/li>\n<li>Gratuit: chaque participant re\u00e7oit un article de sport e-Bike-tours.ch \u00e0 choix<\/li>\n<\/ul>\n[\/vc_column_text]    <\/div>\n<\/div>\n    <\/div>\n    <div class=\"cartours-event-coloured-box\">\n        <div class=\"inner-box \">\n    <div class=\"inner-header\">\n        <h3>Vos dates de voyage<\/h3>\n    <\/div>\n    <div class=\"inner-content\">\n        \n    <div class=\"cartours-event-reisedaten\">\n        <div class=\"inner-box \">\n    <h3 style=\"color: red;\">This content element can be used ONLY on tour's single page!<\/h3><\/div>\n    <\/div>    <\/div>\n<\/div>\n    <\/div>\n    <div class=\"cartours-event-coloured-box\">\n        <div class=\"inner-box \">\n    <div class=\"inner-header\">\n        <h3>Notre prix sp\u00e9cial pour vous<\/h3>\n    <\/div>\n    <div class=\"inner-content\">\n        \n    <div class=\"cartours-event-hotels_info\">\n        <div class=\"inner-box \">\n    <h3 style=\"color: red;\">This content element can be used ONLY on tour's single page!<\/h3><\/div>\n    <\/div>[vc_column_text css=\u00a0\u00bb\u00a0\u00bb]<strong>Non inclus\/en option:<\/strong><br \/>\nSuppl\u00e9ment chambre individuelle: Fr. 280.-<br \/>\nSur demande: location e-bike: Fr. 36.- par jour<\/p>\n<p><strong>Choisissez votre lieu de d\u00e9part (tous avec possibilit\u00e9 de parking):<\/strong><br \/>\nTavel, Cossonay, Vernier[\/vc_column_text]    <\/div>\n<\/div>\n    <\/div>\n    <div class=\"cartours-event-coloured-box\">\n        <div class=\"inner-box \">\n    <div class=\"inner-header\">\n        <h3>Parcours e-bike:<\/h3>\n    <\/div>\n    <div class=\"inner-content\">\n        [vc_column_text css=\u00a0\u00bb\u00a0\u00bb]La plupart de nos itin\u00e9raires longent le Danube, \u00e0 plat ou l\u00e9g\u00e8rement en descente. La piste cyclable du Danube est parfaitement am\u00e9nag\u00e9e et sans circulation motoris\u00e9e. De courts tron\u00e7ons empruntent des routes secondaires.<\/p>\n<p>7 jours<br \/>\n5 tours en e-bike<br \/>\n252 km[\/vc_column_text]    <\/div>\n<\/div>\n    <\/div>[vc_empty_space][vc_single_image image=\u00a0\u00bb134178&Prime; alignment=\u00a0\u00bbcenter\u00a0\u00bb css=\u00a0\u00bb\u00a0\u00bb][vc_empty_space]<div class=\"theme-button-wrap textcenter wpex-clr\"><a href=\"https:\/\/e-bike-tours.ch\/fr\/sur-nous\/nos-e-bikes-de-location\/\" class=\"vcex-button theme-button medium align-center inline\"><span class=\"vcex-button-inner theme-button-inner wpex-flex wpex-flex-wrap wpex-items-center wpex-justify-center\">En savoir plus ici!<\/span><\/a><\/div> [\/vc_column][\/vc_row][\/vc_section]\n<\/div>","protected":false},"excerpt":{"rendered":"<p>[vc_section][vc_row][vc_column width=\u00a0\u00bb1\/2&Prime;][vc_acf field_group=\u00a0\u00bb2968&Prime; field_from_2968=\u00a0\u00bbfield_5d7a4a45000c9&Prime;][vc_empty_space][\/vc_column][vc_column width=\u00a0\u00bb1\/2&Prime;][\/vc_column][\/vc_row][\/vc_section][vc_section el_class=\u00a0\u00bbwk-section\u00a0\u00bb][vc_row][vc_column][\/vc_column][\/vc_row][\/vc_section][vc_section el_class=\u00a0\u00bbwk-section\u00a0\u00bb][vc_row][vc_column width=\u00a0\u00bb1\/2&Prime;][vc_column_text css=\u00a0\u00bb\u00a0\u00bb] Votre programme de voyage 1er jour \u2013 Trajet jusqu\u2019\u00e0 Linz Trajet en car sp\u00e9cial tout confort jusqu\u2019\u00e0 Linz. Repas du soir \u00e0 l\u2019h\u00f4tel. &nbsp; 2e jour \u2013 Linz \u2013 Steyr \u2013 Enns De Linz, nous p\u00e9dalons tranquillement jusqu\u2019\u00e0 Steyr et sa magnifique vieille ville. Apr\u00e8s la&hellip;<\/p>\n","protected":false},"author":15,"featured_media":118590,"template":"","tags":[],"cartours_category":[505,501,502],"class_list":["post-134029","cartours_event","type-cartours_event","status-publish","has-post-thumbnail","hentry","cartours_category-autriche","cartours_category-e-bike-tours-fr","cartours_category-objectifs-de-la-visite","entry","no-media"],"acf":[],"_links":{"self":[{"href":"https:\/\/e-bike-tours.ch\/fr\/wp-json\/wp\/v2\/cartours_event\/134029","targetHints":{"allow":["GET"]}}],"collection":[{"href":"https:\/\/e-bike-tours.ch\/fr\/wp-json\/wp\/v2\/cartours_event"}],"about":[{"href":"https:\/\/e-bike-tours.ch\/fr\/wp-json\/wp\/v2\/types\/cartours_event"}],"author":[{"embeddable":true,"href":"https:\/\/e-bike-tours.ch\/fr\/wp-json\/wp\/v2\/users\/15"}],"version-history":[{"count":8,"href":"https:\/\/e-bike-tours.ch\/fr\/wp-json\/wp\/v2\/cartours_event\/134029\/revisions"}],"predecessor-version":[{"id":135096,"href":"https:\/\/e-bike-tours.ch\/fr\/wp-json\/wp\/v2\/cartours_event\/134029\/revisions\/135096"}],"wp:featuredmedia":[{"embeddable":true,"href":"https:\/\/e-bike-tours.ch\/fr\/wp-json\/wp\/v2\/media\/118590"}],"wp:attachment":[{"href":"https:\/\/e-bike-tours.ch\/fr\/wp-json\/wp\/v2\/media?parent=134029"}],"wp:term":[{"taxonomy":"post_tag","embeddable":true,"href":"https:\/\/e-bike-tours.ch\/fr\/wp-json\/wp\/v2\/tags?post=134029"},{"taxonomy":"cartours_category","embeddable":true,"href":"https:\/\/e-bike-tours.ch\/fr\/wp-json\/wp\/v2\/cartours_category?post=134029"}],"curies":[{"name":"wp","href":"https:\/\/api.w.org\/{rel}","templated":true}]}}