{"id":134028,"date":"2024-11-18T15:24:46","date_gmt":"2024-11-18T14:24:46","guid":{"rendered":"https:\/\/e-bike-tours.ch\/?post_type=cartours_event&#038;p=134028"},"modified":"2025-10-14T05:09:03","modified_gmt":"2025-10-14T03:09:03","slug":"fantastique-croatie","status":"publish","type":"cartours_event","link":"https:\/\/e-bike-tours.ch\/fr\/tour\/fantastique-croatie\/","title":{"rendered":"Fantastique Croatie"},"content":{"rendered":"<div class=\"wpb-content-wrapper\">[vc_section][vc_row][vc_column width=\u00a0\u00bb1\/2&Prime;]<div class=\"vcex-page-title vcex-module\"><h1 class=\"vcex-page-title__heading wpex-heading wpex-text-3xl\"><span class=\"vcex-page-title__text\">Fantastique Croatie<\/span><\/h1><\/div>[vc_acf field_group=\u00a0\u00bb2968&Prime; field_from_2968=\u00a0\u00bbfield_5d7a4a45000c9&Prime;][vc_empty_space]\n    <div class=\"vc_btn3-container vc_btn3-inline td-online-booking\">\n        <a class=\"theme-button red\" href=\"https:\/\/e-bike-tours.ch\/fr\/offres\/\" target=\"_self\">Plus d'id\u00e9es de voyage<\/a>\n    <\/div>[\/vc_column][vc_column width=\u00a0\u00bb1\/2&Prime;]\n    <div class=\"cartours-event-coloured-box\">\n        <div class=\"inner-box \">\n    <div class=\"inner-header\">\n        <h3>Vos dates de voyage<\/h3>\n    <\/div>\n    <div class=\"inner-content\">\n        \n    <div class=\"cartours-event-reisedaten\">\n        <div class=\"inner-box \">\n    <h3 style=\"color: red;\">This content element can be used ONLY on tour's single page!<\/h3><\/div>\n    <\/div>    <\/div>\n<\/div>\n    <\/div>\n    <div class=\"cartours-event-coloured-box\">\n        <div class=\"inner-box \">\n    <div class=\"inner-header\">\n        <h3>Notre prix sp\u00e9cial pour vous<\/h3>\n    <\/div>\n    <div class=\"inner-content\">\n        \n    <div class=\"cartours-event-hotels_info\">\n        <div class=\"inner-box \">\n    <h3 style=\"color: red;\">This content element can be used ONLY on tour's single page!<\/h3><\/div>\n    <\/div>[vc_column_text css=\u00a0\u00bb\u00a0\u00bb]<strong>Non inclus\/en option:<\/strong><br \/>\nSuppl\u00e9ment chambre individuelle: Fr. 399.-<br \/>\nSur demande: location e-bike: Fr. 36.- par jour<\/p>\n<p><strong>Choisissez votre lieu de d\u00e9part (tous avec possibilit\u00e9 de parking):<\/strong><br \/>\nTavel, Cossonay, Vernier[\/vc_column_text]    <\/div>\n<\/div>\n    <\/div>[\/vc_column][\/vc_row][\/vc_section][vc_section el_class=\u00a0\u00bbwk-section\u00a0\u00bb][vc_row][vc_column]<style class=\"vcex-carousel-preload-css\">.vcex_69f520ab1b2a6{--wpex-carousel-gap:6px;}.vcex_69f520ab1b2a6{--wpex-carousel-columns:1;}.vcex_69f520ab1b2a6.wpex-carousel:not(.wpex-carousel--loaded) > *:not(:nth-child(1n+2)){display:flex!important;}@media only screen and (min-width: 480px) {.vcex_69f520ab1b2a6{--wpex-carousel-columns:2;}.vcex_69f520ab1b2a6.wpex-carousel:not(.wpex-carousel--loaded) > *:not(:nth-child(1n+3)){display:flex!important;}}@media only screen and (min-width: 768px) {.vcex_69f520ab1b2a6{--wpex-carousel-columns:3;}.vcex_69f520ab1b2a6.wpex-carousel:not(.wpex-carousel--loaded) > *:not(:nth-child(1n+4)){display:flex!important;}}@media only screen and (min-width: 960px) {.vcex_69f520ab1b2a6{--wpex-carousel-columns:3;}.vcex_69f520ab1b2a6.wpex-carousel:not(.wpex-carousel--loaded) > *:not(:nth-child(1n+4)){display:flex!important;}}<\/style><div class=\"vcex-image-carousel wpex-carousel wpex-carousel-images wpex-clr vcex-module owl-carousel wpex-carousel--render-onload vcex_69f520ab1b2a6 arrwstyle-default arrwpos-abs wpex-carousel-lightbox\" data-wpex-carousel=\"{&quot;autoplay&quot;:&quot;true&quot;,&quot;slideBy&quot;:1,&quot;margin&quot;:6,&quot;items&quot;:3,&quot;responsive&quot;:{&quot;0&quot;:{&quot;items&quot;:&quot;1&quot;},&quot;480&quot;:{&quot;items&quot;:&quot;2&quot;},&quot;768&quot;:{&quot;items&quot;:&quot;3&quot;},&quot;960&quot;:{&quot;items&quot;:3}},&quot;smartSpeed&quot;:150}\"><div class=\"wpex-carousel-slide\"><figure class=\"wpex-carousel-entry-media entry-media wpex-relative\"><a href=\"https:\/\/e-bike-tours.ch\/wp-content\/uploads\/2022\/11\/Fantastisches-Kroatien_Zrmanj-Fluss800x500.jpg\" class=\"wpex-carousel-entry-img wpex-carousel-lightbox-item\" data-count=\"1\" data-show_title=\"false\"><img data-no-lazy=\"1\" class=\"wpex-align-middle skip-lazy\" src=\"https:\/\/e-bike-tours.ch\/wp-content\/uploads\/2022\/11\/Fantastisches-Kroatien_Zrmanj-Fluss800x500.jpg\" alt=\"\" srcset=\"https:\/\/e-bike-tours.ch\/wp-content\/uploads\/2022\/11\/Fantastisches-Kroatien_Zrmanj-Fluss800x500.jpg 800w, https:\/\/e-bike-tours.ch\/wp-content\/uploads\/2022\/11\/Fantastisches-Kroatien_Zrmanj-Fluss800x500-300x188.jpg 300w, https:\/\/e-bike-tours.ch\/wp-content\/uploads\/2022\/11\/Fantastisches-Kroatien_Zrmanj-Fluss800x500-768x480.jpg 768w\" width=\"800\" height=\"500\"><\/a><\/figure><\/div><div class=\"wpex-carousel-slide\"><figure class=\"wpex-carousel-entry-media entry-media wpex-relative\"><a href=\"https:\/\/e-bike-tours.ch\/wp-content\/uploads\/2022\/11\/Fantastisches-Kroatien_Hafen-von-Vodice800x500.jpg\" class=\"wpex-carousel-entry-img wpex-carousel-lightbox-item\" data-count=\"2\" data-show_title=\"false\" data-caption=\"Le port de Vodice\"><img data-no-lazy=\"1\" class=\"wpex-align-middle skip-lazy\" src=\"https:\/\/e-bike-tours.ch\/wp-content\/uploads\/2022\/11\/Fantastisches-Kroatien_Hafen-von-Vodice800x500.jpg\" alt=\"\" srcset=\"https:\/\/e-bike-tours.ch\/wp-content\/uploads\/2022\/11\/Fantastisches-Kroatien_Hafen-von-Vodice800x500.jpg 800w, https:\/\/e-bike-tours.ch\/wp-content\/uploads\/2022\/11\/Fantastisches-Kroatien_Hafen-von-Vodice800x500-300x188.jpg 300w, https:\/\/e-bike-tours.ch\/wp-content\/uploads\/2022\/11\/Fantastisches-Kroatien_Hafen-von-Vodice800x500-768x480.jpg 768w\" width=\"800\" height=\"500\"><\/a><\/figure><\/div><div class=\"wpex-carousel-slide\"><figure class=\"wpex-carousel-entry-media entry-media wpex-relative\"><a href=\"https:\/\/e-bike-tours.ch\/wp-content\/uploads\/2022\/11\/Fantastisches-Kroatien_Die-spektakulaere-Landschaft-rund-um-den-Naturpark-Vrana-See800x500.jpg\" class=\"wpex-carousel-entry-img wpex-carousel-lightbox-item\" data-count=\"3\" data-show_title=\"false\" data-caption=\"Les spectaculaires paysages autour du parc naturel du lac de Vrana\"><img data-no-lazy=\"1\" class=\"wpex-align-middle skip-lazy\" src=\"https:\/\/e-bike-tours.ch\/wp-content\/uploads\/2022\/11\/Fantastisches-Kroatien_Die-spektakulaere-Landschaft-rund-um-den-Naturpark-Vrana-See800x500.jpg\" alt=\"\" srcset=\"https:\/\/e-bike-tours.ch\/wp-content\/uploads\/2022\/11\/Fantastisches-Kroatien_Die-spektakulaere-Landschaft-rund-um-den-Naturpark-Vrana-See800x500.jpg 800w, https:\/\/e-bike-tours.ch\/wp-content\/uploads\/2022\/11\/Fantastisches-Kroatien_Die-spektakulaere-Landschaft-rund-um-den-Naturpark-Vrana-See800x500-300x188.jpg 300w, https:\/\/e-bike-tours.ch\/wp-content\/uploads\/2022\/11\/Fantastisches-Kroatien_Die-spektakulaere-Landschaft-rund-um-den-Naturpark-Vrana-See800x500-768x480.jpg 768w\" width=\"800\" height=\"500\"><\/a><\/figure><\/div><div class=\"wpex-carousel-slide\"><figure class=\"wpex-carousel-entry-media entry-media wpex-relative\"><a href=\"https:\/\/e-bike-tours.ch\/wp-content\/uploads\/2022\/11\/Fantastisches-Kroatien_Hauptbild800x500.jpg\" class=\"wpex-carousel-entry-img wpex-carousel-lightbox-item\" data-count=\"4\" data-show_title=\"false\" data-caption=\"Unterwegs im Krka - Nationalpark\"><img data-no-lazy=\"1\" class=\"wpex-align-middle skip-lazy\" src=\"https:\/\/e-bike-tours.ch\/wp-content\/uploads\/2022\/11\/Fantastisches-Kroatien_Hauptbild800x500.jpg\" alt=\"\" srcset=\"https:\/\/e-bike-tours.ch\/wp-content\/uploads\/2022\/11\/Fantastisches-Kroatien_Hauptbild800x500.jpg 800w, https:\/\/e-bike-tours.ch\/wp-content\/uploads\/2022\/11\/Fantastisches-Kroatien_Hauptbild800x500-300x188.jpg 300w, https:\/\/e-bike-tours.ch\/wp-content\/uploads\/2022\/11\/Fantastisches-Kroatien_Hauptbild800x500-768x480.jpg 768w\" width=\"800\" height=\"500\"><\/a><\/figure><\/div><div class=\"wpex-carousel-slide\"><figure class=\"wpex-carousel-entry-media entry-media wpex-relative\"><a href=\"https:\/\/e-bike-tours.ch\/wp-content\/uploads\/2022\/11\/Fantastisches-Kroatien_Fahrerin800x500.jpg\" class=\"wpex-carousel-entry-img wpex-carousel-lightbox-item\" data-count=\"5\" data-show_title=\"false\" data-caption=\"Votre itin\u00e9raire\"><img data-no-lazy=\"1\" class=\"wpex-align-middle skip-lazy\" src=\"https:\/\/e-bike-tours.ch\/wp-content\/uploads\/2022\/11\/Fantastisches-Kroatien_Fahrerin800x500.jpg\" alt=\"\" srcset=\"https:\/\/e-bike-tours.ch\/wp-content\/uploads\/2022\/11\/Fantastisches-Kroatien_Fahrerin800x500.jpg 800w, https:\/\/e-bike-tours.ch\/wp-content\/uploads\/2022\/11\/Fantastisches-Kroatien_Fahrerin800x500-300x188.jpg 300w, https:\/\/e-bike-tours.ch\/wp-content\/uploads\/2022\/11\/Fantastisches-Kroatien_Fahrerin800x500-768x480.jpg 768w\" width=\"800\" height=\"500\"><\/a><\/figure><\/div><div class=\"wpex-carousel-slide\"><figure class=\"wpex-carousel-entry-media entry-media wpex-relative\"><a href=\"https:\/\/ebiketours.rokka.io\/ebiketours-full\/bc6a93cadb31d24a40cbbf294b70da7961473d3a\/ebt-kroatien-karte-fr.jpg\" class=\"wpex-carousel-entry-img wpex-carousel-lightbox-item\" data-count=\"6\" data-show_title=\"false\" target=\"_blank\" rel=\"noopener\"><img data-no-lazy=\"1\" class=\"wpex-align-middle skip-lazy\" src=\"https:\/\/ebiketours.rokka.io\/ebiketours-full\/bc6a93cadb31d24a40cbbf294b70da7961473d3a\/ebt-kroatien-karte-fr.jpg\" alt=\"\" srcset=\"https:\/\/ebiketours.rokka.io\/ebiketours-full\/bc6a93cadb31d24a40cbbf294b70da7961473d3a\/ebt-kroatien-karte-fr.jpg 800w, https:\/\/ebiketours.rokka.io\/ebiketours-medium\/bc6a93cadb31d24a40cbbf294b70da7961473d3a\/ebt-kroatien-karte-fr-300x188.jpg 300w, https:\/\/ebiketours.rokka.io\/ebiketours-medium_large\/bc6a93cadb31d24a40cbbf294b70da7961473d3a\/ebt-kroatien-karte-fr-768x480.jpg 768w\" width=\"800\" height=\"500\"><\/a><\/figure><\/div><\/div>[\/vc_column][\/vc_row][\/vc_section][vc_section el_class=\u00a0\u00bbwk-section\u00a0\u00bb][vc_row][vc_column width=\u00a0\u00bb1\/2&Prime;][vc_column_text css=\u00a0\u00bb\u00a0\u00bb]\n<h3>Votre programme de voyage<\/h3>\n<h4>1er jour, mardi 14 octobre 2025 \u2013 Trajet jusqu\u2019\u00e0 Crikvenica<\/h4>\n<p>Trajet en car sp\u00e9cial tout confort jusque dans la ville portuaire croate de Crikvenica, o\u00f9 nous sommes attendus \u00e0 l\u2019h\u00f4tel pour le repas du soir.<\/p>\n<p>&nbsp;<\/p>\n<h4>2e jour, mercredi 15 octobre 2025 \u2013 Zadar \u2013 Vodice<\/h4>\n<p>Apr\u00e8s le petit d\u00e9jeuner, le car nous emm\u00e8ne \u00e0 Zadar. Cette magnifique bourgade est la porte d\u2019entr\u00e9e de la Dalmatie. Visite de la ville, suivie d\u2019une pause de midi d\u00e9contract\u00e9e dans le centre, avant que nous n\u2019abordions notre premier tour \u00e0 v\u00e9lo. En longeant la mer jusqu\u2019\u00e0 la pittoresque ville c\u00f4ti\u00e8re de Vodice, nous profitons de la brise marine et d\u2019une vue magnifique. Installation pour les cinq jours \u00e0 venir \u00e0 l\u2019h\u00f4tel 4 \u00e9toiles-plus Olympia Sky, situ\u00e9 \u00e0 proximit\u00e9 imm\u00e9diate de la mer. Savoureux repas du soir \u00e0 l\u2019h\u00f4tel.<\/p>\n<p><em>Parcours e-bike: env. 25 km<\/em><\/p>\n<p>&nbsp;<\/p>\n<h4>3e jour, jeudi 16 octobre 2025 \u2013 Parc naturel du lac Vrana<\/h4>\n<p>Apr\u00e8s un court transfert en car, nous rejoignons le point de d\u00e9part de notre excursion du jour, qui nous entra\u00eene autour du plus grand lac d\u2019eau douce de Croatie. Au coeur d\u2019un merveilleux \u00e9crin naturel, le lac de Vrana est un enchantement \u2013 la r\u00e9gion abrite une incroyable biodiversit\u00e9 et le lac et ses alentours sont un sanctuaire pour de nombreuses esp\u00e8ces d\u2019oiseaux. A certains endroits, le lac n\u2019est qu\u2019\u00e0 un kilom\u00e8tre de la mer et le point de vue de Kamenjak offre un magnifique coup d\u2019oeil sur l\u2019archipel croate. En cours de route, nous savourons une collation \u00e0 base de sp\u00e9cialit\u00e9s locales et d\u00e9couvrons l\u2019histoire de Maskovica Han, le monument le plus occidental de l\u2019Empire ottoman. Soir\u00e9e \u00e0 votre libre disposition.<\/p>\n<p><em>Parcours e-bike: env. 36 km<\/em><\/p>\n<p>&nbsp;<\/p>\n<h4>4e jour, vendredi 17 octobre 2025 \u2013 Anciennes voies romaines et cascades de Krka<\/h4>\n<p>Aujourd\u2019hui, nous quittons l\u2019h\u00f4tel \u00e0 v\u00e9lo, pour rouler \u00e0 travers vignobles et oliveraies. Par une magnifique piste cyclable, nous d\u00e9passons des ruines romaines couvertes de v\u00e9g\u00e9tation m\u00e9diterran\u00e9enne et d\u2019anciens sites d\u2019implantation de bergers remontant \u00e0 l\u2019\u00c2ge de pierre. Poursuite du tour jusqu\u2019aux c\u00e9l\u00e8bres cascades de Krka, dans le parc national \u00e9ponyme. Admirez ici l\u2019un des plus beaux spectacles naturels au monde et des paysages d\u2019une rare beaut\u00e9. Nous passons devant les vestiges du camp de la l\u00e9gion romaine de Burnum et pr\u00e8s des cascades de Manojlovac et de Roski. Notre tour s\u2019ach\u00e8ve \u00e0 Skradin, d\u2019o\u00f9 le car nous ram\u00e8ne \u00e0 Vodice. Repas du soir \u00e0 l\u2019h\u00f4tel.<\/p>\n<p><em>Parcours e-bike: env. 45 km<\/em><\/p>\n<p>&nbsp;<\/p>\n<h4>5e jour, samedi 18 octobre 2025 \u2013 Route des Ma\u00eetres<\/h4>\n<p>Apr\u00e8s le petit d\u00e9jeuner, d\u00e9part en car pour Sveti Rok. De l\u00e0, nous p\u00e9dalons en mont\u00e9e le long de la Route des Ma\u00eetres, au passage du Tulove Grede \u2013 probablement le d\u00e9cor le plus connu des films de Winnetou tourn\u00e9s ici dans les ann\u00e9es soixante. Admirez ce magnifique paysage karstique et profitez de l\u2019atmosph\u00e8re unique qui y r\u00e8gne, avant d\u2019aborder la redescente, avec vue sur la mer. La journ\u00e9e se termine sur les hauts de la rivi\u00e8re Zrmanja, qui repr\u00e9sentait le Rio Bravo dans les films de Winnetou.<\/p>\n<p><em>Parcours e-bike: env. 39 km<\/em><\/p>\n<p>&nbsp;<\/p>\n<h4>6e jour, dimanche 19 octobre 2025 \u2013 Tisno \u2013 \u00cele de Murter<\/h4>\n<p>Apr\u00e8s le petit d\u00e9jeuner, le car nous conduit dans la ville voisine de Tisno, o\u00f9 nous enfourchons nos v\u00e9los pour franchir le pont-levis et rejoindre l\u2019\u00eele de Murter. A travers le maquis, nous roulons jusqu\u2019\u00e0 de petites baies recul\u00e9es invitant \u00e0 la baignade, traversons de jolis villages de p\u00eacheurs, fl\u00e2nons sur les promenades de Murter et savourons en cours de route une collation faite de sp\u00e9cialit\u00e9s locales. Repas du soir \u00e0 l\u2019h\u00f4tel.<\/p>\n<p><em>Parcours e-bike: 33 km<\/em><\/p>\n<p>&nbsp;<\/p>\n<h4>7e jour, lundi 20 octobre 2025 \u2013 Vodice \u2013 Portoro\u017e<\/h4>\n<p>En car, nous suivons aujourd\u2019hui la c\u00e9l\u00e8bre route c\u00f4ti\u00e8re, en direction de la Slov\u00e9nie. Arriv\u00e9e \u00e0 Portoro\u017e, la ville des roses, notre derni\u00e8re \u00e9tape pour la nuit. Avant le repas du soir, profitez encore d\u2019une petite balade dans la jolie vieille ville.<\/p>\n<p>&nbsp;<\/p>\n<h4>8e jour, mardi 21 octobre 2025 \u2013 Retour<\/h4>\n<p>Retour en Suisse apr\u00e8s le petit d\u00e9jeuner, la t\u00eate et les bagages remplis d\u2019impressions inoubliables.<\/p>\n[\/vc_column_text][vc_empty_space][\/vc_column][vc_column width=\u00a0\u00bb1\/2&Prime;]\n    <div class=\"cartours-event-coloured-box\">\n        <div class=\"inner-box \">\n    <div class=\"inner-header\">\n        <h3>Compris dans le prix!<\/h3>\n    <\/div>\n    <div class=\"inner-content\">\n        [vc_column_text css=\u00a0\u00bb\u00a0\u00bb]\n<ul>\n<li>Trajet en car sp\u00e9cial tout confort<\/li>\n<li>Transport des e-bikes dans une remorque professionnelle<\/li>\n<li>1 nuit \u00e0 l\u2019h\u00f4tel Omorika ****, \u00e0 Crikvenica<\/li>\n<li>5 nuits \u00e0 l\u2019h\u00f4tel Olympia Sky ****+, \u00e0 Vodice<\/li>\n<li>1 nuit \u00e0 l\u2019h\u00f4tel Histrion ****, \u00e0 Portoro\u017e<\/li>\n<li>7 x petit d\u00e9jeuner \u00e0 l\u2019h\u00f4tel<\/li>\n<li>6 x repas du soir \u00e0 l\u2019h\u00f4tel<\/li>\n<li>2 x collation \u00e0 base de produits r\u00e9gionaux<\/li>\n<li>Entr\u00e9e au parc naturel de Velebit, aux cascades de Krka &amp; au parc naturel du lac de Vrana<\/li>\n<li>Tous les parcours e-bike selon programme<\/li>\n<li>Deux guides exp\u00e9riment\u00e9s pour tous les tours en e-bike<\/li>\n<li>Gratuit: chaque participant re\u00e7oit un article de sport e-Bike-tours.ch \u00e0 choix<\/li>\n<\/ul>\n[\/vc_column_text]    <\/div>\n<\/div>\n    <\/div>\n    <div class=\"cartours-event-coloured-box\">\n        <div class=\"inner-box \">\n    <div class=\"inner-header\">\n        <h3>Vos dates de voyage<\/h3>\n    <\/div>\n    <div class=\"inner-content\">\n        \n    <div class=\"cartours-event-reisedaten\">\n        <div class=\"inner-box \">\n    <h3 style=\"color: red;\">This content element can be used ONLY on tour's single page!<\/h3><\/div>\n    <\/div>    <\/div>\n<\/div>\n    <\/div>\n    <div class=\"cartours-event-coloured-box\">\n        <div class=\"inner-box \">\n    <div class=\"inner-header\">\n        <h3>Notre prix sp\u00e9cial pour vous<\/h3>\n    <\/div>\n    <div class=\"inner-content\">\n        \n    <div class=\"cartours-event-hotels_info\">\n        <div class=\"inner-box \">\n    <h3 style=\"color: red;\">This content element can be used ONLY on tour's single page!<\/h3><\/div>\n    <\/div>[vc_column_text css=\u00a0\u00bb\u00a0\u00bb]<strong>Non inclus\/en option:<\/strong><br \/>\nSuppl\u00e9ment chambre individuelle: Fr. 399.-<br \/>\nSur demande: location e-bike: Fr. 36.- par jour<\/p>\n<p><strong>Choisissez votre lieu de d\u00e9part (tous avec possibilit\u00e9 de parking):<\/strong><br \/>\nTavel, Cossonay, Vernier[\/vc_column_text]    <\/div>\n<\/div>\n    <\/div>\n    <div class=\"cartours-event-coloured-box\">\n        <div class=\"inner-box \">\n    <div class=\"inner-header\">\n        <h3>Parcours e-bike:<\/h3>\n    <\/div>\n    <div class=\"inner-content\">\n        [vc_column_text css=\u00a0\u00bb\u00a0\u00bb]Pour ce voyage, nous vous recommandons l\u2019utilisation d\u2019un e-bike \u00e9quip\u00e9 de pneus trekking ou d\u2019un e-mountainbike. Nous empruntons en effet principalement des sentiers en pleine nature non goudronn\u00e9s et aux rev\u00eatements variant du sable fin aux plus gros cailloux.<\/p>\n<p>8 jours<br \/>\n5 tours en e-bike<br \/>\n178 km[\/vc_column_text]    <\/div>\n<\/div>\n    <\/div>[vc_empty_space][vc_single_image image=\u00a0\u00bb134178&Prime; alignment=\u00a0\u00bbcenter\u00a0\u00bb css=\u00a0\u00bb\u00a0\u00bb][vc_empty_space]<div class=\"theme-button-wrap textcenter wpex-clr\"><a href=\"https:\/\/e-bike-tours.ch\/fr\/sur-nous\/nos-e-bikes-de-location\/\" class=\"vcex-button theme-button medium align-center inline\"><span class=\"vcex-button-inner theme-button-inner wpex-flex wpex-flex-wrap wpex-items-center wpex-justify-center\">En savoir plus ici!<\/span><\/a><\/div> [\/vc_column][\/vc_row][\/vc_section]\n<\/div>","protected":false},"excerpt":{"rendered":"<p>[vc_section][vc_row][vc_column width=\u00a0\u00bb1\/2&Prime;][vc_acf field_group=\u00a0\u00bb2968&Prime; field_from_2968=\u00a0\u00bbfield_5d7a4a45000c9&Prime;][vc_empty_space][\/vc_column][vc_column width=\u00a0\u00bb1\/2&Prime;][\/vc_column][\/vc_row][\/vc_section][vc_section el_class=\u00a0\u00bbwk-section\u00a0\u00bb][vc_row][vc_column][\/vc_column][\/vc_row][\/vc_section][vc_section el_class=\u00a0\u00bbwk-section\u00a0\u00bb][vc_row][vc_column width=\u00a0\u00bb1\/2&Prime;][vc_column_text css=\u00a0\u00bb\u00a0\u00bb] Votre programme de voyage 1er jour, mardi 14 octobre 2025 \u2013 Trajet jusqu\u2019\u00e0 Crikvenica Trajet en car sp\u00e9cial tout confort jusque dans la ville portuaire croate de Crikvenica, o\u00f9 nous sommes attendus \u00e0 l\u2019h\u00f4tel pour le repas du soir. &nbsp; 2e jour, mercredi 15 octobre 2025&hellip;<\/p>\n","protected":false},"author":15,"featured_media":124400,"template":"","tags":[],"cartours_category":[506,501,502],"class_list":["post-134028","cartours_event","type-cartours_event","status-publish","has-post-thumbnail","hentry","cartours_category-croatie","cartours_category-e-bike-tours-fr","cartours_category-objectifs-de-la-visite","entry","no-media"],"acf":[],"_links":{"self":[{"href":"https:\/\/e-bike-tours.ch\/fr\/wp-json\/wp\/v2\/cartours_event\/134028","targetHints":{"allow":["GET"]}}],"collection":[{"href":"https:\/\/e-bike-tours.ch\/fr\/wp-json\/wp\/v2\/cartours_event"}],"about":[{"href":"https:\/\/e-bike-tours.ch\/fr\/wp-json\/wp\/v2\/types\/cartours_event"}],"author":[{"embeddable":true,"href":"https:\/\/e-bike-tours.ch\/fr\/wp-json\/wp\/v2\/users\/15"}],"version-history":[{"count":7,"href":"https:\/\/e-bike-tours.ch\/fr\/wp-json\/wp\/v2\/cartours_event\/134028\/revisions"}],"predecessor-version":[{"id":134362,"href":"https:\/\/e-bike-tours.ch\/fr\/wp-json\/wp\/v2\/cartours_event\/134028\/revisions\/134362"}],"wp:featuredmedia":[{"embeddable":true,"href":"https:\/\/e-bike-tours.ch\/fr\/wp-json\/wp\/v2\/media\/124400"}],"wp:attachment":[{"href":"https:\/\/e-bike-tours.ch\/fr\/wp-json\/wp\/v2\/media?parent=134028"}],"wp:term":[{"taxonomy":"post_tag","embeddable":true,"href":"https:\/\/e-bike-tours.ch\/fr\/wp-json\/wp\/v2\/tags?post=134028"},{"taxonomy":"cartours_category","embeddable":true,"href":"https:\/\/e-bike-tours.ch\/fr\/wp-json\/wp\/v2\/cartours_category?post=134028"}],"curies":[{"name":"wp","href":"https:\/\/api.w.org\/{rel}","templated":true}]}}