{"id":134023,"date":"2024-11-18T15:38:32","date_gmt":"2024-11-18T14:38:32","guid":{"rendered":"https:\/\/e-bike-tours.ch\/?post_type=cartours_event&#038;p=134023"},"modified":"2025-05-27T10:30:03","modified_gmt":"2025-05-27T08:30:03","slug":"autriche-italie-slovenie","status":"publish","type":"cartours_event","link":"https:\/\/e-bike-tours.ch\/fr\/tour\/autriche-italie-slovenie\/","title":{"rendered":"Autriche &#8211; Italie &#8211; Slov\u00e9nie"},"content":{"rendered":"<div class=\"wpb-content-wrapper\">[vc_section][vc_row][vc_column width=\u00a0\u00bb1\/2&Prime;]<div class=\"vcex-page-title vcex-module\"><h1 class=\"vcex-page-title__heading wpex-heading wpex-text-3xl\"><span class=\"vcex-page-title__text\">Autriche &#8211; Italie &#8211; Slov\u00e9nie<\/span><\/h1><\/div>[vc_acf field_group=\u00a0\u00bb2968&Prime; field_from_2968=\u00a0\u00bbfield_5d7a4a45000c9&Prime;][vc_empty_space]\n    <div class=\"vc_btn3-container vc_btn3-inline td-online-booking\">\n        <a class=\"theme-button red\" href=\"https:\/\/e-bike-tours.ch\/fr\/offres\/\" target=\"_self\">Plus d'id\u00e9es de voyage<\/a>\n    <\/div>[\/vc_column][vc_column width=\u00a0\u00bb1\/2&Prime;]\n    <div class=\"cartours-event-coloured-box\">\n        <div class=\"inner-box \">\n    <div class=\"inner-header\">\n        <h3>Vos dates de voyage<\/h3>\n    <\/div>\n    <div class=\"inner-content\">\n        \n    <div class=\"cartours-event-reisedaten\">\n        <div class=\"inner-box \">\n    <h3 style=\"color: red;\">This content element can be used ONLY on tour's single page!<\/h3><\/div>\n    <\/div>    <\/div>\n<\/div>\n    <\/div>\n    <div class=\"cartours-event-coloured-box\">\n        <div class=\"inner-box \">\n    <div class=\"inner-header\">\n        <h3>Notre prix sp\u00e9cial pour vous<\/h3>\n    <\/div>\n    <div class=\"inner-content\">\n        \n    <div class=\"cartours-event-hotels_info\">\n        <div class=\"inner-box \">\n    <h3 style=\"color: red;\">This content element can be used ONLY on tour's single page!<\/h3><\/div>\n    <\/div>[vc_column_text css=\u00a0\u00bb\u00a0\u00bb]<strong>Non inclus\/en option:<\/strong><br \/>\nSuppl\u00e9ment chambre individuelle: Fr. 290.-<br \/>\nSur demande: location e-bike: Fr. 36.- par jour<\/p>\n<p><strong>Choisissez votre lieu de d\u00e9part (tous avec possibilit\u00e9 de parking):<\/strong><br \/>\nTavel, Cossonay, Vernier[\/vc_column_text]    <\/div>\n<\/div>\n    <\/div>[\/vc_column][\/vc_row][\/vc_section][vc_section el_class=\u00a0\u00bbwk-section\u00a0\u00bb][vc_row][vc_column]<style class=\"vcex-carousel-preload-css\">.vcex_69f50c5932440{--wpex-carousel-gap:6px;}.vcex_69f50c5932440{--wpex-carousel-columns:1;}.vcex_69f50c5932440.wpex-carousel:not(.wpex-carousel--loaded) > *:not(:nth-child(1n+2)){display:flex!important;}@media only screen and (min-width: 480px) {.vcex_69f50c5932440{--wpex-carousel-columns:2;}.vcex_69f50c5932440.wpex-carousel:not(.wpex-carousel--loaded) > *:not(:nth-child(1n+3)){display:flex!important;}}@media only screen and (min-width: 768px) {.vcex_69f50c5932440{--wpex-carousel-columns:3;}.vcex_69f50c5932440.wpex-carousel:not(.wpex-carousel--loaded) > *:not(:nth-child(1n+4)){display:flex!important;}}@media only screen and (min-width: 960px) {.vcex_69f50c5932440{--wpex-carousel-columns:3;}.vcex_69f50c5932440.wpex-carousel:not(.wpex-carousel--loaded) > *:not(:nth-child(1n+4)){display:flex!important;}}<\/style><div class=\"vcex-image-carousel wpex-carousel wpex-carousel-images wpex-clr vcex-module owl-carousel wpex-carousel--render-onload vcex_69f50c5932440 arrwstyle-default arrwpos-abs wpex-carousel-lightbox\" data-wpex-carousel=\"{&quot;autoplay&quot;:&quot;true&quot;,&quot;slideBy&quot;:1,&quot;margin&quot;:6,&quot;items&quot;:3,&quot;responsive&quot;:{&quot;0&quot;:{&quot;items&quot;:&quot;1&quot;},&quot;480&quot;:{&quot;items&quot;:&quot;2&quot;},&quot;768&quot;:{&quot;items&quot;:&quot;3&quot;},&quot;960&quot;:{&quot;items&quot;:3}},&quot;smartSpeed&quot;:150}\"><div class=\"wpex-carousel-slide\"><figure class=\"wpex-carousel-entry-media entry-media wpex-relative\"><a href=\"https:\/\/e-bike-tours.ch\/wp-content\/uploads\/2020\/12\/Slowenien-Italien-Oesterreich_800x500.jpg\" class=\"wpex-carousel-entry-img wpex-carousel-lightbox-item\" data-count=\"1\" data-show_title=\"false\" data-caption=\"e-bike en immersion nature \u2013 entre lacs de Carinthie &amp; Alpes Juliennes\"><img data-no-lazy=\"1\" class=\"wpex-align-middle skip-lazy\" src=\"https:\/\/e-bike-tours.ch\/wp-content\/uploads\/2020\/12\/Slowenien-Italien-Oesterreich_800x500.jpg\" alt=\"\" srcset=\"https:\/\/e-bike-tours.ch\/wp-content\/uploads\/2020\/12\/Slowenien-Italien-Oesterreich_800x500.jpg 800w, https:\/\/e-bike-tours.ch\/wp-content\/uploads\/2020\/12\/Slowenien-Italien-Oesterreich_800x500-300x188.jpg 300w, https:\/\/e-bike-tours.ch\/wp-content\/uploads\/2020\/12\/Slowenien-Italien-Oesterreich_800x500-768x480.jpg 768w\" width=\"800\" height=\"500\"><\/a><\/figure><\/div><div class=\"wpex-carousel-slide\"><figure class=\"wpex-carousel-entry-media entry-media wpex-relative\"><a href=\"https:\/\/e-bike-tours.ch\/wp-content\/uploads\/2020\/12\/Slowenien-Italien-Oesterreich_Weissenfelser-Seen_800x500.jpg\" class=\"wpex-carousel-entry-img wpex-carousel-lightbox-item\" data-count=\"2\" data-show_title=\"false\" data-caption=\"Le lac de Weissenfels, d\u2019une rare beaut\u00e9\"><img data-no-lazy=\"1\" class=\"wpex-align-middle skip-lazy\" src=\"https:\/\/e-bike-tours.ch\/wp-content\/uploads\/2020\/12\/Slowenien-Italien-Oesterreich_Weissenfelser-Seen_800x500.jpg\" alt=\"\" srcset=\"https:\/\/e-bike-tours.ch\/wp-content\/uploads\/2020\/12\/Slowenien-Italien-Oesterreich_Weissenfelser-Seen_800x500.jpg 800w, https:\/\/e-bike-tours.ch\/wp-content\/uploads\/2020\/12\/Slowenien-Italien-Oesterreich_Weissenfelser-Seen_800x500-300x188.jpg 300w, https:\/\/e-bike-tours.ch\/wp-content\/uploads\/2020\/12\/Slowenien-Italien-Oesterreich_Weissenfelser-Seen_800x500-768x480.jpg 768w\" width=\"800\" height=\"500\"><\/a><\/figure><\/div><div class=\"wpex-carousel-slide\"><figure class=\"wpex-carousel-entry-media entry-media wpex-relative\"><a href=\"https:\/\/e-bike-tours.ch\/wp-content\/uploads\/2020\/12\/Slowenien-Italien-Oesterreich_Bled-Slovenia_800x500.jpg\" class=\"wpex-carousel-entry-img wpex-carousel-lightbox-item\" data-count=\"3\" data-show_title=\"false\" data-caption=\"Les Alpes Juliennes &amp; le lac de Bled\"><img data-no-lazy=\"1\" class=\"wpex-align-middle skip-lazy\" src=\"https:\/\/e-bike-tours.ch\/wp-content\/uploads\/2020\/12\/Slowenien-Italien-Oesterreich_Bled-Slovenia_800x500.jpg\" alt=\"\" srcset=\"https:\/\/e-bike-tours.ch\/wp-content\/uploads\/2020\/12\/Slowenien-Italien-Oesterreich_Bled-Slovenia_800x500.jpg 800w, https:\/\/e-bike-tours.ch\/wp-content\/uploads\/2020\/12\/Slowenien-Italien-Oesterreich_Bled-Slovenia_800x500-300x188.jpg 300w, https:\/\/e-bike-tours.ch\/wp-content\/uploads\/2020\/12\/Slowenien-Italien-Oesterreich_Bled-Slovenia_800x500-768x480.jpg 768w\" width=\"800\" height=\"500\"><\/a><\/figure><\/div><div class=\"wpex-carousel-slide\"><figure class=\"wpex-carousel-entry-media entry-media wpex-relative\"><a href=\"https:\/\/ebiketours.rokka.io\/ebiketours-full\/b5c81f13fd21c5535e052318d5776355751f6179\/ebt-frau-im-gelben-blumenfeld.jpg\" class=\"wpex-carousel-entry-img wpex-carousel-lightbox-item\" data-count=\"4\" data-show_title=\"false\" target=\"_blank\" rel=\"noopener\"><img data-no-lazy=\"1\" class=\"wpex-align-middle skip-lazy\" src=\"https:\/\/ebiketours.rokka.io\/ebiketours-full\/b5c81f13fd21c5535e052318d5776355751f6179\/ebt-frau-im-gelben-blumenfeld.jpg\" alt=\"\" srcset=\"https:\/\/ebiketours.rokka.io\/ebiketours-full\/b5c81f13fd21c5535e052318d5776355751f6179\/ebt-frau-im-gelben-blumenfeld.jpg 800w, https:\/\/ebiketours.rokka.io\/ebiketours-medium\/b5c81f13fd21c5535e052318d5776355751f6179\/ebt-frau-im-gelben-blumenfeld-300x188.jpg 300w, https:\/\/ebiketours.rokka.io\/ebiketours-medium_large\/b5c81f13fd21c5535e052318d5776355751f6179\/ebt-frau-im-gelben-blumenfeld-768x480.jpg 768w\" width=\"800\" height=\"500\"><\/a><\/figure><\/div><div class=\"wpex-carousel-slide\"><figure class=\"wpex-carousel-entry-media entry-media wpex-relative\"><a href=\"https:\/\/ebiketours.rokka.io\/ebiketours-full\/9309b6917c6593655cb8d7f3f8f8232312326522\/ebt-kranjska-gora-800x500-1.jpg\" class=\"wpex-carousel-entry-img wpex-carousel-lightbox-item\" data-count=\"5\" data-show_title=\"false\" data-caption=\"Le parc national de Kranjska Gora\" target=\"_blank\" rel=\"noopener\"><img data-no-lazy=\"1\" class=\"wpex-align-middle skip-lazy\" src=\"https:\/\/ebiketours.rokka.io\/ebiketours-full\/9309b6917c6593655cb8d7f3f8f8232312326522\/ebt-kranjska-gora-800x500-1.jpg\" alt=\"\" srcset=\"https:\/\/ebiketours.rokka.io\/ebiketours-full\/9309b6917c6593655cb8d7f3f8f8232312326522\/ebt-kranjska-gora-800x500-1.jpg 800w, https:\/\/ebiketours.rokka.io\/ebiketours-medium\/9309b6917c6593655cb8d7f3f8f8232312326522\/ebt-kranjska-gora-800x500-1-300x188.jpg 300w, https:\/\/ebiketours.rokka.io\/ebiketours-medium_large\/9309b6917c6593655cb8d7f3f8f8232312326522\/ebt-kranjska-gora-800x500-1-768x480.jpg 768w\" width=\"800\" height=\"500\"><\/a><\/figure><\/div><div class=\"wpex-carousel-slide\"><figure class=\"wpex-carousel-entry-media entry-media wpex-relative\"><a href=\"https:\/\/ebiketours.rokka.io\/ebiketours-full\/40b30b3c8d5fd1f044d36d4814118ec87bf25adc\/ebt-autriche-italie-slovenie-karte-fr.jpg\" class=\"wpex-carousel-entry-img wpex-carousel-lightbox-item\" data-count=\"6\" data-show_title=\"false\" target=\"_blank\" rel=\"noopener\"><img data-no-lazy=\"1\" class=\"wpex-align-middle skip-lazy\" src=\"https:\/\/ebiketours.rokka.io\/ebiketours-full\/40b30b3c8d5fd1f044d36d4814118ec87bf25adc\/ebt-autriche-italie-slovenie-karte-fr.jpg\" alt=\"\" srcset=\"https:\/\/ebiketours.rokka.io\/ebiketours-full\/40b30b3c8d5fd1f044d36d4814118ec87bf25adc\/ebt-autriche-italie-slovenie-karte-fr.jpg 800w, https:\/\/ebiketours.rokka.io\/ebiketours-medium\/40b30b3c8d5fd1f044d36d4814118ec87bf25adc\/ebt-autriche-italie-slovenie-karte-fr-300x188.jpg 300w, https:\/\/ebiketours.rokka.io\/ebiketours-medium_large\/40b30b3c8d5fd1f044d36d4814118ec87bf25adc\/ebt-autriche-italie-slovenie-karte-fr-768x480.jpg 768w\" width=\"800\" height=\"500\"><\/a><\/figure><\/div><\/div>[\/vc_column][\/vc_row][\/vc_section][vc_section el_class=\u00a0\u00bbwk-section\u00a0\u00bb][vc_row][vc_column width=\u00a0\u00bb1\/2&Prime;][vc_column_text css=\u00a0\u00bb\u00a0\u00bb]\n<h3>Votre programme de voyage<\/h3>\n<h4>1er jour, mercredi 28 mai 2025 \u2013 Trajet jusqu\u2019en Carinthie<\/h4>\n<p>Trajet en car sp\u00e9cial tout confort jusqu\u2019\u00e0 la r\u00e9gion des lacs de Carinthie, o\u00f9 nous sommes attendus pour le repas du soir \u00e0 notre h\u00f4tel 4 \u00e9toiles, \u00e0 proximit\u00e9 de Velden, au bord du lac W\u00f6rthersee.<\/p>\n<p>&nbsp;<\/p>\n<h4>2e jour, jeudi 29 mai 2025 \u2013 A travers la r\u00e9gion des lacs jusqu\u2019\u00e0 Klagenfurt<\/h4>\n<p>Apr\u00e8s le petit d\u00e9jeuner, nous partons de l\u2019h\u00f4tel pour un tour de chauffe et p\u00e9dalons tranquillement \u00e0 travers la vall\u00e9e des lacs de Keutschach jusqu\u2019\u00e0 Klagenfurt, via les lacs Hafnersee, Keutschachersee, Bassgeigensee et Rauschelesee. En compagnie de nos guides, nous effectuons une passionnante balade en ville et admirons bien s\u00fbr le \u00abLindwurm\u00bb, l\u2019embl\u00e8me de Klagenfurt. Apr\u00e8s cette agr\u00e9able visite, vous avez le choix de rentrer \u00e0 l\u2019h\u00f4tel en car ou \u00e0 v\u00e9lo.<\/p>\n<p><em>Parcours e-bike: env. 33-64 km<\/em><\/p>\n<p>&nbsp;<\/p>\n<h4>3e jour, vendredi 30 mai 2025 \u2013 Au bord du beau lac W\u00f6rthersee<\/h4>\n<p>Immersion aujourd\u2019hui dans le climat quasi m\u00e9diterran\u00e9en du lac W\u00f6rthersee. Arr\u00eat d\u2019abord \u00e0 la tour d\u2019observation \u00abPyramidenkogel\u00bb, d\u2019o\u00f9 nous pouvons admirer, depuis les hauteurs, un magnifique panorama sur la Carinthie. Nous poursuivons \u00e0 v\u00e9lo jusqu\u2019\u00e0 Velden et son c\u00e9l\u00e8bre ch\u00e2teau au bord du lac W\u00f6rthersee. Apr\u00e8s une balade, visite \u00e0 P\u00f6rtschach du mus\u00e9e \u00abLe monde des cristaux et des fossiles\u00bb. En suivant la rive, nous faisons une boucle autour du lac jusqu\u2019\u00e0 notre derni\u00e8re \u00e9tape du jour \u2013 Maria W\u00f6rth. Ce petit village vous enchantera \u2013 c\u2019est l\u2019un des plus beaux endroits du lac W\u00f6rthersee. De l\u00e0, vous pouvez rentrer \u00e0 l\u2019h\u00f4tel en car ou \u00e0 v\u00e9lo.<\/p>\n<p><em>Parcours e-bike: env. 50-65 km<\/em><\/p>\n<p>&nbsp;<\/p>\n<h4>4e jour, samedi 31 mai 2025 \u2013 Villach &amp; Gerlitzen<\/h4>\n<p>D\u00e9part ce matin en e-bike pour Villach. Une promenade guid\u00e9e \u00e0 travers les ruelles et les charmantes cours \u00e0 arcades nous permet de d\u00e9couvrir les beaut\u00e9s de la ville. Vous aurez ensuite un moment de temps libre avant que nous ne repartions en direction d\u2019Annenheim. Le t\u00e9l\u00e9ph\u00e9rique de Kanzel nous m\u00e8ne \u00e0 la Gerlitzen, qui domine fi\u00e8rement le lac d\u2019Ossiach. Nous profitons du panorama et de quelques heures sympathiques en bonne compagnie, avant de redescendre dans la vall\u00e9e et rentrer en car \u00e0 l\u2019h\u00f4tel.<\/p>\n<p><em>Parcours e-bike: env. 34 km<\/em><\/p>\n<p>&nbsp;<\/p>\n<h4>5e jour, dimanche 1er juin 2025 \u2013 Lac Faaker See \u2013 Piste cyclable Alpe Adria \u2013 Tarvisio<\/h4>\n<p>Aujourd\u2019hui, nous quittons la Carinthie et p\u00e9dalons agr\u00e9ablement en direction du sud, \u00e0 travers les magnifiques paysages menant au lac Faaker, un morceau de Cara\u00efbes lov\u00e9 au milieu de prairies odorantes. Nous rejoignons ensuite les ruines du ch\u00e2teau de Finkenstein, o\u00f9 nous admirons un \u00e9poustouflant panorama \u00e0 360 degr\u00e9s, avant de rallier Tarvisio, en Italie, par la piste cyclable Alpe Adria. De l\u00e0, nous continuons en car jusqu\u2019\u00e0 Kranjska Gora, en Slov\u00e9nie.<\/p>\n<p><em>Parcours e-bike: env. 60 km<\/em><\/p>\n<p>&nbsp;<\/p>\n<h4>6e jour, lundi 2 juin 2025 \u2013 Journ\u00e9e de r\u00eave dans les Alpes Juliennes<\/h4>\n<p>Aujourd\u2019hui, nous partons de l\u2019h\u00f4tel \u00e0 v\u00e9lo pour rejoindre la magnifique r\u00e9serve naturelle de Zelenci. Au coeur d\u2019un paysage impressionnant, nous suivons la magnifique piste cyclable de la Save, jusqu\u2019\u00e0 la source de la rivi\u00e8re, puis vers Planica, o\u00f9 se trouve le plus grand tremplin de saut \u00e0 ski du monde. Nous traversons la fronti\u00e8re italienne et d\u00e9couvrons la beaut\u00e9 saisissante de la r\u00e9gion des lacs de Fusine (laghi di Fusine) et, une fois encore, de la petite bourgade pittoresque de Tarvisio. Depuis la station inf\u00e9rieure de Camporosso, nous prenons ensuite le t\u00e9l\u00e9ph\u00e9rique qui monte au Monte Lussari et profitons d\u2019un superbe coup d\u2019oeil pour la pause de midi, avant de rentrer \u00e0 l\u2019h\u00f4tel \u00e0 v\u00e9lo.<\/p>\n<p><em>Parcours e-bike: env. 50 km<\/em><\/p>\n<p>&nbsp;<\/p>\n<h4>7e jour, mardi 3 juin 2025 \u2013 D\u00e9couverte de la belle Slov\u00e9nie \u00e0 v\u00e9lo<\/h4>\n<p>Nous enfourchons ce matin nos e-bikes pour parcourir le parc national du Triglav, jusqu\u2019\u00e0 Bled. Laissez-vous envo\u00fbter par la magie et la qui\u00e9tude de ce magnifique parc naturel et r\u00e9jouissez-vous d\u00e9j\u00e0 de d\u00e9couvrir la r\u00e9gion idyllique du lac de Bled. Nous nous arr\u00eatons pour la pause de midi \u00e0 Bled, station climatique slov\u00e8ne tr\u00e8s pris\u00e9e nich\u00e9e sur les contreforts des Alpes juliennes. Bien revigor\u00e9s, nous continuons notre route \u00e0 travers l\u2019impressionnante vall\u00e9e de Radovna, jusqu\u2019\u00e0 Dovje. De l\u00e0, vous pourrez parcourir les 13 derniers kilom\u00e8tres pour rentrer \u00e0 l\u2019h\u00f4tel en car ou \u00e0 v\u00e9lo. Repas du soir \u00e0 l\u2019h\u00f4tel.<\/p>\n<p><em>Parcours e-bike: env. 57-70 km<\/em><\/p>\n<p>&nbsp;<\/p>\n<h4>8e jour, mercredi 4 juin 2025 \u2013 Retour<\/h4>\n<p>Petit d\u00e9jeuner, avant de prendre le chemin du retour en Suisse.[\/vc_column_text][vc_empty_space][\/vc_column][vc_column width=\u00a0\u00bb1\/2&Prime;]\n    <div class=\"cartours-event-coloured-box\">\n        <div class=\"inner-box \">\n    <div class=\"inner-header\">\n        <h3>Compris dans le prix!<\/h3>\n    <\/div>\n    <div class=\"inner-content\">\n        [vc_column_text css=\u00a0\u00bb\u00a0\u00bb]\n<ul>\n<li>Trajet en car sp\u00e9cial tout confort<\/li>\n<li>Transport des e-bikes dans une remorque professionnelle<\/li>\n<li>4 nuits \u00e0 l\u2019h\u00f4tel Pachernighof ****, \u00e0 St. Egyden, \u00e0 proximit\u00e9 de Velden<\/li>\n<li>3 nuits au Ramada Hotel &amp; Suites ****, \u00e0 Kranjska Gora<\/li>\n<li>7 x petit d\u00e9jeuner \u00e0 l\u2019h\u00f4tel<\/li>\n<li>7 x repas du soir \u00e0 l\u2019h\u00f4tel<\/li>\n<li>Carte Carinthie, incluant de nombreuses prestations (par ex. mont\u00e9e sur la tour d\u2019observation \u00abPyramidenkogel \u00bb, mus\u00e9e \u00abLe monde des cristaux et des fossiles\u00bb, mont\u00e9e au Gerlitzen, etc.)<\/li>\n<li>T\u00e9l\u00e9ph\u00e9rique (a\/r) du Monte Lussari<\/li>\n<li>Visites guid\u00e9es de Velden, Villach &amp; Klagenfurt<\/li>\n<li>Tous les parcours e-bike selon programme<\/li>\n<li>Deux guides exp\u00e9riment\u00e9s pour tous les tours en e-bike<\/li>\n<li>Gratuit: chaque participant re\u00e7oit un article de sport e-Bike-tours.ch \u00e0 choix<\/li>\n<\/ul>\n[\/vc_column_text]    <\/div>\n<\/div>\n    <\/div>\n    <div class=\"cartours-event-coloured-box\">\n        <div class=\"inner-box \">\n    <div class=\"inner-header\">\n        <h3>Vos dates de voyage<\/h3>\n    <\/div>\n    <div class=\"inner-content\">\n        \n    <div class=\"cartours-event-reisedaten\">\n        <div class=\"inner-box \">\n    <h3 style=\"color: red;\">This content element can be used ONLY on tour's single page!<\/h3><\/div>\n    <\/div>    <\/div>\n<\/div>\n    <\/div>\n    <div class=\"cartours-event-coloured-box\">\n        <div class=\"inner-box \">\n    <div class=\"inner-header\">\n        <h3>Notre prix sp\u00e9cial pour vous<\/h3>\n    <\/div>\n    <div class=\"inner-content\">\n        \n    <div class=\"cartours-event-hotels_info\">\n        <div class=\"inner-box \">\n    <h3 style=\"color: red;\">This content element can be used ONLY on tour's single page!<\/h3><\/div>\n    <\/div>[vc_column_text css=\u00a0\u00bb\u00a0\u00bb]<strong>Non inclus\/en option:<\/strong><br \/>\nSuppl\u00e9ment chambre individuelle: Fr. 290.-<br \/>\nSur demande: location e-bike: Fr. 36.- par jour<\/p>\n<p><strong>Choisissez votre lieu de d\u00e9part (tous avec possibilit\u00e9 de parking):<\/strong><br \/>\nTavel, Cossonay, Vernier[\/vc_column_text]    <\/div>\n<\/div>\n    <\/div>\n    <div class=\"cartours-event-coloured-box\">\n        <div class=\"inner-box \">\n    <div class=\"inner-header\">\n        <h3>Parcours e-bike:<\/h3>\n    <\/div>\n    <div class=\"inner-content\">\n        [vc_column_text css=\u00a0\u00bb\u00a0\u00bb]Nous roulons principalement sur des pistes cyclables bien am\u00e9nag\u00e9es, des routes secondaires goudronn\u00e9es, des chemins de terre et des chemins naturels. Globalement, le parcours est l\u00e9g\u00e8rement vallonn\u00e9 \u2013 les mont\u00e9es \u00e9tant faciles \u00e0 ma\u00eetriser en e-bike.<\/p>\n<p>8 jours<br \/>\n6 tours en e-bike<br \/>\n284-343 km[\/vc_column_text]    <\/div>\n<\/div>\n    <\/div>[vc_empty_space][vc_single_image image=\u00a0\u00bb134178&Prime; alignment=\u00a0\u00bbcenter\u00a0\u00bb css=\u00a0\u00bb\u00a0\u00bb][vc_empty_space]<div class=\"theme-button-wrap textcenter wpex-clr\"><a href=\"https:\/\/e-bike-tours.ch\/fr\/sur-nous\/nos-e-bikes-de-location\/\" class=\"vcex-button theme-button medium align-center inline\"><span class=\"vcex-button-inner theme-button-inner wpex-flex wpex-flex-wrap wpex-items-center wpex-justify-center\">En savoir plus ici!<\/span><\/a><\/div> [\/vc_column][\/vc_row][\/vc_section]\n<\/div>","protected":false},"excerpt":{"rendered":"<p>[vc_section][vc_row][vc_column width=\u00a0\u00bb1\/2&Prime;][vc_acf field_group=\u00a0\u00bb2968&Prime; field_from_2968=\u00a0\u00bbfield_5d7a4a45000c9&Prime;][vc_empty_space][\/vc_column][vc_column width=\u00a0\u00bb1\/2&Prime;][\/vc_column][\/vc_row][\/vc_section][vc_section el_class=\u00a0\u00bbwk-section\u00a0\u00bb][vc_row][vc_column][\/vc_column][\/vc_row][\/vc_section][vc_section el_class=\u00a0\u00bbwk-section\u00a0\u00bb][vc_row][vc_column width=\u00a0\u00bb1\/2&Prime;][vc_column_text css=\u00a0\u00bb\u00a0\u00bb] Votre programme de voyage 1er jour, mercredi 28 mai 2025 \u2013 Trajet jusqu\u2019en Carinthie Trajet en car sp\u00e9cial tout confort jusqu\u2019\u00e0 la r\u00e9gion des lacs de Carinthie, o\u00f9 nous sommes attendus pour le repas du soir \u00e0 notre h\u00f4tel 4 \u00e9toiles, \u00e0 proximit\u00e9 de Velden, au&hellip;<\/p>\n","protected":false},"author":15,"featured_media":129888,"template":"","tags":[],"cartours_category":[505,501,502],"class_list":["post-134023","cartours_event","type-cartours_event","status-publish","has-post-thumbnail","hentry","cartours_category-autriche","cartours_category-e-bike-tours-fr","cartours_category-objectifs-de-la-visite","entry","no-media"],"acf":[],"_links":{"self":[{"href":"https:\/\/e-bike-tours.ch\/fr\/wp-json\/wp\/v2\/cartours_event\/134023","targetHints":{"allow":["GET"]}}],"collection":[{"href":"https:\/\/e-bike-tours.ch\/fr\/wp-json\/wp\/v2\/cartours_event"}],"about":[{"href":"https:\/\/e-bike-tours.ch\/fr\/wp-json\/wp\/v2\/types\/cartours_event"}],"author":[{"embeddable":true,"href":"https:\/\/e-bike-tours.ch\/fr\/wp-json\/wp\/v2\/users\/15"}],"version-history":[{"count":7,"href":"https:\/\/e-bike-tours.ch\/fr\/wp-json\/wp\/v2\/cartours_event\/134023\/revisions"}],"predecessor-version":[{"id":134351,"href":"https:\/\/e-bike-tours.ch\/fr\/wp-json\/wp\/v2\/cartours_event\/134023\/revisions\/134351"}],"wp:featuredmedia":[{"embeddable":true,"href":"https:\/\/e-bike-tours.ch\/fr\/wp-json\/wp\/v2\/media\/129888"}],"wp:attachment":[{"href":"https:\/\/e-bike-tours.ch\/fr\/wp-json\/wp\/v2\/media?parent=134023"}],"wp:term":[{"taxonomy":"post_tag","embeddable":true,"href":"https:\/\/e-bike-tours.ch\/fr\/wp-json\/wp\/v2\/tags?post=134023"},{"taxonomy":"cartours_category","embeddable":true,"href":"https:\/\/e-bike-tours.ch\/fr\/wp-json\/wp\/v2\/cartours_category?post=134023"}],"curies":[{"name":"wp","href":"https:\/\/api.w.org\/{rel}","templated":true}]}}